{"id":49704,"date":"2025-05-12T09:23:51","date_gmt":"2025-05-12T07:23:51","guid":{"rendered":"https:\/\/www.guetersloh-marketing.de\/?post_type=projects&#038;p=49704"},"modified":"2026-03-02T14:08:21","modified_gmt":"2026-03-02T13:08:21","slug":"geschichten-im-vorbeigehen","status":"publish","type":"projects","link":"https:\/\/www.guetersloh-marketing.de\/en\/blog\/projects\/geschichten-im-vorbeigehen\/","title":{"rendered":"&#8222;Geschichten im Vorbeigehen&#8220; &#8211; Erinnerungstafeln und historisch inspirierte Kunstwerke"},"content":{"rendered":"<div data-elementor-type=\"wp-post\" data-elementor-id=\"49704\" class=\"elementor elementor-49704\" data-elementor-post-type=\"projects\">\n\t\t\t\t\t\t<section class=\"elementor-section elementor-top-section elementor-element elementor-element-0f36743 elementor-section-boxed elementor-section-height-default elementor-section-height-default\" data-id=\"0f36743\" data-element_type=\"section\">\n\t\t\t\t\t\t<div class=\"elementor-container elementor-column-gap-default\">\n\t\t\t\t\t<div class=\"elementor-column elementor-col-100 elementor-top-column elementor-element elementor-element-a7b8e33\" data-id=\"a7b8e33\" data-element_type=\"column\">\n\t\t\t<div class=\"elementor-widget-wrap elementor-element-populated\">\n\t\t\t\t\t\t<div class=\"elementor-element elementor-element-78ba31d elementor-position-left elementor-view-default elementor-mobile-position-top elementor-vertical-align-top elementor-widget elementor-widget-icon-box\" data-id=\"78ba31d\" data-element_type=\"widget\" data-widget_type=\"icon-box.default\">\n\t\t\t\t<div class=\"elementor-widget-container\">\n\t\t\t<span id=\"78ba31d\"><\/span>\t\t<div class=\"elementor-icon-box-wrapper\">\n\n\t\t\t\t\t\t<div class=\"elementor-icon-box-icon\">\n\t\t\t\t<a href=\"https:\/\/www.guetersloh-marketing.de\/en\/guetersloh\/stadtfuehrungen\/#termine\" class=\"elementor-icon elementor-animation-\" tabindex=\"-1\">\n\t\t\t\t<i aria-hidden=\"true\" class=\"far fa-calendar-alt\"><\/i>\t\t\t\t<\/a>\n\t\t\t<\/div>\n\t\t\t\n\t\t\t\t\t\t<div class=\"elementor-icon-box-content\">\n\n\t\t\t\t\t\t\t\t\t<h3 class=\"elementor-icon-box-title\">\n\t\t\t\t\t\t<a href=\"https:\/\/www.guetersloh-marketing.de\/en\/guetersloh\/stadtfuehrungen\/#termine\" >\n\t\t\t\t\t\t\tClick here for the next public dates!\t\t\t\t\t\t<\/a>\n\t\t\t\t\t<\/h3>\n\t\t\t\t\n\t\t\t\t\n\t\t\t<\/div>\n\t\t\t\n\t\t<\/div>\n\t\t\t\t<\/div>\n\t\t\t\t<\/div>\n\t\t\t\t<div class=\"elementor-element elementor-element-93548f1 elementor-icon-list--layout-traditional elementor-list-item-link-full_width elementor-widget elementor-widget-icon-list\" data-id=\"93548f1\" data-element_type=\"widget\" data-widget_type=\"icon-list.default\">\n\t\t\t\t<div class=\"elementor-widget-container\">\n\t\t\t<span id=\"93548f1\"><\/span>\t\t<ul class=\"elementor-icon-list-items\">\n\t\t\t\t\t\t\t<li class=\"elementor-icon-list-item\">\n\t\t\t\t\t\t\t\t\t\t\t<span class=\"elementor-icon-list-icon\">\n\t\t\t\t\t\t\t<i aria-hidden=\"true\" class=\"fas fa-walking\"><\/i>\t\t\t\t\t\t<\/span>\n\t\t\t\t\t\t\t\t\t\t<span class=\"elementor-icon-list-text\">Duration: 1.5 hours<\/span>\n\t\t\t\t\t\t\t\t\t<\/li>\n\t\t\t\t\t\t\t\t<li class=\"elementor-icon-list-item\">\n\t\t\t\t\t\t\t\t\t\t\t<span class=\"elementor-icon-list-icon\">\n\t\t\t\t\t\t\t<i aria-hidden=\"true\" class=\"fas fa-walking\"><\/i>\t\t\t\t\t\t<\/span>\n\t\t\t\t\t\t\t\t\t\t<span class=\"elementor-icon-list-text\">Geeigter Zeitraum: Ganzj\u00e4hrig m\u00f6glich<\/span>\n\t\t\t\t\t\t\t\t\t<\/li>\n\t\t\t\t\t\t\t\t<li class=\"elementor-icon-list-item\">\n\t\t\t\t\t\t\t\t\t\t\t<span class=\"elementor-icon-list-icon\">\n\t\t\t\t\t\t\t<i aria-hidden=\"true\" class=\"fas fa-walking\"><\/i>\t\t\t\t\t\t<\/span>\n\t\t\t\t\t\t\t\t\t\t<span class=\"elementor-icon-list-text\">Treffpunkt: Rathaus G\u00fctersloh, Haupteingang, Berliner Str. 70<\/span>\n\t\t\t\t\t\t\t\t\t<\/li>\n\t\t\t\t\t\t\t\t<li class=\"elementor-icon-list-item\">\n\t\t\t\t\t\t\t\t\t\t\t<span class=\"elementor-icon-list-icon\">\n\t\t\t\t\t\t\t<i aria-hidden=\"true\" class=\"fas fa-walking\"><\/i>\t\t\t\t\t\t<\/span>\n\t\t\t\t\t\t\t\t\t\t<span class=\"elementor-icon-list-text\">Preis: 13 EUR pro Person \/ Erm\u00e4\u00dfigt 11 EUR<\/span>\n\t\t\t\t\t\t\t\t\t<\/li>\n\t\t\t\t\t\t\t\t<li class=\"elementor-icon-list-item\">\n\t\t\t\t\t\t\t\t\t\t\t<span class=\"elementor-icon-list-icon\">\n\t\t\t\t\t\t\t<i aria-hidden=\"true\" class=\"fas fa-walking\"><\/i>\t\t\t\t\t\t<\/span>\n\t\t\t\t\t\t\t\t\t\t<span class=\"elementor-icon-list-text\">Gruppenpreis: 100 EUR<\/span>\n\t\t\t\t\t\t\t\t\t<\/li>\n\t\t\t\t\t\t\t\t<li class=\"elementor-icon-list-item\">\n\t\t\t\t\t\t\t\t\t\t\t<span class=\"elementor-icon-list-icon\">\n\t\t\t\t\t\t\t<i aria-hidden=\"true\" class=\"fas fa-walking\"><\/i>\t\t\t\t\t\t<\/span>\n\t\t\t\t\t\t\t\t\t\t<span class=\"elementor-icon-list-text\">Group size: maximum 25 people<\/span>\n\t\t\t\t\t\t\t\t\t<\/li>\n\t\t\t\t\t\t\t\t<li class=\"elementor-icon-list-item\">\n\t\t\t\t\t\t\t\t\t\t\t<a href=\"https:\/\/www.reservix.de\/veranstaltungskalender?q=stadtf%C3%BChrungen+g%C3%BCtersloh&#038;sort=date\">\n\n\t\t\t\t\t\t\t\t\t\t\t\t<span class=\"elementor-icon-list-icon\">\n\t\t\t\t\t\t\t<i aria-hidden=\"true\" class=\"fas fa-walking\"><\/i>\t\t\t\t\t\t<\/span>\n\t\t\t\t\t\t\t\t\t\t<span class=\"elementor-icon-list-text\">Tickets online at www.reservix.de or from us at the Tourist Information Office<\/span>\n\t\t\t\t\t\t\t\t\t\t\t<\/a>\n\t\t\t\t\t\t\t\t\t<\/li>\n\t\t\t\t\t\t<\/ul>\n\t\t\t\t<\/div>\n\t\t\t\t<\/div>\n\t\t\t\t<div class=\"elementor-element elementor-element-d5b2fed elementor-widget elementor-widget-text-editor\" data-id=\"d5b2fed\" data-element_type=\"widget\" data-widget_type=\"text-editor.default\">\n\t\t\t\t<div class=\"elementor-widget-container\">\n\t\t\t<span id=\"d5b2fed\"><\/span>\t\t\t\t<p>Ein halbes Dutzend ehemals grauer Stromverteilerk\u00e4sten setzt seit dem Stadtjubil\u00e4um nicht nur farbliche Akzente, sondern bringt mit Bildern von historischen Pers\u00f6nlichkeiten und H\u00e4usern ein St\u00fcck Geschichte auf die Stra\u00dfe.<\/p><p>Auch dar\u00fcber hinaus finden sich in der G\u00fctersloher Innenstadt zahlreiche Erinnerungstafeln, -plaketten und das ein oder andere historisch inspirierte Kunstwerk. Der Stadtrundgang f\u00fchrt zu einer Auswahl dieser \u201eErinnerungsorte\u201c und stellt die teilweise bekannten, teilweise vergessenen Geschichten dahinter vor.<\/p>\t\t\t\t\t\t<\/div>\n\t\t\t\t<\/div>\n\t\t\t\t\t<\/div>\n\t\t<\/div>\n\t\t\t\t\t<\/div>\n\t\t<\/section>\n\t\t\t\t<section class=\"elementor-section elementor-top-section elementor-element elementor-element-02f9950 elementor-section-boxed elementor-section-height-default elementor-section-height-default\" data-id=\"02f9950\" data-element_type=\"section\">\n\t\t\t\t\t\t<div class=\"elementor-container elementor-column-gap-default\">\n\t\t\t\t\t<div class=\"elementor-column elementor-col-100 elementor-top-column elementor-element elementor-element-dd1f9b0\" data-id=\"dd1f9b0\" data-element_type=\"column\">\n\t\t\t<div class=\"elementor-widget-wrap elementor-element-populated\">\n\t\t\t\t\t\t<div class=\"elementor-element elementor-element-9ea3738 elementor-headline--style-highlight elementor-widget elementor-widget-animated-headline\" data-id=\"9ea3738\" data-element_type=\"widget\" data-settings=\"{&quot;marker&quot;:&quot;underline&quot;,&quot;highlighted_text&quot;:&quot;private Gruppe&quot;,&quot;headline_style&quot;:&quot;highlight&quot;,&quot;loop&quot;:&quot;yes&quot;,&quot;highlight_animation_duration&quot;:1200,&quot;highlight_iteration_delay&quot;:8000}\" data-widget_type=\"animated-headline.default\">\n\t\t\t\t<div class=\"elementor-widget-container\">\n\t\t\t<span id=\"9ea3738\"><\/span>\t\t<h3 class=\"elementor-headline\">\n\t\t\t\t\t<span class=\"elementor-headline-plain-text elementor-headline-text-wrapper\">Now for<\/span>\n\t\t\t\t<span class=\"elementor-headline-dynamic-wrapper elementor-headline-text-wrapper\">\n\t\t\t\t\t<span class=\"elementor-headline-dynamic-text elementor-headline-text-active\">private group<\/span>\n\t\t\t\t<\/span>\n\t\t\t\t\t<span class=\"elementor-headline-plain-text elementor-headline-text-wrapper\">book!<\/span>\n\t\t\t\t\t<\/h3>\n\t\t\t\t<\/div>\n\t\t\t\t<\/div>\n\t\t\t\t<div class=\"elementor-element elementor-element-ee9d0e0 elementor-widget elementor-widget-image\" data-id=\"ee9d0e0\" data-element_type=\"widget\" data-widget_type=\"image.default\">\n\t\t\t\t<div class=\"elementor-widget-container\">\n\t\t\t<span id=\"ee9d0e0\"><\/span>\t\t\t\t\t\t\t\t\t\t<img fetchpriority=\"high\" decoding=\"async\" width=\"800\" height=\"534\" src=\"https:\/\/www.guetersloh-marketing.de\/wp-content\/uploads\/2024\/10\/bemalte-stromkaesten-in-der-innenstadt-stromkaesten-lena-descher-0172-1024x683.jpg\" class=\"attachment-large size-large wp-image-47418\" alt=\"Bemalter Stromkasten in der G\u00fctersloher Innenstadt. Das Motiv ist der Wasserturm mit einem bunten Hintergrund\" srcset=\"https:\/\/www.guetersloh-marketing.de\/wp-content\/uploads\/2024\/10\/bemalte-stromkaesten-in-der-innenstadt-stromkaesten-lena-descher-0172-1024x683.jpg 1024w, https:\/\/www.guetersloh-marketing.de\/wp-content\/uploads\/2024\/10\/bemalte-stromkaesten-in-der-innenstadt-stromkaesten-lena-descher-0172-300x200.jpg 300w, https:\/\/www.guetersloh-marketing.de\/wp-content\/uploads\/2024\/10\/bemalte-stromkaesten-in-der-innenstadt-stromkaesten-lena-descher-0172-768x512.jpg 768w, https:\/\/www.guetersloh-marketing.de\/wp-content\/uploads\/2024\/10\/bemalte-stromkaesten-in-der-innenstadt-stromkaesten-lena-descher-0172-18x12.jpg 18w, https:\/\/www.guetersloh-marketing.de\/wp-content\/uploads\/2024\/10\/bemalte-stromkaesten-in-der-innenstadt-stromkaesten-lena-descher-0172-560x373.jpg 560w, https:\/\/www.guetersloh-marketing.de\/wp-content\/uploads\/2024\/10\/bemalte-stromkaesten-in-der-innenstadt-stromkaesten-lena-descher-0172.jpg 1500w\" sizes=\"(max-width: 800px) 100vw, 800px\" \/>\t\t\t\t\t\t\t\t\t\t\t\t\t<\/div>\n\t\t\t\t<\/div>\n\t\t\t\t\t<\/div>\n\t\t<\/div>\n\t\t\t\t\t<\/div>\n\t\t<\/section>\n\t\t\t\t<section class=\"elementor-section elementor-top-section elementor-element elementor-element-80e1ff8 elementor-section-boxed elementor-section-height-default elementor-section-height-default\" data-id=\"80e1ff8\" data-element_type=\"section\">\n\t\t\t\t\t\t<div class=\"elementor-container elementor-column-gap-default\">\n\t\t\t\t\t<div class=\"elementor-column elementor-col-100 elementor-top-column elementor-element elementor-element-e3e2e0d\" data-id=\"e3e2e0d\" data-element_type=\"column\">\n\t\t\t<div class=\"elementor-widget-wrap elementor-element-populated\">\n\t\t\t\t\t\t<div class=\"elementor-element elementor-element-71e6bfb elementor-icon-list--layout-inline elementor-align-center elementor-list-item-link-full_width elementor-widget elementor-widget-icon-list\" data-id=\"71e6bfb\" data-element_type=\"widget\" data-widget_type=\"icon-list.default\">\n\t\t\t\t<div class=\"elementor-widget-container\">\n\t\t\t<span id=\"71e6bfb\"><\/span>\t\t<ul class=\"elementor-icon-list-items elementor-inline-items\">\n\t\t\t\t\t\t\t<li class=\"elementor-icon-list-item elementor-inline-item\">\n\t\t\t\t\t\t\t\t\t\t\t<span class=\"elementor-icon-list-icon\">\n\t\t\t\t\t\t\t<i aria-hidden=\"true\" class=\"far fa-copyright\"><\/i>\t\t\t\t\t\t<\/span>\n\t\t\t\t\t\t\t\t\t\t<span class=\"elementor-icon-list-text\">Cover picture \/ Featured image Lena Descher<\/span>\n\t\t\t\t\t\t\t\t\t<\/li>\n\t\t\t\t\t\t<\/ul>\n\t\t\t\t<\/div>\n\t\t\t\t<\/div>\n\t\t\t\t\t<\/div>\n\t\t<\/div>\n\t\t\t\t\t<\/div>\n\t\t<\/section>\n\t\t\t\t<\/div>","protected":false},"excerpt":{"rendered":"<p>Hier geht&#8217;s zu den n\u00e4chsten \u00f6ffentlichen Terminen! Dauer: 1,5 Stunden Geeigter Zeitraum: Ganzj\u00e4hrig m\u00f6glich Treffpunkt: [&hellip;]<\/p>\n","protected":false},"featured_media":47418,"comment_status":"closed","ping_status":"closed","template":"","meta":{"_acf_changed":false},"categories":[705,531],"tags":[704,525,645],"competences":[],"class_list":["post-49704","projects","type-projects","status-publish","has-post-thumbnail","hentry","category-neue-fuehrungen","category-stadtrundgaenge","tag-neue-fuehrungen","tag-stadtfuehrung","tag-stadtrundgang"],"acf":[],"_links":{"self":[{"href":"https:\/\/www.guetersloh-marketing.de\/en\/wp-json\/wp\/v2\/projects\/49704","targetHints":{"allow":["GET"]}}],"collection":[{"href":"https:\/\/www.guetersloh-marketing.de\/en\/wp-json\/wp\/v2\/projects"}],"about":[{"href":"https:\/\/www.guetersloh-marketing.de\/en\/wp-json\/wp\/v2\/types\/projects"}],"replies":[{"embeddable":true,"href":"https:\/\/www.guetersloh-marketing.de\/en\/wp-json\/wp\/v2\/comments?post=49704"}],"version-history":[{"count":24,"href":"https:\/\/www.guetersloh-marketing.de\/en\/wp-json\/wp\/v2\/projects\/49704\/revisions"}],"predecessor-version":[{"id":54097,"href":"https:\/\/www.guetersloh-marketing.de\/en\/wp-json\/wp\/v2\/projects\/49704\/revisions\/54097"}],"wp:featuredmedia":[{"embeddable":true,"href":"https:\/\/www.guetersloh-marketing.de\/en\/wp-json\/wp\/v2\/media\/47418"}],"wp:attachment":[{"href":"https:\/\/www.guetersloh-marketing.de\/en\/wp-json\/wp\/v2\/media?parent=49704"}],"wp:term":[{"taxonomy":"category","embeddable":true,"href":"https:\/\/www.guetersloh-marketing.de\/en\/wp-json\/wp\/v2\/categories?post=49704"},{"taxonomy":"post_tag","embeddable":true,"href":"https:\/\/www.guetersloh-marketing.de\/en\/wp-json\/wp\/v2\/tags?post=49704"},{"taxonomy":"competences","embeddable":true,"href":"https:\/\/www.guetersloh-marketing.de\/en\/wp-json\/wp\/v2\/competences?post=49704"}],"curies":[{"name":"wp","href":"https:\/\/api.w.org\/{rel}","templated":true}]}}