{"id":50320,"date":"2025-07-31T16:32:00","date_gmt":"2025-07-31T14:32:49","guid":{"rendered":"https:\/\/www.guetersloh-marketing.de\/?page_id=50320"},"modified":"2026-01-07T14:39:46","modified_gmt":"2026-01-07T13:39:46","slug":"vergangenheit-trifft-gegenwart","status":"publish","type":"page","link":"https:\/\/www.guetersloh-marketing.de\/en\/projektseiten\/isg-mittlere-berliner-strasse\/vergangenheit-trifft-gegenwart\/","title":{"rendered":"Past meets present"},"content":{"rendered":"\t\t<div data-elementor-type=\"wp-page\" data-elementor-id=\"50320\" class=\"elementor elementor-50320\" data-elementor-post-type=\"page\">\n\t\t\t\t\t\t<section class=\"elementor-section elementor-top-section elementor-element elementor-element-17ce801 elementor-section-boxed elementor-section-height-default elementor-section-height-default\" data-id=\"17ce801\" data-element_type=\"section\">\n\t\t\t\t\t\t<div class=\"elementor-container elementor-column-gap-default\">\n\t\t\t\t\t<div class=\"elementor-column elementor-col-100 elementor-top-column elementor-element elementor-element-5c4ef73\" data-id=\"5c4ef73\" data-element_type=\"column\">\n\t\t\t<div class=\"elementor-widget-wrap elementor-element-populated\">\n\t\t\t\t\t\t<div class=\"elementor-element elementor-element-74a1509 elementor-widget elementor-widget-heading\" data-id=\"74a1509\" data-element_type=\"widget\" data-widget_type=\"heading.default\">\n\t\t\t\t<div class=\"elementor-widget-container\">\n\t\t\t<span id=74a1509><\/span><h1 class=\"elementor-heading-title elementor-size-default\">Vergangenheit trifft Gegenwart<\/h1>\t\t<\/div>\n\t\t\t\t<\/div>\n\t\t\t\t<div class=\"elementor-element elementor-element-76468cb elementor-widget elementor-widget-heading\" data-id=\"76468cb\" data-element_type=\"widget\" data-widget_type=\"heading.default\">\n\t\t\t\t<div class=\"elementor-widget-container\">\n\t\t\t<span id=76468cb><\/span><h2 class=\"elementor-heading-title elementor-size-default\">Eine Zeitreise durch die Mittlere Berliner Stra\u00dfe<\/h2>\t\t<\/div>\n\t\t\t\t<\/div>\n\t\t\t\t<div class=\"elementor-element elementor-element-0059ac2 elementor-widget elementor-widget-text-editor\" data-id=\"0059ac2\" data-element_type=\"widget\" data-widget_type=\"text-editor.default\">\n\t\t\t\t<div class=\"elementor-widget-container\">\n\t\t\t<span id=0059ac2><\/span>\t\t\t\t<p>Das Projekt <strong>\u201eVergangenheit trifft Gegenwart\u201c<\/strong> wurde erfolgreich umgesetzt und lud dazu ein, die Mittlere Berliner Stra\u00dfe aus einer neuen Perspektive zu entdecken. Auch wenn die Bilder inzwischen <strong>nicht mehr in der Innenstadt ausgestellt sind<\/strong>, bleibt die Projektseite <strong>online bestehen<\/strong> und macht die Inhalte weiterhin digital erlebbar.<\/p>\t\t\t\t\t\t<\/div>\n\t\t\t\t<\/div>\n\t\t\t\t<div class=\"elementor-element elementor-element-e0bca98 elementor-widget__width-initial elementor-widget elementor-widget-text-editor\" data-id=\"e0bca98\" data-element_type=\"widget\" data-widget_type=\"text-editor.default\">\n\t\t\t\t<div class=\"elementor-widget-container\">\n\t\t\t<span id=e0bca98><\/span>\t\t\t\t<p>Hier k\u00f6nnen Sie die Gesch\u00e4fte der Mittleren Berliner Stra\u00dfe <strong>fr\u00fcher und heute<\/strong> vergleichen: Aktuelle Aufnahmen treffen auf historische Fotografien, erg\u00e4nzt durch <strong>kleine Geschichten, spannende Hintergr\u00fcnde und pers\u00f6nliche Anekdoten<\/strong> zu den jeweiligen Standorten.<\/p>\t\t\t\t\t\t<\/div>\n\t\t\t\t<\/div>\n\t\t\t\t<div class=\"elementor-element elementor-element-a1f835d elementor-widget elementor-widget-text-editor\" data-id=\"a1f835d\" data-element_type=\"widget\" data-widget_type=\"text-editor.default\">\n\t\t\t\t<div class=\"elementor-widget-container\">\n\t\t\t<span id=a1f835d><\/span>\t\t\t\t<p>W\u00e4hrend der Projektlaufzeit waren an ausgew\u00e4hlten Schaufenstern QR-Codes angebracht, \u00fcber die Besucherinnen und Besucher direkt vor Ort in die Geschichte eintauchen konnten. Online funktioniert diese Zeitreise weiterhin \u2013 bequem von \u00fcberall aus.<\/p>\t\t\t\t\t\t<\/div>\n\t\t\t\t<\/div>\n\t\t\t\t<div class=\"elementor-element elementor-element-5560244 elementor-widget elementor-widget-text-editor\" data-id=\"5560244\" data-element_type=\"widget\" data-widget_type=\"text-editor.default\">\n\t\t\t\t<div class=\"elementor-widget-container\">\n\t\t\t<span id=5560244><\/span>\t\t\t\t<p>Hinter jeder aktuellen Ansicht verbirgt sich eine historische Aufnahme des Gesch\u00e4fts. Zus\u00e4tzlich stellt jeder gezeigte Laden eine <strong>spannende Frage<\/strong>: Ein Klick auf den kleinen Pfeil unter dem Bild \u00f6ffnet die dazugeh\u00f6rige Antwort und l\u00e4dt zum Entdecken ein.<\/p>\t\t\t\t\t\t<\/div>\n\t\t\t\t<\/div>\n\t\t\t\t<div class=\"elementor-element elementor-element-3ed3113 elementor-blockquote--skin-boxed elementor-blockquote--align-center elementor-blockquote--button-color-official elementor-widget elementor-widget-blockquote\" data-id=\"3ed3113\" data-element_type=\"widget\" data-widget_type=\"blockquote.default\">\n\t\t\t\t<div class=\"elementor-widget-container\">\n\t\t\t<span id=3ed3113><\/span>\t\t<blockquote class=\"elementor-blockquote\">\n\t\t\t<p class=\"elementor-blockquote__content\">\n\t\t\t\tVielen Dank an das Stadtarchiv G\u00fctersloh f\u00fcr die Unterst\u00fctzung. Wir freuen uns auch, dass wir f\u00fcr unsere Recherchen den Nachlass von Ursula Langenk\u00e4mper nutzen durften \u2013 er war eine wichtige Grundlage f\u00fcr viele der gezeigten Inhalte.\n\t\t\t<\/p>\n\t\t\t\t\t<\/blockquote>\n\t\t\t\t<\/div>\n\t\t\t\t<\/div>\n\t\t\t\t\t<\/div>\n\t\t<\/div>\n\t\t\t\t\t<\/div>\n\t\t<\/section>\n\t\t\t\t<section class=\"elementor-section elementor-top-section elementor-element elementor-element-17f0f25 elementor-section-boxed elementor-section-height-default elementor-section-height-default\" data-id=\"17f0f25\" data-element_type=\"section\">\n\t\t\t\t\t\t<div class=\"elementor-container elementor-column-gap-default\">\n\t\t\t\t\t<div class=\"elementor-column elementor-col-100 elementor-top-column elementor-element elementor-element-cdfd5d1\" data-id=\"cdfd5d1\" data-element_type=\"column\">\n\t\t\t<div class=\"elementor-widget-wrap elementor-element-populated\">\n\t\t\t\t\t\t<div class=\"elementor-element elementor-element-4991388 elementor-widget elementor-widget-heading\" data-id=\"4991388\" data-element_type=\"widget\" data-widget_type=\"heading.default\">\n\t\t\t\t<div class=\"elementor-widget-container\">\n\t\t\t<span id=4991388><\/span><h3 class=\"elementor-heading-title elementor-size-default\">Wie wurde aus einem kleinen Ackerb\u00fcrgerhaus eines der gr\u00f6\u00dften Modegesch\u00e4fte der Innenstadt?<\/h3>\t\t<\/div>\n\t\t\t\t<\/div>\n\t\t\t\t<div class=\"elementor-element elementor-element-1a31177 elementor--v-position-bottom elementor--h-position-center elementor-arrows-position-inside elementor-pagination-position-inside elementor-widget elementor-widget-slides\" data-id=\"1a31177\" data-element_type=\"widget\" data-settings=\"{&quot;navigation&quot;:&quot;both&quot;,&quot;autoplay&quot;:&quot;yes&quot;,&quot;pause_on_hover&quot;:&quot;yes&quot;,&quot;pause_on_interaction&quot;:&quot;yes&quot;,&quot;autoplay_speed&quot;:5000,&quot;infinite&quot;:&quot;yes&quot;,&quot;transition&quot;:&quot;slide&quot;,&quot;transition_speed&quot;:500}\" data-widget_type=\"slides.default\">\n\t\t\t\t<div class=\"elementor-widget-container\">\n\t\t\t<span id=1a31177><\/span>\t\t<div class=\"elementor-swiper\">\n\t\t\t<div class=\"elementor-slides-wrapper elementor-main-swiper swiper\" dir=\"ltr\" data-animation=\"fadeInUp\">\n\t\t\t\t<div class=\"swiper-wrapper elementor-slides\">\n\t\t\t\t\t\t\t\t\t\t<div class=\"elementor-repeater-item-6924694 swiper-slide\"><div class=\"swiper-slide-bg\" role=\"img\"><\/div><div class=\"swiper-slide-inner\" ><div class=\"swiper-slide-contents\"><div class=\"elementor-slide-description\">\u00a9 Aus G\u00fctersloher Zeitung vom 07.07.1962.Texte und Bilder aus der Neuen Westf\u00e4lischen sind urheberrechtlich gesch\u00fctzt. Weiterverwendung nur mit schriftlicher Genehmigung der Redaktion<\/div><\/div><\/div><\/div><div class=\"elementor-repeater-item-eb0e94d swiper-slide\"><div class=\"swiper-slide-bg\" role=\"img\"><\/div><div class=\"swiper-slide-inner\" ><div class=\"swiper-slide-contents\"><\/div><\/div><\/div>\t\t\t\t<\/div>\n\t\t\t\t\t\t\t\t\t\t\t\t\t\t\t<div class=\"swiper-pagination\"><\/div>\n\t\t\t\t\t\t\t\t\t\t\t\t\t\t\t\t<div class=\"elementor-swiper-button elementor-swiper-button-prev\" role=\"button\" tabindex=\"0\">\n\t\t\t\t\t\t\t<i aria-hidden=\"true\" class=\"eicon-chevron-left\"><\/i>\t\t\t\t\t\t\t<span class=\"elementor-screen-only\">Previous slide<\/span>\n\t\t\t\t\t\t<\/div>\n\t\t\t\t\t\t<div class=\"elementor-swiper-button elementor-swiper-button-next\" role=\"button\" tabindex=\"0\">\n\t\t\t\t\t\t\t<i aria-hidden=\"true\" class=\"eicon-chevron-right\"><\/i>\t\t\t\t\t\t\t<span class=\"elementor-screen-only\">Next slide<\/span>\n\t\t\t\t\t\t<\/div>\n\t\t\t\t\t\t\t\t\t\t\t\t<\/div>\n\t\t<\/div>\n\t\t\t\t<\/div>\n\t\t\t\t<\/div>\n\t\t\t\t<div class=\"elementor-element elementor-element-cb73230 elementor-widget elementor-widget-toggle\" data-id=\"cb73230\" data-element_type=\"widget\" data-widget_type=\"toggle.default\">\n\t\t\t\t<div class=\"elementor-widget-container\">\n\t\t\t<span id=cb73230><\/span>\t\t<div class=\"elementor-toggle\">\n\t\t\t\t\t\t\t<div class=\"elementor-toggle-item\">\n\t\t\t\t\t<div id=\"elementor-tab-title-2131\" class=\"elementor-tab-title\" data-tab=\"1\" role=\"button\" aria-controls=\"elementor-tab-content-2131\" aria-expanded=\"false\">\n\t\t\t\t\t\t\t\t\t\t\t\t<span class=\"elementor-toggle-icon elementor-toggle-icon-left\" aria-hidden=\"true\">\n\t\t\t\t\t\t\t\t\t\t\t\t\t\t\t<span class=\"elementor-toggle-icon-closed\"><i class=\"fas fa-caret-right\"><\/i><\/span>\n\t\t\t\t\t\t\t\t<span class=\"elementor-toggle-icon-opened\"><i class=\"elementor-toggle-icon-opened fas fa-caret-up\"><\/i><\/span>\n\t\t\t\t\t\t\t\t\t\t\t\t\t<\/span>\n\t\t\t\t\t\t\t\t\t\t\t\t<a class=\"elementor-toggle-title\" tabindex=\"0\">Hier klicken f\u00fcr Information zu: Berliner Str. 26, heute Vero Moda und Jack&amp;Jones<\/a>\n\t\t\t\t\t<\/div>\n\n\t\t\t\t\t<div id=\"elementor-tab-content-2131\" class=\"elementor-tab-content elementor-clearfix\" data-tab=\"1\" role=\"region\" aria-labelledby=\"elementor-tab-title-2131\"><p>In dem kleinen Ackerb\u00fcrgerhaus an der Berliner Stra\u00dfe betrieb einst die j\u00fcdische Familie Gottschalk ein Textilgesch\u00e4ft. Nach ihrer Vertreibung \u00fcbernahm die Firma Wiesenh\u00f6fer das Gesch\u00e4ft, ehe sp\u00e4ter das Kaufhaus Opitz entstand. Heute befindet sich hier die Filiale von <strong>Vero Moda und Jack&amp;Jones<\/strong>.<\/p><p>Das Geb\u00e4ude geh\u00f6rt zum B\u00fcro- und Gesch\u00e4ftshaus Berliner Stra\u00dfe 26\u201328, das \u00fcber mehrere Jahrzehnte \u2013 in drei Bauphasen zwischen 1927 und 2006 \u2013 errichtet wurde. Die rund 1.900\u202fm\u00b2 gro\u00dfe Fl\u00e4che wird heute vor allem vom d\u00e4nischen Textilunternehmen <strong>Bestseller<\/strong> genutzt, zu dem Vero Moda geh\u00f6rt. Der Mietvertrag wurde gerade erst bis Ende M\u00e4rz 2031 verl\u00e4ngert \u2013 Mode hat hier also weiterhin einen festen Platz.<\/p><p>Quellen:<\/p><ol><li>Buch \u201eDamals bei uns in G\u00fctersloh\u201c von Hagen Kraak, Abb.72<\/li><li>Dekra Immobilien: Aktuelles\/Vermietung\/ 04.06.2025<\/li><\/ol><\/div>\n\t\t\t\t<\/div>\n\t\t\t\t\t\t\t\t<\/div>\n\t\t\t\t<\/div>\n\t\t\t\t<\/div>\n\t\t\t\t\t<\/div>\n\t\t<\/div>\n\t\t\t\t\t<\/div>\n\t\t<\/section>\n\t\t\t\t<section class=\"elementor-section elementor-top-section elementor-element elementor-element-8c34670 elementor-section-boxed elementor-section-height-default elementor-section-height-default\" data-id=\"8c34670\" data-element_type=\"section\">\n\t\t\t\t\t\t<div class=\"elementor-container elementor-column-gap-default\">\n\t\t\t\t\t<div class=\"elementor-column elementor-col-100 elementor-top-column elementor-element elementor-element-8ed4b82\" data-id=\"8ed4b82\" data-element_type=\"column\">\n\t\t\t<div class=\"elementor-widget-wrap elementor-element-populated\">\n\t\t\t\t\t\t<div class=\"elementor-element elementor-element-08f3be8 elementor-widget elementor-widget-heading\" data-id=\"08f3be8\" data-element_type=\"widget\" data-widget_type=\"heading.default\">\n\t\t\t\t<div class=\"elementor-widget-container\">\n\t\t\t<span id=08f3be8><\/span><h3 class=\"elementor-heading-title elementor-size-default\">Was hatte eine \u00fcberdimensionale Pfeife mit sportlichem Ehrgeiz zu tun?<\/h3>\t\t<\/div>\n\t\t\t\t<\/div>\n\t\t\t\t<div class=\"elementor-element elementor-element-712cc22 elementor--v-position-bottom elementor--h-position-center elementor-arrows-position-inside elementor-pagination-position-inside elementor-widget elementor-widget-slides\" data-id=\"712cc22\" data-element_type=\"widget\" data-settings=\"{&quot;navigation&quot;:&quot;both&quot;,&quot;autoplay&quot;:&quot;yes&quot;,&quot;pause_on_hover&quot;:&quot;yes&quot;,&quot;pause_on_interaction&quot;:&quot;yes&quot;,&quot;autoplay_speed&quot;:5000,&quot;infinite&quot;:&quot;yes&quot;,&quot;transition&quot;:&quot;slide&quot;,&quot;transition_speed&quot;:500}\" data-widget_type=\"slides.default\">\n\t\t\t\t<div class=\"elementor-widget-container\">\n\t\t\t<span id=712cc22><\/span>\t\t<div class=\"elementor-swiper\">\n\t\t\t<div class=\"elementor-slides-wrapper elementor-main-swiper swiper\" dir=\"ltr\" data-animation=\"fadeInUp\">\n\t\t\t\t<div class=\"swiper-wrapper elementor-slides\">\n\t\t\t\t\t\t\t\t\t\t<div class=\"elementor-repeater-item-6924694 swiper-slide\"><div class=\"swiper-slide-bg\" role=\"img\"><\/div><div class=\"swiper-slide-inner\" ><div class=\"swiper-slide-contents\"><div class=\"elementor-slide-description\">\u00a9 Foto aus dem Familienbesitz Familie Rascher-Friesenhausen<\/div><\/div><\/div><\/div><div class=\"elementor-repeater-item-eb0e94d swiper-slide\"><div class=\"swiper-slide-bg\" role=\"img\"><\/div><div class=\"swiper-slide-inner\" ><div class=\"swiper-slide-contents\"><\/div><\/div><\/div>\t\t\t\t<\/div>\n\t\t\t\t\t\t\t\t\t\t\t\t\t\t\t<div class=\"swiper-pagination\"><\/div>\n\t\t\t\t\t\t\t\t\t\t\t\t\t\t\t\t<div class=\"elementor-swiper-button elementor-swiper-button-prev\" role=\"button\" tabindex=\"0\">\n\t\t\t\t\t\t\t<i aria-hidden=\"true\" class=\"eicon-chevron-left\"><\/i>\t\t\t\t\t\t\t<span class=\"elementor-screen-only\">Previous slide<\/span>\n\t\t\t\t\t\t<\/div>\n\t\t\t\t\t\t<div class=\"elementor-swiper-button elementor-swiper-button-next\" role=\"button\" tabindex=\"0\">\n\t\t\t\t\t\t\t<i aria-hidden=\"true\" class=\"eicon-chevron-right\"><\/i>\t\t\t\t\t\t\t<span class=\"elementor-screen-only\">Next slide<\/span>\n\t\t\t\t\t\t<\/div>\n\t\t\t\t\t\t\t\t\t\t\t\t<\/div>\n\t\t<\/div>\n\t\t\t\t<\/div>\n\t\t\t\t<\/div>\n\t\t\t\t<div class=\"elementor-element elementor-element-ab288d4 elementor-widget elementor-widget-toggle\" data-id=\"ab288d4\" data-element_type=\"widget\" data-widget_type=\"toggle.default\">\n\t\t\t\t<div class=\"elementor-widget-container\">\n\t\t\t<span id=ab288d4><\/span>\t\t<div class=\"elementor-toggle\">\n\t\t\t\t\t\t\t<div class=\"elementor-toggle-item\">\n\t\t\t\t\t<div id=\"elementor-tab-title-1791\" class=\"elementor-tab-title\" data-tab=\"1\" role=\"button\" aria-controls=\"elementor-tab-content-1791\" aria-expanded=\"false\">\n\t\t\t\t\t\t\t\t\t\t\t\t<span class=\"elementor-toggle-icon elementor-toggle-icon-left\" aria-hidden=\"true\">\n\t\t\t\t\t\t\t\t\t\t\t\t\t\t\t<span class=\"elementor-toggle-icon-closed\"><i class=\"fas fa-caret-right\"><\/i><\/span>\n\t\t\t\t\t\t\t\t<span class=\"elementor-toggle-icon-opened\"><i class=\"elementor-toggle-icon-opened fas fa-caret-up\"><\/i><\/span>\n\t\t\t\t\t\t\t\t\t\t\t\t\t<\/span>\n\t\t\t\t\t\t\t\t\t\t\t\t<a class=\"elementor-toggle-title\" tabindex=\"0\">Hier klicken f\u00fcr Informationen zu: Berliner Str. 25, heute Tabakwaren Friesenhausen<\/a>\n\t\t\t\t\t<\/div>\n\n\t\t\t\t\t<div id=\"elementor-tab-content-1791\" class=\"elementor-tab-content elementor-clearfix\" data-tab=\"1\" role=\"region\" aria-labelledby=\"elementor-tab-title-1791\"><p>Im Jahr 1892 er\u00f6ffneten der G\u00fctersloher Drechslermeister Heinrich Friesenhausen und seine Frau Anna zun\u00e4chst ein kleines Gesch\u00e4ft f\u00fcr Pfeifen, Tabakwaren und Schirme im Ruhrgebiet \u2013 genauer in Altenessen. Der wirtschaftliche Aufschwung in der Region brachte jedoch nicht den erhofften Erfolg, sodass das Paar bereits im Fr\u00fchjahr 1893 nach G\u00fctersloh zur\u00fcckkehrte und das Anwesen Berliner Stra\u00dfe\u202f25 vom Buchbindermeister Thormann \u00fcbernahm. Hier, im Herzen der Stadt, entwickelten sie ihr Gesch\u00e4ft erfolgreich weiter.<\/p><p>Friesenhausen stellte viele der verkauften Pfeifen selbst an der Drehbank her. Als auff\u00e4lliges Werbeschild montierte er eine \u00fcberdimensionale M\u00fcnsterl\u00e4nder Pfeife \u00fcber dem Ladeneingang \u2013 diese musste jedoch bald wieder entfernt werden, da sie von Sch\u00fclern des nahegelegenen Evangelisch Stiftischen Gymnasiums wiederholt als Reckstange zweckentfremdet wurde.<\/p><p>Im Jahr 1912 wurde das urspr\u00fcngliche Ackerb\u00fcrgerhaus an gleicher Stelle durch einen Neubau im Jugendstil ersetzt, der mit seiner eleganten Fassade bis heute das Stadtbild in Richtung K\u00f6kerstra\u00dfe pr\u00e4gt. Das besondere Ambiente des Ladens vermittelt auch heute noch beim Betreten ein Gef\u00fchl f\u00fcr die lange Geschichte des Hauses.<\/p><p>Nach dem Ersten Weltkrieg trat Heinrich Friesenhausens Neffe Leo Rascher-Friesenhausen in das Gesch\u00e4ft ein und erweiterte das Sortiment erfolgreich um Zigarren und Pfeifentabak. Nach dem Eintritt in die Ermuri-H\u00e4ndlervereinigung im Jahr 1933 z\u00e4hlt Friesenhausen zu den f\u00fchrenden Fachgesch\u00e4ften f\u00fcr Tabakwaren in Ostwestfalen. Seit vier Generationen wird das Unternehmen in Familienhand weitergef\u00fchrt \u2013 aktuell von Christopher Rascher-Friesenhausen, der die Tradition mit viel Engagement fortf\u00fchrt.<\/p><p>So besteht das Traditionsgesch\u00e4ft heute, mehr als 130 Jahre nach seiner Gr\u00fcndung, weiterhin am selben Standort. Mit der originalen Jugendstil-Innenausstattung ist es ein lebendiges Zeugnis regionaler Gesch\u00e4ftstradition \u2013 und ein echtes St\u00fcck gelebter Stadtgeschichte.<\/p><p>Quellen:<\/p><ol><li>Buch \u201eTraditionen im Kreis G\u00fctersloh\u201c vom Monron Marketing Institute of N.Y., Seite. 42<\/li><li>Carl Media \u201eHANDELSHAUS DER VIELFALT\u201c von Ben Hensdiek<\/li><\/ol><\/div>\n\t\t\t\t<\/div>\n\t\t\t\t\t\t\t\t<\/div>\n\t\t\t\t<\/div>\n\t\t\t\t<\/div>\n\t\t\t\t\t<\/div>\n\t\t<\/div>\n\t\t\t\t\t<\/div>\n\t\t<\/section>\n\t\t\t\t<section class=\"elementor-section elementor-top-section elementor-element elementor-element-cc52609 elementor-section-boxed elementor-section-height-default elementor-section-height-default\" data-id=\"cc52609\" data-element_type=\"section\">\n\t\t\t\t\t\t<div class=\"elementor-container elementor-column-gap-default\">\n\t\t\t\t\t<div class=\"elementor-column elementor-col-100 elementor-top-column elementor-element elementor-element-b0bd1b3\" data-id=\"b0bd1b3\" data-element_type=\"column\">\n\t\t\t<div class=\"elementor-widget-wrap elementor-element-populated\">\n\t\t\t\t\t\t<div class=\"elementor-element elementor-element-e170dcb elementor-widget elementor-widget-heading\" data-id=\"e170dcb\" data-element_type=\"widget\" data-widget_type=\"heading.default\">\n\t\t\t\t<div class=\"elementor-widget-container\">\n\t\t\t<span id=e170dcb><\/span><h3 class=\"elementor-heading-title elementor-size-default\">Warum wurde das Fachwerkhaus der Metzgerei M\u00fcller 1966 zur\u00fcckversetzt und nicht einfach an der alten Stelle neu gebaut?<\/h3>\t\t<\/div>\n\t\t\t\t<\/div>\n\t\t\t\t<div class=\"elementor-element elementor-element-96ebc8f elementor--h-position-center elementor--v-position-middle elementor-arrows-position-inside elementor-pagination-position-inside elementor-widget elementor-widget-slides\" data-id=\"96ebc8f\" data-element_type=\"widget\" data-settings=\"{&quot;navigation&quot;:&quot;both&quot;,&quot;autoplay&quot;:&quot;yes&quot;,&quot;pause_on_hover&quot;:&quot;yes&quot;,&quot;pause_on_interaction&quot;:&quot;yes&quot;,&quot;autoplay_speed&quot;:5000,&quot;infinite&quot;:&quot;yes&quot;,&quot;transition&quot;:&quot;slide&quot;,&quot;transition_speed&quot;:500}\" data-widget_type=\"slides.default\">\n\t\t\t\t<div class=\"elementor-widget-container\">\n\t\t\t<span id=96ebc8f><\/span>\t\t<div class=\"elementor-swiper\">\n\t\t\t<div class=\"elementor-slides-wrapper elementor-main-swiper swiper\" dir=\"ltr\" data-animation=\"fadeInUp\">\n\t\t\t\t<div class=\"swiper-wrapper elementor-slides\">\n\t\t\t\t\t\t\t\t\t\t<div class=\"elementor-repeater-item-6924694 swiper-slide\"><div class=\"swiper-slide-bg\" role=\"img\"><\/div><div class=\"swiper-slide-inner\" ><div class=\"swiper-slide-contents\"><div class=\"elementor-slide-description\">\u00a9 Stadtarchiv G\u00fctersloh, Fotograf*in unbekannt<\/div><\/div><\/div><\/div><div class=\"elementor-repeater-item-eb0e94d swiper-slide\"><div class=\"swiper-slide-bg\" role=\"img\"><\/div><div class=\"swiper-slide-inner\" ><div class=\"swiper-slide-contents\"><\/div><\/div><\/div>\t\t\t\t<\/div>\n\t\t\t\t\t\t\t\t\t\t\t\t\t\t\t<div class=\"swiper-pagination\"><\/div>\n\t\t\t\t\t\t\t\t\t\t\t\t\t\t\t\t<div class=\"elementor-swiper-button elementor-swiper-button-prev\" role=\"button\" tabindex=\"0\">\n\t\t\t\t\t\t\t<i aria-hidden=\"true\" class=\"eicon-chevron-left\"><\/i>\t\t\t\t\t\t\t<span class=\"elementor-screen-only\">Previous slide<\/span>\n\t\t\t\t\t\t<\/div>\n\t\t\t\t\t\t<div class=\"elementor-swiper-button elementor-swiper-button-next\" role=\"button\" tabindex=\"0\">\n\t\t\t\t\t\t\t<i aria-hidden=\"true\" class=\"eicon-chevron-right\"><\/i>\t\t\t\t\t\t\t<span class=\"elementor-screen-only\">Next slide<\/span>\n\t\t\t\t\t\t<\/div>\n\t\t\t\t\t\t\t\t\t\t\t\t<\/div>\n\t\t<\/div>\n\t\t\t\t<\/div>\n\t\t\t\t<\/div>\n\t\t\t\t<div class=\"elementor-element elementor-element-8726780 elementor-widget elementor-widget-toggle\" data-id=\"8726780\" data-element_type=\"widget\" data-widget_type=\"toggle.default\">\n\t\t\t\t<div class=\"elementor-widget-container\">\n\t\t\t<span id=8726780><\/span>\t\t<div class=\"elementor-toggle\">\n\t\t\t\t\t\t\t<div class=\"elementor-toggle-item\">\n\t\t\t\t\t<div id=\"elementor-tab-title-1411\" class=\"elementor-tab-title\" data-tab=\"1\" role=\"button\" aria-controls=\"elementor-tab-content-1411\" aria-expanded=\"false\">\n\t\t\t\t\t\t\t\t\t\t\t\t<span class=\"elementor-toggle-icon elementor-toggle-icon-left\" aria-hidden=\"true\">\n\t\t\t\t\t\t\t\t\t\t\t\t\t\t\t<span class=\"elementor-toggle-icon-closed\"><i class=\"fas fa-caret-right\"><\/i><\/span>\n\t\t\t\t\t\t\t\t<span class=\"elementor-toggle-icon-opened\"><i class=\"elementor-toggle-icon-opened fas fa-caret-up\"><\/i><\/span>\n\t\t\t\t\t\t\t\t\t\t\t\t\t<\/span>\n\t\t\t\t\t\t\t\t\t\t\t\t<a class=\"elementor-toggle-title\" tabindex=\"0\">Hier klicken f\u00fcr Informationen zu: Berliner Stra\u00dfe 33, heute Fleischerei M\u00fcller, <\/a>\n\t\t\t\t\t<\/div>\n\n\t\t\t\t\t<div id=\"elementor-tab-content-1411\" class=\"elementor-tab-content elementor-clearfix\" data-tab=\"1\" role=\"region\" aria-labelledby=\"elementor-tab-title-1411\"><p>In der Berliner Stra\u00dfe 184 b gab es bereits 1783 eine Metzgerei \u2013 eine lange Tradition, die im Jahr 1873 mit Metzger Fritz Kniepkamp ihren Neustart erlebte. 1932 \u00fcbernahm Georg M\u00fcller, der Gro\u00dfvater des heutigen Inhabers, den Fleischereibetrieb und f\u00fchrte ihn weiter. 1966 wurde das urspr\u00fcngliche Fachwerkhaus abgerissen und der Neubau etwas zur\u00fcckversetzt, um eine Stra\u00dfenkurve zu beseitigen und den Verkehr zu verbessern. Heute ist die Natur Metzgerei M\u00fcller besonders bekannt f\u00fcr ihre hausgemachte Spezialit\u00e4t: die schlesische Bratwurst, die direkt vor Ort hergestellt wird.<\/p><p>Quellen<\/p><ol><li>G\u00fctsel: Inhabergef\u00fchrter Einzelhandel in G\u00fctersloh: Fleischerei M\u00fcller vom 11.01.2025<\/li><li>Flyer \u201eDie Mittlere Berliner Stra\u00dfe\u201c vom Stadtmuseum G\u00fctersloh, Texte: Heinrich Lak\u00e4mper-L\u00fchrs<\/li><\/ol><\/div>\n\t\t\t\t<\/div>\n\t\t\t\t\t\t\t\t<\/div>\n\t\t\t\t<\/div>\n\t\t\t\t<\/div>\n\t\t\t\t\t<\/div>\n\t\t<\/div>\n\t\t\t\t\t<\/div>\n\t\t<\/section>\n\t\t\t\t<section class=\"elementor-section elementor-top-section elementor-element elementor-element-1c8930e elementor-section-boxed elementor-section-height-default elementor-section-height-default\" data-id=\"1c8930e\" data-element_type=\"section\">\n\t\t\t\t\t\t<div class=\"elementor-container elementor-column-gap-default\">\n\t\t\t\t\t<div class=\"elementor-column elementor-col-100 elementor-top-column elementor-element elementor-element-34e7342\" data-id=\"34e7342\" data-element_type=\"column\">\n\t\t\t<div class=\"elementor-widget-wrap elementor-element-populated\">\n\t\t\t\t\t\t<div class=\"elementor-element elementor-element-2b4f7f4 elementor-widget elementor-widget-heading\" data-id=\"2b4f7f4\" data-element_type=\"widget\" data-widget_type=\"heading.default\">\n\t\t\t\t<div class=\"elementor-widget-container\">\n\t\t\t<span id=2b4f7f4><\/span><h3 class=\"elementor-heading-title elementor-size-default\">Welche beiden Fachgesch\u00e4fte pr\u00e4gten ab 1966 mit einer gemeinsamen Fassade das Stadtbild in der Berliner Stra\u00dfe?<\/h3>\t\t<\/div>\n\t\t\t\t<\/div>\n\t\t\t\t<div class=\"elementor-element elementor-element-ad3c00d elementor--h-position-center elementor--v-position-middle elementor-arrows-position-inside elementor-pagination-position-inside elementor-widget elementor-widget-slides\" data-id=\"ad3c00d\" data-element_type=\"widget\" data-settings=\"{&quot;navigation&quot;:&quot;both&quot;,&quot;autoplay&quot;:&quot;yes&quot;,&quot;pause_on_hover&quot;:&quot;yes&quot;,&quot;pause_on_interaction&quot;:&quot;yes&quot;,&quot;autoplay_speed&quot;:5000,&quot;infinite&quot;:&quot;yes&quot;,&quot;transition&quot;:&quot;slide&quot;,&quot;transition_speed&quot;:500}\" data-widget_type=\"slides.default\">\n\t\t\t\t<div class=\"elementor-widget-container\">\n\t\t\t<span id=ad3c00d><\/span>\t\t<div class=\"elementor-swiper\">\n\t\t\t<div class=\"elementor-slides-wrapper elementor-main-swiper swiper\" dir=\"ltr\" data-animation=\"fadeInUp\">\n\t\t\t\t<div class=\"swiper-wrapper elementor-slides\">\n\t\t\t\t\t\t\t\t\t\t<div class=\"elementor-repeater-item-6924694 swiper-slide\"><div class=\"swiper-slide-bg\" role=\"img\"><\/div><div class=\"swiper-slide-inner\" ><div class=\"swiper-slide-contents\"><div class=\"elementor-slide-description\">\u00a9 Stadtarchiv G\u00fctersloh, Provenienz: Hans-Dieter\nMusch\n<\/div><\/div><\/div><\/div><div class=\"elementor-repeater-item-eb0e94d swiper-slide\"><div class=\"swiper-slide-bg\" role=\"img\"><\/div><div class=\"swiper-slide-inner\" ><div class=\"swiper-slide-contents\"><\/div><\/div><\/div>\t\t\t\t<\/div>\n\t\t\t\t\t\t\t\t\t\t\t\t\t\t\t<div class=\"swiper-pagination\"><\/div>\n\t\t\t\t\t\t\t\t\t\t\t\t\t\t\t\t<div class=\"elementor-swiper-button elementor-swiper-button-prev\" role=\"button\" tabindex=\"0\">\n\t\t\t\t\t\t\t<i aria-hidden=\"true\" class=\"eicon-chevron-left\"><\/i>\t\t\t\t\t\t\t<span class=\"elementor-screen-only\">Previous slide<\/span>\n\t\t\t\t\t\t<\/div>\n\t\t\t\t\t\t<div class=\"elementor-swiper-button elementor-swiper-button-next\" role=\"button\" tabindex=\"0\">\n\t\t\t\t\t\t\t<i aria-hidden=\"true\" class=\"eicon-chevron-right\"><\/i>\t\t\t\t\t\t\t<span class=\"elementor-screen-only\">Next slide<\/span>\n\t\t\t\t\t\t<\/div>\n\t\t\t\t\t\t\t\t\t\t\t\t<\/div>\n\t\t<\/div>\n\t\t\t\t<\/div>\n\t\t\t\t<\/div>\n\t\t\t\t<div class=\"elementor-element elementor-element-813b0ea elementor-widget elementor-widget-toggle\" data-id=\"813b0ea\" data-element_type=\"widget\" data-widget_type=\"toggle.default\">\n\t\t\t\t<div class=\"elementor-widget-container\">\n\t\t\t<span id=813b0ea><\/span>\t\t<div class=\"elementor-toggle\">\n\t\t\t\t\t\t\t<div class=\"elementor-toggle-item\">\n\t\t\t\t\t<div id=\"elementor-tab-title-1351\" class=\"elementor-tab-title\" data-tab=\"1\" role=\"button\" aria-controls=\"elementor-tab-content-1351\" aria-expanded=\"false\">\n\t\t\t\t\t\t\t\t\t\t\t\t<span class=\"elementor-toggle-icon elementor-toggle-icon-left\" aria-hidden=\"true\">\n\t\t\t\t\t\t\t\t\t\t\t\t\t\t\t<span class=\"elementor-toggle-icon-closed\"><i class=\"fas fa-caret-right\"><\/i><\/span>\n\t\t\t\t\t\t\t\t<span class=\"elementor-toggle-icon-opened\"><i class=\"elementor-toggle-icon-opened fas fa-caret-up\"><\/i><\/span>\n\t\t\t\t\t\t\t\t\t\t\t\t\t<\/span>\n\t\t\t\t\t\t\t\t\t\t\t\t<a class=\"elementor-toggle-title\" tabindex=\"0\">Hier klicken f\u00fcr Informationen zu: Berliner Stra\u00dfe 35, heute Smile Optik<\/a>\n\t\t\t\t\t<\/div>\n\n\t\t\t\t\t<div id=\"elementor-tab-content-1351\" class=\"elementor-tab-content elementor-clearfix\" data-tab=\"1\" role=\"region\" aria-labelledby=\"elementor-tab-title-1351\"><p>Im Jahr 1966 er\u00f6ffneten in der Berliner Stra\u00dfe gleich zwei traditionsreiche G\u00fctersloher Fachgesch\u00e4fte direkt nebeneinander: die Fleischerei M\u00fcller-Derigs in Hausnummer 33 und die B\u00e4ckerei\/Konditorei Schm\u00e4ling in Nummer 35. Ihre einheitliche Fassade lie\u00df die beiden Gesch\u00e4fte optisch zu einer Einheit verschmelzen \u2013 ein Bild, das viele G\u00fctersloher noch heute in Erinnerung haben.<\/p><p>Besonders das Caf\u00e9 Schm\u00e4ling pr\u00e4gte das Stadtbild: Im ersten Stock entstand ein neues, einladendes Caf\u00e9 mit direktem Zugang \u00fcber den gro\u00dfz\u00fcgig gestalteten Verkaufsraum im Erdgeschoss. Das Angebot war beachtlich \u2013 neben einem umfangreichen Sortiment an s\u00fc\u00dfen Backwaren und \u00fcber 45 Brotsorten wurden auch internationale Delikatessen verkauft.<\/p><p>Heute erinnert nichts mehr an den Duft frischer Br\u00f6tchen \u2013 seit dem 7. Februar 2019 befindet sich hier Smile Optik, das neue Kapitel eines traditionsreichen Standortes mitten in der G\u00fctersloher Innenstadt.<\/p><p>Quellen<\/p><ol><li>Stadtarchiv G\u00fctersloh, Nachlass Ursela Langenk\u00e4mper: Westf\u00e4lische Zeitung 24.September 1966<\/li><li>Smile Optik G\u00fctersloh<\/li><\/ol><\/div>\n\t\t\t\t<\/div>\n\t\t\t\t\t\t\t\t<\/div>\n\t\t\t\t<\/div>\n\t\t\t\t<\/div>\n\t\t\t\t\t<\/div>\n\t\t<\/div>\n\t\t\t\t\t<\/div>\n\t\t<\/section>\n\t\t\t\t<section class=\"elementor-section elementor-top-section elementor-element elementor-element-b53d425 elementor-section-boxed elementor-section-height-default elementor-section-height-default\" data-id=\"b53d425\" data-element_type=\"section\">\n\t\t\t\t\t\t<div class=\"elementor-container elementor-column-gap-default\">\n\t\t\t\t\t<div class=\"elementor-column elementor-col-100 elementor-top-column elementor-element elementor-element-02a3f4a\" data-id=\"02a3f4a\" data-element_type=\"column\">\n\t\t\t<div class=\"elementor-widget-wrap elementor-element-populated\">\n\t\t\t\t\t\t<div class=\"elementor-element elementor-element-18f7f72 elementor-widget elementor-widget-heading\" data-id=\"18f7f72\" data-element_type=\"widget\" data-widget_type=\"heading.default\">\n\t\t\t\t<div class=\"elementor-widget-container\">\n\t\t\t<span id=18f7f72><\/span><h3 class=\"elementor-heading-title elementor-size-default\">Wie wurde aus einem kleinen Uhrengesch\u00e4ft in der K\u00f6kerstra\u00dfe eines der markantesten H\u00e4user der Berliner Stra\u00dfe \u2013 und sogar der G\u00fctersloher Golddukaten geboren?<\/h3>\t\t<\/div>\n\t\t\t\t<\/div>\n\t\t\t\t<div class=\"elementor-element elementor-element-6d22b25 elementor--h-position-center elementor--v-position-middle elementor-arrows-position-inside elementor-pagination-position-inside elementor-widget elementor-widget-slides\" data-id=\"6d22b25\" data-element_type=\"widget\" data-settings=\"{&quot;navigation&quot;:&quot;both&quot;,&quot;autoplay&quot;:&quot;yes&quot;,&quot;pause_on_hover&quot;:&quot;yes&quot;,&quot;pause_on_interaction&quot;:&quot;yes&quot;,&quot;autoplay_speed&quot;:5000,&quot;infinite&quot;:&quot;yes&quot;,&quot;transition&quot;:&quot;slide&quot;,&quot;transition_speed&quot;:500}\" data-widget_type=\"slides.default\">\n\t\t\t\t<div class=\"elementor-widget-container\">\n\t\t\t<span id=6d22b25><\/span>\t\t<div class=\"elementor-swiper\">\n\t\t\t<div class=\"elementor-slides-wrapper elementor-main-swiper swiper\" dir=\"ltr\" data-animation=\"fadeInUp\">\n\t\t\t\t<div class=\"swiper-wrapper elementor-slides\">\n\t\t\t\t\t\t\t\t\t\t<div class=\"elementor-repeater-item-6924694 swiper-slide\"><div class=\"swiper-slide-bg\" role=\"img\"><\/div><div class=\"swiper-slide-inner\" ><div class=\"swiper-slide-contents\"><div class=\"elementor-slide-description\">\u00a9 Stadtarchiv G\u00fctersloh, Hans-Dieter\nMusch\n<\/div><\/div><\/div><\/div><div class=\"elementor-repeater-item-eb0e94d swiper-slide\"><div class=\"swiper-slide-bg\" role=\"img\"><\/div><div class=\"swiper-slide-inner\" ><div class=\"swiper-slide-contents\"><\/div><\/div><\/div>\t\t\t\t<\/div>\n\t\t\t\t\t\t\t\t\t\t\t\t\t\t\t<div class=\"swiper-pagination\"><\/div>\n\t\t\t\t\t\t\t\t\t\t\t\t\t\t\t\t<div class=\"elementor-swiper-button elementor-swiper-button-prev\" role=\"button\" tabindex=\"0\">\n\t\t\t\t\t\t\t<i aria-hidden=\"true\" class=\"eicon-chevron-left\"><\/i>\t\t\t\t\t\t\t<span class=\"elementor-screen-only\">Previous slide<\/span>\n\t\t\t\t\t\t<\/div>\n\t\t\t\t\t\t<div class=\"elementor-swiper-button elementor-swiper-button-next\" role=\"button\" tabindex=\"0\">\n\t\t\t\t\t\t\t<i aria-hidden=\"true\" class=\"eicon-chevron-right\"><\/i>\t\t\t\t\t\t\t<span class=\"elementor-screen-only\">Next slide<\/span>\n\t\t\t\t\t\t<\/div>\n\t\t\t\t\t\t\t\t\t\t\t\t<\/div>\n\t\t<\/div>\n\t\t\t\t<\/div>\n\t\t\t\t<\/div>\n\t\t\t\t<div class=\"elementor-element elementor-element-bc78d1b elementor-widget elementor-widget-toggle\" data-id=\"bc78d1b\" data-element_type=\"widget\" data-widget_type=\"toggle.default\">\n\t\t\t\t<div class=\"elementor-widget-container\">\n\t\t\t<span id=bc78d1b><\/span>\t\t<div class=\"elementor-toggle\">\n\t\t\t\t\t\t\t<div class=\"elementor-toggle-item\">\n\t\t\t\t\t<div id=\"elementor-tab-title-1971\" class=\"elementor-tab-title\" data-tab=\"1\" role=\"button\" aria-controls=\"elementor-tab-content-1971\" aria-expanded=\"false\">\n\t\t\t\t\t\t\t\t\t\t\t\t<span class=\"elementor-toggle-icon elementor-toggle-icon-left\" aria-hidden=\"true\">\n\t\t\t\t\t\t\t\t\t\t\t\t\t\t\t<span class=\"elementor-toggle-icon-closed\"><i class=\"fas fa-caret-right\"><\/i><\/span>\n\t\t\t\t\t\t\t\t<span class=\"elementor-toggle-icon-opened\"><i class=\"elementor-toggle-icon-opened fas fa-caret-up\"><\/i><\/span>\n\t\t\t\t\t\t\t\t\t\t\t\t\t<\/span>\n\t\t\t\t\t\t\t\t\t\t\t\t<a class=\"elementor-toggle-title\" tabindex=\"0\">Hier klicken f\u00fcr Information zu: Berliner Stra\u00dfe 42, heute Liberty<\/a>\n\t\t\t\t\t<\/div>\n\n\t\t\t\t\t<div id=\"elementor-tab-content-1971\" class=\"elementor-tab-content elementor-clearfix\" data-tab=\"1\" role=\"region\" aria-labelledby=\"elementor-tab-title-1971\"><p>Im Jahr 1899 er\u00f6ffnete Uhrmeister Heinrich Laumann in der K\u00f6kerstra\u00dfe 293 ein Gesch\u00e4ft f\u00fcr Uhren, Goldwaren und optische Artikel. Schon nach zw\u00f6lf Jahren waren die R\u00e4umlichkeiten zu klein und so entstand an der Berliner Stra\u00dfe 42 ein neues Gesch\u00e4ftsgeb\u00e4ude. Die Fassade mit ihren kunstvoll verzierten Erkern beeindruckte ebenso wie die gro\u00dfz\u00fcgigen Hinterh\u00f6fe, in denen damals noch Obst- und Gem\u00fcseg\u00e4rten Platz fanden. Zur Bauzeit war das Haus umgeben von den Fachwerkh\u00e4usern, die G\u00fctersloh damals pr\u00e4gten.<\/p><p>Nach dem Tod von Heinrich Laumann Senior im Jahr 1953 f\u00fchrte sein Sohn Heinrich gemeinsam mit seiner Frau Margarete das Gesch\u00e4ft weiter. Bereits seit 1947 im Betrieb, meisterten sie die schwierige Nachkriegszeit zun\u00e4chst mit dem Verkauf von Kochgeschirr. Mit dem beginnenden Wirtschaftsaufschwung entdeckten die Menschen jedoch bald wieder ihre Freude am Schmuck. Silber, vergoldete St\u00fccke mit gr\u00fcnen Steinen und bald auch hochwertigerer Schmuck erweiterten das Sortiment. Die \u201eFreude am Besonderen\u201c wurde zum Leitgedanken des Hauses.<\/p><p>Als Heinrich Laumann 1993 verstarb, hatten er und Margarete das Gesch\u00e4ft 45 Jahre lang gepr\u00e4gt. Aus dieser Zeit stammt auch der G\u00fctersloher Golddukaten \u2013 ein Andenken aus fast reinem Gold (986\/1000), 20 Millimeter gro\u00df und 3,5 Gramm schwer. Mit dem G\u00fctersloher Wappen auf der einen Seite und den T\u00fcrmen der Martin-Luther- und Apostelkirche auf der anderen war er als exklusives Souvenir, Schmuckst\u00fcck oder Geschenk gedacht. Die Auflage war begrenzt, der Alleinverkauf lag bei Juwelier Laumann, und f\u00fcr 35 DM konnte man sich ein St\u00fcck G\u00fctersloher Geschichte sichern.<\/p><p>Bereits 1974 hatte Bruno Laumann, der Enkel des Gr\u00fcnders, eine eigene Goldschmiede eingerichtet. Als Goldschmiedemeister lenkte er den Blick auf handgefertigten Schmuck und erkannte fr\u00fch die M\u00f6glichkeiten des damals noch wenig verbreiteten Platins. In Zusammenarbeit mit drei befreundeten Meistern entstand die \u201eCollection N\u201c \u2013 individuelle Schmuckst\u00fccke aus 750er Gold und Platin.<\/p><p>Vor April 2020 war in dem Geb\u00e4ude \u201eThe Phone House\u201c ans\u00e4ssig, ehe das Damenbekleidungsgesch\u00e4ft Liberty einzog. Liberty, 1976 in L\u00fcbbecke gegr\u00fcndet, betreibt bundesweit \u00fcber 100 Filialen. In G\u00fctersloh nutzt das Unternehmen eine rund 66 Quadratmeter gro\u00dfe Fl\u00e4che, die im typischen Liberty-Stil gestaltet wurde.<\/p><p>Heute steht das Haus Berliner Stra\u00dfe 42 unter Denkmalschutz und gilt als einer der markantesten Altbauten der G\u00fctersloher Fu\u00dfg\u00e4ngerzone.<\/p><p>\u00a0<\/p><p>Quellen<\/p><ol><li>Nachlass Langenk\u00e4mper: Neue Westf\u00e4lische Nr. 265, Samstag, 15.November 1999<\/li><\/ol><\/div>\n\t\t\t\t<\/div>\n\t\t\t\t\t\t\t\t<\/div>\n\t\t\t\t<\/div>\n\t\t\t\t<\/div>\n\t\t\t\t\t<\/div>\n\t\t<\/div>\n\t\t\t\t\t<\/div>\n\t\t<\/section>\n\t\t\t\t<section class=\"elementor-section elementor-top-section elementor-element elementor-element-0a704a1 elementor-section-boxed elementor-section-height-default elementor-section-height-default\" data-id=\"0a704a1\" data-element_type=\"section\">\n\t\t\t\t\t\t<div class=\"elementor-container elementor-column-gap-default\">\n\t\t\t\t\t<div class=\"elementor-column elementor-col-100 elementor-top-column elementor-element elementor-element-caef898\" data-id=\"caef898\" data-element_type=\"column\">\n\t\t\t<div class=\"elementor-widget-wrap elementor-element-populated\">\n\t\t\t\t\t\t<div class=\"elementor-element elementor-element-07f0e44 elementor-widget elementor-widget-heading\" data-id=\"07f0e44\" data-element_type=\"widget\" data-widget_type=\"heading.default\">\n\t\t\t\t<div class=\"elementor-widget-container\">\n\t\t\t<span id=07f0e44><\/span><h3 class=\"elementor-heading-title elementor-size-default\">Wie wurde aus einem kleinen Hutmacherladen ein modernes Modehaus mit Vorreiterrolle?<\/h3>\t\t<\/div>\n\t\t\t\t<\/div>\n\t\t\t\t<div class=\"elementor-element elementor-element-7560ea2 elementor--v-position-bottom elementor--h-position-center elementor-arrows-position-inside elementor-pagination-position-inside elementor-widget elementor-widget-slides\" data-id=\"7560ea2\" data-element_type=\"widget\" data-settings=\"{&quot;navigation&quot;:&quot;both&quot;,&quot;autoplay&quot;:&quot;yes&quot;,&quot;pause_on_hover&quot;:&quot;yes&quot;,&quot;pause_on_interaction&quot;:&quot;yes&quot;,&quot;autoplay_speed&quot;:5000,&quot;infinite&quot;:&quot;yes&quot;,&quot;transition&quot;:&quot;slide&quot;,&quot;transition_speed&quot;:500}\" data-widget_type=\"slides.default\">\n\t\t\t\t<div class=\"elementor-widget-container\">\n\t\t\t<span id=7560ea2><\/span>\t\t<div class=\"elementor-swiper\">\n\t\t\t<div class=\"elementor-slides-wrapper elementor-main-swiper swiper\" dir=\"ltr\" data-animation=\"fadeInUp\">\n\t\t\t\t<div class=\"swiper-wrapper elementor-slides\">\n\t\t\t\t\t\t\t\t\t\t<div class=\"elementor-repeater-item-6924694 swiper-slide\"><div class=\"swiper-slide-bg\" role=\"img\"><\/div><div class=\"swiper-slide-inner\" ><div class=\"swiper-slide-contents\"><div class=\"elementor-slide-description\">\u00a9 Stadtarchiv G\u00fctersloh, Fotograf*in unbekannt<\/div><\/div><\/div><\/div><div class=\"elementor-repeater-item-eb0e94d swiper-slide\"><div class=\"swiper-slide-bg\" role=\"img\"><\/div><div class=\"swiper-slide-inner\" ><div class=\"swiper-slide-contents\"><\/div><\/div><\/div>\t\t\t\t<\/div>\n\t\t\t\t\t\t\t\t\t\t\t\t\t\t\t<div class=\"swiper-pagination\"><\/div>\n\t\t\t\t\t\t\t\t\t\t\t\t\t\t\t\t<div class=\"elementor-swiper-button elementor-swiper-button-prev\" role=\"button\" tabindex=\"0\">\n\t\t\t\t\t\t\t<i aria-hidden=\"true\" class=\"eicon-chevron-left\"><\/i>\t\t\t\t\t\t\t<span class=\"elementor-screen-only\">Previous slide<\/span>\n\t\t\t\t\t\t<\/div>\n\t\t\t\t\t\t<div class=\"elementor-swiper-button elementor-swiper-button-next\" role=\"button\" tabindex=\"0\">\n\t\t\t\t\t\t\t<i aria-hidden=\"true\" class=\"eicon-chevron-right\"><\/i>\t\t\t\t\t\t\t<span class=\"elementor-screen-only\">Next slide<\/span>\n\t\t\t\t\t\t<\/div>\n\t\t\t\t\t\t\t\t\t\t\t\t<\/div>\n\t\t<\/div>\n\t\t\t\t<\/div>\n\t\t\t\t<\/div>\n\t\t\t\t<div class=\"elementor-element elementor-element-d966362 elementor-widget elementor-widget-toggle\" data-id=\"d966362\" data-element_type=\"widget\" data-widget_type=\"toggle.default\">\n\t\t\t\t<div class=\"elementor-widget-container\">\n\t\t\t<span id=d966362><\/span>\t\t<div class=\"elementor-toggle\">\n\t\t\t\t\t\t\t<div class=\"elementor-toggle-item\">\n\t\t\t\t\t<div id=\"elementor-tab-title-2271\" class=\"elementor-tab-title\" data-tab=\"1\" role=\"button\" aria-controls=\"elementor-tab-content-2271\" aria-expanded=\"false\">\n\t\t\t\t\t\t\t\t\t\t\t\t<span class=\"elementor-toggle-icon elementor-toggle-icon-left\" aria-hidden=\"true\">\n\t\t\t\t\t\t\t\t\t\t\t\t\t\t\t<span class=\"elementor-toggle-icon-closed\"><i class=\"fas fa-caret-right\"><\/i><\/span>\n\t\t\t\t\t\t\t\t<span class=\"elementor-toggle-icon-opened\"><i class=\"elementor-toggle-icon-opened fas fa-caret-up\"><\/i><\/span>\n\t\t\t\t\t\t\t\t\t\t\t\t\t<\/span>\n\t\t\t\t\t\t\t\t\t\t\t\t<a class=\"elementor-toggle-title\" tabindex=\"0\">Hier klicken f\u00fcr Informationen zu: Berliner Stra\u00dfe 43\/45, heute Modehaus W\u00f6rmann, <\/a>\n\t\t\t\t\t<\/div>\n\n\t\t\t\t\t<div id=\"elementor-tab-content-2271\" class=\"elementor-tab-content elementor-clearfix\" data-tab=\"1\" role=\"region\" aria-labelledby=\"elementor-tab-title-2271\"><p>Im Oktober 1898 gr\u00fcndete Adolfine W\u00f6rmann in G\u00fctersloh ein Gesch\u00e4ft f\u00fcr Damenhutmode. Als gelernte\u202f\u201ePutzmacherin\u201c\u202fentwickelte und produzierte sie ihre eigene Hutkollektion direkt vor Ort. Zur Anfertigung exklusiver H\u00fcte kam in den 1920er Jahren die sogenannte Umpresserei hinzu \u2013 ein Fabrikgeb\u00e4ude mit Lager und Kontor entstand eigens daf\u00fcr hinter dem Gesch\u00e4ft.<\/p><p>In den 1930er Jahren wurde das moderne Gesch\u00e4ftshaus in der Berliner Stra\u00dfe\u202f43\u201345 errichtet. Damals trat auch Eduard Keisinger, der sp\u00e4tere Ehemann von Else W\u00f6rmann, als Kaufmann ins Unternehmen ein. Else W\u00f6rmann leitete das Gesch\u00e4ft durch die schwierigen Zeiten des Zweiten Weltkriegs und sorgte so f\u00fcr den Fortbestand des Unternehmens.<\/p><p>Heute wird das Modehaus W\u00f6rmann in vierter Generation gef\u00fchrt. Als erstes Gesch\u00e4ft in der Berliner Stra\u00dfe wurde es mit Unterst\u00fctzung der Dr.-Salk-Ged\u00e4chtnis-Stiftung f\u00fcr Behinderte mit einer mobilen Rampe ausgestattet \u2013 ein fr\u00fches Beispiel f\u00fcr Barrierefreiheit im Einzelhandel.<\/p><p>Quellen:<\/p><ol><li>G\u00fctsel: Modehaus W\u00f6rmann<\/li><li>Neue Westf\u00e4lische \u201eMobile Rampen sollen Rollifahrern den Zugang zu Gesch\u00e4ften erleichtern\u201c vom 18.04.2018<\/li><li>Buch \u201eTraditionen im Kreis G\u00fctersloh\u201c vom Monron Marketing Institute of N.Y., Seite. 42<\/li><\/ol><\/div>\n\t\t\t\t<\/div>\n\t\t\t\t\t\t\t\t<\/div>\n\t\t\t\t<\/div>\n\t\t\t\t<\/div>\n\t\t\t\t\t<\/div>\n\t\t<\/div>\n\t\t\t\t\t<\/div>\n\t\t<\/section>\n\t\t\t\t<section class=\"elementor-section elementor-top-section elementor-element elementor-element-72cc5ba elementor-section-boxed elementor-section-height-default elementor-section-height-default\" data-id=\"72cc5ba\" data-element_type=\"section\">\n\t\t\t\t\t\t<div class=\"elementor-container elementor-column-gap-default\">\n\t\t\t\t\t<div class=\"elementor-column elementor-col-100 elementor-top-column elementor-element elementor-element-879cd42\" data-id=\"879cd42\" data-element_type=\"column\">\n\t\t\t<div class=\"elementor-widget-wrap elementor-element-populated\">\n\t\t\t\t\t\t<div class=\"elementor-element elementor-element-94ddc65 elementor-widget elementor-widget-heading\" data-id=\"94ddc65\" data-element_type=\"widget\" data-widget_type=\"heading.default\">\n\t\t\t\t<div class=\"elementor-widget-container\">\n\t\t\t<span id=94ddc65><\/span><h3 class=\"elementor-heading-title elementor-size-default\">Welches Haus in der Berliner Stra\u00dfe wartet nach 100 Jahren voller Geschichten jetzt auf ein neues Kapitel?<\/h3>\t\t<\/div>\n\t\t\t\t<\/div>\n\t\t\t\t<div class=\"elementor-element elementor-element-447a68f elementor--h-position-center elementor--v-position-middle elementor-arrows-position-inside elementor-pagination-position-inside elementor-widget elementor-widget-slides\" data-id=\"447a68f\" data-element_type=\"widget\" data-settings=\"{&quot;navigation&quot;:&quot;both&quot;,&quot;autoplay&quot;:&quot;yes&quot;,&quot;pause_on_hover&quot;:&quot;yes&quot;,&quot;pause_on_interaction&quot;:&quot;yes&quot;,&quot;autoplay_speed&quot;:5000,&quot;infinite&quot;:&quot;yes&quot;,&quot;transition&quot;:&quot;slide&quot;,&quot;transition_speed&quot;:500}\" data-widget_type=\"slides.default\">\n\t\t\t\t<div class=\"elementor-widget-container\">\n\t\t\t<span id=447a68f><\/span>\t\t<div class=\"elementor-swiper\">\n\t\t\t<div class=\"elementor-slides-wrapper elementor-main-swiper swiper\" dir=\"ltr\" data-animation=\"fadeInUp\">\n\t\t\t\t<div class=\"swiper-wrapper elementor-slides\">\n\t\t\t\t\t\t\t\t\t\t<div class=\"elementor-repeater-item-6924694 swiper-slide\"><div class=\"swiper-slide-bg\" role=\"img\"><\/div><div class=\"swiper-slide-inner\" ><div class=\"swiper-slide-contents\"><div class=\"elementor-slide-description\">\u00a9 Stadtarchiv G\u00fctersloh, Fotograf*in unbekannt<\/div><\/div><\/div><\/div><div class=\"elementor-repeater-item-eb0e94d swiper-slide\"><div class=\"swiper-slide-bg\" role=\"img\"><\/div><div class=\"swiper-slide-inner\" ><div class=\"swiper-slide-contents\"><\/div><\/div><\/div>\t\t\t\t<\/div>\n\t\t\t\t\t\t\t\t\t\t\t\t\t\t\t<div class=\"swiper-pagination\"><\/div>\n\t\t\t\t\t\t\t\t\t\t\t\t\t\t\t\t<div class=\"elementor-swiper-button elementor-swiper-button-prev\" role=\"button\" tabindex=\"0\">\n\t\t\t\t\t\t\t<i aria-hidden=\"true\" class=\"eicon-chevron-left\"><\/i>\t\t\t\t\t\t\t<span class=\"elementor-screen-only\">Previous slide<\/span>\n\t\t\t\t\t\t<\/div>\n\t\t\t\t\t\t<div class=\"elementor-swiper-button elementor-swiper-button-next\" role=\"button\" tabindex=\"0\">\n\t\t\t\t\t\t\t<i aria-hidden=\"true\" class=\"eicon-chevron-right\"><\/i>\t\t\t\t\t\t\t<span class=\"elementor-screen-only\">Next slide<\/span>\n\t\t\t\t\t\t<\/div>\n\t\t\t\t\t\t\t\t\t\t\t\t<\/div>\n\t\t<\/div>\n\t\t\t\t<\/div>\n\t\t\t\t<\/div>\n\t\t\t\t<div class=\"elementor-element elementor-element-b94c2e2 elementor-widget elementor-widget-toggle\" data-id=\"b94c2e2\" data-element_type=\"widget\" data-widget_type=\"toggle.default\">\n\t\t\t\t<div class=\"elementor-widget-container\">\n\t\t\t<span id=b94c2e2><\/span>\t\t<div class=\"elementor-toggle\">\n\t\t\t\t\t\t\t<div class=\"elementor-toggle-item\">\n\t\t\t\t\t<div id=\"elementor-tab-title-1941\" class=\"elementor-tab-title\" data-tab=\"1\" role=\"button\" aria-controls=\"elementor-tab-content-1941\" aria-expanded=\"false\">\n\t\t\t\t\t\t\t\t\t\t\t\t<span class=\"elementor-toggle-icon elementor-toggle-icon-left\" aria-hidden=\"true\">\n\t\t\t\t\t\t\t\t\t\t\t\t\t\t\t<span class=\"elementor-toggle-icon-closed\"><i class=\"fas fa-caret-right\"><\/i><\/span>\n\t\t\t\t\t\t\t\t<span class=\"elementor-toggle-icon-opened\"><i class=\"elementor-toggle-icon-opened fas fa-caret-up\"><\/i><\/span>\n\t\t\t\t\t\t\t\t\t\t\t\t\t<\/span>\n\t\t\t\t\t\t\t\t\t\t\t\t<a class=\"elementor-toggle-title\" tabindex=\"0\">Hier klicken f\u00fcr Informationen zu: Berliner Stra\u00dfe 44, bis 2025 Apollo<\/a>\n\t\t\t\t\t<\/div>\n\n\t\t\t\t\t<div id=\"elementor-tab-content-1941\" class=\"elementor-tab-content elementor-clearfix\" data-tab=\"1\" role=\"region\" aria-labelledby=\"elementor-tab-title-1941\"><p>Das Haus an der Berliner Stra\u00dfe 44 hat eine bewegte Geschichte. Urspr\u00fcnglich trug es die Hausnummern 192 bzw. 332, bevor es 1910 durch einen verheerenden Brand in die Schlagzeilen geriet. Nur ein Jahr sp\u00e4ter, 1911, entstand an dieser Stelle ein Neubau, der bald zum Zuhause verschiedener Handwerks- und Handelsfamilien wurde: Roggenkamps als Fuhrleute, Ra\u00dffelds als Kaufleute, Ueckmanns als B\u00e4cker \u2013 und schlie\u00dflich die Familie Fricke. Walter Fricke f\u00fchrte hier seine Buchbinderei, w\u00e4hrend Arnold Fricke mit einem Papier- und Schreibwarengesch\u00e4ft Generationen von G\u00fctersloher:innen versorgte. Bis 1969 pr\u00e4gte die Familie das Stadtbild, bevor das Haus zu \u201eSchuh-Quelle\u201c wurde, welches bis 1972 bestand.<\/p><p>Nach 1972 wechselten die Nutzungen mehrfach \u2013 wie viele Innenstadtgeb\u00e4ude erlebte auch Nr. 44 den Strukturwandel des Einzelhandels. Heute steht das Haus leer, doch seine Fassade erinnert noch immer an mehr als 100 Jahre Stadtgeschichte. Derzeit sucht es neue Mieter*innen \u2013 und vielleicht schreibt bald jemand das n\u00e4chste Kapitel an diesem traditionsreichen Ort.<\/p><p>\u00a0<\/p><p>Quellen<\/p><ol><li>Nachlass Langenk\u00e4mper: S.14<\/li><\/ol><\/div>\n\t\t\t\t<\/div>\n\t\t\t\t\t\t\t\t<\/div>\n\t\t\t\t<\/div>\n\t\t\t\t<\/div>\n\t\t\t\t<div class=\"elementor-element elementor-element-5001e58 elementor-icon-list--layout-inline elementor-align-center elementor-list-item-link-full_width elementor-widget elementor-widget-icon-list\" data-id=\"5001e58\" data-element_type=\"widget\" data-widget_type=\"icon-list.default\">\n\t\t\t\t<div class=\"elementor-widget-container\">\n\t\t\t<span id=5001e58><\/span>\t\t<ul class=\"elementor-icon-list-items elementor-inline-items\">\n\t\t\t\t\t\t\t<li class=\"elementor-icon-list-item elementor-inline-item\">\n\t\t\t\t\t\t\t\t\t\t\t<span class=\"elementor-icon-list-icon\">\n\t\t\t\t\t\t\t<i aria-hidden=\"true\" class=\"far fa-copyright\"><\/i>\t\t\t\t\t\t<\/span>\n\t\t\t\t\t\t\t\t\t\t<span class=\"elementor-icon-list-text\">Beitragsbilder: G\u00fctersloh Marketing<\/span>\n\t\t\t\t\t\t\t\t\t<\/li>\n\t\t\t\t\t\t<\/ul>\n\t\t\t\t<\/div>\n\t\t\t\t<\/div>\n\t\t\t\t\t<\/div>\n\t\t<\/div>\n\t\t\t\t\t<\/div>\n\t\t<\/section>\n\t\t\t\t<section class=\"elementor-section elementor-top-section elementor-element elementor-element-9bae9c8 elementor-section-boxed elementor-section-height-default elementor-section-height-default\" data-id=\"9bae9c8\" data-element_type=\"section\">\n\t\t\t\t\t\t<div class=\"elementor-container elementor-column-gap-default\">\n\t\t\t\t\t<div class=\"elementor-column elementor-col-100 elementor-top-column elementor-element elementor-element-5a30372\" data-id=\"5a30372\" data-element_type=\"column\">\n\t\t\t<div class=\"elementor-widget-wrap elementor-element-populated\">\n\t\t\t\t\t\t<div class=\"elementor-element elementor-element-f38d975 elementor-widget elementor-widget-heading\" data-id=\"f38d975\" data-element_type=\"widget\" data-widget_type=\"heading.default\">\n\t\t\t\t<div class=\"elementor-widget-container\">\n\t\t\t<span id=f38d975><\/span><h3 class=\"elementor-heading-title elementor-size-default\">Was verr\u00e4t uns das Haus Berliner Stra\u00dfe 46 \u00fcber das j\u00fcdische Leben und den st\u00e4dtischen Handel in G\u00fctersloh?<\/h3>\t\t<\/div>\n\t\t\t\t<\/div>\n\t\t\t\t<div class=\"elementor-element elementor-element-082683f elementor--h-position-center elementor--v-position-middle elementor-arrows-position-inside elementor-pagination-position-inside elementor-widget elementor-widget-slides\" data-id=\"082683f\" data-element_type=\"widget\" data-settings=\"{&quot;navigation&quot;:&quot;both&quot;,&quot;autoplay&quot;:&quot;yes&quot;,&quot;pause_on_hover&quot;:&quot;yes&quot;,&quot;pause_on_interaction&quot;:&quot;yes&quot;,&quot;autoplay_speed&quot;:5000,&quot;infinite&quot;:&quot;yes&quot;,&quot;transition&quot;:&quot;slide&quot;,&quot;transition_speed&quot;:500}\" data-widget_type=\"slides.default\">\n\t\t\t\t<div class=\"elementor-widget-container\">\n\t\t\t<span id=082683f><\/span>\t\t<div class=\"elementor-swiper\">\n\t\t\t<div class=\"elementor-slides-wrapper elementor-main-swiper swiper\" dir=\"ltr\" data-animation=\"fadeInUp\">\n\t\t\t\t<div class=\"swiper-wrapper elementor-slides\">\n\t\t\t\t\t\t\t\t\t\t<div class=\"elementor-repeater-item-6924694 swiper-slide\"><div class=\"swiper-slide-bg\" role=\"img\"><\/div><div class=\"swiper-slide-inner\" ><div class=\"swiper-slide-contents\"><div class=\"elementor-slide-description\">\u00a9 Stadtarchiv G\u00fctersloh, Johannes Dick (Stadtbauinspektor); ca. 1930<\/div><\/div><\/div><\/div><div class=\"elementor-repeater-item-eb0e94d swiper-slide\"><div class=\"swiper-slide-bg\" role=\"img\"><\/div><div class=\"swiper-slide-inner\" ><div class=\"swiper-slide-contents\"><\/div><\/div><\/div>\t\t\t\t<\/div>\n\t\t\t\t\t\t\t\t\t\t\t\t\t\t\t<div class=\"swiper-pagination\"><\/div>\n\t\t\t\t\t\t\t\t\t\t\t\t\t\t\t\t<div class=\"elementor-swiper-button elementor-swiper-button-prev\" role=\"button\" tabindex=\"0\">\n\t\t\t\t\t\t\t<i aria-hidden=\"true\" class=\"eicon-chevron-left\"><\/i>\t\t\t\t\t\t\t<span class=\"elementor-screen-only\">Previous slide<\/span>\n\t\t\t\t\t\t<\/div>\n\t\t\t\t\t\t<div class=\"elementor-swiper-button elementor-swiper-button-next\" role=\"button\" tabindex=\"0\">\n\t\t\t\t\t\t\t<i aria-hidden=\"true\" class=\"eicon-chevron-right\"><\/i>\t\t\t\t\t\t\t<span class=\"elementor-screen-only\">Next slide<\/span>\n\t\t\t\t\t\t<\/div>\n\t\t\t\t\t\t\t\t\t\t\t\t<\/div>\n\t\t<\/div>\n\t\t\t\t<\/div>\n\t\t\t\t<\/div>\n\t\t\t\t<div class=\"elementor-element elementor-element-b893644 elementor-widget elementor-widget-toggle\" data-id=\"b893644\" data-element_type=\"widget\" data-widget_type=\"toggle.default\">\n\t\t\t\t<div class=\"elementor-widget-container\">\n\t\t\t<span id=b893644><\/span>\t\t<div class=\"elementor-toggle\">\n\t\t\t\t\t\t\t<div class=\"elementor-toggle-item\">\n\t\t\t\t\t<div id=\"elementor-tab-title-1931\" class=\"elementor-tab-title\" data-tab=\"1\" role=\"button\" aria-controls=\"elementor-tab-content-1931\" aria-expanded=\"false\">\n\t\t\t\t\t\t\t\t\t\t\t\t<span class=\"elementor-toggle-icon elementor-toggle-icon-left\" aria-hidden=\"true\">\n\t\t\t\t\t\t\t\t\t\t\t\t\t\t\t<span class=\"elementor-toggle-icon-closed\"><i class=\"fas fa-caret-right\"><\/i><\/span>\n\t\t\t\t\t\t\t\t<span class=\"elementor-toggle-icon-opened\"><i class=\"elementor-toggle-icon-opened fas fa-caret-up\"><\/i><\/span>\n\t\t\t\t\t\t\t\t\t\t\t\t\t<\/span>\n\t\t\t\t\t\t\t\t\t\t\t\t<a class=\"elementor-toggle-title\" tabindex=\"0\">Hier klicken f\u00fcr Informationen zu: Berliner Stra\u00dfe 46, heute Bijou Brigitte<\/a>\n\t\t\t\t\t<\/div>\n\n\t\t\t\t\t<div id=\"elementor-tab-content-1931\" class=\"elementor-tab-content elementor-clearfix\" data-tab=\"1\" role=\"region\" aria-labelledby=\"elementor-tab-title-1931\"><p>Das Haus Berliner Stra\u00dfe\u202f46 hat eine lange und bewegte Geschichte, die bis ins 18. Jahrhundert zur\u00fcckreicht. Im Jahr 1865 zog der Metzger Moses Wolf in das damalige Fachwerkhaus und er\u00f6ffnete dort seine Metzgerei. Nach seinem altersbedingten Wegzug nach Osnabr\u00fcck \u00fcbernahm sein Kollege Jacob Eichwald den Betrieb. Er selbst wohnte mit seiner Familie an der Hohenzollernstra\u00dfe 1, w\u00e4hrend er das Gesch\u00e4ft in der Berliner Stra\u00dfe weiterf\u00fchrte.<\/p><p>1929 wurde das alte Geb\u00e4ude abgerissen und durch einen Neubau ersetzt. In diesem neuen Haus er\u00f6ffnete Kaiser\u2019s Kaffee-Gesch\u00e4ft eine Filiale \u2013 ein beliebtes Gesch\u00e4ft, das Kaffee, Tee, Kakao, Schokolade, Pralinen, Geb\u00e4ck sowie Kolonialwaren und Konserven anbot. Damit war das Haus weiterhin ein lebendiger Bestandteil des st\u00e4dtischen Einzelhandels. Es wurde im Zweiten Weltkrieg besch\u00e4digt, jedoch bereits 1945 wieder instandgesetzt. Ein bedeutender Erinnerungsort ist ebenfalls hier verortet: Ein Stolperstein vor dem Haus erinnert an Emma L\u00f6wenstein, die in der Zeit des Nationalsozialismus hier lebte und sp\u00e4ter deportiert wurde.<\/p><p>Quellen<\/p><ol><li>Stadtarchiv G\u00fctersloh, Nachlass Ursela Langenk\u00e4mper<\/li><li>Die Glocke \u201eBekanntes Haus in G\u00fctersloh steht zum Verkauf\u201c vom 20.11.2024<\/li><li>Stadt G\u00fctersloh \u201eStolpersteine in G\u00fctersloh: Ihr Name lebt weiter\u201c. Seite. 16\/17<\/li><\/ol><\/div>\n\t\t\t\t<\/div>\n\t\t\t\t\t\t\t\t<\/div>\n\t\t\t\t<\/div>\n\t\t\t\t<\/div>\n\t\t\t\t\t<\/div>\n\t\t<\/div>\n\t\t\t\t\t<\/div>\n\t\t<\/section>\n\t\t\t\t<section class=\"elementor-section elementor-top-section elementor-element elementor-element-fe7c119 elementor-section-boxed elementor-section-height-default elementor-section-height-default\" data-id=\"fe7c119\" data-element_type=\"section\">\n\t\t\t\t\t\t<div class=\"elementor-container elementor-column-gap-default\">\n\t\t\t\t\t<div class=\"elementor-column elementor-col-100 elementor-top-column elementor-element elementor-element-d267170\" data-id=\"d267170\" data-element_type=\"column\">\n\t\t\t<div class=\"elementor-widget-wrap elementor-element-populated\">\n\t\t\t\t\t\t<div class=\"elementor-element elementor-element-22b15b6 elementor-widget elementor-widget-heading\" data-id=\"22b15b6\" data-element_type=\"widget\" data-widget_type=\"heading.default\">\n\t\t\t\t<div class=\"elementor-widget-container\">\n\t\t\t<span id=22b15b6><\/span><h3 class=\"elementor-heading-title elementor-size-default\">Wie gelingt es einem Haus, \u00fcber die Jahrzehnte hinweg sowohl als Hotel als auch als Gastronomielocation zum lebendigen Mittelpunkt der Stadt zu werden?<\/h3>\t\t<\/div>\n\t\t\t\t<\/div>\n\t\t\t\t<div class=\"elementor-element elementor-element-c946d62 elementor--h-position-center elementor--v-position-middle elementor-arrows-position-inside elementor-pagination-position-inside elementor-widget elementor-widget-slides\" data-id=\"c946d62\" data-element_type=\"widget\" data-settings=\"{&quot;navigation&quot;:&quot;both&quot;,&quot;autoplay&quot;:&quot;yes&quot;,&quot;pause_on_hover&quot;:&quot;yes&quot;,&quot;pause_on_interaction&quot;:&quot;yes&quot;,&quot;autoplay_speed&quot;:5000,&quot;infinite&quot;:&quot;yes&quot;,&quot;transition&quot;:&quot;slide&quot;,&quot;transition_speed&quot;:500}\" data-widget_type=\"slides.default\">\n\t\t\t\t<div class=\"elementor-widget-container\">\n\t\t\t<span id=c946d62><\/span>\t\t<div class=\"elementor-swiper\">\n\t\t\t<div class=\"elementor-slides-wrapper elementor-main-swiper swiper\" dir=\"ltr\" data-animation=\"fadeInUp\">\n\t\t\t\t<div class=\"swiper-wrapper elementor-slides\">\n\t\t\t\t\t\t\t\t\t\t<div class=\"elementor-repeater-item-6924694 swiper-slide\"><div class=\"swiper-slide-bg\" role=\"img\"><\/div><div class=\"swiper-slide-inner\" ><div class=\"swiper-slide-contents\"><div class=\"elementor-slide-description\">\u00a9 Stadtarchiv G\u00fctersloh \/ Postkarte Cramers Kunstanstalt, Dortmund<\/div><\/div><\/div><\/div><div class=\"elementor-repeater-item-eb0e94d swiper-slide\"><div class=\"swiper-slide-bg\" role=\"img\"><\/div><div class=\"swiper-slide-inner\" ><div class=\"swiper-slide-contents\"><\/div><\/div><\/div>\t\t\t\t<\/div>\n\t\t\t\t\t\t\t\t\t\t\t\t\t\t\t<div class=\"swiper-pagination\"><\/div>\n\t\t\t\t\t\t\t\t\t\t\t\t\t\t\t\t<div class=\"elementor-swiper-button elementor-swiper-button-prev\" role=\"button\" tabindex=\"0\">\n\t\t\t\t\t\t\t<i aria-hidden=\"true\" class=\"eicon-chevron-left\"><\/i>\t\t\t\t\t\t\t<span class=\"elementor-screen-only\">Previous slide<\/span>\n\t\t\t\t\t\t<\/div>\n\t\t\t\t\t\t<div class=\"elementor-swiper-button elementor-swiper-button-next\" role=\"button\" tabindex=\"0\">\n\t\t\t\t\t\t\t<i aria-hidden=\"true\" class=\"eicon-chevron-right\"><\/i>\t\t\t\t\t\t\t<span class=\"elementor-screen-only\">Next slide<\/span>\n\t\t\t\t\t\t<\/div>\n\t\t\t\t\t\t\t\t\t\t\t\t<\/div>\n\t\t<\/div>\n\t\t\t\t<\/div>\n\t\t\t\t<\/div>\n\t\t\t\t<div class=\"elementor-element elementor-element-5c444b3 elementor-widget elementor-widget-toggle\" data-id=\"5c444b3\" data-element_type=\"widget\" data-widget_type=\"toggle.default\">\n\t\t\t\t<div class=\"elementor-widget-container\">\n\t\t\t<span id=5c444b3><\/span>\t\t<div class=\"elementor-toggle\">\n\t\t\t\t\t\t\t<div class=\"elementor-toggle-item\">\n\t\t\t\t\t<div id=\"elementor-tab-title-9671\" class=\"elementor-tab-title\" data-tab=\"1\" role=\"button\" aria-controls=\"elementor-tab-content-9671\" aria-expanded=\"false\">\n\t\t\t\t\t\t\t\t\t\t\t\t<span class=\"elementor-toggle-icon elementor-toggle-icon-left\" aria-hidden=\"true\">\n\t\t\t\t\t\t\t\t\t\t\t\t\t\t\t<span class=\"elementor-toggle-icon-closed\"><i class=\"fas fa-caret-right\"><\/i><\/span>\n\t\t\t\t\t\t\t\t<span class=\"elementor-toggle-icon-opened\"><i class=\"elementor-toggle-icon-opened fas fa-caret-up\"><\/i><\/span>\n\t\t\t\t\t\t\t\t\t\t\t\t\t<\/span>\n\t\t\t\t\t\t\t\t\t\t\t\t<a class=\"elementor-toggle-title\" tabindex=\"0\">Hier klicken f\u00fcr Informationen zu: Berliner Stra\u00dfe 49, heute Mr. Spex<\/a>\n\t\t\t\t\t<\/div>\n\n\t\t\t\t\t<div id=\"elementor-tab-content-9671\" class=\"elementor-tab-content elementor-clearfix\" data-tab=\"1\" role=\"region\" aria-labelledby=\"elementor-tab-title-9671\"><p>Mitte der 1920er Jahre erf\u00fcllten sich Eduard und Lina Scheck mit der Er\u00f6ffnung ihres Hotels in der Innenstadt einen gro\u00dfen Traum. Das \u201eHotel Scheck\u201c wurde schnell zu einem beliebten Treffpunkt der G\u00fctersloher Kaufmannschaft und pr\u00e4gte das Stadtbild nachhaltig. 1940 \u00fcbergab Eduard Scheck die Leitung an seine Tochter Elisabeth und ihren Mann Fritz Falkenreck.<\/p><p>Nach dem Zweiten Weltkrieg diente das Hotel bis 1950 als englisches Familienhotel f\u00fcr Angeh\u00f6rige der hier stationierten britischen Soldaten. Zwischen 1950 und 1966 wurde das Hotel verpachtet, bevor sich die Nutzung des Geb\u00e4udes ab 1966 ver\u00e4nderte: W\u00e4hrend das Untergeschoss weiterhin gastronomisch genutzt wurde, entstanden in den oberen Etagen zun\u00e4chst B\u00fcros und sp\u00e4ter Wohnungen.<\/p><p>Ein besonderes Kapitel in der Geschichte des Hauses ist die Kneipe \u201eScheck In\u201c, die vom Urenkel des Gr\u00fcnders, Michael Falkenreck, er\u00f6ffnet wurde. In Anlehnung an das urspr\u00fcngliche Hotel kn\u00fcpfte das \u201eScheck In\u201c an die traditionsreiche Vergangenheit an und wurde zu einem beliebten Treffpunkt f\u00fcr Jung und Alt in G\u00fctersloh. Vor dem Einzug des \u201eScheck In\u201c hatte der italienische Gastronom Salvatore Liotta hier 15 Jahre lang eine Pizzeria betrieben. So blieb das Untergeschoss des Hauses \u00fcber viele Jahrzehnte ein lebendiger gastronomischer Ort.<\/p><p>Sp\u00e4ter zog das W\u00e4schegesch\u00e4ft Lascana ein, bevor im Sommer 2022 der Optiker Mister Spex den Standort \u00fcbernahm \u2013 und dem traditionsreichen Haus eine neue Nutzung gab.<\/p><p>Quellen:<\/p><ol><li>Stadtarchiv G\u00fctersloh, Nachlass Ursela Langenk\u00e4mper: Neue Westf\u00e4lische 12.05.1998<\/li><li>Neue Westf\u00e4lische \u201eEuropas gr\u00f6\u00dfter Online-Optiker zieht in die G\u00fctersloher Innenstadt\u201c vom 09.02.2022<\/li><\/ol><\/div>\n\t\t\t\t<\/div>\n\t\t\t\t\t\t\t\t<\/div>\n\t\t\t\t<\/div>\n\t\t\t\t<\/div>\n\t\t\t\t\t<\/div>\n\t\t<\/div>\n\t\t\t\t\t<\/div>\n\t\t<\/section>\n\t\t\t\t<section class=\"elementor-section elementor-top-section elementor-element elementor-element-27e45fe elementor-section-boxed elementor-section-height-default elementor-section-height-default\" data-id=\"27e45fe\" data-element_type=\"section\">\n\t\t\t\t\t\t<div class=\"elementor-container elementor-column-gap-default\">\n\t\t\t\t\t<div class=\"elementor-column elementor-col-100 elementor-top-column elementor-element elementor-element-faf4f52\" data-id=\"faf4f52\" data-element_type=\"column\">\n\t\t\t<div class=\"elementor-widget-wrap elementor-element-populated\">\n\t\t\t\t\t\t<div class=\"elementor-element elementor-element-7bd6592 elementor-widget elementor-widget-heading\" data-id=\"7bd6592\" data-element_type=\"widget\" data-widget_type=\"heading.default\">\n\t\t\t\t<div class=\"elementor-widget-container\">\n\t\t\t<span id=7bd6592><\/span><h3 class=\"elementor-heading-title elementor-size-default\">Was verbindet ein j\u00fcdisches Kaufhaus, einen Viehh\u00e4ndler und sieben Ulmen mitten in der Stadt?<\/h3>\t\t<\/div>\n\t\t\t\t<\/div>\n\t\t\t\t<div class=\"elementor-element elementor-element-e28d27d elementor--h-position-center elementor--v-position-middle elementor-arrows-position-inside elementor-pagination-position-inside elementor-widget elementor-widget-slides\" data-id=\"e28d27d\" data-element_type=\"widget\" data-settings=\"{&quot;navigation&quot;:&quot;both&quot;,&quot;autoplay&quot;:&quot;yes&quot;,&quot;pause_on_hover&quot;:&quot;yes&quot;,&quot;pause_on_interaction&quot;:&quot;yes&quot;,&quot;autoplay_speed&quot;:5000,&quot;infinite&quot;:&quot;yes&quot;,&quot;transition&quot;:&quot;slide&quot;,&quot;transition_speed&quot;:500}\" data-widget_type=\"slides.default\">\n\t\t\t\t<div class=\"elementor-widget-container\">\n\t\t\t<span id=e28d27d><\/span>\t\t<div class=\"elementor-swiper\">\n\t\t\t<div class=\"elementor-slides-wrapper elementor-main-swiper swiper\" dir=\"ltr\" data-animation=\"fadeInUp\">\n\t\t\t\t<div class=\"swiper-wrapper elementor-slides\">\n\t\t\t\t\t\t\t\t\t\t<div class=\"elementor-repeater-item-6924694 swiper-slide\"><div class=\"swiper-slide-bg\" role=\"img\"><\/div><div class=\"swiper-slide-inner\" ><div class=\"swiper-slide-contents\"><div class=\"elementor-slide-description\">\u00a9 Foto aus dem Familienbesitz Tewesmeier<\/div><\/div><\/div><\/div><div class=\"elementor-repeater-item-eb0e94d swiper-slide\"><div class=\"swiper-slide-bg\" role=\"img\"><\/div><div class=\"swiper-slide-inner\" ><div class=\"swiper-slide-contents\"><\/div><\/div><\/div>\t\t\t\t<\/div>\n\t\t\t\t\t\t\t\t\t\t\t\t\t\t\t<div class=\"swiper-pagination\"><\/div>\n\t\t\t\t\t\t\t\t\t\t\t\t\t\t\t\t<div class=\"elementor-swiper-button elementor-swiper-button-prev\" role=\"button\" tabindex=\"0\">\n\t\t\t\t\t\t\t<i aria-hidden=\"true\" class=\"eicon-chevron-left\"><\/i>\t\t\t\t\t\t\t<span class=\"elementor-screen-only\">Previous slide<\/span>\n\t\t\t\t\t\t<\/div>\n\t\t\t\t\t\t<div class=\"elementor-swiper-button elementor-swiper-button-next\" role=\"button\" tabindex=\"0\">\n\t\t\t\t\t\t\t<i aria-hidden=\"true\" class=\"eicon-chevron-right\"><\/i>\t\t\t\t\t\t\t<span class=\"elementor-screen-only\">Next slide<\/span>\n\t\t\t\t\t\t<\/div>\n\t\t\t\t\t\t\t\t\t\t\t\t<\/div>\n\t\t<\/div>\n\t\t\t\t<\/div>\n\t\t\t\t<\/div>\n\t\t\t\t<div class=\"elementor-element elementor-element-5a9da03 elementor-widget elementor-widget-toggle\" data-id=\"5a9da03\" data-element_type=\"widget\" data-widget_type=\"toggle.default\">\n\t\t\t\t<div class=\"elementor-widget-container\">\n\t\t\t<span id=5a9da03><\/span>\t\t<div class=\"elementor-toggle\">\n\t\t\t\t\t\t\t<div class=\"elementor-toggle-item\">\n\t\t\t\t\t<div id=\"elementor-tab-title-9501\" class=\"elementor-tab-title\" data-tab=\"1\" role=\"button\" aria-controls=\"elementor-tab-content-9501\" aria-expanded=\"false\">\n\t\t\t\t\t\t\t\t\t\t\t\t<span class=\"elementor-toggle-icon elementor-toggle-icon-left\" aria-hidden=\"true\">\n\t\t\t\t\t\t\t\t\t\t\t\t\t\t\t<span class=\"elementor-toggle-icon-closed\"><i class=\"fas fa-caret-right\"><\/i><\/span>\n\t\t\t\t\t\t\t\t<span class=\"elementor-toggle-icon-opened\"><i class=\"elementor-toggle-icon-opened fas fa-caret-up\"><\/i><\/span>\n\t\t\t\t\t\t\t\t\t\t\t\t\t<\/span>\n\t\t\t\t\t\t\t\t\t\t\t\t<a class=\"elementor-toggle-title\" tabindex=\"0\">Hier klicken f\u00fcr Informationen zu: Berliner Stra\u00dfe. 48-50, heute H&amp;M<\/a>\n\t\t\t\t\t<\/div>\n\n\t\t\t\t\t<div id=\"elementor-tab-content-9501\" class=\"elementor-tab-content elementor-clearfix\" data-tab=\"1\" role=\"region\" aria-labelledby=\"elementor-tab-title-9501\"><p>Die Hausnummern 48 und 50 in der Berliner Stra\u00dfe erz\u00e4hlen gleich mehrere Kapitel G\u00fctersloher Stadtgeschichte \u2013 vom fr\u00fchen Fachwerk bis zur heutigen Einkaufsstra\u00dfe.<\/p><p>An der Stelle der heutigen <strong>Berliner Stra\u00dfe 48<\/strong> stand einst ein Fachwerkhaus, das bereits vor 1783 erbaut worden war. 1872 erwarb es der Viehh\u00e4ndler <strong>Adolf Wolf<\/strong>, bevor es 1895 in den Besitz des Schuhmachers <strong>Franz Eberlein<\/strong> \u00fcberging. Nach dem Zweiten Weltkrieg lie\u00df der Kaufmann <strong>Friedrich Tewesmeier<\/strong> das Grundst\u00fcck neu bebauen. In seiner heutigen Form pr\u00e4sentiert sich der Geb\u00e4udekomplex seit 1984.<\/p><p>Direkt daneben, an der <strong>Berliner Stra\u00dfe 50<\/strong>, befand sich von 1913 bis 1937 das <strong>Kaufhaus Eisenstein oHG<\/strong>, das von <strong>Benjamin und Emma Eisenstein<\/strong> gef\u00fchrt wurde. In bis zu zw\u00f6lf Abteilungen wurde hier alles angeboten \u2013 von Stoffen \u00fcber Lederwaren bis hin zu Toilettenartikeln.<\/p><p>Heute befindet sich in diesem Geb\u00e4ude die Filiale von <strong>H&amp;M<\/strong>.<\/p><p>Mit der umfassenden Neugestaltung der Berliner Stra\u00dfe, die im Oktober 2020 abgeschlossen wurde, erhielt das Umfeld ein v\u00f6llig neues Gesicht: Barrierefreie \u00dcberg\u00e4nge, moderne Beleuchtung, neue Gehwege und <strong>sieben neu gepflanzte S\u00e4ulen-Ulmen<\/strong> werten das Stra\u00dfenbild deutlich auf und steigern die Aufenthaltsqualit\u00e4t f\u00fcr Passanten und Kundschaft.<\/p><p>Quellen:<\/p><ol><li>Stadt G\u00fctersloh \u201eStolpersteine in G\u00fctersloh: Ihr Name lebt weiter\u201c. Seite. 19\/23<\/li><li>Stadt G\u00fctersloh \u201e(Plus-)Punkt-Landung: Die Berliner Stra\u00dfe ist nach Umgestaltung freigegeben&#8220;<\/li><\/ol><\/div>\n\t\t\t\t<\/div>\n\t\t\t\t\t\t\t\t<\/div>\n\t\t\t\t<\/div>\n\t\t\t\t<\/div>\n\t\t\t\t\t<\/div>\n\t\t<\/div>\n\t\t\t\t\t<\/div>\n\t\t<\/section>\n\t\t\t\t<section class=\"elementor-section elementor-top-section elementor-element elementor-element-fe43c63 elementor-section-boxed elementor-section-height-default elementor-section-height-default\" data-id=\"fe43c63\" data-element_type=\"section\">\n\t\t\t\t\t\t<div class=\"elementor-container elementor-column-gap-default\">\n\t\t\t\t\t<div class=\"elementor-column elementor-col-100 elementor-top-column elementor-element elementor-element-6a82258\" data-id=\"6a82258\" data-element_type=\"column\">\n\t\t\t<div class=\"elementor-widget-wrap elementor-element-populated\">\n\t\t\t\t\t\t<div class=\"elementor-element elementor-element-090763e elementor-widget elementor-widget-heading\" data-id=\"090763e\" data-element_type=\"widget\" data-widget_type=\"heading.default\">\n\t\t\t\t<div class=\"elementor-widget-container\">\n\t\t\t<span id=090763e><\/span><h3 class=\"elementor-heading-title elementor-size-default\">Warum begann ein Juwelierbetrieb vor \u00fcber 200 Jahren damit, Besteck aus Goldm\u00fcnzen herzustellen?<\/h3>\t\t<\/div>\n\t\t\t\t<\/div>\n\t\t\t\t<div class=\"elementor-element elementor-element-902d3b0 elementor--h-position-center elementor--v-position-middle elementor-arrows-position-inside elementor-pagination-position-inside elementor-widget elementor-widget-slides\" data-id=\"902d3b0\" data-element_type=\"widget\" data-settings=\"{&quot;navigation&quot;:&quot;both&quot;,&quot;autoplay&quot;:&quot;yes&quot;,&quot;pause_on_hover&quot;:&quot;yes&quot;,&quot;pause_on_interaction&quot;:&quot;yes&quot;,&quot;autoplay_speed&quot;:5000,&quot;infinite&quot;:&quot;yes&quot;,&quot;transition&quot;:&quot;slide&quot;,&quot;transition_speed&quot;:500}\" data-widget_type=\"slides.default\">\n\t\t\t\t<div class=\"elementor-widget-container\">\n\t\t\t<span id=902d3b0><\/span>\t\t<div class=\"elementor-swiper\">\n\t\t\t<div class=\"elementor-slides-wrapper elementor-main-swiper swiper\" dir=\"ltr\" data-animation=\"fadeInUp\">\n\t\t\t\t<div class=\"swiper-wrapper elementor-slides\">\n\t\t\t\t\t\t\t\t\t\t<div class=\"elementor-repeater-item-6924694 swiper-slide\"><div class=\"swiper-slide-bg\" role=\"img\"><\/div><div class=\"swiper-slide-inner\" ><div class=\"swiper-slide-contents\"><div class=\"elementor-slide-description\">\u00a9 Foto aus dem Familienbesitz Weidler<\/div><\/div><\/div><\/div><div class=\"elementor-repeater-item-eb0e94d swiper-slide\"><div class=\"swiper-slide-bg\" role=\"img\"><\/div><div class=\"swiper-slide-inner\" ><div class=\"swiper-slide-contents\"><\/div><\/div><\/div>\t\t\t\t<\/div>\n\t\t\t\t\t\t\t\t\t\t\t\t\t\t\t<div class=\"swiper-pagination\"><\/div>\n\t\t\t\t\t\t\t\t\t\t\t\t\t\t\t\t<div class=\"elementor-swiper-button elementor-swiper-button-prev\" role=\"button\" tabindex=\"0\">\n\t\t\t\t\t\t\t<i aria-hidden=\"true\" class=\"eicon-chevron-left\"><\/i>\t\t\t\t\t\t\t<span class=\"elementor-screen-only\">Previous slide<\/span>\n\t\t\t\t\t\t<\/div>\n\t\t\t\t\t\t<div class=\"elementor-swiper-button elementor-swiper-button-next\" role=\"button\" tabindex=\"0\">\n\t\t\t\t\t\t\t<i aria-hidden=\"true\" class=\"eicon-chevron-right\"><\/i>\t\t\t\t\t\t\t<span class=\"elementor-screen-only\">Next slide<\/span>\n\t\t\t\t\t\t<\/div>\n\t\t\t\t\t\t\t\t\t\t\t\t<\/div>\n\t\t<\/div>\n\t\t\t\t<\/div>\n\t\t\t\t<\/div>\n\t\t\t\t<div class=\"elementor-element elementor-element-802f15b elementor-widget elementor-widget-toggle\" data-id=\"802f15b\" data-element_type=\"widget\" data-widget_type=\"toggle.default\">\n\t\t\t\t<div class=\"elementor-widget-container\">\n\t\t\t<span id=802f15b><\/span>\t\t<div class=\"elementor-toggle\">\n\t\t\t\t\t\t\t<div class=\"elementor-toggle-item\">\n\t\t\t\t\t<div id=\"elementor-tab-title-1341\" class=\"elementor-tab-title\" data-tab=\"1\" role=\"button\" aria-controls=\"elementor-tab-content-1341\" aria-expanded=\"false\">\n\t\t\t\t\t\t\t\t\t\t\t\t<span class=\"elementor-toggle-icon elementor-toggle-icon-left\" aria-hidden=\"true\">\n\t\t\t\t\t\t\t\t\t\t\t\t\t\t\t<span class=\"elementor-toggle-icon-closed\"><i class=\"fas fa-caret-right\"><\/i><\/span>\n\t\t\t\t\t\t\t\t<span class=\"elementor-toggle-icon-opened\"><i class=\"elementor-toggle-icon-opened fas fa-caret-up\"><\/i><\/span>\n\t\t\t\t\t\t\t\t\t\t\t\t\t<\/span>\n\t\t\t\t\t\t\t\t\t\t\t\t<a class=\"elementor-toggle-title\" tabindex=\"0\">Hier klicken f\u00fcr Informationen zu: Berliner Stra\u00dfe 56, heute Juwelier Viemann<\/a>\n\t\t\t\t\t<\/div>\n\n\t\t\t\t\t<div id=\"elementor-tab-content-1341\" class=\"elementor-tab-content elementor-clearfix\" data-tab=\"1\" role=\"region\" aria-labelledby=\"elementor-tab-title-1341\"><p>Das \u00e4lteste Juweliergesch\u00e4ft in Ostwestfalen-Lippe hat seine Heimat in G\u00fctersloh und blickt auf eine beeindruckende Firmengeschichte von 233 Jahren zur\u00fcck \u2013 ein Zeichen f\u00fcr Qualit\u00e4t, Tradition und echtes Handwerk. Gegr\u00fcndet wurde das Gesch\u00e4ft in der Berliner Stra\u00dfe 10, bevor es sp\u00e4ter in die Berliner Stra\u00dfe 56 zog. Nur die bereits 1731 gegr\u00fcndete Kr\u00f6nig\u2019sche Apotheke ist noch \u00e4lter und somit noch l\u00e4nger am Standort pr\u00e4sent. Das macht das Juweliergesch\u00e4ft sogar \u00e4lter als die Stadtrechte, die in diesem Jahr gefeiert werden.<\/p><p>Die Urkunde, welche Sie im Schaufenster sehen, ist ein sogenanntes Privilegium \u2013 eine offizielle Zulassung, mit der der Firmengr\u00fcnder Louis Viemann am 14. November 1792 von Emil Friedrich Karl dem Ersten, Graf zu Bentheim-Tecklenburg, als Gold- und Silberarbeiter anerkannt wurde. Diese Zulassung war notwendig, um den Anspr\u00fcchen von Gutsbesitzern und F\u00fcrsten gerecht zu werden.<\/p><p>Um ihren Wohlstand zu zeigen und ihren gehobenen Lebensstil zu unterstreichen, ersetzten wohlhabende Haushalte ab etwa 1780 ihre einfachen Holzl\u00f6ffel durch kunstvoll gefertigte Bestecke aus eingeschmolzenen Goldm\u00fcnzen. Heute fertigt Goldschmiedemeister Frank Weidler, Nachfolger seines 2022 verstorbenen Vaters Fritz, zwar kein Gold- und Silberbesteck aus M\u00fcnzen mehr an \u2013 und auch Gutsbesitzer und F\u00fcrsten z\u00e4hlen nicht mehr zu seinem Kundenkreis. Doch der Meister f\u00fchlt sich der \u00fcberlieferten Handwerkskunst an der Werkbank nach wie vor tief verpflichtet \u2013 so wie es seine Vorg\u00e4nger vor \u00fcber zwei Jahrhunderten taten.<\/p><p>Goldschmiedemeister Frank Weidler f\u00fchrt das Familienunternehmen mit gro\u00dfer Leidenschaft und Liebe zum Detail. Neben einer erlesenen Auswahl an Schmuckst\u00fccken und Uhren bietet er umfassende Serviceleistungen \u2013 von Reparaturen \u00fcber individuelle Anfertigungen bis hin zum schnellen Batteriewechsel.<\/p><p>Quellen<\/p><ol><li>Carl, Ausgabe Juni 2025, S.40<\/li><\/ol><\/div>\n\t\t\t\t<\/div>\n\t\t\t\t\t\t\t\t<\/div>\n\t\t\t\t<\/div>\n\t\t\t\t<\/div>\n\t\t\t\t\t<\/div>\n\t\t<\/div>\n\t\t\t\t\t<\/div>\n\t\t<\/section>\n\t\t\t\t<section class=\"elementor-section elementor-top-section elementor-element elementor-element-7a795e5 elementor-section-boxed elementor-section-height-default elementor-section-height-default\" data-id=\"7a795e5\" data-element_type=\"section\">\n\t\t\t\t\t\t<div class=\"elementor-container elementor-column-gap-default\">\n\t\t\t\t\t<div class=\"elementor-column elementor-col-100 elementor-top-column elementor-element elementor-element-024f97d\" data-id=\"024f97d\" data-element_type=\"column\">\n\t\t\t<div class=\"elementor-widget-wrap elementor-element-populated\">\n\t\t\t\t\t\t<div class=\"elementor-element elementor-element-21514ba elementor-widget elementor-widget-heading\" data-id=\"21514ba\" data-element_type=\"widget\" data-widget_type=\"heading.default\">\n\t\t\t\t<div class=\"elementor-widget-container\">\n\t\t\t<span id=21514ba><\/span><h3 class=\"elementor-heading-title elementor-size-default\">Wie passen 15.000 Paar Schuhe, eine historische Fassade und eine der gr\u00f6\u00dften Baustellen der Stadt zusammen?<\/h3>\t\t<\/div>\n\t\t\t\t<\/div>\n\t\t\t\t<div class=\"elementor-element elementor-element-18dceae elementor--v-position-bottom elementor-widget__width-initial elementor--h-position-center elementor-arrows-position-inside elementor-pagination-position-inside elementor-widget elementor-widget-slides\" data-id=\"18dceae\" data-element_type=\"widget\" data-settings=\"{&quot;navigation&quot;:&quot;both&quot;,&quot;autoplay&quot;:&quot;yes&quot;,&quot;pause_on_hover&quot;:&quot;yes&quot;,&quot;pause_on_interaction&quot;:&quot;yes&quot;,&quot;autoplay_speed&quot;:5000,&quot;infinite&quot;:&quot;yes&quot;,&quot;transition&quot;:&quot;slide&quot;,&quot;transition_speed&quot;:500}\" data-widget_type=\"slides.default\">\n\t\t\t\t<div class=\"elementor-widget-container\">\n\t\t\t<span id=18dceae><\/span>\t\t<div class=\"elementor-swiper\">\n\t\t\t<div class=\"elementor-slides-wrapper elementor-main-swiper swiper\" dir=\"ltr\" data-animation=\"fadeInUp\">\n\t\t\t\t<div class=\"swiper-wrapper elementor-slides\">\n\t\t\t\t\t\t\t\t\t\t<div class=\"elementor-repeater-item-16c53b8 swiper-slide\"><div class=\"swiper-slide-bg\" role=\"img\"><\/div><div class=\"swiper-slide-inner\" ><div class=\"swiper-slide-contents\"><div class=\"elementor-slide-description\">\u00a9 Stadtarchiv G\u00fctersloh, Fotograf*in unbekannt<\/div><\/div><\/div><\/div><div class=\"elementor-repeater-item-aa81df7 swiper-slide\"><div class=\"swiper-slide-bg\" role=\"img\"><\/div><div class=\"swiper-slide-inner\" ><div class=\"swiper-slide-contents\"><\/div><\/div><\/div>\t\t\t\t<\/div>\n\t\t\t\t\t\t\t\t\t\t\t\t\t\t\t<div class=\"swiper-pagination\"><\/div>\n\t\t\t\t\t\t\t\t\t\t\t\t\t\t\t\t<div class=\"elementor-swiper-button elementor-swiper-button-prev\" role=\"button\" tabindex=\"0\">\n\t\t\t\t\t\t\t<i aria-hidden=\"true\" class=\"eicon-chevron-left\"><\/i>\t\t\t\t\t\t\t<span class=\"elementor-screen-only\">Previous slide<\/span>\n\t\t\t\t\t\t<\/div>\n\t\t\t\t\t\t<div class=\"elementor-swiper-button elementor-swiper-button-next\" role=\"button\" tabindex=\"0\">\n\t\t\t\t\t\t\t<i aria-hidden=\"true\" class=\"eicon-chevron-right\"><\/i>\t\t\t\t\t\t\t<span class=\"elementor-screen-only\">Next slide<\/span>\n\t\t\t\t\t\t<\/div>\n\t\t\t\t\t\t\t\t\t\t\t\t<\/div>\n\t\t<\/div>\n\t\t\t\t<\/div>\n\t\t\t\t<\/div>\n\t\t\t\t<div class=\"elementor-element elementor-element-bb865fa elementor-widget elementor-widget-toggle\" data-id=\"bb865fa\" data-element_type=\"widget\" data-widget_type=\"toggle.default\">\n\t\t\t\t<div class=\"elementor-widget-container\">\n\t\t\t<span id=bb865fa><\/span>\t\t<div class=\"elementor-toggle\">\n\t\t\t\t\t\t\t<div class=\"elementor-toggle-item\">\n\t\t\t\t\t<div id=\"elementor-tab-title-1961\" class=\"elementor-tab-title\" data-tab=\"1\" role=\"button\" aria-controls=\"elementor-tab-content-1961\" aria-expanded=\"false\">\n\t\t\t\t\t\t\t\t\t\t\t\t<span class=\"elementor-toggle-icon elementor-toggle-icon-left\" aria-hidden=\"true\">\n\t\t\t\t\t\t\t\t\t\t\t\t\t\t\t<span class=\"elementor-toggle-icon-closed\"><i class=\"fas fa-caret-right\"><\/i><\/span>\n\t\t\t\t\t\t\t\t<span class=\"elementor-toggle-icon-opened\"><i class=\"elementor-toggle-icon-opened fas fa-caret-up\"><\/i><\/span>\n\t\t\t\t\t\t\t\t\t\t\t\t\t<\/span>\n\t\t\t\t\t\t\t\t\t\t\t\t<a class=\"elementor-toggle-title\" tabindex=\"0\">Hier klicken f\u00fcr Informationen zu: Berliner Stra\u00dfe 57, heute Deichmann<\/a>\n\t\t\t\t\t<\/div>\n\n\t\t\t\t\t<div id=\"elementor-tab-content-1961\" class=\"elementor-tab-content elementor-clearfix\" data-tab=\"1\" role=\"region\" aria-labelledby=\"elementor-tab-title-1961\"><p>Im M\u00e4rz 1949 er\u00f6ffnete das Ehepaar Wilhelm und Ursula Ke\u00dfel in der Berliner Stra\u00dfe 35 ein Fachgesch\u00e4ft f\u00fcr Schuhe \u2013 zun\u00e4chst auf nur 40 Quadratmetern. Doch die Auswahl an Damen-, Herren-, Kinder- und Hausschuhen traf den Geschmack der Kundschaft so gut, dass das Gesch\u00e4ft rasch wuchs: Schon bald zog das Schuhhaus an die Ecke Berliner Stra\u00dfe \/ Schulstra\u00dfe um und wurde zu einer festen Gr\u00f6\u00dfe im Stadtbild.<\/p><p>Der Fokus lag stets auf bequemen, aber modischen Schuhen \u2013 ein Erfolgsrezept. 1972 wurde der Laden umfassend umgebaut und auf \u00fcber 400 Quadratmeter erweitert. \u00dcber 15.000 Paar Schuhe fanden hier Platz \u2013 und mit ihnen viele Geschichten, Begegnungen und treue Stammkund*innen.<\/p><p>Im M\u00e4rz 2016 stellte das Schuhhaus Ke\u00dfel seinen Betrieb ein. Im Anschluss wurde das Geb\u00e4ude im Rahmen einer zweieinhalb Jahre dauernden Sanierung umfassend modernisiert \u2013 eine der gr\u00f6\u00dften Baustellen in der Innenstadt. Die historische Fassade blieb dabei bewusst erhalten, sodass das Haus seinen typischen Charakter bewahren konnte.<\/p><p><strong>2017 k\u00fcndigte schlie\u00dflich Deichmann den Einzug in die neuen R\u00e4umlichkeiten an<\/strong> \u2013 und kn\u00fcpfte damit an die langj\u00e4hrige Schuhtradition am Standort an.<\/p><p>Quellen:<\/p><p><!-- [if gte mso 9]&gt;--><\/p><p><!-- [if gte mso 9]&gt;--><\/p><ol><li>Stadtarchiv G\u00fctersloh, Nachlass Ursela Langenk\u00e4mper: zur Berliner Stra\u00dfe 57, Zeitungsartikel vom 28.03.1974<\/li><li>Neue Westf\u00e4lische \u201eSchuhhaus Ke\u00dfel startet Ausverkauf\u201c vom 17.03.2016<\/li><li>Neue Westf\u00e4lische \u201eG\u00fctersloher Deichmann-Filiale er\u00f6ffnet in neuen R\u00e4umen\u201c vom 07.06.2019<\/li><\/ol><\/div>\n\t\t\t\t<\/div>\n\t\t\t\t\t\t\t\t<\/div>\n\t\t\t\t<\/div>\n\t\t\t\t<\/div>\n\t\t\t\t\t<\/div>\n\t\t<\/div>\n\t\t\t\t\t<\/div>\n\t\t<\/section>\n\t\t\t\t<section class=\"elementor-section elementor-top-section elementor-element elementor-element-7473987 elementor-section-boxed elementor-section-height-default elementor-section-height-default\" data-id=\"7473987\" data-element_type=\"section\">\n\t\t\t\t\t\t<div class=\"elementor-container elementor-column-gap-default\">\n\t\t\t\t\t<div class=\"elementor-column elementor-col-100 elementor-top-column elementor-element elementor-element-6486fb4\" data-id=\"6486fb4\" data-element_type=\"column\">\n\t\t\t<div class=\"elementor-widget-wrap elementor-element-populated\">\n\t\t\t\t\t\t<div class=\"elementor-element elementor-element-c34b3a0 elementor-widget elementor-widget-heading\" data-id=\"c34b3a0\" data-element_type=\"widget\" data-widget_type=\"heading.default\">\n\t\t\t\t<div class=\"elementor-widget-container\">\n\t\t\t<span id=c34b3a0><\/span><h3 class=\"elementor-heading-title elementor-size-default\">Was hat ein ausgebrochener Affe mit der Berliner Stra\u00dfe 60 zu tun?<\/h3>\t\t<\/div>\n\t\t\t\t<\/div>\n\t\t\t\t<div class=\"elementor-element elementor-element-587f950 elementor--h-position-center elementor--v-position-middle elementor-arrows-position-inside elementor-pagination-position-inside elementor-widget elementor-widget-slides\" data-id=\"587f950\" data-element_type=\"widget\" data-settings=\"{&quot;navigation&quot;:&quot;both&quot;,&quot;autoplay&quot;:&quot;yes&quot;,&quot;pause_on_hover&quot;:&quot;yes&quot;,&quot;pause_on_interaction&quot;:&quot;yes&quot;,&quot;autoplay_speed&quot;:5000,&quot;infinite&quot;:&quot;yes&quot;,&quot;transition&quot;:&quot;slide&quot;,&quot;transition_speed&quot;:500}\" data-widget_type=\"slides.default\">\n\t\t\t\t<div class=\"elementor-widget-container\">\n\t\t\t<span id=587f950><\/span>\t\t<div class=\"elementor-swiper\">\n\t\t\t<div class=\"elementor-slides-wrapper elementor-main-swiper swiper\" dir=\"ltr\" data-animation=\"fadeInUp\">\n\t\t\t\t<div class=\"swiper-wrapper elementor-slides\">\n\t\t\t\t\t\t\t\t\t\t<div class=\"elementor-repeater-item-6924694 swiper-slide\"><div class=\"swiper-slide-bg\" role=\"img\"><\/div><div class=\"swiper-slide-inner\" ><div class=\"swiper-slide-contents\"><div class=\"elementor-slide-description\">\u00a9 Stadtarchiv G\u00fctersloh, Fotograf*in unbekannt<\/div><\/div><\/div><\/div><div class=\"elementor-repeater-item-eb0e94d swiper-slide\"><div class=\"swiper-slide-bg\" role=\"img\"><\/div><div class=\"swiper-slide-inner\" ><div class=\"swiper-slide-contents\"><\/div><\/div><\/div>\t\t\t\t<\/div>\n\t\t\t\t\t\t\t\t\t\t\t\t\t\t\t<div class=\"swiper-pagination\"><\/div>\n\t\t\t\t\t\t\t\t\t\t\t\t\t\t\t\t<div class=\"elementor-swiper-button elementor-swiper-button-prev\" role=\"button\" tabindex=\"0\">\n\t\t\t\t\t\t\t<i aria-hidden=\"true\" class=\"eicon-chevron-left\"><\/i>\t\t\t\t\t\t\t<span class=\"elementor-screen-only\">Previous slide<\/span>\n\t\t\t\t\t\t<\/div>\n\t\t\t\t\t\t<div class=\"elementor-swiper-button elementor-swiper-button-next\" role=\"button\" tabindex=\"0\">\n\t\t\t\t\t\t\t<i aria-hidden=\"true\" class=\"eicon-chevron-right\"><\/i>\t\t\t\t\t\t\t<span class=\"elementor-screen-only\">Next slide<\/span>\n\t\t\t\t\t\t<\/div>\n\t\t\t\t\t\t\t\t\t\t\t\t<\/div>\n\t\t<\/div>\n\t\t\t\t<\/div>\n\t\t\t\t<\/div>\n\t\t\t\t<div class=\"elementor-element elementor-element-5ad57eb elementor-widget elementor-widget-toggle\" data-id=\"5ad57eb\" data-element_type=\"widget\" data-widget_type=\"toggle.default\">\n\t\t\t\t<div class=\"elementor-widget-container\">\n\t\t\t<span id=5ad57eb><\/span>\t\t<div class=\"elementor-toggle\">\n\t\t\t\t\t\t\t<div class=\"elementor-toggle-item\">\n\t\t\t\t\t<div id=\"elementor-tab-title-9521\" class=\"elementor-tab-title\" data-tab=\"1\" role=\"button\" aria-controls=\"elementor-tab-content-9521\" aria-expanded=\"false\">\n\t\t\t\t\t\t\t\t\t\t\t\t<span class=\"elementor-toggle-icon elementor-toggle-icon-left\" aria-hidden=\"true\">\n\t\t\t\t\t\t\t\t\t\t\t\t\t\t\t<span class=\"elementor-toggle-icon-closed\"><i class=\"fas fa-caret-right\"><\/i><\/span>\n\t\t\t\t\t\t\t\t<span class=\"elementor-toggle-icon-opened\"><i class=\"elementor-toggle-icon-opened fas fa-caret-up\"><\/i><\/span>\n\t\t\t\t\t\t\t\t\t\t\t\t\t<\/span>\n\t\t\t\t\t\t\t\t\t\t\t\t<a class=\"elementor-toggle-title\" tabindex=\"0\">Hier klicken f\u00fcr Informationen zu: Berliner Stra\u00dfe 60, heute Peacock Moden<\/a>\n\t\t\t\t\t<\/div>\n\n\t\t\t\t\t<div id=\"elementor-tab-content-9521\" class=\"elementor-tab-content elementor-clearfix\" data-tab=\"1\" role=\"region\" aria-labelledby=\"elementor-tab-title-9521\"><p>Auf dem Foto sehen wir K\u00fcrschnermeister H. Niehaus mit seinen T\u00f6chtern \u2013 ein Handwerker, der Pelze verarbeitete, Kleidungsst\u00fccke anfertigte und alte Pelze neu aufbereitete. In seinem Schaufenster in der Berliner Stra\u00dfe 60 pr\u00e4sentierte er neben H\u00fcten, M\u00fctzen und Pelzaccessoires auch eine ungew\u00f6hnliche Besonderheit: einen ausgestopften Affen.<\/p><p>Die Geschichte dahinter stammt aus der Familienchronik Roggenkamp und erz\u00e4hlt eine wahre Begebenheit aus der Nachbarschaft: Die Familie Urban hielt auf ihrem Hof einen angeketteten Affen. Als Sophie Roggenkamp ihn eines Tages \u00e4rgerte, riss sich das Tier los, biss sie ins Bein und sorgte sp\u00e4ter mit einem weiteren Ausbruch f\u00fcr Aufregung in der Umgebung. Nach einer wilden Jagd durch G\u00e4rten und Stra\u00dfen wurde der Affe eingefangen und schlie\u00dflich get\u00f6tet. Der ausgestopfte Affe landete schlie\u00dflich im Schaufenster des K\u00fcrschners \u2013 und wurde so selbst Teil der Stadtgeschichte.<\/p><p><strong>Heute erinnert nichts mehr an den ungew\u00f6hnlichen Schaufensterbewohner \u2013 doch das Geb\u00e4ude selbst lebt weiter:<\/strong><br \/>Im Fr\u00fchjahr 2021 wurde das Haus <strong>Berliner Stra\u00dfe\u202f60<\/strong> umfassend saniert. Die Fassade wurde instandgesetzt, modernisiert und neu gestrichen. Im Inneren wurde zeitgleich der Ladenbereich umgebaut und f\u00fcr die heutige <strong>Peacock-Moden-Filiale<\/strong> hergerichtet.<\/p><p>Quellen:<\/p><ol><li>Stadtarchiv G\u00fctersloh, Nachlass Ursela Langenk\u00e4mper<\/li><li>Neue Westf\u00e4lische \u201eModekette Peacock er\u00f6ffnet in G\u00fctersloh eine Filiale an der Berliner Stra\u00dfe\u201c vom 18.03.2021<\/li><\/ol><\/div>\n\t\t\t\t<\/div>\n\t\t\t\t\t\t\t\t<\/div>\n\t\t\t\t<\/div>\n\t\t\t\t<\/div>\n\t\t\t\t\t<\/div>\n\t\t<\/div>\n\t\t\t\t\t<\/div>\n\t\t<\/section>\n\t\t\t\t<section class=\"elementor-section elementor-top-section elementor-element elementor-element-bdb9c65 elementor-section-boxed elementor-section-height-default elementor-section-height-default\" data-id=\"bdb9c65\" data-element_type=\"section\">\n\t\t\t\t\t\t<div class=\"elementor-container elementor-column-gap-default\">\n\t\t\t\t\t<div class=\"elementor-column elementor-col-100 elementor-top-column elementor-element elementor-element-0bed756\" data-id=\"0bed756\" data-element_type=\"column\">\n\t\t\t<div class=\"elementor-widget-wrap elementor-element-populated\">\n\t\t\t\t\t\t<div class=\"elementor-element elementor-element-4f65b89 elementor-widget elementor-widget-heading\" data-id=\"4f65b89\" data-element_type=\"widget\" data-widget_type=\"heading.default\">\n\t\t\t\t<div class=\"elementor-widget-container\">\n\t\t\t<span id=4f65b89><\/span><h3 class=\"elementor-heading-title elementor-size-default\">Wie hat es das Schuhhaus Kropp geschafft, \u00fcber 150 Jahre hinweg Tradition, Innovation und Qualit\u00e4t zu vereinen und so zu einem festen Bestandteil der G\u00fctersloher Stadtgeschichte zu werden?<\/h3>\t\t<\/div>\n\t\t\t\t<\/div>\n\t\t\t\t<div class=\"elementor-element elementor-element-1e04015 elementor--h-position-center elementor--v-position-middle elementor-arrows-position-inside elementor-pagination-position-inside elementor-widget elementor-widget-slides\" data-id=\"1e04015\" data-element_type=\"widget\" data-settings=\"{&quot;navigation&quot;:&quot;both&quot;,&quot;autoplay&quot;:&quot;yes&quot;,&quot;pause_on_hover&quot;:&quot;yes&quot;,&quot;pause_on_interaction&quot;:&quot;yes&quot;,&quot;autoplay_speed&quot;:5000,&quot;infinite&quot;:&quot;yes&quot;,&quot;transition&quot;:&quot;slide&quot;,&quot;transition_speed&quot;:500}\" data-widget_type=\"slides.default\">\n\t\t\t\t<div class=\"elementor-widget-container\">\n\t\t\t<span id=1e04015><\/span>\t\t<div class=\"elementor-swiper\">\n\t\t\t<div class=\"elementor-slides-wrapper elementor-main-swiper swiper\" dir=\"ltr\" data-animation=\"fadeInUp\">\n\t\t\t\t<div class=\"swiper-wrapper elementor-slides\">\n\t\t\t\t\t\t\t\t\t\t<div class=\"elementor-repeater-item-6924694 swiper-slide\"><div class=\"swiper-slide-bg\" role=\"img\"><\/div><div class=\"swiper-slide-inner\" ><div class=\"swiper-slide-contents\"><div class=\"elementor-slide-description\">\u00a9 Stadtarchiv G\u00fctersloh \/ Fritz Gempp, Schuhgesch\u00e4ft Kropp nach Neubau 1966 <\/div><\/div><\/div><\/div><div class=\"elementor-repeater-item-eb0e94d swiper-slide\"><div class=\"swiper-slide-bg\" role=\"img\"><\/div><div class=\"swiper-slide-inner\" ><div class=\"swiper-slide-contents\"><\/div><\/div><\/div>\t\t\t\t<\/div>\n\t\t\t\t\t\t\t\t\t\t\t\t\t\t\t<div class=\"swiper-pagination\"><\/div>\n\t\t\t\t\t\t\t\t\t\t\t\t\t\t\t\t<div class=\"elementor-swiper-button elementor-swiper-button-prev\" role=\"button\" tabindex=\"0\">\n\t\t\t\t\t\t\t<i aria-hidden=\"true\" class=\"eicon-chevron-left\"><\/i>\t\t\t\t\t\t\t<span class=\"elementor-screen-only\">Previous slide<\/span>\n\t\t\t\t\t\t<\/div>\n\t\t\t\t\t\t<div class=\"elementor-swiper-button elementor-swiper-button-next\" role=\"button\" tabindex=\"0\">\n\t\t\t\t\t\t\t<i aria-hidden=\"true\" class=\"eicon-chevron-right\"><\/i>\t\t\t\t\t\t\t<span class=\"elementor-screen-only\">Next slide<\/span>\n\t\t\t\t\t\t<\/div>\n\t\t\t\t\t\t\t\t\t\t\t\t<\/div>\n\t\t<\/div>\n\t\t\t\t<\/div>\n\t\t\t\t<\/div>\n\t\t\t\t<div class=\"elementor-element elementor-element-5f3101d elementor-widget elementor-widget-toggle\" data-id=\"5f3101d\" data-element_type=\"widget\" data-widget_type=\"toggle.default\">\n\t\t\t\t<div class=\"elementor-widget-container\">\n\t\t\t<span id=5f3101d><\/span>\t\t<div class=\"elementor-toggle\">\n\t\t\t\t\t\t\t<div class=\"elementor-toggle-item\">\n\t\t\t\t\t<div id=\"elementor-tab-title-9981\" class=\"elementor-tab-title\" data-tab=\"1\" role=\"button\" aria-controls=\"elementor-tab-content-9981\" aria-expanded=\"false\">\n\t\t\t\t\t\t\t\t\t\t\t\t<span class=\"elementor-toggle-icon elementor-toggle-icon-left\" aria-hidden=\"true\">\n\t\t\t\t\t\t\t\t\t\t\t\t\t\t\t<span class=\"elementor-toggle-icon-closed\"><i class=\"fas fa-caret-right\"><\/i><\/span>\n\t\t\t\t\t\t\t\t<span class=\"elementor-toggle-icon-opened\"><i class=\"elementor-toggle-icon-opened fas fa-caret-up\"><\/i><\/span>\n\t\t\t\t\t\t\t\t\t\t\t\t\t<\/span>\n\t\t\t\t\t\t\t\t\t\t\t\t<a class=\"elementor-toggle-title\" tabindex=\"0\">Hier klicken f\u00fcr Informationen zu: Berliner Stra\u00dfe 62, heute Marc O\u00b4Polo<\/a>\n\t\t\t\t\t<\/div>\n\n\t\t\t\t\t<div id=\"elementor-tab-content-9981\" class=\"elementor-tab-content elementor-clearfix\" data-tab=\"1\" role=\"region\" aria-labelledby=\"elementor-tab-title-9981\"><p>Im Jahr 1855 gr\u00fcndete Wilhelm Kropp, Schuhmachermeister aus G\u00fctersloh, seine eigene Schuhmacherei. Mit handwerklichem Geschick und einem hohen Qualit\u00e4tsanspruch trug er entscheidend dazu bei, dass die B\u00fcrger G\u00fcterslohs bald den Ruf hatten, stets gut zu Fu\u00df zu sein.<\/p><p>Bereits 1890 erweiterte Wilhelm Kropp sein Angebot, indem er erstmals Schuhe anbot, die nicht mehr in der eigenen Werkstatt gefertigt wurden, sondern die er mit Ross und Wagen direkt vom Gro\u00dfh\u00e4ndler bezog \u2013 ein fr\u00fcher Schritt in Richtung Handel.<\/p><p>Sein Sohn, Heinrich Kropp senior, erkannte 1910 die Zeichen der Zeit und erg\u00e4nzte das traditionelle Schuhmacherhandwerk um ein Ladengesch\u00e4ft. Damit legte er den Grundstein f\u00fcr den Wandel vom Handwerksbetrieb zum modernen Schuhfachgesch\u00e4ft.<\/p><p>1929 setzte Heinrich Kropp junior mit viel Tatkraft und Unternehmergeist neue Ma\u00dfst\u00e4be, indem er einen gro\u00dfz\u00fcgigen Neubau errichten lie\u00df, um dem wachsenden Kundenstamm gerecht zu werden.<\/p><p>1961 \u00fcbergab er das Gesch\u00e4ft an seinen Sohn und Nachfolger Eduard Falkenreck, einen ausgebildeten Schuhfachkaufmann. Unter seiner F\u00fchrung entwickelte sich das Schuhhaus stetig weiter.<\/p><p>1966 erfolgte ein umfassender Umbau, der nicht nur zahlreiche Kunden, sondern auch Fachbesucher aus ganz Deutschland anzog. Das ausgesuchte Sortiment europ\u00e4ischer Spitzenqualit\u00e4t sprach sich weit \u00fcber die Grenzen G\u00fcterslohs hinaus herum.<\/p><p>1976 erhielt das Schuhhaus ein modernes Gesicht: Mit einer neuen Innenausstattung setzte das Haus erneut ein deutliches Zeichen f\u00fcr Fortschritt und Kundenn\u00e4he \u2013 ganz im Sinne der Gr\u00fcndertradition.<\/p><p>1991 wurde das Schuhhaus Kropp in der Bewertung \u201eAvis \u2013 Best of Germany\u201c als eines der f\u00fcnf besten Fachgesch\u00e4fte f\u00fcr Schuhe in Deutschland ausgezeichnet \u2013 ein bedeutendes Qualit\u00e4tspr\u00e4dikat.<\/p><p>1994 widmete der Kunstverein f\u00fcr die Stadt und den Kreis G\u00fctersloh dem Schuhhaus eine besondere Anerkennung: Im Veerhoffhaus zeigte er die Ausstellung \u201eSchuhe und Kunst\u201c, die ausschlie\u00dflich aus der privaten Sammlung von Eduard Falkenreck stammte.<\/p><p>Nach 150 Jahren Firmengeschichte, gepr\u00e4gt von handwerklicher Tradition, Innovationsgeist und einem feinen Gesp\u00fcr f\u00fcr Qualit\u00e4t und Stil, schloss das Schuhgesch\u00e4ft zum 1. August 2005 seine T\u00fcren.<\/p><p>Das Geb\u00e4ude bildet zusammen mit dem benachbarten Bau in der Strengerstra\u00dfe 2 eine bauliche Einheit und schlie\u00dft den Konrad-Adenauer-Platz im S\u00fcden ab. Die repr\u00e4sentativen Fassaden wurden 2002 und 2005 fachgerecht saniert. Seit 2007 befindet sich hier der Marc O\u2019Polo Store in G\u00fctersloh.<\/p><p>Quellen:<\/p><ol><li>Stadtarchiv G\u00fctersloh, Nachlass Ursela Langenk\u00e4mper<\/li><li>Stadt G\u00fctersloh: Stadt.Blicke \u2013 Architektur trifft Geschichte vom Fachbereich Stadtplanung<\/li><\/ol><\/div>\n\t\t\t\t<\/div>\n\t\t\t\t\t\t\t\t<\/div>\n\t\t\t\t<\/div>\n\t\t\t\t<\/div>\n\t\t\t\t\t<\/div>\n\t\t<\/div>\n\t\t\t\t\t<\/div>\n\t\t<\/section>\n\t\t\t\t<section class=\"elementor-section elementor-top-section elementor-element elementor-element-ea79d38 elementor-section-boxed elementor-section-height-default elementor-section-height-default\" data-id=\"ea79d38\" data-element_type=\"section\">\n\t\t\t\t\t\t<div class=\"elementor-container elementor-column-gap-default\">\n\t\t\t\t\t<div class=\"elementor-column elementor-col-100 elementor-top-column elementor-element elementor-element-efb2e36\" data-id=\"efb2e36\" data-element_type=\"column\">\n\t\t\t<div class=\"elementor-widget-wrap elementor-element-populated\">\n\t\t\t\t\t\t<div class=\"elementor-element elementor-element-e39f1e4 elementor-widget elementor-widget-heading\" data-id=\"e39f1e4\" data-element_type=\"widget\" data-widget_type=\"heading.default\">\n\t\t\t\t<div class=\"elementor-widget-container\">\n\t\t\t<span id=e39f1e4><\/span><h3 class=\"elementor-heading-title elementor-size-default\">Wie schafft es die B\u00e4ckerei Fritzenk\u00f6tter, Tradition und handwerkliche Meisterschaft \u00fcber Generationen hinweg lebendig zu halten?<\/h3>\t\t<\/div>\n\t\t\t\t<\/div>\n\t\t\t\t<div class=\"elementor-element elementor-element-427ce78 elementor--h-position-center elementor--v-position-middle elementor-arrows-position-inside elementor-pagination-position-inside elementor-widget elementor-widget-slides\" data-id=\"427ce78\" data-element_type=\"widget\" data-settings=\"{&quot;navigation&quot;:&quot;both&quot;,&quot;autoplay&quot;:&quot;yes&quot;,&quot;pause_on_hover&quot;:&quot;yes&quot;,&quot;pause_on_interaction&quot;:&quot;yes&quot;,&quot;autoplay_speed&quot;:5000,&quot;infinite&quot;:&quot;yes&quot;,&quot;transition&quot;:&quot;slide&quot;,&quot;transition_speed&quot;:500}\" data-widget_type=\"slides.default\">\n\t\t\t\t<div class=\"elementor-widget-container\">\n\t\t\t<span id=427ce78><\/span>\t\t<div class=\"elementor-swiper\">\n\t\t\t<div class=\"elementor-slides-wrapper elementor-main-swiper swiper\" dir=\"ltr\" data-animation=\"fadeInUp\">\n\t\t\t\t<div class=\"swiper-wrapper elementor-slides\">\n\t\t\t\t\t\t\t\t\t\t<div class=\"elementor-repeater-item-6924694 swiper-slide\"><div class=\"swiper-slide-bg\" role=\"img\"><\/div><div class=\"swiper-slide-inner\" ><div class=\"swiper-slide-contents\"><div class=\"elementor-slide-description\">Stadtarchiv G\u00fctersloh \/ Postkarte, Fotograf*in unbekannt<\/div><\/div><\/div><\/div><div class=\"elementor-repeater-item-eb0e94d swiper-slide\"><div class=\"swiper-slide-bg\" role=\"img\"><\/div><div class=\"swiper-slide-inner\" ><div class=\"swiper-slide-contents\"><\/div><\/div><\/div>\t\t\t\t<\/div>\n\t\t\t\t\t\t\t\t\t\t\t\t\t\t\t<div class=\"swiper-pagination\"><\/div>\n\t\t\t\t\t\t\t\t\t\t\t\t\t\t\t\t<div class=\"elementor-swiper-button elementor-swiper-button-prev\" role=\"button\" tabindex=\"0\">\n\t\t\t\t\t\t\t<i aria-hidden=\"true\" class=\"eicon-chevron-left\"><\/i>\t\t\t\t\t\t\t<span class=\"elementor-screen-only\">Previous slide<\/span>\n\t\t\t\t\t\t<\/div>\n\t\t\t\t\t\t<div class=\"elementor-swiper-button elementor-swiper-button-next\" role=\"button\" tabindex=\"0\">\n\t\t\t\t\t\t\t<i aria-hidden=\"true\" class=\"eicon-chevron-right\"><\/i>\t\t\t\t\t\t\t<span class=\"elementor-screen-only\">Next slide<\/span>\n\t\t\t\t\t\t<\/div>\n\t\t\t\t\t\t\t\t\t\t\t\t<\/div>\n\t\t<\/div>\n\t\t\t\t<\/div>\n\t\t\t\t<\/div>\n\t\t\t\t<div class=\"elementor-element elementor-element-1566c16 elementor-widget elementor-widget-toggle\" data-id=\"1566c16\" data-element_type=\"widget\" data-widget_type=\"toggle.default\">\n\t\t\t\t<div class=\"elementor-widget-container\">\n\t\t\t<span id=1566c16><\/span>\t\t<div class=\"elementor-toggle\">\n\t\t\t\t\t\t\t<div class=\"elementor-toggle-item\">\n\t\t\t\t\t<div id=\"elementor-tab-title-2241\" class=\"elementor-tab-title\" data-tab=\"1\" role=\"button\" aria-controls=\"elementor-tab-content-2241\" aria-expanded=\"false\">\n\t\t\t\t\t\t\t\t\t\t\t\t<span class=\"elementor-toggle-icon elementor-toggle-icon-left\" aria-hidden=\"true\">\n\t\t\t\t\t\t\t\t\t\t\t\t\t\t\t<span class=\"elementor-toggle-icon-closed\"><i class=\"fas fa-caret-right\"><\/i><\/span>\n\t\t\t\t\t\t\t\t<span class=\"elementor-toggle-icon-opened\"><i class=\"elementor-toggle-icon-opened fas fa-caret-up\"><\/i><\/span>\n\t\t\t\t\t\t\t\t\t\t\t\t\t<\/span>\n\t\t\t\t\t\t\t\t\t\t\t\t<a class=\"elementor-toggle-title\" tabindex=\"0\">Hier klicken f\u00fcr Informationen zu: Strenger Stra\u00dfe 2, heute Fritzenk\u00f6tter<\/a>\n\t\t\t\t\t<\/div>\n\n\t\t\t\t\t<div id=\"elementor-tab-content-2241\" class=\"elementor-tab-content elementor-clearfix\" data-tab=\"1\" role=\"region\" aria-labelledby=\"elementor-tab-title-2241\"><p>Die Backstube der Familie Fritzenk\u00f6tter an der Strengerstra\u00dfe blickt auf eine beeindruckende Geschichte von \u00fcber 130 Jahren zur\u00fcck. Ende der 1960er Jahre wurde das Angebot um ein gem\u00fctliches Caf\u00e9 erweitert, das seitdem zahlreiche Besucher anzieht. Heute z\u00e4hlt Fritzenk\u00f6tter zu den traditionsreichsten B\u00e4ckereien der Region, gef\u00fchrt von Konditormeister Christoph Fritzenk\u00f6tter und seiner Frau Inka.<\/p><p>Das historische Geb\u00e4ude bildet gemeinsam mit dem Nachbarbau in der Berliner Stra\u00dfe 62 eine harmonische bauliche Einheit und schlie\u00dft den Konrad-Adenauer-Platz nach S\u00fcden hin ab. Die repr\u00e4sentativen Fassaden wurden in den Jahren 2002 und 2005 sorgf\u00e4ltig saniert, sodass der Charme des Hauses bis heute erhalten geblieben ist.<\/p><p>Eine ganz besondere Spezialit\u00e4t rund um die Weihnachtszeit sind die ber\u00fchmten G\u00fctersloher Schokoladenglocken. Christoph Fritzenk\u00f6tter stellt diese Pralinen mit einer feinen Canache-F\u00fcllung in Handarbeit her \u2013 eine s\u00fc\u00dfe Hommage an die deutschlandweit einzigartige Tradition des G\u00fctersloher Nachtsanggel\u00e4uts.<\/p><p>Quellen<\/p><ol><li>Stadt G\u00fctersloh: Stadt.Blicke \u2013 Architektur trifft Geschichte vom Fachbereich Stadtplanung<\/li><li>Neue Westf\u00e4lische \u201eDiese B\u00e4ckereien aus dem Kreis G\u00fctersloh geh\u00f6ren zu den besten in ganz Deutschland\u201c vom 13.01.2024<\/li><\/ol><\/div>\n\t\t\t\t<\/div>\n\t\t\t\t\t\t\t\t<\/div>\n\t\t\t\t<\/div>\n\t\t\t\t<\/div>\n\t\t\t\t\t<\/div>\n\t\t<\/div>\n\t\t\t\t\t<\/div>\n\t\t<\/section>\n\t\t\t\t<section class=\"elementor-section elementor-top-section elementor-element elementor-element-a949210 elementor-section-boxed elementor-section-height-default elementor-section-height-default\" data-id=\"a949210\" data-element_type=\"section\">\n\t\t\t\t\t\t<div class=\"elementor-container elementor-column-gap-default\">\n\t\t\t\t\t<div class=\"elementor-column elementor-col-100 elementor-top-column elementor-element elementor-element-943e57b\" data-id=\"943e57b\" data-element_type=\"column\">\n\t\t\t<div class=\"elementor-widget-wrap elementor-element-populated\">\n\t\t\t\t\t\t<div class=\"elementor-element elementor-element-36c2c47 elementor-icon-list--layout-inline elementor-align-center elementor-list-item-link-full_width elementor-widget elementor-widget-icon-list\" data-id=\"36c2c47\" data-element_type=\"widget\" data-widget_type=\"icon-list.default\">\n\t\t\t\t<div class=\"elementor-widget-container\">\n\t\t\t<span id=36c2c47><\/span>\t\t<ul class=\"elementor-icon-list-items elementor-inline-items\">\n\t\t\t\t\t\t\t<li class=\"elementor-icon-list-item elementor-inline-item\">\n\t\t\t\t\t\t\t\t\t\t\t<span class=\"elementor-icon-list-icon\">\n\t\t\t\t\t\t\t<i aria-hidden=\"true\" class=\"fas fa-info\"><\/i>\t\t\t\t\t\t<\/span>\n\t\t\t\t\t\t\t\t\t\t<span class=\"elementor-icon-list-text\">Falls Sie Kenntnisse zu jenen Fotograf*innen haben, die auf dieser Seite als \"unbekannt\" benannt sind, nehmen Sie gerne Kontakt mit uns auf.<\/span>\n\t\t\t\t\t\t\t\t\t<\/li>\n\t\t\t\t\t\t<\/ul>\n\t\t\t\t<\/div>\n\t\t\t\t<\/div>\n\t\t\t\t<div class=\"elementor-element elementor-element-3b973d0 elementor-icon-list--layout-inline elementor-align-center elementor-list-item-link-full_width elementor-widget elementor-widget-icon-list\" data-id=\"3b973d0\" data-element_type=\"widget\" data-widget_type=\"icon-list.default\">\n\t\t\t\t<div class=\"elementor-widget-container\">\n\t\t\t<span id=3b973d0><\/span>\t\t<ul class=\"elementor-icon-list-items elementor-inline-items\">\n\t\t\t\t\t\t\t<li class=\"elementor-icon-list-item elementor-inline-item\">\n\t\t\t\t\t\t\t\t\t\t\t<span class=\"elementor-icon-list-icon\">\n\t\t\t\t\t\t\t<i aria-hidden=\"true\" class=\"far fa-copyright\"><\/i>\t\t\t\t\t\t<\/span>\n\t\t\t\t\t\t\t\t\t\t<span class=\"elementor-icon-list-text\">Aktuelle Beitragsbilder: Lena Descher und Clara Abelmann<\/span>\n\t\t\t\t\t\t\t\t\t<\/li>\n\t\t\t\t\t\t<\/ul>\n\t\t\t\t<\/div>\n\t\t\t\t<\/div>\n\t\t\t\t\t<\/div>\n\t\t<\/div>\n\t\t\t\t\t<\/div>\n\t\t<\/section>\n\t\t\t\t<\/div>\n\t\t","protected":false},"excerpt":{"rendered":"<p>Vergangenheit trifft Gegenwart Eine Zeitreise durch die Mittlere Berliner Stra\u00dfe Das Projekt \u201eVergangenheit trifft Gegenwart\u201c [&hellip;]<\/p>\n","protected":false},"author":25,"featured_media":24533,"parent":23711,"menu_order":0,"comment_status":"closed","ping_status":"closed","template":"","meta":{"_acf_changed":false,"footnotes":""},"categories":[],"competences":[],"class_list":["post-50320","page","type-page","status-publish","has-post-thumbnail","hentry"],"acf":[],"_links":{"self":[{"href":"https:\/\/www.guetersloh-marketing.de\/en\/wp-json\/wp\/v2\/pages\/50320","targetHints":{"allow":["GET"]}}],"collection":[{"href":"https:\/\/www.guetersloh-marketing.de\/en\/wp-json\/wp\/v2\/pages"}],"about":[{"href":"https:\/\/www.guetersloh-marketing.de\/en\/wp-json\/wp\/v2\/types\/page"}],"author":[{"embeddable":true,"href":"https:\/\/www.guetersloh-marketing.de\/en\/wp-json\/wp\/v2\/users\/25"}],"replies":[{"embeddable":true,"href":"https:\/\/www.guetersloh-marketing.de\/en\/wp-json\/wp\/v2\/comments?post=50320"}],"version-history":[{"count":151,"href":"https:\/\/www.guetersloh-marketing.de\/en\/wp-json\/wp\/v2\/pages\/50320\/revisions"}],"predecessor-version":[{"id":54300,"href":"https:\/\/www.guetersloh-marketing.de\/en\/wp-json\/wp\/v2\/pages\/50320\/revisions\/54300"}],"up":[{"embeddable":true,"href":"https:\/\/www.guetersloh-marketing.de\/en\/wp-json\/wp\/v2\/pages\/23711"}],"wp:featuredmedia":[{"embeddable":true,"href":"https:\/\/www.guetersloh-marketing.de\/en\/wp-json\/wp\/v2\/media\/24533"}],"wp:attachment":[{"href":"https:\/\/www.guetersloh-marketing.de\/en\/wp-json\/wp\/v2\/media?parent=50320"}],"wp:term":[{"taxonomy":"category","embeddable":true,"href":"https:\/\/www.guetersloh-marketing.de\/en\/wp-json\/wp\/v2\/categories?post=50320"},{"taxonomy":"competences","embeddable":true,"href":"https:\/\/www.guetersloh-marketing.de\/en\/wp-json\/wp\/v2\/competences?post=50320"}],"curies":[{"name":"wp","href":"https:\/\/api.w.org\/{rel}","templated":true}]}}