{"id":47131,"date":"2024-10-04T14:35:00","date_gmt":"2024-10-04T12:35:42","guid":{"rendered":"https:\/\/www.guetersloh-marketing.de\/projektseiten\/gutersloher-herbst\/open-air-variete-show-2\/"},"modified":"2026-01-12T12:00:32","modified_gmt":"2026-01-12T11:00:32","slug":"herbstgluehen","status":"publish","type":"page","link":"https:\/\/www.guetersloh-marketing.de\/en\/projektseiten\/gutersloher-herbst\/herbstgluehen\/","title":{"rendered":"Autumn glow"},"content":{"rendered":"\t\t<div data-elementor-type=\"wp-page\" data-elementor-id=\"47131\" class=\"elementor elementor-47131\" data-elementor-post-type=\"page\">\n\t\t\t\t\t\t<section class=\"elementor-section elementor-top-section elementor-element elementor-element-0595d6a elementor-section-boxed elementor-section-height-default elementor-section-height-default\" data-id=\"0595d6a\" data-element_type=\"section\">\n\t\t\t\t\t\t<div class=\"elementor-container elementor-column-gap-default\">\n\t\t\t\t\t<div class=\"elementor-column elementor-col-100 elementor-top-column elementor-element elementor-element-0ee2fb0\" data-id=\"0ee2fb0\" data-element_type=\"column\">\n\t\t\t<div class=\"elementor-widget-wrap elementor-element-populated\">\n\t\t\t\t\t\t<div class=\"elementor-element elementor-element-5514167 elementor-widget elementor-widget-spacer\" data-id=\"5514167\" data-element_type=\"widget\" data-widget_type=\"spacer.default\">\n\t\t\t\t<div class=\"elementor-widget-container\">\n\t\t\t<span id=5514167><\/span>\t\t<div class=\"elementor-spacer\">\n\t\t\t<div class=\"elementor-spacer-inner\"><\/div>\n\t\t<\/div>\n\t\t\t\t<\/div>\n\t\t\t\t<\/div>\n\t\t\t\t\t<\/div>\n\t\t<\/div>\n\t\t\t\t\t<\/div>\n\t\t<\/section>\n\t\t\t\t<section class=\"elementor-section elementor-top-section elementor-element elementor-element-b9f4f49 elementor-section-boxed elementor-section-height-default elementor-section-height-default\" data-id=\"b9f4f49\" data-element_type=\"section\">\n\t\t\t\t\t\t<div class=\"elementor-container elementor-column-gap-default\">\n\t\t\t\t\t<div class=\"elementor-column elementor-col-100 elementor-top-column elementor-element elementor-element-13112a4\" data-id=\"13112a4\" data-element_type=\"column\">\n\t\t\t<div class=\"elementor-widget-wrap elementor-element-populated\">\n\t\t\t\t\t\t<div class=\"elementor-element elementor-element-e9419ab elementor-widget elementor-widget-heading\" data-id=\"e9419ab\" data-element_type=\"widget\" data-widget_type=\"heading.default\">\n\t\t\t\t<div class=\"elementor-widget-container\">\n\t\t\t<span id=e9419ab><\/span><h2 class=\"elementor-heading-title elementor-size-default\">Herbstgl\u00fchen<\/h2>\t\t<\/div>\n\t\t\t\t<\/div>\n\t\t\t\t\t<\/div>\n\t\t<\/div>\n\t\t\t\t\t<\/div>\n\t\t<\/section>\n\t\t\t\t<section class=\"elementor-section elementor-top-section elementor-element elementor-element-0a3267a elementor-section-boxed elementor-section-height-default elementor-section-height-default\" data-id=\"0a3267a\" data-element_type=\"section\">\n\t\t\t\t\t\t<div class=\"elementor-container elementor-column-gap-default\">\n\t\t\t\t\t<div class=\"elementor-column elementor-col-50 elementor-top-column elementor-element elementor-element-23ed33c\" data-id=\"23ed33c\" data-element_type=\"column\">\n\t\t\t<div class=\"elementor-widget-wrap elementor-element-populated\">\n\t\t\t\t\t\t<div class=\"elementor-element elementor-element-76bcddc elementor-widget elementor-widget-text-editor\" data-id=\"76bcddc\" data-element_type=\"widget\" data-widget_type=\"text-editor.default\">\n\t\t\t\t<div class=\"elementor-widget-container\">\n\t\t\t<span id=76bcddc><\/span>\t\t\t\t<div class=\"flex max-w-full flex-col flex-grow\"><div class=\"min-h-8 text-message flex w-full flex-col items-end gap-2 whitespace-normal break-words [.text-message+&amp;]:mt-5\" dir=\"auto\" data-message-author-role=\"assistant\" data-message-id=\"858a7bf4-f985-4e5b-99e8-7209accfa78a\"><div class=\"flex w-full flex-col gap-1 empty:hidden first:pt-[3px]\"><div class=\"markdown prose w-full break-words dark:prose-invert light\">Im Rahmen des G\u00fctersloher Herbstes bildet das Herbstgl\u00fchen den stimmungsvollen Auftakt zur Gl\u00fchwein-Saison. Der Berliner Platz wird dabei zum Treffpunkt f\u00fcr Genuss und Geselligkeit in herbstlicher Atmosph\u00e4re. An verschiedenen St\u00e4nden erwartet die Besucherinnen und Besucher ein vielf\u00e4ltiges kulinarisches Angebot. Begleitet von DJ-Sounds l\u00e4dt das Herbstgl\u00fchen dazu ein, in entspannter Runde zusammenzukommen und die besondere Stimmung des Herbstes zu genie\u00dfen.<\/div><\/div><\/div><\/div>\t\t\t\t\t\t<\/div>\n\t\t\t\t<\/div>\n\t\t\t\t<div class=\"elementor-element elementor-element-0eaccfd elementor-view-default elementor-position-top elementor-mobile-position-top elementor-widget elementor-widget-icon-box\" data-id=\"0eaccfd\" data-element_type=\"widget\" data-widget_type=\"icon-box.default\">\n\t\t\t\t<div class=\"elementor-widget-container\">\n\t\t\t<span id=0eaccfd><\/span>\t\t<div class=\"elementor-icon-box-wrapper\">\n\n\t\t\t\t\t\t<div class=\"elementor-icon-box-icon\">\n\t\t\t\t<span  class=\"elementor-icon elementor-animation-\">\n\t\t\t\t<i aria-hidden=\"true\" class=\"far fa-calendar-alt\"><\/i>\t\t\t\t<\/span>\n\t\t\t<\/div>\n\t\t\t\n\t\t\t\t\t\t<div class=\"elementor-icon-box-content\">\n\n\t\t\t\t\t\t\t\t\t<h3 class=\"elementor-icon-box-title\">\n\t\t\t\t\t\t<span  >\n\t\t\t\t\t\t\t07.11.2026\t\t\t\t\t\t<\/span>\n\t\t\t\t\t<\/h3>\n\t\t\t\t\n\t\t\t\t\n\t\t\t<\/div>\n\t\t\t\n\t\t<\/div>\n\t\t\t\t<\/div>\n\t\t\t\t<\/div>\n\t\t\t\t\t<\/div>\n\t\t<\/div>\n\t\t\t\t<div class=\"elementor-column elementor-col-50 elementor-top-column elementor-element elementor-element-022fdf6\" data-id=\"022fdf6\" data-element_type=\"column\">\n\t\t\t<div class=\"elementor-widget-wrap elementor-element-populated\">\n\t\t\t\t\t\t<div class=\"elementor-element elementor-element-04837e6 elementor-widget elementor-widget-image\" data-id=\"04837e6\" data-element_type=\"widget\" data-widget_type=\"image.default\">\n\t\t\t\t<div class=\"elementor-widget-container\">\n\t\t\t<span id=04837e6><\/span>\t\t\t\t\t\t\t\t\t\t<img fetchpriority=\"high\" decoding=\"async\" width=\"800\" height=\"534\" src=\"https:\/\/www.guetersloh-marketing.de\/wp-content\/uploads\/2026\/01\/guetersloher-herbst-herbstgluehen--lena-descher-0223-1024x683.jpg\" class=\"attachment-large size-large wp-image-53517\" alt=\"\" srcset=\"https:\/\/www.guetersloh-marketing.de\/wp-content\/uploads\/2026\/01\/guetersloher-herbst-herbstgluehen--lena-descher-0223-1024x683.jpg 1024w, https:\/\/www.guetersloh-marketing.de\/wp-content\/uploads\/2026\/01\/guetersloher-herbst-herbstgluehen--lena-descher-0223-300x200.jpg 300w, https:\/\/www.guetersloh-marketing.de\/wp-content\/uploads\/2026\/01\/guetersloher-herbst-herbstgluehen--lena-descher-0223-768x512.jpg 768w, https:\/\/www.guetersloh-marketing.de\/wp-content\/uploads\/2026\/01\/guetersloher-herbst-herbstgluehen--lena-descher-0223-18x12.jpg 18w, https:\/\/www.guetersloh-marketing.de\/wp-content\/uploads\/2026\/01\/guetersloher-herbst-herbstgluehen--lena-descher-0223-560x373.jpg 560w, https:\/\/www.guetersloh-marketing.de\/wp-content\/uploads\/2026\/01\/guetersloher-herbst-herbstgluehen--lena-descher-0223.jpg 1500w\" sizes=\"(max-width: 800px) 100vw, 800px\" \/>\t\t\t\t\t\t\t\t\t\t\t\t\t<\/div>\n\t\t\t\t<\/div>\n\t\t\t\t<div class=\"elementor-element elementor-element-d7d13ca elementor-widget elementor-widget-spacer\" data-id=\"d7d13ca\" data-element_type=\"widget\" data-widget_type=\"spacer.default\">\n\t\t\t\t<div class=\"elementor-widget-container\">\n\t\t\t<span id=d7d13ca><\/span>\t\t<div class=\"elementor-spacer\">\n\t\t\t<div class=\"elementor-spacer-inner\"><\/div>\n\t\t<\/div>\n\t\t\t\t<\/div>\n\t\t\t\t<\/div>\n\t\t\t\t\t<\/div>\n\t\t<\/div>\n\t\t\t\t\t<\/div>\n\t\t<\/section>\n\t\t\t\t<\/div>\n\t\t","protected":false},"excerpt":{"rendered":"<p>Herbstgl\u00fchen Im Rahmen des G\u00fctersloher Herbstes bildet das Herbstgl\u00fchen den stimmungsvollen Auftakt zur Gl\u00fchwein-Saison. Der [&hellip;]<\/p>\n","protected":false},"author":19,"featured_media":47181,"parent":46614,"menu_order":1,"comment_status":"closed","ping_status":"closed","template":"","meta":{"_acf_changed":false,"footnotes":""},"categories":[],"competences":[],"class_list":["post-47131","page","type-page","status-publish","has-post-thumbnail","hentry"],"acf":[],"_links":{"self":[{"href":"https:\/\/www.guetersloh-marketing.de\/en\/wp-json\/wp\/v2\/pages\/47131","targetHints":{"allow":["GET"]}}],"collection":[{"href":"https:\/\/www.guetersloh-marketing.de\/en\/wp-json\/wp\/v2\/pages"}],"about":[{"href":"https:\/\/www.guetersloh-marketing.de\/en\/wp-json\/wp\/v2\/types\/page"}],"author":[{"embeddable":true,"href":"https:\/\/www.guetersloh-marketing.de\/en\/wp-json\/wp\/v2\/users\/19"}],"replies":[{"embeddable":true,"href":"https:\/\/www.guetersloh-marketing.de\/en\/wp-json\/wp\/v2\/comments?post=47131"}],"version-history":[{"count":51,"href":"https:\/\/www.guetersloh-marketing.de\/en\/wp-json\/wp\/v2\/pages\/47131\/revisions"}],"predecessor-version":[{"id":53574,"href":"https:\/\/www.guetersloh-marketing.de\/en\/wp-json\/wp\/v2\/pages\/47131\/revisions\/53574"}],"up":[{"embeddable":true,"href":"https:\/\/www.guetersloh-marketing.de\/en\/wp-json\/wp\/v2\/pages\/46614"}],"wp:featuredmedia":[{"embeddable":true,"href":"https:\/\/www.guetersloh-marketing.de\/en\/wp-json\/wp\/v2\/media\/47181"}],"wp:attachment":[{"href":"https:\/\/www.guetersloh-marketing.de\/en\/wp-json\/wp\/v2\/media?parent=47131"}],"wp:term":[{"taxonomy":"category","embeddable":true,"href":"https:\/\/www.guetersloh-marketing.de\/en\/wp-json\/wp\/v2\/categories?post=47131"},{"taxonomy":"competences","embeddable":true,"href":"https:\/\/www.guetersloh-marketing.de\/en\/wp-json\/wp\/v2\/competences?post=47131"}],"curies":[{"name":"wp","href":"https:\/\/api.w.org\/{rel}","templated":true}]}}