{"id":40471,"date":"2023-04-20T12:17:00","date_gmt":"2023-04-20T10:17:54","guid":{"rendered":"https:\/\/www.guetersloh-marketing.de\/?page_id=40471"},"modified":"2026-04-20T15:47:38","modified_gmt":"2026-04-20T13:47:38","slug":"in-voller-bluete","status":"publish","type":"page","link":"https:\/\/www.guetersloh-marketing.de\/en\/projektseiten\/guetersloher-fruehling\/in-voller-bluete\/","title":{"rendered":"in full bloom"},"content":{"rendered":"<div data-elementor-type=\"wp-page\" data-elementor-id=\"40471\" class=\"elementor elementor-40471\" data-elementor-post-type=\"page\">\n\t\t\t\t\t\t<section class=\"elementor-section elementor-top-section elementor-element elementor-element-229fd46 elementor-section-boxed elementor-section-height-default elementor-section-height-default\" data-id=\"229fd46\" data-element_type=\"section\">\n\t\t\t\t\t\t<div class=\"elementor-container elementor-column-gap-default\">\n\t\t\t\t\t<div class=\"elementor-column elementor-col-100 elementor-top-column elementor-element elementor-element-7fe2ad0\" data-id=\"7fe2ad0\" data-element_type=\"column\">\n\t\t\t<div class=\"elementor-widget-wrap elementor-element-populated\">\n\t\t\t\t\t\t<div class=\"elementor-element elementor-element-2bac11c elementor-widget elementor-widget-spacer\" data-id=\"2bac11c\" data-element_type=\"widget\" data-widget_type=\"spacer.default\">\n\t\t\t\t<div class=\"elementor-widget-container\">\n\t\t\t<span id=\"2bac11c\"><\/span>\t\t<div class=\"elementor-spacer\">\n\t\t\t<div class=\"elementor-spacer-inner\"><\/div>\n\t\t<\/div>\n\t\t\t\t<\/div>\n\t\t\t\t<\/div>\n\t\t\t\t\t<\/div>\n\t\t<\/div>\n\t\t\t\t\t<\/div>\n\t\t<\/section>\n\t\t\t\t<section class=\"elementor-section elementor-top-section elementor-element elementor-element-1861cad elementor-section-boxed elementor-section-height-default elementor-section-height-default\" data-id=\"1861cad\" data-element_type=\"section\">\n\t\t\t\t\t\t<div class=\"elementor-container elementor-column-gap-default\">\n\t\t\t\t\t<div class=\"elementor-column elementor-col-100 elementor-top-column elementor-element elementor-element-8c283d6\" data-id=\"8c283d6\" data-element_type=\"column\">\n\t\t\t<div class=\"elementor-widget-wrap elementor-element-populated\">\n\t\t\t\t\t\t<div class=\"elementor-element elementor-element-632d896 elementor-widget elementor-widget-heading\" data-id=\"632d896\" data-element_type=\"widget\" data-widget_type=\"heading.default\">\n\t\t\t\t<div class=\"elementor-widget-container\">\n\t\t\t<span id=\"632d896\"><\/span><h2 class=\"elementor-heading-title elementor-size-default\">G\u00fctersloh spring - in full bloom<\/h2>\t\t<\/div>\n\t\t\t\t<\/div>\n\t\t\t\t\t<\/div>\n\t\t<\/div>\n\t\t\t\t\t<\/div>\n\t\t<\/section>\n\t\t\t\t<section class=\"elementor-section elementor-top-section elementor-element elementor-element-c83f0fe elementor-section-boxed elementor-section-height-default elementor-section-height-default\" data-id=\"c83f0fe\" data-element_type=\"section\">\n\t\t\t\t\t\t<div class=\"elementor-container elementor-column-gap-default\">\n\t\t\t\t\t<div class=\"elementor-column elementor-col-50 elementor-top-column elementor-element elementor-element-2f00160\" data-id=\"2f00160\" data-element_type=\"column\">\n\t\t\t<div class=\"elementor-widget-wrap elementor-element-populated\">\n\t\t\t\t\t\t<div class=\"elementor-element elementor-element-27b6e3d elementor-widget elementor-widget-text-editor\" data-id=\"27b6e3d\" data-element_type=\"widget\" data-widget_type=\"text-editor.default\">\n\t\t\t\t<div class=\"elementor-widget-container\">\n\t\t\t<span id=\"27b6e3d\"><\/span>\t\t\t\t<div><p data-start=\"0\" data-end=\"205\">Am 2. und 3. Mai zeigt sich der G\u00fctersloher Fr\u00fchling erneut \u201ein voller Bl\u00fcte\u201c. Besucher*innen erwartet in der Innenstadt ein abwechslungsreiches Wochenende mit Kunst, Musik, Shopping und Familienangeboten.<\/p><p data-start=\"207\" data-end=\"481\">Ein besonderes Highlight ist das Street-Art-Festival: Zw\u00f6lf K\u00fcnstler*innen \u2013 darunter internationale Teilnehmende und neue Gesichter \u2013 verwandeln ausgew\u00e4hlte Pl\u00e4tze und Stra\u00dfenz\u00fcge mit gro\u00dfformatigen zwei- und dreidimensionalen Kunstwerken in eine kreative Open-Air-Galerie.<\/p><p data-start=\"483\" data-end=\"719\">Auch kulinarisch wird einiges geboten: Auf dem Berliner Platz sorgen Food-Trucks am Samstag von 12 bis 18 Uhr und am Sonntag von 13 bis 18 Uhr mit Burgern, Baumstriezeln, Cocktails und weiteren Leckereien f\u00fcr Genuss unter freiem Himmel.<\/p><p data-start=\"721\" data-end=\"934\">Am Sonntag, 3. Mai, l\u00e4dt zus\u00e4tzlich der verkaufsoffene Sonntag von 13 bis 18 Uhr zum entspannten Bummeln in der Innenstadt ein. Live-Musik von S\u00e4nger*innen und einem Geigenspieler begleitet den Einkaufsnachmittag.<\/p><p data-start=\"936\" data-end=\"1196\">F\u00fcr Familien lohnt sich ein Besuch besonders: Auf dem Kolbeplatz entsteht ein Familienbereich mit Pop-Up-Spielplatz, H\u00fcpfburg und Eisenbahn. In der Spiekergasse pr\u00e4sentiert die K\u00fcnstler*inneninitiative G\u00fctzilla zudem eine Open-Air-Galerie mit regionaler Kunst.<\/p><p data-start=\"1198\" data-end=\"1432\">Auch Kinder k\u00f6nnen aktiv werden: Bei der Fr\u00fchlings-Rallye entdecken kleine Stadtteil-Detektiv*innen die Innenstadt und erhalten nach erfolgreicher Teilnahme eine Urkunde und ein kleines Geschenk. Die Rallye l\u00e4uft noch bis zum 17. Mai.<\/p><p data-start=\"1434\" data-end=\"1667\" data-is-last-node=\"\" data-is-only-node=\"\">Die bepflanzte Parklandschaft auf dem Berliner Platz sowie zahlreiche bl\u00fchende Elemente und Fotospots in der Innenstadt bleiben ebenfalls bis zum 17. Mai bestehen und machen den G\u00fctersloher Fr\u00fchling zu einem farbenfrohen Erlebnis.<\/p><\/div>\t\t\t\t\t\t<\/div>\n\t\t\t\t<\/div>\n\t\t\t\t<div class=\"elementor-element elementor-element-f8b004b elementor-view-default elementor-position-top elementor-mobile-position-top elementor-widget elementor-widget-icon-box\" data-id=\"f8b004b\" data-element_type=\"widget\" data-widget_type=\"icon-box.default\">\n\t\t\t\t<div class=\"elementor-widget-container\">\n\t\t\t<span id=\"f8b004b\"><\/span>\t\t<div class=\"elementor-icon-box-wrapper\">\n\n\t\t\t\t\t\t<div class=\"elementor-icon-box-icon\">\n\t\t\t\t<span  class=\"elementor-icon elementor-animation-\">\n\t\t\t\t<i aria-hidden=\"true\" class=\"far fa-calendar-alt\"><\/i>\t\t\t\t<\/span>\n\t\t\t<\/div>\n\t\t\t\n\t\t\t\t\t\t<div class=\"elementor-icon-box-content\">\n\n\t\t\t\t\t\t\t\t\t<h3 class=\"elementor-icon-box-title\">\n\t\t\t\t\t\t<span  >\n\t\t\t\t\t\t\t02. und 03.05.2026\t\t\t\t\t\t<\/span>\n\t\t\t\t\t<\/h3>\n\t\t\t\t\n\t\t\t\t\t\t\t\t\t<p class=\"elementor-icon-box-description\">\n\t\t\t\t\t\tSunday open for sale\t\t\t\t\t<\/p>\n\t\t\t\t\n\t\t\t<\/div>\n\t\t\t\n\t\t<\/div>\n\t\t\t\t<\/div>\n\t\t\t\t<\/div>\n\t\t\t\t<div class=\"elementor-element elementor-element-59ed866 elementor-alert-info elementor-widget elementor-widget-alert\" data-id=\"59ed866\" data-element_type=\"widget\" data-widget_type=\"alert.default\">\n\t\t\t\t<div class=\"elementor-widget-container\">\n\t\t\t<span id=\"59ed866\"><\/span>\t\t<div class=\"elementor-alert\" role=\"alert\">\n\n\t\t\t\t\t\t<span class=\"elementor-alert-title\">Pflanzenmarkt in Isselhorst<\/span>\n\t\t\t\n\t\t\t\t\t\t<span class=\"elementor-alert-description\">02. Mai \u00b7 14 - 17 Uhr \u00b7 Festhalle Isselhorst<\/span>\n\t\t\t\n\t\t\t\t\t\t<button type=\"button\" class=\"elementor-alert-dismiss\">\n\t\t\t\t\t\t\t\t\t<span aria-hidden=\"true\">\u00d7<\/span>\n\t\t\t\t\t\t\t\t<span class=\"elementor-screen-only\">Dismiss this alert.<\/span>\n\t\t\t<\/button>\n\t\t\t\n\t\t<\/div>\n\t\t\t\t<\/div>\n\t\t\t\t<\/div>\n\t\t\t\t\t<\/div>\n\t\t<\/div>\n\t\t\t\t<div class=\"elementor-column elementor-col-50 elementor-top-column elementor-element elementor-element-567de66\" data-id=\"567de66\" data-element_type=\"column\">\n\t\t\t<div class=\"elementor-widget-wrap elementor-element-populated\">\n\t\t\t\t\t\t<div class=\"elementor-element elementor-element-e0b2633 elementor-widget elementor-widget-image\" data-id=\"e0b2633\" data-element_type=\"widget\" data-widget_type=\"image.default\">\n\t\t\t\t<div class=\"elementor-widget-container\">\n\t\t\t<span id=\"e0b2633\"><\/span>\t\t\t\t\t\t\t\t\t\t<img fetchpriority=\"high\" decoding=\"async\" width=\"800\" height=\"534\" src=\"https:\/\/www.guetersloh-marketing.de\/wp-content\/uploads\/2025\/05\/guetersloher-fruehling-park-beete--lena-descher-0119-1024x683.jpg\" class=\"attachment-large size-large wp-image-49518\" alt=\"\" srcset=\"https:\/\/www.guetersloh-marketing.de\/wp-content\/uploads\/2025\/05\/guetersloher-fruehling-park-beete--lena-descher-0119-1024x683.jpg 1024w, https:\/\/www.guetersloh-marketing.de\/wp-content\/uploads\/2025\/05\/guetersloher-fruehling-park-beete--lena-descher-0119-300x200.jpg 300w, https:\/\/www.guetersloh-marketing.de\/wp-content\/uploads\/2025\/05\/guetersloher-fruehling-park-beete--lena-descher-0119-768x512.jpg 768w, https:\/\/www.guetersloh-marketing.de\/wp-content\/uploads\/2025\/05\/guetersloher-fruehling-park-beete--lena-descher-0119-18x12.jpg 18w, https:\/\/www.guetersloh-marketing.de\/wp-content\/uploads\/2025\/05\/guetersloher-fruehling-park-beete--lena-descher-0119-560x373.jpg 560w, https:\/\/www.guetersloh-marketing.de\/wp-content\/uploads\/2025\/05\/guetersloher-fruehling-park-beete--lena-descher-0119.jpg 1500w\" sizes=\"(max-width: 800px) 100vw, 800px\" \/>\t\t\t\t\t\t\t\t\t\t\t\t\t<\/div>\n\t\t\t\t<\/div>\n\t\t\t\t\t<\/div>\n\t\t<\/div>\n\t\t\t\t\t<\/div>\n\t\t<\/section>\n\t\t\t\t<section class=\"elementor-section elementor-top-section elementor-element elementor-element-6069c90 elementor-section-boxed elementor-section-height-default elementor-section-height-default\" data-id=\"6069c90\" data-element_type=\"section\">\n\t\t\t\t\t\t<div class=\"elementor-container elementor-column-gap-default\">\n\t\t\t\t\t<div class=\"elementor-column elementor-col-100 elementor-top-column elementor-element elementor-element-7705f25e\" data-id=\"7705f25e\" data-element_type=\"column\">\n\t\t\t<div class=\"elementor-widget-wrap elementor-element-populated\">\n\t\t\t\t\t\t<div class=\"elementor-element elementor-element-66893b3 elementor-widget elementor-widget-image-gallery\" data-id=\"66893b3\" data-element_type=\"widget\" data-widget_type=\"image-gallery.default\">\n\t\t\t\t<div class=\"elementor-widget-container\">\n\t\t\t<span id=\"66893b3\"><\/span>\t\t<div class=\"elementor-image-gallery\">\n\t\t\t<div id='gallery-1' class='gallery galleryid-40471 gallery-columns-3 gallery-size-medium_large'><figure class='gallery-item'>\n\t\t\t<div class='gallery-icon landscape'>\n\t\t\t\t<a data-elementor-open-lightbox=\"yes\" data-elementor-lightbox-slideshow=\"66893b3\" data-e-action-hash=\"#elementor-action%3Aaction%3Dlightbox%26settings%3DeyJpZCI6NTM3NDgsInVybCI6Imh0dHBzOlwvXC93d3cuZ3VldGVyc2xvaC1tYXJrZXRpbmcuZGVcL3dwLWNvbnRlbnRcL3VwbG9hZHNcLzIwMjZcLzAyXC9pbi12b2xsZXItYmx1ZXRlLXN0cmVldC1hcnQtc2Ftc3RhZy0tbGVuYS1kZXNjaGVyLTAwNDYuanBnIiwic2xpZGVzaG93IjoiNjY4OTNiMyJ9\" href='https:\/\/www.guetersloh-marketing.de\/wp-content\/uploads\/2026\/02\/in-voller-bluete-street-art-samstag--lena-descher-0046.jpg'><img decoding=\"async\" width=\"768\" height=\"512\" src=\"https:\/\/www.guetersloh-marketing.de\/wp-content\/uploads\/2026\/02\/in-voller-bluete-street-art-samstag--lena-descher-0046-768x512.jpg\" class=\"attachment-medium_large size-medium_large\" alt=\"K\u00fcnstlerin arbeitet an einer Stra\u00dfenskizze mit Kreide und Farben\" srcset=\"https:\/\/www.guetersloh-marketing.de\/wp-content\/uploads\/2026\/02\/in-voller-bluete-street-art-samstag--lena-descher-0046-768x512.jpg 768w, https:\/\/www.guetersloh-marketing.de\/wp-content\/uploads\/2026\/02\/in-voller-bluete-street-art-samstag--lena-descher-0046-300x200.jpg 300w, https:\/\/www.guetersloh-marketing.de\/wp-content\/uploads\/2026\/02\/in-voller-bluete-street-art-samstag--lena-descher-0046-1024x683.jpg 1024w, https:\/\/www.guetersloh-marketing.de\/wp-content\/uploads\/2026\/02\/in-voller-bluete-street-art-samstag--lena-descher-0046-18x12.jpg 18w, https:\/\/www.guetersloh-marketing.de\/wp-content\/uploads\/2026\/02\/in-voller-bluete-street-art-samstag--lena-descher-0046-560x373.jpg 560w, https:\/\/www.guetersloh-marketing.de\/wp-content\/uploads\/2026\/02\/in-voller-bluete-street-art-samstag--lena-descher-0046.jpg 1500w\" sizes=\"(max-width: 768px) 100vw, 768px\" \/><\/a>\n\t\t\t<\/div><\/figure><figure class='gallery-item'>\n\t\t\t<div class='gallery-icon landscape'>\n\t\t\t\t<a data-elementor-open-lightbox=\"yes\" data-elementor-lightbox-slideshow=\"66893b3\" data-e-action-hash=\"#elementor-action%3Aaction%3Dlightbox%26settings%3DeyJpZCI6NTM3NDksInVybCI6Imh0dHBzOlwvXC93d3cuZ3VldGVyc2xvaC1tYXJrZXRpbmcuZGVcL3dwLWNvbnRlbnRcL3VwbG9hZHNcLzIwMjZcLzAyXC9pbi12b2xsZXItYmx1ZXRlLXN0cmVldC1hcnQtc2Ftc3RhZy0tbGVuYS1kZXNjaGVyLTAwNDkuanBnIiwic2xpZGVzaG93IjoiNjY4OTNiMyJ9\" href='https:\/\/www.guetersloh-marketing.de\/wp-content\/uploads\/2026\/02\/in-voller-bluete-street-art-samstag--lena-descher-0049.jpg'><img decoding=\"async\" width=\"768\" height=\"512\" src=\"https:\/\/www.guetersloh-marketing.de\/wp-content\/uploads\/2026\/02\/in-voller-bluete-street-art-samstag--lena-descher-0049-768x512.jpg\" class=\"attachment-medium_large size-medium_large\" alt=\"K\u00fcnstler arbeitet mit Farben und Pinsel auf dem Boden\" srcset=\"https:\/\/www.guetersloh-marketing.de\/wp-content\/uploads\/2026\/02\/in-voller-bluete-street-art-samstag--lena-descher-0049-768x512.jpg 768w, https:\/\/www.guetersloh-marketing.de\/wp-content\/uploads\/2026\/02\/in-voller-bluete-street-art-samstag--lena-descher-0049-300x200.jpg 300w, https:\/\/www.guetersloh-marketing.de\/wp-content\/uploads\/2026\/02\/in-voller-bluete-street-art-samstag--lena-descher-0049-1024x683.jpg 1024w, https:\/\/www.guetersloh-marketing.de\/wp-content\/uploads\/2026\/02\/in-voller-bluete-street-art-samstag--lena-descher-0049-18x12.jpg 18w, https:\/\/www.guetersloh-marketing.de\/wp-content\/uploads\/2026\/02\/in-voller-bluete-street-art-samstag--lena-descher-0049-560x373.jpg 560w, https:\/\/www.guetersloh-marketing.de\/wp-content\/uploads\/2026\/02\/in-voller-bluete-street-art-samstag--lena-descher-0049.jpg 1500w\" sizes=\"(max-width: 768px) 100vw, 768px\" \/><\/a>\n\t\t\t<\/div><\/figure><figure class='gallery-item'>\n\t\t\t<div class='gallery-icon landscape'>\n\t\t\t\t<a data-elementor-open-lightbox=\"yes\" data-elementor-lightbox-slideshow=\"66893b3\" data-e-action-hash=\"#elementor-action%3Aaction%3Dlightbox%26settings%3DeyJpZCI6NTM3NTAsInVybCI6Imh0dHBzOlwvXC93d3cuZ3VldGVyc2xvaC1tYXJrZXRpbmcuZGVcL3dwLWNvbnRlbnRcL3VwbG9hZHNcLzIwMjZcLzAyXC9pbi12b2xsZXItYmx1ZXRlLXN0cmVldC1hcnQtc2Ftc3RhZy0tbGVuYS1kZXNjaGVyLTAwNTIuanBnIiwic2xpZGVzaG93IjoiNjY4OTNiMyJ9\" href='https:\/\/www.guetersloh-marketing.de\/wp-content\/uploads\/2026\/02\/in-voller-bluete-street-art-samstag--lena-descher-0052.jpg'><img loading=\"lazy\" decoding=\"async\" width=\"768\" height=\"512\" src=\"https:\/\/www.guetersloh-marketing.de\/wp-content\/uploads\/2026\/02\/in-voller-bluete-street-art-samstag--lena-descher-0052-768x512.jpg\" class=\"attachment-medium_large size-medium_large\" alt=\"K\u00fcnstler malt auf dem B\u00fcrgersteig\" srcset=\"https:\/\/www.guetersloh-marketing.de\/wp-content\/uploads\/2026\/02\/in-voller-bluete-street-art-samstag--lena-descher-0052-768x512.jpg 768w, https:\/\/www.guetersloh-marketing.de\/wp-content\/uploads\/2026\/02\/in-voller-bluete-street-art-samstag--lena-descher-0052-300x200.jpg 300w, https:\/\/www.guetersloh-marketing.de\/wp-content\/uploads\/2026\/02\/in-voller-bluete-street-art-samstag--lena-descher-0052-1024x683.jpg 1024w, https:\/\/www.guetersloh-marketing.de\/wp-content\/uploads\/2026\/02\/in-voller-bluete-street-art-samstag--lena-descher-0052-18x12.jpg 18w, https:\/\/www.guetersloh-marketing.de\/wp-content\/uploads\/2026\/02\/in-voller-bluete-street-art-samstag--lena-descher-0052-560x373.jpg 560w, https:\/\/www.guetersloh-marketing.de\/wp-content\/uploads\/2026\/02\/in-voller-bluete-street-art-samstag--lena-descher-0052.jpg 1500w\" sizes=\"(max-width: 768px) 100vw, 768px\" \/><\/a>\n\t\t\t<\/div><\/figure><figure class='gallery-item'>\n\t\t\t<div class='gallery-icon landscape'>\n\t\t\t\t<a data-elementor-open-lightbox=\"yes\" data-elementor-lightbox-slideshow=\"66893b3\" data-e-action-hash=\"#elementor-action%3Aaction%3Dlightbox%26settings%3DeyJpZCI6NTM3NTEsInVybCI6Imh0dHBzOlwvXC93d3cuZ3VldGVyc2xvaC1tYXJrZXRpbmcuZGVcL3dwLWNvbnRlbnRcL3VwbG9hZHNcLzIwMjZcLzAyXC9pbi12b2xsZXItYmx1ZXRlLXN0cmVldC1hcnQtc2Ftc3RhZy0tbGVuYS1kZXNjaGVyLTAwNzEuanBnIiwic2xpZGVzaG93IjoiNjY4OTNiMyJ9\" href='https:\/\/www.guetersloh-marketing.de\/wp-content\/uploads\/2026\/02\/in-voller-bluete-street-art-samstag--lena-descher-0071.jpg'><img loading=\"lazy\" decoding=\"async\" width=\"768\" height=\"512\" src=\"https:\/\/www.guetersloh-marketing.de\/wp-content\/uploads\/2026\/02\/in-voller-bluete-street-art-samstag--lena-descher-0071-768x512.jpg\" class=\"attachment-medium_large size-medium_large\" alt=\"Eine K\u00fcnstlerin malt ein Stra\u00dfenkunstwerk.\" srcset=\"https:\/\/www.guetersloh-marketing.de\/wp-content\/uploads\/2026\/02\/in-voller-bluete-street-art-samstag--lena-descher-0071-768x512.jpg 768w, https:\/\/www.guetersloh-marketing.de\/wp-content\/uploads\/2026\/02\/in-voller-bluete-street-art-samstag--lena-descher-0071-300x200.jpg 300w, https:\/\/www.guetersloh-marketing.de\/wp-content\/uploads\/2026\/02\/in-voller-bluete-street-art-samstag--lena-descher-0071-1024x683.jpg 1024w, https:\/\/www.guetersloh-marketing.de\/wp-content\/uploads\/2026\/02\/in-voller-bluete-street-art-samstag--lena-descher-0071-18x12.jpg 18w, https:\/\/www.guetersloh-marketing.de\/wp-content\/uploads\/2026\/02\/in-voller-bluete-street-art-samstag--lena-descher-0071-560x373.jpg 560w, https:\/\/www.guetersloh-marketing.de\/wp-content\/uploads\/2026\/02\/in-voller-bluete-street-art-samstag--lena-descher-0071.jpg 1500w\" sizes=\"(max-width: 768px) 100vw, 768px\" \/><\/a>\n\t\t\t<\/div><\/figure><figure class='gallery-item'>\n\t\t\t<div class='gallery-icon landscape'>\n\t\t\t\t<a data-elementor-open-lightbox=\"yes\" data-elementor-lightbox-slideshow=\"66893b3\" data-e-action-hash=\"#elementor-action%3Aaction%3Dlightbox%26settings%3DeyJpZCI6NTM3NTUsInVybCI6Imh0dHBzOlwvXC93d3cuZ3VldGVyc2xvaC1tYXJrZXRpbmcuZGVcL3dwLWNvbnRlbnRcL3VwbG9hZHNcLzIwMjZcLzAyXC9pbi12b2xsZXItYmx1ZXRlLXN0cmVldC1hcnQtc29ubnRhZy0tbGVuYS1kZXNjaGVyLTAwOTQuanBnIiwic2xpZGVzaG93IjoiNjY4OTNiMyJ9\" href='https:\/\/www.guetersloh-marketing.de\/wp-content\/uploads\/2026\/02\/in-voller-bluete-street-art-sonntag--lena-descher-0094.jpg'><img loading=\"lazy\" decoding=\"async\" width=\"768\" height=\"512\" src=\"https:\/\/www.guetersloh-marketing.de\/wp-content\/uploads\/2026\/02\/in-voller-bluete-street-art-sonntag--lena-descher-0094-768x512.jpg\" class=\"attachment-medium_large size-medium_large\" alt=\"Frau mit Gitarre singt auf der Stra\u00dfe.\" srcset=\"https:\/\/www.guetersloh-marketing.de\/wp-content\/uploads\/2026\/02\/in-voller-bluete-street-art-sonntag--lena-descher-0094-768x512.jpg 768w, https:\/\/www.guetersloh-marketing.de\/wp-content\/uploads\/2026\/02\/in-voller-bluete-street-art-sonntag--lena-descher-0094-300x200.jpg 300w, https:\/\/www.guetersloh-marketing.de\/wp-content\/uploads\/2026\/02\/in-voller-bluete-street-art-sonntag--lena-descher-0094-1024x683.jpg 1024w, https:\/\/www.guetersloh-marketing.de\/wp-content\/uploads\/2026\/02\/in-voller-bluete-street-art-sonntag--lena-descher-0094-18x12.jpg 18w, https:\/\/www.guetersloh-marketing.de\/wp-content\/uploads\/2026\/02\/in-voller-bluete-street-art-sonntag--lena-descher-0094-560x373.jpg 560w, https:\/\/www.guetersloh-marketing.de\/wp-content\/uploads\/2026\/02\/in-voller-bluete-street-art-sonntag--lena-descher-0094.jpg 1500w\" sizes=\"(max-width: 768px) 100vw, 768px\" \/><\/a>\n\t\t\t<\/div><\/figure><figure class='gallery-item'>\n\t\t\t<div class='gallery-icon landscape'>\n\t\t\t\t<a data-elementor-open-lightbox=\"yes\" data-elementor-lightbox-slideshow=\"66893b3\" data-e-action-hash=\"#elementor-action%3Aaction%3Dlightbox%26settings%3DeyJpZCI6NTM3NTMsInVybCI6Imh0dHBzOlwvXC93d3cuZ3VldGVyc2xvaC1tYXJrZXRpbmcuZGVcL3dwLWNvbnRlbnRcL3VwbG9hZHNcLzIwMjZcLzAyXC9pbi12b2xsZXItYmx1ZXRlLXN0cmVldC1hcnQtc2Ftc3RhZy0tbGVuYS1kZXNjaGVyLTk5ODIuanBnIiwic2xpZGVzaG93IjoiNjY4OTNiMyJ9\" href='https:\/\/www.guetersloh-marketing.de\/wp-content\/uploads\/2026\/02\/in-voller-bluete-street-art-samstag--lena-descher-9982.jpg'><img loading=\"lazy\" decoding=\"async\" width=\"768\" height=\"512\" src=\"https:\/\/www.guetersloh-marketing.de\/wp-content\/uploads\/2026\/02\/in-voller-bluete-street-art-samstag--lena-descher-9982-768x512.jpg\" class=\"attachment-medium_large size-medium_large\" alt=\"Skulptur mit der Aufschrift I \u2764\ufe0f GT, umgeben von Baustellenmaterialien\" srcset=\"https:\/\/www.guetersloh-marketing.de\/wp-content\/uploads\/2026\/02\/in-voller-bluete-street-art-samstag--lena-descher-9982-768x512.jpg 768w, https:\/\/www.guetersloh-marketing.de\/wp-content\/uploads\/2026\/02\/in-voller-bluete-street-art-samstag--lena-descher-9982-300x200.jpg 300w, https:\/\/www.guetersloh-marketing.de\/wp-content\/uploads\/2026\/02\/in-voller-bluete-street-art-samstag--lena-descher-9982-1024x683.jpg 1024w, https:\/\/www.guetersloh-marketing.de\/wp-content\/uploads\/2026\/02\/in-voller-bluete-street-art-samstag--lena-descher-9982-18x12.jpg 18w, https:\/\/www.guetersloh-marketing.de\/wp-content\/uploads\/2026\/02\/in-voller-bluete-street-art-samstag--lena-descher-9982-560x373.jpg 560w, https:\/\/www.guetersloh-marketing.de\/wp-content\/uploads\/2026\/02\/in-voller-bluete-street-art-samstag--lena-descher-9982.jpg 1500w\" sizes=\"(max-width: 768px) 100vw, 768px\" \/><\/a>\n\t\t\t<\/div><\/figure><figure class='gallery-item'>\n\t\t\t<div class='gallery-icon landscape'>\n\t\t\t\t<a data-elementor-open-lightbox=\"yes\" data-elementor-lightbox-slideshow=\"66893b3\" data-e-action-hash=\"#elementor-action%3Aaction%3Dlightbox%26settings%3DeyJpZCI6NTM3NTQsInVybCI6Imh0dHBzOlwvXC93d3cuZ3VldGVyc2xvaC1tYXJrZXRpbmcuZGVcL3dwLWNvbnRlbnRcL3VwbG9hZHNcLzIwMjZcLzAyXC9pbi12b2xsZXItYmx1ZXRlLXN0cmVldC1hcnQtc2Ftc3RhZy0tbGVuYS1kZXNjaGVyLTk5ODYuanBnIiwic2xpZGVzaG93IjoiNjY4OTNiMyJ9\" href='https:\/\/www.guetersloh-marketing.de\/wp-content\/uploads\/2026\/02\/in-voller-bluete-street-art-samstag--lena-descher-9986.jpg'><img loading=\"lazy\" decoding=\"async\" width=\"768\" height=\"512\" src=\"https:\/\/www.guetersloh-marketing.de\/wp-content\/uploads\/2026\/02\/in-voller-bluete-street-art-samstag--lena-descher-9986-768x512.jpg\" class=\"attachment-medium_large size-medium_large\" alt=\"Bunte Farben und Materialien f\u00fcr Stra\u00dfenmalerei\" srcset=\"https:\/\/www.guetersloh-marketing.de\/wp-content\/uploads\/2026\/02\/in-voller-bluete-street-art-samstag--lena-descher-9986-768x512.jpg 768w, https:\/\/www.guetersloh-marketing.de\/wp-content\/uploads\/2026\/02\/in-voller-bluete-street-art-samstag--lena-descher-9986-300x200.jpg 300w, https:\/\/www.guetersloh-marketing.de\/wp-content\/uploads\/2026\/02\/in-voller-bluete-street-art-samstag--lena-descher-9986-1024x683.jpg 1024w, https:\/\/www.guetersloh-marketing.de\/wp-content\/uploads\/2026\/02\/in-voller-bluete-street-art-samstag--lena-descher-9986-18x12.jpg 18w, https:\/\/www.guetersloh-marketing.de\/wp-content\/uploads\/2026\/02\/in-voller-bluete-street-art-samstag--lena-descher-9986-560x373.jpg 560w, https:\/\/www.guetersloh-marketing.de\/wp-content\/uploads\/2026\/02\/in-voller-bluete-street-art-samstag--lena-descher-9986.jpg 1500w\" sizes=\"(max-width: 768px) 100vw, 768px\" \/><\/a>\n\t\t\t<\/div><\/figure><figure class='gallery-item'>\n\t\t\t<div class='gallery-icon landscape'>\n\t\t\t\t<a data-elementor-open-lightbox=\"yes\" data-elementor-lightbox-slideshow=\"66893b3\" data-e-action-hash=\"#elementor-action%3Aaction%3Dlightbox%26settings%3DeyJpZCI6NTM3NTcsInVybCI6Imh0dHBzOlwvXC93d3cuZ3VldGVyc2xvaC1tYXJrZXRpbmcuZGVcL3dwLWNvbnRlbnRcL3VwbG9hZHNcLzIwMjZcLzAyXC9pbi12b2xsZXItYmx1ZXRlLXN0cmVldC1hcnQtc29ubnRhZy0tbGVuYS1kZXNjaGVyLTAxOTEuanBnIiwic2xpZGVzaG93IjoiNjY4OTNiMyJ9\" href='https:\/\/www.guetersloh-marketing.de\/wp-content\/uploads\/2026\/02\/in-voller-bluete-street-art-sonntag--lena-descher-0191.jpg'><img loading=\"lazy\" decoding=\"async\" width=\"768\" height=\"512\" src=\"https:\/\/www.guetersloh-marketing.de\/wp-content\/uploads\/2026\/02\/in-voller-bluete-street-art-sonntag--lena-descher-0191-768x512.jpg\" class=\"attachment-medium_large size-medium_large\" alt=\"Stra\u00dfenkunst mit einem Drachen und einer Burg\" srcset=\"https:\/\/www.guetersloh-marketing.de\/wp-content\/uploads\/2026\/02\/in-voller-bluete-street-art-sonntag--lena-descher-0191-768x512.jpg 768w, https:\/\/www.guetersloh-marketing.de\/wp-content\/uploads\/2026\/02\/in-voller-bluete-street-art-sonntag--lena-descher-0191-300x200.jpg 300w, https:\/\/www.guetersloh-marketing.de\/wp-content\/uploads\/2026\/02\/in-voller-bluete-street-art-sonntag--lena-descher-0191-1024x683.jpg 1024w, https:\/\/www.guetersloh-marketing.de\/wp-content\/uploads\/2026\/02\/in-voller-bluete-street-art-sonntag--lena-descher-0191-18x12.jpg 18w, https:\/\/www.guetersloh-marketing.de\/wp-content\/uploads\/2026\/02\/in-voller-bluete-street-art-sonntag--lena-descher-0191-560x373.jpg 560w, https:\/\/www.guetersloh-marketing.de\/wp-content\/uploads\/2026\/02\/in-voller-bluete-street-art-sonntag--lena-descher-0191.jpg 1500w\" sizes=\"(max-width: 768px) 100vw, 768px\" \/><\/a>\n\t\t\t<\/div><\/figure><figure class='gallery-item'>\n\t\t\t<div class='gallery-icon landscape'>\n\t\t\t\t<a data-elementor-open-lightbox=\"yes\" data-elementor-lightbox-slideshow=\"66893b3\" data-e-action-hash=\"#elementor-action%3Aaction%3Dlightbox%26settings%3DeyJpZCI6NTM3NTgsInVybCI6Imh0dHBzOlwvXC93d3cuZ3VldGVyc2xvaC1tYXJrZXRpbmcuZGVcL3dwLWNvbnRlbnRcL3VwbG9hZHNcLzIwMjZcLzAyXC9pbi12b2xsZXItYmx1ZXRlLXN0cmVldC1hcnQtc29ubnRhZy0tbGVuYS1kZXNjaGVyLTAxOTcuanBnIiwic2xpZGVzaG93IjoiNjY4OTNiMyJ9\" href='https:\/\/www.guetersloh-marketing.de\/wp-content\/uploads\/2026\/02\/in-voller-bluete-street-art-sonntag--lena-descher-0197.jpg'><img loading=\"lazy\" decoding=\"async\" width=\"768\" height=\"512\" src=\"https:\/\/www.guetersloh-marketing.de\/wp-content\/uploads\/2026\/02\/in-voller-bluete-street-art-sonntag--lena-descher-0197-768x512.jpg\" class=\"attachment-medium_large size-medium_large\" alt=\"Ein 3D-Kunstwerk auf dem B\u00fcrgersteig, das eine Person mit bunten Formen darstellt.\" srcset=\"https:\/\/www.guetersloh-marketing.de\/wp-content\/uploads\/2026\/02\/in-voller-bluete-street-art-sonntag--lena-descher-0197-768x512.jpg 768w, https:\/\/www.guetersloh-marketing.de\/wp-content\/uploads\/2026\/02\/in-voller-bluete-street-art-sonntag--lena-descher-0197-300x200.jpg 300w, https:\/\/www.guetersloh-marketing.de\/wp-content\/uploads\/2026\/02\/in-voller-bluete-street-art-sonntag--lena-descher-0197-1024x683.jpg 1024w, https:\/\/www.guetersloh-marketing.de\/wp-content\/uploads\/2026\/02\/in-voller-bluete-street-art-sonntag--lena-descher-0197-18x12.jpg 18w, https:\/\/www.guetersloh-marketing.de\/wp-content\/uploads\/2026\/02\/in-voller-bluete-street-art-sonntag--lena-descher-0197-560x373.jpg 560w, https:\/\/www.guetersloh-marketing.de\/wp-content\/uploads\/2026\/02\/in-voller-bluete-street-art-sonntag--lena-descher-0197.jpg 1500w\" sizes=\"(max-width: 768px) 100vw, 768px\" \/><\/a>\n\t\t\t<\/div><\/figure><figure class='gallery-item'>\n\t\t\t<div class='gallery-icon landscape'>\n\t\t\t\t<a data-elementor-open-lightbox=\"yes\" data-elementor-lightbox-slideshow=\"66893b3\" data-e-action-hash=\"#elementor-action%3Aaction%3Dlightbox%26settings%3DeyJpZCI6NTM3NTksInVybCI6Imh0dHBzOlwvXC93d3cuZ3VldGVyc2xvaC1tYXJrZXRpbmcuZGVcL3dwLWNvbnRlbnRcL3VwbG9hZHNcLzIwMjZcLzAyXC9pbi12b2xsZXItYmx1ZXRlLXN0cmVldC1hcnQtc29ubnRhZy0tbGVuYS1kZXNjaGVyLTAyMTcuanBnIiwic2xpZGVzaG93IjoiNjY4OTNiMyJ9\" href='https:\/\/www.guetersloh-marketing.de\/wp-content\/uploads\/2026\/02\/in-voller-bluete-street-art-sonntag--lena-descher-0217.jpg'><img loading=\"lazy\" decoding=\"async\" width=\"768\" height=\"512\" src=\"https:\/\/www.guetersloh-marketing.de\/wp-content\/uploads\/2026\/02\/in-voller-bluete-street-art-sonntag--lena-descher-0217-768x512.jpg\" class=\"attachment-medium_large size-medium_large\" alt=\"Strassenmalerei von Mickey Mouse und Freunden\" srcset=\"https:\/\/www.guetersloh-marketing.de\/wp-content\/uploads\/2026\/02\/in-voller-bluete-street-art-sonntag--lena-descher-0217-768x512.jpg 768w, https:\/\/www.guetersloh-marketing.de\/wp-content\/uploads\/2026\/02\/in-voller-bluete-street-art-sonntag--lena-descher-0217-300x200.jpg 300w, https:\/\/www.guetersloh-marketing.de\/wp-content\/uploads\/2026\/02\/in-voller-bluete-street-art-sonntag--lena-descher-0217-1024x683.jpg 1024w, https:\/\/www.guetersloh-marketing.de\/wp-content\/uploads\/2026\/02\/in-voller-bluete-street-art-sonntag--lena-descher-0217-18x12.jpg 18w, https:\/\/www.guetersloh-marketing.de\/wp-content\/uploads\/2026\/02\/in-voller-bluete-street-art-sonntag--lena-descher-0217-560x373.jpg 560w, https:\/\/www.guetersloh-marketing.de\/wp-content\/uploads\/2026\/02\/in-voller-bluete-street-art-sonntag--lena-descher-0217.jpg 1500w\" sizes=\"(max-width: 768px) 100vw, 768px\" \/><\/a>\n\t\t\t<\/div><\/figure><figure class='gallery-item'>\n\t\t\t<div class='gallery-icon landscape'>\n\t\t\t\t<a data-elementor-open-lightbox=\"yes\" data-elementor-lightbox-slideshow=\"66893b3\" data-e-action-hash=\"#elementor-action%3Aaction%3Dlightbox%26settings%3DeyJpZCI6NTM3NjAsInVybCI6Imh0dHBzOlwvXC93d3cuZ3VldGVyc2xvaC1tYXJrZXRpbmcuZGVcL3dwLWNvbnRlbnRcL3VwbG9hZHNcLzIwMjZcLzAyXC9pbi12b2xsZXItYmx1ZXRlLXN0cmVldC1hcnQtc29ubnRhZy0tbGVuYS1kZXNjaGVyLTAyMjMuanBnIiwic2xpZGVzaG93IjoiNjY4OTNiMyJ9\" href='https:\/\/www.guetersloh-marketing.de\/wp-content\/uploads\/2026\/02\/in-voller-bluete-street-art-sonntag--lena-descher-0223.jpg'><img loading=\"lazy\" decoding=\"async\" width=\"768\" height=\"512\" src=\"https:\/\/www.guetersloh-marketing.de\/wp-content\/uploads\/2026\/02\/in-voller-bluete-street-art-sonntag--lena-descher-0223-768x512.jpg\" class=\"attachment-medium_large size-medium_large\" alt=\"3D-Pavement-Art mit einem roten Flugzeug\" srcset=\"https:\/\/www.guetersloh-marketing.de\/wp-content\/uploads\/2026\/02\/in-voller-bluete-street-art-sonntag--lena-descher-0223-768x512.jpg 768w, https:\/\/www.guetersloh-marketing.de\/wp-content\/uploads\/2026\/02\/in-voller-bluete-street-art-sonntag--lena-descher-0223-300x200.jpg 300w, https:\/\/www.guetersloh-marketing.de\/wp-content\/uploads\/2026\/02\/in-voller-bluete-street-art-sonntag--lena-descher-0223-1024x683.jpg 1024w, https:\/\/www.guetersloh-marketing.de\/wp-content\/uploads\/2026\/02\/in-voller-bluete-street-art-sonntag--lena-descher-0223-18x12.jpg 18w, https:\/\/www.guetersloh-marketing.de\/wp-content\/uploads\/2026\/02\/in-voller-bluete-street-art-sonntag--lena-descher-0223-560x373.jpg 560w, https:\/\/www.guetersloh-marketing.de\/wp-content\/uploads\/2026\/02\/in-voller-bluete-street-art-sonntag--lena-descher-0223.jpg 1500w\" sizes=\"(max-width: 768px) 100vw, 768px\" \/><\/a>\n\t\t\t<\/div><\/figure><figure class='gallery-item'>\n\t\t\t<div class='gallery-icon landscape'>\n\t\t\t\t<a data-elementor-open-lightbox=\"yes\" data-elementor-lightbox-slideshow=\"66893b3\" data-e-action-hash=\"#elementor-action%3Aaction%3Dlightbox%26settings%3DeyJpZCI6NTM3NTYsInVybCI6Imh0dHBzOlwvXC93d3cuZ3VldGVyc2xvaC1tYXJrZXRpbmcuZGVcL3dwLWNvbnRlbnRcL3VwbG9hZHNcLzIwMjZcLzAyXC9pbi12b2xsZXItYmx1ZXRlLXN0cmVldC1hcnQtc29ubnRhZy0tbGVuYS1kZXNjaGVyLTAxMTUuanBnIiwic2xpZGVzaG93IjoiNjY4OTNiMyJ9\" href='https:\/\/www.guetersloh-marketing.de\/wp-content\/uploads\/2026\/02\/in-voller-bluete-street-art-sonntag--lena-descher-0115.jpg'><img loading=\"lazy\" decoding=\"async\" width=\"768\" height=\"512\" src=\"https:\/\/www.guetersloh-marketing.de\/wp-content\/uploads\/2026\/02\/in-voller-bluete-street-art-sonntag--lena-descher-0115-768x512.jpg\" class=\"attachment-medium_large size-medium_large\" alt=\"Ein Stra\u00dfenmusiker-Duo pr\u00e4sentiert ein Live-Performance in einer Fu\u00dfg\u00e4ngerzone.\" srcset=\"https:\/\/www.guetersloh-marketing.de\/wp-content\/uploads\/2026\/02\/in-voller-bluete-street-art-sonntag--lena-descher-0115-768x512.jpg 768w, https:\/\/www.guetersloh-marketing.de\/wp-content\/uploads\/2026\/02\/in-voller-bluete-street-art-sonntag--lena-descher-0115-300x200.jpg 300w, https:\/\/www.guetersloh-marketing.de\/wp-content\/uploads\/2026\/02\/in-voller-bluete-street-art-sonntag--lena-descher-0115-1024x683.jpg 1024w, https:\/\/www.guetersloh-marketing.de\/wp-content\/uploads\/2026\/02\/in-voller-bluete-street-art-sonntag--lena-descher-0115-18x12.jpg 18w, https:\/\/www.guetersloh-marketing.de\/wp-content\/uploads\/2026\/02\/in-voller-bluete-street-art-sonntag--lena-descher-0115-560x373.jpg 560w, https:\/\/www.guetersloh-marketing.de\/wp-content\/uploads\/2026\/02\/in-voller-bluete-street-art-sonntag--lena-descher-0115.jpg 1500w\" sizes=\"(max-width: 768px) 100vw, 768px\" \/><\/a>\n\t\t\t<\/div><\/figure>\n\t\t<\/div>\n\t\t<\/div>\n\t\t\t\t<\/div>\n\t\t\t\t<\/div>\n\t\t\t\t<div class=\"elementor-element elementor-element-562599e6 elementor-icon-list--layout-inline elementor-align-center elementor-list-item-link-full_width elementor-widget elementor-widget-icon-list\" data-id=\"562599e6\" data-element_type=\"widget\" data-widget_type=\"icon-list.default\">\n\t\t\t\t<div class=\"elementor-widget-container\">\n\t\t\t<span id=\"562599e6\"><\/span>\t\t<ul class=\"elementor-icon-list-items elementor-inline-items\">\n\t\t\t\t\t\t\t<li class=\"elementor-icon-list-item elementor-inline-item\">\n\t\t\t\t\t\t\t\t\t\t\t<span class=\"elementor-icon-list-icon\">\n\t\t\t\t\t\t\t<i aria-hidden=\"true\" class=\"far fa-copyright\"><\/i>\t\t\t\t\t\t<\/span>\n\t\t\t\t\t\t\t\t\t\t<span class=\"elementor-icon-list-text\">Lena Descher<\/span>\n\t\t\t\t\t\t\t\t\t<\/li>\n\t\t\t\t\t\t<\/ul>\n\t\t\t\t<\/div>\n\t\t\t\t<\/div>\n\t\t\t\t<div class=\"elementor-element elementor-element-4c491a13 elementor-widget elementor-widget-spacer\" data-id=\"4c491a13\" data-element_type=\"widget\" data-widget_type=\"spacer.default\">\n\t\t\t\t<div class=\"elementor-widget-container\">\n\t\t\t<span id=\"4c491a13\"><\/span>\t\t<div class=\"elementor-spacer\">\n\t\t\t<div class=\"elementor-spacer-inner\"><\/div>\n\t\t<\/div>\n\t\t\t\t<\/div>\n\t\t\t\t<\/div>\n\t\t\t\t\t<\/div>\n\t\t<\/div>\n\t\t\t\t\t<\/div>\n\t\t<\/section>\n\t\t\t\t<\/div>","protected":false},"excerpt":{"rendered":"<p>G\u00fctersloher Fr\u00fchling &#8211; in voller Bl\u00fcte Am 2. und 3. Mai zeigt sich der G\u00fctersloher [&hellip;]<\/p>\n","protected":false},"author":22,"featured_media":24496,"parent":35214,"menu_order":3,"comment_status":"closed","ping_status":"closed","template":"","meta":{"_acf_changed":false,"footnotes":""},"categories":[],"competences":[],"class_list":["post-40471","page","type-page","status-publish","has-post-thumbnail","hentry"],"acf":[],"_links":{"self":[{"href":"https:\/\/www.guetersloh-marketing.de\/en\/wp-json\/wp\/v2\/pages\/40471","targetHints":{"allow":["GET"]}}],"collection":[{"href":"https:\/\/www.guetersloh-marketing.de\/en\/wp-json\/wp\/v2\/pages"}],"about":[{"href":"https:\/\/www.guetersloh-marketing.de\/en\/wp-json\/wp\/v2\/types\/page"}],"author":[{"embeddable":true,"href":"https:\/\/www.guetersloh-marketing.de\/en\/wp-json\/wp\/v2\/users\/22"}],"replies":[{"embeddable":true,"href":"https:\/\/www.guetersloh-marketing.de\/en\/wp-json\/wp\/v2\/comments?post=40471"}],"version-history":[{"count":78,"href":"https:\/\/www.guetersloh-marketing.de\/en\/wp-json\/wp\/v2\/pages\/40471\/revisions"}],"predecessor-version":[{"id":54863,"href":"https:\/\/www.guetersloh-marketing.de\/en\/wp-json\/wp\/v2\/pages\/40471\/revisions\/54863"}],"up":[{"embeddable":true,"href":"https:\/\/www.guetersloh-marketing.de\/en\/wp-json\/wp\/v2\/pages\/35214"}],"wp:featuredmedia":[{"embeddable":true,"href":"https:\/\/www.guetersloh-marketing.de\/en\/wp-json\/wp\/v2\/media\/24496"}],"wp:attachment":[{"href":"https:\/\/www.guetersloh-marketing.de\/en\/wp-json\/wp\/v2\/media?parent=40471"}],"wp:term":[{"taxonomy":"category","embeddable":true,"href":"https:\/\/www.guetersloh-marketing.de\/en\/wp-json\/wp\/v2\/categories?post=40471"},{"taxonomy":"competences","embeddable":true,"href":"https:\/\/www.guetersloh-marketing.de\/en\/wp-json\/wp\/v2\/competences?post=40471"}],"curies":[{"name":"wp","href":"https:\/\/api.w.org\/{rel}","templated":true}]}}