{"id":39535,"date":"2022-12-05T13:42:00","date_gmt":"2022-12-05T12:42:03","guid":{"rendered":"https:\/\/www.guetersloh-marketing.de\/?page_id=39535"},"modified":"2026-04-14T09:55:16","modified_gmt":"2026-04-14T07:55:16","slug":"stadtfuehrer","status":"publish","type":"page","link":"https:\/\/www.guetersloh-marketing.de\/en\/guetersloh\/stadtfuehrungen\/stadtfuehrer\/","title":{"rendered":"Our city guides"},"content":{"rendered":"<div data-elementor-type=\"wp-post\" data-elementor-id=\"39535\" class=\"elementor elementor-39535\" data-elementor-post-type=\"page\">\n\t\t\t\t\t\t<section class=\"elementor-section elementor-top-section elementor-element elementor-element-3e24eae elementor-section-boxed elementor-section-height-default elementor-section-height-default\" data-id=\"3e24eae\" data-element_type=\"section\">\n\t\t\t\t\t\t<div class=\"elementor-container elementor-column-gap-default\">\n\t\t\t\t\t<div class=\"elementor-column elementor-col-100 elementor-top-column elementor-element elementor-element-4af51e3\" data-id=\"4af51e3\" data-element_type=\"column\">\n\t\t\t<div class=\"elementor-widget-wrap elementor-element-populated\">\n\t\t\t\t\t\t<div class=\"elementor-element elementor-element-1755bd8 elementor-widget elementor-widget-spacer\" data-id=\"1755bd8\" data-element_type=\"widget\" data-widget_type=\"spacer.default\">\n\t\t\t\t<div class=\"elementor-widget-container\">\n\t\t\t<span id=\"1755bd8\"><\/span>\t\t<div class=\"elementor-spacer\">\n\t\t\t<div class=\"elementor-spacer-inner\"><\/div>\n\t\t<\/div>\n\t\t\t\t<\/div>\n\t\t\t\t<\/div>\n\t\t\t\t<div class=\"elementor-element elementor-element-98dd12a elementor-widget elementor-widget-heading\" data-id=\"98dd12a\" data-element_type=\"widget\" data-widget_type=\"heading.default\">\n\t\t\t\t<div class=\"elementor-widget-container\">\n\t\t\t<span id=\"98dd12a\"><\/span><h1 class=\"elementor-heading-title elementor-size-default\">Our city guides<\/h1>\t\t<\/div>\n\t\t\t\t<\/div>\n\t\t\t\t\t<\/div>\n\t\t<\/div>\n\t\t\t\t\t<\/div>\n\t\t<\/section>\n\t\t\t\t<section class=\"elementor-section elementor-top-section elementor-element elementor-element-cd6023f elementor-section-boxed elementor-section-height-default elementor-section-height-default\" data-id=\"cd6023f\" data-element_type=\"section\">\n\t\t\t\t\t\t<div class=\"elementor-container elementor-column-gap-default\">\n\t\t\t\t\t<div class=\"elementor-column elementor-col-100 elementor-top-column elementor-element elementor-element-7a4ca94\" data-id=\"7a4ca94\" data-element_type=\"column\">\n\t\t\t<div class=\"elementor-widget-wrap elementor-element-populated\">\n\t\t\t\t\t\t<div class=\"elementor-element elementor-element-d345f13 elementor-widget elementor-widget-heading\" data-id=\"d345f13\" data-element_type=\"widget\" data-widget_type=\"heading.default\">\n\t\t\t\t<div class=\"elementor-widget-container\">\n\t\t\t<span id=\"d345f13\"><\/span><h2 class=\"elementor-heading-title elementor-size-default\">Get to know our experts in G\u00fctersloh!<\/h2>\t\t<\/div>\n\t\t\t\t<\/div>\n\t\t\t\t<div class=\"elementor-element elementor-element-da477af elementor-widget elementor-widget-text-editor\" data-id=\"da477af\" data-element_type=\"widget\" data-widget_type=\"text-editor.default\">\n\t\t\t\t<div class=\"elementor-widget-container\">\n\t\t\t<span id=\"da477af\"><\/span>\t\t\t\t<div>Our city guides will provide you with the most interesting facts and anecdotes about the city and its history. Together with the city archives, the city museum and the VHS G\u00fctersloh, we have trained them and are now looking forward to their support in showing all G\u00fctersloh residents and visitors the most beautiful corners of G\u00fctersloh!<\/div>\t\t\t\t\t\t<\/div>\n\t\t\t\t<\/div>\n\t\t\t\t<div class=\"elementor-element elementor-element-d8556cd elementor-widget elementor-widget-spacer\" data-id=\"d8556cd\" data-element_type=\"widget\" data-widget_type=\"spacer.default\">\n\t\t\t\t<div class=\"elementor-widget-container\">\n\t\t\t<span id=\"d8556cd\"><\/span>\t\t<div class=\"elementor-spacer\">\n\t\t\t<div class=\"elementor-spacer-inner\"><\/div>\n\t\t<\/div>\n\t\t\t\t<\/div>\n\t\t\t\t<\/div>\n\t\t\t\t\t<\/div>\n\t\t<\/div>\n\t\t\t\t\t<\/div>\n\t\t<\/section>\n\t\t\t\t<section class=\"elementor-section elementor-top-section elementor-element elementor-element-c8cc91d elementor-section-boxed elementor-section-height-default elementor-section-height-default\" data-id=\"c8cc91d\" data-element_type=\"section\">\n\t\t\t\t\t\t<div class=\"elementor-container elementor-column-gap-default\">\n\t\t\t\t\t<div class=\"elementor-column elementor-col-50 elementor-top-column elementor-element elementor-element-4318185\" data-id=\"4318185\" data-element_type=\"column\">\n\t\t\t<div class=\"elementor-widget-wrap elementor-element-populated\">\n\t\t\t\t\t\t<div class=\"elementor-element elementor-element-4c08f5f elementor-widget elementor-widget-heading\" data-id=\"4c08f5f\" data-element_type=\"widget\" data-widget_type=\"heading.default\">\n\t\t\t\t<div class=\"elementor-widget-container\">\n\t\t\t<span id=\"4c08f5f\"><\/span><h4 class=\"elementor-heading-title elementor-size-default\">Norbert Ellermann<\/h4>\t\t<\/div>\n\t\t\t\t<\/div>\n\t\t\t\t<div class=\"elementor-element elementor-element-88187ac elementor-widget elementor-widget-text-editor\" data-id=\"88187ac\" data-element_type=\"widget\" data-widget_type=\"text-editor.default\">\n\t\t\t\t<div class=\"elementor-widget-container\">\n\t\t\t<span id=\"88187ac\"><\/span>\t\t\t\t<p><span data-contrast=\"auto\">Norbert Ellermann ist ein begeisterter Geschichtsliebhaber,\u00a0der sein Studium der Geschichte mit einer besonderen Leidenschaft f\u00fcr die Menschen und ihre Geschichten verbindet. F\u00fcr\u00a0ihn sind es nicht nur Daten und Fakten, die Geschichte lebendig machen, sondern vor allem die pers\u00f6nlichen Geschichten\u00a0hinter den Mauern. In G\u00fctersloh entdeckt er mit seinen Teilnehmern spannende Pers\u00f6nlichkeiten und historische Geb\u00e4ude. Sein Motto lautet: \u201eNur das Wissen, das geteilt wird,\u00a0geht nicht verloren.\u201c Daher l\u00e4dt er alle herzlich ein, gemeinsam mit ihm auf Spurensuche durch die Stadt zu gehen. Sein\u00a0Tourenangebot umfasst zwei besondere Erlebnisse: \u201eMit Hinz\u00a0und Kunz durch G\u00fctersloh\u201c verbindet die Stadtgeschichte mit\u00a0bekannten Sprichw\u00f6rtern und Redewendungen \u2013 hier geht\u00a0garantiert \u201eein Licht auf\u201c. Bei \u201eSchaumkronen und Stadtgefl\u00fcster\u201c erkunden die Teilnehmenden in geselliger Runde vier\u00a0ausgew\u00e4hlte G\u00fctersloher Kneipen, erfahren Wissenswertes\u00a0zu Stadt, Lokalen und Kneipenkultur und genie\u00dfen besondere\u00a0Getr\u00e4nkespezialit\u00e4ten. Norberts Lieblingsort ist das Stadtmuseum an der K\u00f6kerstra\u00dfe, wo er 2002 seine erste Sonderausstellung zum 100-j\u00e4hrigen Jubil\u00e4um des KSV 02 realisierte.\u00a0Seitdem begeistert er immer wieder mit neuen \u201eNeuigkeiten\u00a0aus der Vergangenheit\u201c.<\/span><span data-ccp-props=\"{&quot;134233117&quot;:false,&quot;134233118&quot;:false,&quot;335551550&quot;:1,&quot;335551620&quot;:1,&quot;335559738&quot;:240,&quot;335559739&quot;:240}\">\u00a0<\/span><\/p>\t\t\t\t\t\t<\/div>\n\t\t\t\t<\/div>\n\t\t\t\t\t<\/div>\n\t\t<\/div>\n\t\t\t\t<div class=\"elementor-column elementor-col-50 elementor-top-column elementor-element elementor-element-6314a2f\" data-id=\"6314a2f\" data-element_type=\"column\">\n\t\t\t<div class=\"elementor-widget-wrap elementor-element-populated\">\n\t\t\t\t\t\t<div class=\"elementor-element elementor-element-bc79092 elementor-widget elementor-widget-image\" data-id=\"bc79092\" data-element_type=\"widget\" data-widget_type=\"image.default\">\n\t\t\t\t<div class=\"elementor-widget-container\">\n\t\t\t<span id=\"bc79092\"><\/span>\t\t\t\t\t\t\t\t\t\t<img fetchpriority=\"high\" decoding=\"async\" width=\"667\" height=\"1000\" src=\"https:\/\/www.guetersloh-marketing.de\/wp-content\/uploads\/2026\/03\/norbert-ellermann-11a7465-norbert-ellermann-11a7465.jpg\" class=\"attachment-large size-large wp-image-54191\" alt=\"Stadtf\u00fchrer Norbert Ellermann steht im Vordergrund. Der Hintergrund ist verschwommen.\" srcset=\"https:\/\/www.guetersloh-marketing.de\/wp-content\/uploads\/2026\/03\/norbert-ellermann-11a7465-norbert-ellermann-11a7465.jpg 667w, https:\/\/www.guetersloh-marketing.de\/wp-content\/uploads\/2026\/03\/norbert-ellermann-11a7465-norbert-ellermann-11a7465-200x300.jpg 200w, https:\/\/www.guetersloh-marketing.de\/wp-content\/uploads\/2026\/03\/norbert-ellermann-11a7465-norbert-ellermann-11a7465-8x12.jpg 8w, https:\/\/www.guetersloh-marketing.de\/wp-content\/uploads\/2026\/03\/norbert-ellermann-11a7465-norbert-ellermann-11a7465-560x840.jpg 560w\" sizes=\"(max-width: 667px) 100vw, 667px\" \/>\t\t\t\t\t\t\t\t\t\t\t\t\t<\/div>\n\t\t\t\t<\/div>\n\t\t\t\t\t<\/div>\n\t\t<\/div>\n\t\t\t\t\t<\/div>\n\t\t<\/section>\n\t\t\t\t<section class=\"elementor-section elementor-top-section elementor-element elementor-element-cb09dc4 elementor-section-boxed elementor-section-height-default elementor-section-height-default\" data-id=\"cb09dc4\" data-element_type=\"section\">\n\t\t\t\t\t\t<div class=\"elementor-container elementor-column-gap-default\">\n\t\t\t\t\t<div class=\"elementor-column elementor-col-50 elementor-top-column elementor-element elementor-element-8e0c8ad\" data-id=\"8e0c8ad\" data-element_type=\"column\">\n\t\t\t<div class=\"elementor-widget-wrap elementor-element-populated\">\n\t\t\t\t\t\t<div class=\"elementor-element elementor-element-ded100f elementor-widget elementor-widget-image\" data-id=\"ded100f\" data-element_type=\"widget\" data-widget_type=\"image.default\">\n\t\t\t\t<div class=\"elementor-widget-container\">\n\t\t\t<span id=\"ded100f\"><\/span>\t\t\t\t\t\t\t\t\t\t<img decoding=\"async\" width=\"667\" height=\"1000\" src=\"https:\/\/www.guetersloh-marketing.de\/wp-content\/uploads\/2026\/03\/elisabeth-11a4587-elisabeth-11a4587.jpg\" class=\"attachment-large size-large wp-image-54182\" alt=\"Stadtf\u00fchrerin Elisabeth Erdsiek h\u00e4lt ger\u00f6stete Kaffeebohnen in ihrer Hand.\" srcset=\"https:\/\/www.guetersloh-marketing.de\/wp-content\/uploads\/2026\/03\/elisabeth-11a4587-elisabeth-11a4587.jpg 667w, https:\/\/www.guetersloh-marketing.de\/wp-content\/uploads\/2026\/03\/elisabeth-11a4587-elisabeth-11a4587-200x300.jpg 200w, https:\/\/www.guetersloh-marketing.de\/wp-content\/uploads\/2026\/03\/elisabeth-11a4587-elisabeth-11a4587-8x12.jpg 8w, https:\/\/www.guetersloh-marketing.de\/wp-content\/uploads\/2026\/03\/elisabeth-11a4587-elisabeth-11a4587-560x840.jpg 560w\" sizes=\"(max-width: 667px) 100vw, 667px\" \/>\t\t\t\t\t\t\t\t\t\t\t\t\t<\/div>\n\t\t\t\t<\/div>\n\t\t\t\t\t<\/div>\n\t\t<\/div>\n\t\t\t\t<div class=\"elementor-column elementor-col-50 elementor-top-column elementor-element elementor-element-a552e68\" data-id=\"a552e68\" data-element_type=\"column\">\n\t\t\t<div class=\"elementor-widget-wrap elementor-element-populated\">\n\t\t\t\t\t\t<div class=\"elementor-element elementor-element-3feeb79 elementor-widget elementor-widget-spacer\" data-id=\"3feeb79\" data-element_type=\"widget\" data-widget_type=\"spacer.default\">\n\t\t\t\t<div class=\"elementor-widget-container\">\n\t\t\t<span id=\"3feeb79\"><\/span>\t\t<div class=\"elementor-spacer\">\n\t\t\t<div class=\"elementor-spacer-inner\"><\/div>\n\t\t<\/div>\n\t\t\t\t<\/div>\n\t\t\t\t<\/div>\n\t\t\t\t<div class=\"elementor-element elementor-element-daf068c elementor-widget elementor-widget-heading\" data-id=\"daf068c\" data-element_type=\"widget\" data-widget_type=\"heading.default\">\n\t\t\t\t<div class=\"elementor-widget-container\">\n\t\t\t<span id=\"daf068c\"><\/span><h4 class=\"elementor-heading-title elementor-size-default\">Elisabeth Erdsiek <\/h4>\t\t<\/div>\n\t\t\t\t<\/div>\n\t\t\t\t<div class=\"elementor-element elementor-element-698a291 elementor-widget elementor-widget-text-editor\" data-id=\"698a291\" data-element_type=\"widget\" data-widget_type=\"text-editor.default\">\n\t\t\t\t<div class=\"elementor-widget-container\">\n\t\t\t<span id=\"698a291\"><\/span>\t\t\t\t<p><span data-contrast=\"auto\">Mit\u00a0gro\u00dfer Begeisterung f\u00fcr ihre Heimatstadt m\u00f6chte\u00a0<\/span><span data-contrast=\"auto\">Elisabeth Erdsiek\u00a0<\/span><span data-contrast=\"auto\">G\u00fctersloh auf ihre ganz eigene Weise erlebbar machen. Dabei geht es ihr nicht nur um Fakten und historische Geb\u00e4ude, sondern um ein ganzheitliches Erlebnis in entspannter Atmosph\u00e4re und auf kurzen, barrierefreien Wegen. Ihre \u201eKleine Stadtf\u00fchrung mit Genuss\u201c l\u00e4dt dazu ein, G\u00fctersloh auf einer entspannten Tour mit allen Sinnen zu entdecken. Nach einem etwa einst\u00fcndigen Rundgang mit historischen Informationen und besonderen Orten wie dem alten Kirchplatz oder einem ehemaligen Feinkostgesch\u00e4ft, k\u00f6nnen die Teilnehmenden bei einem frisch gebr\u00fchten Kaffee oder Getr\u00e4nk Geschichten zum Berliner Platz genie\u00dfen. Die Route ist barrierefrei und beinhaltet behindertengerechte Toiletten.<\/span><span data-ccp-props=\"{&quot;134233117&quot;:false,&quot;134233118&quot;:false,&quot;335551550&quot;:1,&quot;335551620&quot;:1,&quot;335559738&quot;:240,&quot;335559739&quot;:240}\">\u00a0<\/span><\/p>\t\t\t\t\t\t<\/div>\n\t\t\t\t<\/div>\n\t\t\t\t\t<\/div>\n\t\t<\/div>\n\t\t\t\t\t<\/div>\n\t\t<\/section>\n\t\t\t\t<section class=\"elementor-section elementor-top-section elementor-element elementor-element-13cb8e3 elementor-section-boxed elementor-section-height-default elementor-section-height-default\" data-id=\"13cb8e3\" data-element_type=\"section\">\n\t\t\t\t\t\t<div class=\"elementor-container elementor-column-gap-default\">\n\t\t\t\t\t<div class=\"elementor-column elementor-col-50 elementor-top-column elementor-element elementor-element-7c4d62c\" data-id=\"7c4d62c\" data-element_type=\"column\">\n\t\t\t<div class=\"elementor-widget-wrap elementor-element-populated\">\n\t\t\t\t\t\t<div class=\"elementor-element elementor-element-d6d5b49 elementor-widget elementor-widget-spacer\" data-id=\"d6d5b49\" data-element_type=\"widget\" data-widget_type=\"spacer.default\">\n\t\t\t\t<div class=\"elementor-widget-container\">\n\t\t\t<span id=\"d6d5b49\"><\/span>\t\t<div class=\"elementor-spacer\">\n\t\t\t<div class=\"elementor-spacer-inner\"><\/div>\n\t\t<\/div>\n\t\t\t\t<\/div>\n\t\t\t\t<\/div>\n\t\t\t\t<div class=\"elementor-element elementor-element-120700e elementor-widget elementor-widget-heading\" data-id=\"120700e\" data-element_type=\"widget\" data-widget_type=\"heading.default\">\n\t\t\t\t<div class=\"elementor-widget-container\">\n\t\t\t<span id=\"120700e\"><\/span><h4 class=\"elementor-heading-title elementor-size-default\">Rolf Erdsiek <\/h4>\t\t<\/div>\n\t\t\t\t<\/div>\n\t\t\t\t<div class=\"elementor-element elementor-element-4165194 elementor-widget elementor-widget-text-editor\" data-id=\"4165194\" data-element_type=\"widget\" data-widget_type=\"text-editor.default\">\n\t\t\t\t<div class=\"elementor-widget-container\">\n\t\t\t<span id=\"4165194\"><\/span>\t\t\t\t<p><span data-contrast=\"auto\">Rolf Erdsiek ist ein echtes G\u00fctersloher Urgestein: Schon sein\u00a0Gro\u00dfvater und Vater wuchsen hier auf, und Rolf selbst kennt die\u00a0Stadt in und auswendig. Das macht ihn zum perfekten Stadtf\u00fchrer f\u00fcr alle, die nicht nur das historische Fundament, sondern\u00a0auch die kleinen Geschichten hinter den Fassaden entdecken\u00a0wollen. Sein Schwerpunkt liegt auf der Entwicklung G\u00fcterslohs\u00a0von einem kleinen Kirchspiel des Mittelalters hin zu einer pulsierenden Gro\u00dfstadt mit namhaften Firmen und einer reichen\u00a0Geschichte. Klassiker sind seine Stadtrundg\u00e4nge, die Geschichte lebendig machen \u2013 mit spannenden Anekdoten und\u00a0fundiertem historischem Hintergrundwissen. Auch f\u00fcr Jubilare\u00a0und Geburtstagskinder hat Rolf etwas Besonderes im Programm: eine unterhaltsame Stadtf\u00fchrung, die Historie und\u00a0Geschichten aus G\u00fctersloh mit einem Quiz, westf\u00e4lischen\u00a0Snacks und Getr\u00e4nken verbindet. So wird der Ehrentag zu einem\u00a0abwechslungsreichen Erlebnis in geselliger Runde. Religionsgeschichte und die historischen Kirchen sind ein weiteres\u00a0Spezialgebiet: Rolf zeigt die Apostelkirche, den Alten Kirchplatz\u00a0und die Martin-Luther-Kirche und erz\u00e4hlt, wie verschiedene\u00a0Glaubensgemeinschaften die Stadt gepr\u00e4gt haben. F\u00fcr ihn sind\u00a0diese Orte einzigartig, weil hier noch der Elan und Spirit der Vorfahren zu sp\u00fcren ist.<\/span><span data-ccp-props=\"{&quot;134233117&quot;:false,&quot;134233118&quot;:false,&quot;335551550&quot;:1,&quot;335551620&quot;:1,&quot;335559738&quot;:240,&quot;335559739&quot;:240}\">\u00a0<\/span><\/p>\t\t\t\t\t\t<\/div>\n\t\t\t\t<\/div>\n\t\t\t\t\t<\/div>\n\t\t<\/div>\n\t\t\t\t<div class=\"elementor-column elementor-col-50 elementor-top-column elementor-element elementor-element-965674f\" data-id=\"965674f\" data-element_type=\"column\">\n\t\t\t<div class=\"elementor-widget-wrap elementor-element-populated\">\n\t\t\t\t\t\t<div class=\"elementor-element elementor-element-321160d elementor-widget elementor-widget-image\" data-id=\"321160d\" data-element_type=\"widget\" data-widget_type=\"image.default\">\n\t\t\t\t<div class=\"elementor-widget-container\">\n\t\t\t<span id=\"321160d\"><\/span>\t\t\t\t\t\t\t\t\t\t<img decoding=\"async\" width=\"667\" height=\"1000\" src=\"https:\/\/www.guetersloh-marketing.de\/wp-content\/uploads\/2026\/03\/rolf-11a4438-rolf-11a4438.jpg\" class=\"attachment-large size-large wp-image-54192\" alt=\"Stadtf\u00fchrer Rolf Erdsiek steht vor einem gr\u00f6\u00dferen Baum.\" srcset=\"https:\/\/www.guetersloh-marketing.de\/wp-content\/uploads\/2026\/03\/rolf-11a4438-rolf-11a4438.jpg 667w, https:\/\/www.guetersloh-marketing.de\/wp-content\/uploads\/2026\/03\/rolf-11a4438-rolf-11a4438-200x300.jpg 200w, https:\/\/www.guetersloh-marketing.de\/wp-content\/uploads\/2026\/03\/rolf-11a4438-rolf-11a4438-8x12.jpg 8w, https:\/\/www.guetersloh-marketing.de\/wp-content\/uploads\/2026\/03\/rolf-11a4438-rolf-11a4438-560x840.jpg 560w\" sizes=\"(max-width: 667px) 100vw, 667px\" \/>\t\t\t\t\t\t\t\t\t\t\t\t\t<\/div>\n\t\t\t\t<\/div>\n\t\t\t\t\t<\/div>\n\t\t<\/div>\n\t\t\t\t\t<\/div>\n\t\t<\/section>\n\t\t\t\t<section class=\"elementor-section elementor-top-section elementor-element elementor-element-cf39e85 elementor-section-boxed elementor-section-height-default elementor-section-height-default\" data-id=\"cf39e85\" data-element_type=\"section\">\n\t\t\t\t\t\t<div class=\"elementor-container elementor-column-gap-default\">\n\t\t\t\t\t<div class=\"elementor-column elementor-col-50 elementor-top-column elementor-element elementor-element-d333f2c\" data-id=\"d333f2c\" data-element_type=\"column\">\n\t\t\t<div class=\"elementor-widget-wrap elementor-element-populated\">\n\t\t\t\t\t\t<div class=\"elementor-element elementor-element-9347220 elementor-widget elementor-widget-image\" data-id=\"9347220\" data-element_type=\"widget\" data-widget_type=\"image.default\">\n\t\t\t\t<div class=\"elementor-widget-container\">\n\t\t\t<span id=\"9347220\"><\/span>\t\t\t\t\t\t\t\t\t\t<img loading=\"lazy\" decoding=\"async\" width=\"667\" height=\"1000\" src=\"https:\/\/www.guetersloh-marketing.de\/wp-content\/uploads\/2026\/03\/susanne-11a4319-susanne-11a4319.jpg\" class=\"attachment-large size-large wp-image-54195\" alt=\"Stadtf\u00fchrerin Susanne F\u00f6rder steht vor einer \u00e4lteren T\u00fcr.\" srcset=\"https:\/\/www.guetersloh-marketing.de\/wp-content\/uploads\/2026\/03\/susanne-11a4319-susanne-11a4319.jpg 667w, https:\/\/www.guetersloh-marketing.de\/wp-content\/uploads\/2026\/03\/susanne-11a4319-susanne-11a4319-200x300.jpg 200w, https:\/\/www.guetersloh-marketing.de\/wp-content\/uploads\/2026\/03\/susanne-11a4319-susanne-11a4319-8x12.jpg 8w, https:\/\/www.guetersloh-marketing.de\/wp-content\/uploads\/2026\/03\/susanne-11a4319-susanne-11a4319-560x840.jpg 560w\" sizes=\"(max-width: 667px) 100vw, 667px\" \/>\t\t\t\t\t\t\t\t\t\t\t\t\t<\/div>\n\t\t\t\t<\/div>\n\t\t\t\t\t<\/div>\n\t\t<\/div>\n\t\t\t\t<div class=\"elementor-column elementor-col-50 elementor-top-column elementor-element elementor-element-f0357e9\" data-id=\"f0357e9\" data-element_type=\"column\">\n\t\t\t<div class=\"elementor-widget-wrap elementor-element-populated\">\n\t\t\t\t\t\t<div class=\"elementor-element elementor-element-43c9ab6 elementor-widget elementor-widget-spacer\" data-id=\"43c9ab6\" data-element_type=\"widget\" data-widget_type=\"spacer.default\">\n\t\t\t\t<div class=\"elementor-widget-container\">\n\t\t\t<span id=\"43c9ab6\"><\/span>\t\t<div class=\"elementor-spacer\">\n\t\t\t<div class=\"elementor-spacer-inner\"><\/div>\n\t\t<\/div>\n\t\t\t\t<\/div>\n\t\t\t\t<\/div>\n\t\t\t\t<div class=\"elementor-element elementor-element-13c60c4 elementor-widget elementor-widget-heading\" data-id=\"13c60c4\" data-element_type=\"widget\" data-widget_type=\"heading.default\">\n\t\t\t\t<div class=\"elementor-widget-container\">\n\t\t\t<span id=\"13c60c4\"><\/span><h4 class=\"elementor-heading-title elementor-size-default\">Susanne F\u00f6rder <\/h4>\t\t<\/div>\n\t\t\t\t<\/div>\n\t\t\t\t<div class=\"elementor-element elementor-element-7dab881 elementor-widget elementor-widget-text-editor\" data-id=\"7dab881\" data-element_type=\"widget\" data-widget_type=\"text-editor.default\">\n\t\t\t\t<div class=\"elementor-widget-container\">\n\t\t\t<span id=\"7dab881\"><\/span>\t\t\t\t<p><span data-contrast=\"auto\">Sie ist gewisserma\u00dfen mit dem G\u00fctsel-Gen auf die Welt gekommen, denn ihre Familie ist seit Generationen vor Ort verwurzelt. Kein Wunder, dass die Geschichte \u2013 oder besser gesagt: die vielen kleinen Geschichten \u2013\u201eihrer\u201c Stadt Susanne F\u00f6rder schon immer fasziniert haben. Neben klassischen F\u00fchrungen bietet sie, die sich gerne einmal mit der alten Kastanie auf dem Berliner Platz unterhalten w\u00fcrde, die Tour \u201eG\u00fctersloh erleben \u2013 Kleine Geschichten hinter gro\u00dfer Geschichte\u201c an. \u201eGerade diese kleinen Anekdoten bleiben einem oft viel besser im Ged\u00e4chtnis als reine Zahlen\u201c, ist sich die begeisterte Neu-Stadtf\u00fchrerin sicher. Zwischen Anekdoten und Aha-Momenten gibt Susanne F\u00f6rder historische Einblicke zu G\u00fcterslohs Geschichte und begeistert mit ihren Touren alle diejenigen, die die Dalke-Stadt aus einer neuen Perspektive kennenlernen m\u00f6chten, die wissen m\u00f6chten, wer und was diese Stadt gepr\u00e4gt haben, wie genau die kleinste Glocke der Martin-Luther-Kirche pl\u00f6tzlich verschwand, oder warum Herbert Gr\u00f6nemeyer einst vor halbleeren R\u00e4ngen in der Stadthalle singen musste.<\/span><span data-ccp-props=\"{&quot;335551550&quot;:1,&quot;335551620&quot;:1}\">\u00a0<\/span><\/p>\t\t\t\t\t\t<\/div>\n\t\t\t\t<\/div>\n\t\t\t\t\t<\/div>\n\t\t<\/div>\n\t\t\t\t\t<\/div>\n\t\t<\/section>\n\t\t\t\t<section class=\"elementor-section elementor-top-section elementor-element elementor-element-c70191d elementor-section-boxed elementor-section-height-default elementor-section-height-default\" data-id=\"c70191d\" data-element_type=\"section\">\n\t\t\t\t\t\t<div class=\"elementor-container elementor-column-gap-default\">\n\t\t\t\t\t<div class=\"elementor-column elementor-col-50 elementor-top-column elementor-element elementor-element-853f795\" data-id=\"853f795\" data-element_type=\"column\">\n\t\t\t<div class=\"elementor-widget-wrap elementor-element-populated\">\n\t\t\t\t\t\t<div class=\"elementor-element elementor-element-211914e elementor-widget elementor-widget-spacer\" data-id=\"211914e\" data-element_type=\"widget\" data-widget_type=\"spacer.default\">\n\t\t\t\t<div class=\"elementor-widget-container\">\n\t\t\t<span id=\"211914e\"><\/span>\t\t<div class=\"elementor-spacer\">\n\t\t\t<div class=\"elementor-spacer-inner\"><\/div>\n\t\t<\/div>\n\t\t\t\t<\/div>\n\t\t\t\t<\/div>\n\t\t\t\t<div class=\"elementor-element elementor-element-0e28c56 elementor-widget elementor-widget-heading\" data-id=\"0e28c56\" data-element_type=\"widget\" data-widget_type=\"heading.default\">\n\t\t\t\t<div class=\"elementor-widget-container\">\n\t\t\t<span id=\"0e28c56\"><\/span><h4 class=\"elementor-heading-title elementor-size-default\">Anna Frischholz <\/h4>\t\t<\/div>\n\t\t\t\t<\/div>\n\t\t\t\t<div class=\"elementor-element elementor-element-60d2db4 elementor-widget elementor-widget-text-editor\" data-id=\"60d2db4\" data-element_type=\"widget\" data-widget_type=\"text-editor.default\">\n\t\t\t\t<div class=\"elementor-widget-container\">\n\t\t\t<span id=\"60d2db4\"><\/span>\t\t\t\t<p><span data-contrast=\"auto\">Anna Frischholz ist Stadtf\u00fchrerin aus Leidenschaft, und mit\u00a0einem ganz besonderen Blick auf die Stadt. F\u00fcr sie ist\u00a0Geschichte nicht nur trockenes Wissen, sondern etwas, das\u00a0man sp\u00fcren und erleben kann \u2013 an Orten, in Geb\u00e4uden, in\u00a0kleinen Details, die oft \u00fcbersehen werden. Den Ansto\u00df gab ihr\u00a0eine F\u00fchrung \u00fcber den ehemaligen Flughafen G\u00fctersloh, die\u00a0sie tief beeindruckte und inspirierte: \u201eDas m\u00f6chte ich auch\u00a0machen!\u201c Anna bringt den Menschen Geschichte nahe, indem\u00a0sie neue Perspektiven \u00f6ffnet und Geschichte mit sozialen Themen verbindet. Ihr besonderes Interesse gilt der Klinikgeschichte und Orten des Wandels \u2013 symboltr\u00e4chtigen Pl\u00e4tzen,\u00a0die erz\u00e4hlen, wie sich das Leben und die Gesellschaft ver\u00e4ndert haben. Nat\u00fcrlich geh\u00f6ren auch Spazierg\u00e4nge und F\u00fchrungen durch den Stadtpark zu ihrem Programm, ein Ort, der\u00a0f\u00fcr sie gr\u00fcne Ruheoasen und frische Luft verspricht. Obwohl\u00a0Anna urspr\u00fcnglich aus dem M\u00fcnsterland stammt, hat sie in\u00a0G\u00fctersloh l\u00e4ngst ein neues Zuhause gefunden. Ihr Lieblingsort\u00a0ist das Parkbad \u2013 f\u00fcr sie ein Ort voller Erinnerungen an unz\u00e4hlige Sommer, Begegnungen und dieses ganz besondere\u00a0Gef\u00fchl, angekommen zu sein.<\/span><span data-ccp-props=\"{&quot;335551550&quot;:1,&quot;335551620&quot;:1}\">\u00a0<\/span><\/p>\t\t\t\t\t\t<\/div>\n\t\t\t\t<\/div>\n\t\t\t\t\t<\/div>\n\t\t<\/div>\n\t\t\t\t<div class=\"elementor-column elementor-col-50 elementor-top-column elementor-element elementor-element-363efb5\" data-id=\"363efb5\" data-element_type=\"column\">\n\t\t\t<div class=\"elementor-widget-wrap elementor-element-populated\">\n\t\t\t\t\t\t<div class=\"elementor-element elementor-element-49e0f48 elementor-widget elementor-widget-image\" data-id=\"49e0f48\" data-element_type=\"widget\" data-widget_type=\"image.default\">\n\t\t\t\t<div class=\"elementor-widget-container\">\n\t\t\t<span id=\"49e0f48\"><\/span>\t\t\t\t\t\t\t\t\t\t<img loading=\"lazy\" decoding=\"async\" width=\"667\" height=\"1000\" src=\"https:\/\/www.guetersloh-marketing.de\/wp-content\/uploads\/2026\/03\/anna-11a3994-anna-11a3994.jpg\" class=\"attachment-large size-large wp-image-54178\" alt=\"Stadtf\u00fchrerin Anna Frischholz steht vor einem Fachwerkhaus.\" srcset=\"https:\/\/www.guetersloh-marketing.de\/wp-content\/uploads\/2026\/03\/anna-11a3994-anna-11a3994.jpg 667w, https:\/\/www.guetersloh-marketing.de\/wp-content\/uploads\/2026\/03\/anna-11a3994-anna-11a3994-200x300.jpg 200w, https:\/\/www.guetersloh-marketing.de\/wp-content\/uploads\/2026\/03\/anna-11a3994-anna-11a3994-8x12.jpg 8w, https:\/\/www.guetersloh-marketing.de\/wp-content\/uploads\/2026\/03\/anna-11a3994-anna-11a3994-560x840.jpg 560w\" sizes=\"(max-width: 667px) 100vw, 667px\" \/>\t\t\t\t\t\t\t\t\t\t\t\t\t<\/div>\n\t\t\t\t<\/div>\n\t\t\t\t\t<\/div>\n\t\t<\/div>\n\t\t\t\t\t<\/div>\n\t\t<\/section>\n\t\t\t\t<section class=\"elementor-section elementor-top-section elementor-element elementor-element-817eaee elementor-section-boxed elementor-section-height-default elementor-section-height-default\" data-id=\"817eaee\" data-element_type=\"section\">\n\t\t\t\t\t\t<div class=\"elementor-container elementor-column-gap-default\">\n\t\t\t\t\t<div class=\"elementor-column elementor-col-50 elementor-top-column elementor-element elementor-element-1f84455\" data-id=\"1f84455\" data-element_type=\"column\">\n\t\t\t<div class=\"elementor-widget-wrap elementor-element-populated\">\n\t\t\t\t\t\t<div class=\"elementor-element elementor-element-f74d7ed elementor-widget elementor-widget-image\" data-id=\"f74d7ed\" data-element_type=\"widget\" data-widget_type=\"image.default\">\n\t\t\t\t<div class=\"elementor-widget-container\">\n\t\t\t<span id=\"f74d7ed\"><\/span>\t\t\t\t\t\t\t\t\t\t<img loading=\"lazy\" decoding=\"async\" width=\"667\" height=\"1000\" src=\"https:\/\/www.guetersloh-marketing.de\/wp-content\/uploads\/2026\/03\/sujata-11a3942-sujata-11a3942.jpg\" class=\"attachment-large size-large wp-image-54194\" alt=\"Stadtf\u00fchrerin Sujata G\u00f6hlsdorf steht im Hintergrund. Der Hintergrund ist verschwommen.\" srcset=\"https:\/\/www.guetersloh-marketing.de\/wp-content\/uploads\/2026\/03\/sujata-11a3942-sujata-11a3942.jpg 667w, https:\/\/www.guetersloh-marketing.de\/wp-content\/uploads\/2026\/03\/sujata-11a3942-sujata-11a3942-200x300.jpg 200w, https:\/\/www.guetersloh-marketing.de\/wp-content\/uploads\/2026\/03\/sujata-11a3942-sujata-11a3942-8x12.jpg 8w, https:\/\/www.guetersloh-marketing.de\/wp-content\/uploads\/2026\/03\/sujata-11a3942-sujata-11a3942-560x840.jpg 560w\" sizes=\"(max-width: 667px) 100vw, 667px\" \/>\t\t\t\t\t\t\t\t\t\t\t\t\t<\/div>\n\t\t\t\t<\/div>\n\t\t\t\t\t<\/div>\n\t\t<\/div>\n\t\t\t\t<div class=\"elementor-column elementor-col-50 elementor-top-column elementor-element elementor-element-a4be2d9\" data-id=\"a4be2d9\" data-element_type=\"column\">\n\t\t\t<div class=\"elementor-widget-wrap elementor-element-populated\">\n\t\t\t\t\t\t<div class=\"elementor-element elementor-element-05963c9 elementor-widget elementor-widget-spacer\" data-id=\"05963c9\" data-element_type=\"widget\" data-widget_type=\"spacer.default\">\n\t\t\t\t<div class=\"elementor-widget-container\">\n\t\t\t<span id=\"05963c9\"><\/span>\t\t<div class=\"elementor-spacer\">\n\t\t\t<div class=\"elementor-spacer-inner\"><\/div>\n\t\t<\/div>\n\t\t\t\t<\/div>\n\t\t\t\t<\/div>\n\t\t\t\t<div class=\"elementor-element elementor-element-7bbbcdc elementor-widget elementor-widget-heading\" data-id=\"7bbbcdc\" data-element_type=\"widget\" data-widget_type=\"heading.default\">\n\t\t\t\t<div class=\"elementor-widget-container\">\n\t\t\t<span id=\"7bbbcdc\"><\/span><h4 class=\"elementor-heading-title elementor-size-default\">Sujata G\u00f6hlsdorf <\/h4>\t\t<\/div>\n\t\t\t\t<\/div>\n\t\t\t\t<div class=\"elementor-element elementor-element-4028b84 elementor-widget elementor-widget-text-editor\" data-id=\"4028b84\" data-element_type=\"widget\" data-widget_type=\"text-editor.default\">\n\t\t\t\t<div class=\"elementor-widget-container\">\n\t\t\t<span id=\"4028b84\"><\/span>\t\t\t\t<p><span data-contrast=\"auto\">Sujata G\u00f6hlsdorf stammt urspr\u00fcnglich aus Kolkata und ist der Liebe wegen aus Neu Delhi nach G\u00fctersloh gezogen. Seit Februar 2025 f\u00fchrt sie Besucher*innen auf Englisch durch die Stadt. Statt auf Geschichtszahlen legt sie Wert auf Geschichten, Atmosph\u00e4re und das \u201eVibe\u201c der Stadt. Ihr Lieblingsort ist der Alte Kirchplatz und ihre heimliche Leidenschaft das Essen. \u201eKommen Sie mit mir auf eine Reise voller Lacher und guter Geschichten\u201c, l\u00e4dt Sujata alle G\u00fctersloher*innen und Besucher*innen ein. Obwohl sie sich als sch\u00fcchtern bezeichnet, f\u00fchlt sie sich in G\u00fctersloh sofort wohl: \u201eHier kennt sowieso jeder irgendjemanden.\u201c<\/span><span data-ccp-props=\"{&quot;335551550&quot;:1,&quot;335551620&quot;:1}\">\u00a0<\/span><\/p>\t\t\t\t\t\t<\/div>\n\t\t\t\t<\/div>\n\t\t\t\t\t<\/div>\n\t\t<\/div>\n\t\t\t\t\t<\/div>\n\t\t<\/section>\n\t\t\t\t<section class=\"elementor-section elementor-top-section elementor-element elementor-element-ab55bc6 elementor-section-boxed elementor-section-height-default elementor-section-height-default\" data-id=\"ab55bc6\" data-element_type=\"section\">\n\t\t\t\t\t\t<div class=\"elementor-container elementor-column-gap-default\">\n\t\t\t\t\t<div class=\"elementor-column elementor-col-50 elementor-top-column elementor-element elementor-element-dba9c94\" data-id=\"dba9c94\" data-element_type=\"column\">\n\t\t\t<div class=\"elementor-widget-wrap elementor-element-populated\">\n\t\t\t\t\t\t<div class=\"elementor-element elementor-element-f146a31 elementor-widget elementor-widget-spacer\" data-id=\"f146a31\" data-element_type=\"widget\" data-widget_type=\"spacer.default\">\n\t\t\t\t<div class=\"elementor-widget-container\">\n\t\t\t<span id=\"f146a31\"><\/span>\t\t<div class=\"elementor-spacer\">\n\t\t\t<div class=\"elementor-spacer-inner\"><\/div>\n\t\t<\/div>\n\t\t\t\t<\/div>\n\t\t\t\t<\/div>\n\t\t\t\t<div class=\"elementor-element elementor-element-7657738 elementor-widget elementor-widget-heading\" data-id=\"7657738\" data-element_type=\"widget\" data-widget_type=\"heading.default\">\n\t\t\t\t<div class=\"elementor-widget-container\">\n\t\t\t<span id=\"7657738\"><\/span><h4 class=\"elementor-heading-title elementor-size-default\">Klaus Gottenstr\u00f6ter <\/h4>\t\t<\/div>\n\t\t\t\t<\/div>\n\t\t\t\t<div class=\"elementor-element elementor-element-d3a1d3c elementor-widget elementor-widget-text-editor\" data-id=\"d3a1d3c\" data-element_type=\"widget\" data-widget_type=\"text-editor.default\">\n\t\t\t\t<div class=\"elementor-widget-container\">\n\t\t\t<span id=\"d3a1d3c\"><\/span>\t\t\t\t<p><span data-contrast=\"auto\">Seit seiner Ausbildung zum Stadtf\u00fchrer im Jahr 2009 ist Klaus Gottenstr\u00f6ter mit gro\u00dfer Begeisterung auf den Stra\u00dfen und\u00a0Wegen G\u00fcterslohs unterwegs. F\u00fcr ihn war die Entscheidung,\u00a0Stadtf\u00fchrer zu werden, eine bewusste Wahl, um auch im Ruhestand geistig und k\u00f6rperlich aktiv zu bleiben und den sozialen\u00a0Kontakt zu pflegen. Klaus liebt es, Menschen die versteckten\u00a0Sch\u00f6nheiten und Geschichten seiner Heimatstadt n\u00e4herzubringen. Seine Touren sind vielf\u00e4ltig: Ob auf dem Fahrrad entlang romantischer Pfade und lauschiger Ecken oder bei der\u00a0humorvollen Nachtw\u00e4chterf\u00fchrung \u201eMit Horn und Hellebarde\u201c\u00a0\u2013 Klaus versteht es, Geschichte lebendig und unterhaltsam zu\u00a0erz\u00e4hlen. Besonders beliebt sind auch seine kulinarischen\u00a0Rundg\u00e4nge, bei denen er die G\u00e4ste zu ausgew\u00e4hlten Genussstationen f\u00fchrt. Sein Herz schl\u00e4gt besonders f\u00fcr den \u201eAlten\u00a0Kirchplatz\u201c, den historischen Ursprung G\u00fcterslohs, und das\u00a0\u201eTrommelp\u00e4ttken\u201c, das fr\u00fcher ein beliebter Treffpunkt f\u00fcr junge\u00a0Verliebte war. Mit viel Charme und einem Augenzwinkern l\u00e4sst\u00a0Klaus diese Orte auf seinen Touren wieder lebendig werden.<\/span><span data-ccp-props=\"{&quot;335551550&quot;:1,&quot;335551620&quot;:1}\">\u00a0<\/span><\/p>\t\t\t\t\t\t<\/div>\n\t\t\t\t<\/div>\n\t\t\t\t\t<\/div>\n\t\t<\/div>\n\t\t\t\t<div class=\"elementor-column elementor-col-50 elementor-top-column elementor-element elementor-element-b304ec2\" data-id=\"b304ec2\" data-element_type=\"column\">\n\t\t\t<div class=\"elementor-widget-wrap elementor-element-populated\">\n\t\t\t\t\t\t<div class=\"elementor-element elementor-element-819cb7e elementor-widget elementor-widget-image\" data-id=\"819cb7e\" data-element_type=\"widget\" data-widget_type=\"image.default\">\n\t\t\t\t<div class=\"elementor-widget-container\">\n\t\t\t<span id=\"819cb7e\"><\/span>\t\t\t\t\t\t\t\t\t\t<img loading=\"lazy\" decoding=\"async\" width=\"667\" height=\"1000\" src=\"https:\/\/www.guetersloh-marketing.de\/wp-content\/uploads\/2026\/03\/klaus-gottenstroeter-11a7430-klaus-gottenstroeter-11a7430.jpg\" class=\"attachment-large size-large wp-image-54187\" alt=\"Stadtf\u00fchrer Klaus G\u00f6ttenstr\u00f6ter steht im Vordergrund. Der Hintergrund ist verschwommen.\" srcset=\"https:\/\/www.guetersloh-marketing.de\/wp-content\/uploads\/2026\/03\/klaus-gottenstroeter-11a7430-klaus-gottenstroeter-11a7430.jpg 667w, https:\/\/www.guetersloh-marketing.de\/wp-content\/uploads\/2026\/03\/klaus-gottenstroeter-11a7430-klaus-gottenstroeter-11a7430-200x300.jpg 200w, https:\/\/www.guetersloh-marketing.de\/wp-content\/uploads\/2026\/03\/klaus-gottenstroeter-11a7430-klaus-gottenstroeter-11a7430-8x12.jpg 8w, https:\/\/www.guetersloh-marketing.de\/wp-content\/uploads\/2026\/03\/klaus-gottenstroeter-11a7430-klaus-gottenstroeter-11a7430-560x840.jpg 560w\" sizes=\"(max-width: 667px) 100vw, 667px\" \/>\t\t\t\t\t\t\t\t\t\t\t\t\t<\/div>\n\t\t\t\t<\/div>\n\t\t\t\t\t<\/div>\n\t\t<\/div>\n\t\t\t\t\t<\/div>\n\t\t<\/section>\n\t\t\t\t<section class=\"elementor-section elementor-top-section elementor-element elementor-element-f3ed9a3 elementor-section-boxed elementor-section-height-default elementor-section-height-default\" data-id=\"f3ed9a3\" data-element_type=\"section\">\n\t\t\t\t\t\t<div class=\"elementor-container elementor-column-gap-default\">\n\t\t\t\t\t<div class=\"elementor-column elementor-col-50 elementor-top-column elementor-element elementor-element-96241c5\" data-id=\"96241c5\" data-element_type=\"column\">\n\t\t\t<div class=\"elementor-widget-wrap elementor-element-populated\">\n\t\t\t\t\t\t<div class=\"elementor-element elementor-element-4bde973 elementor-widget elementor-widget-image\" data-id=\"4bde973\" data-element_type=\"widget\" data-widget_type=\"image.default\">\n\t\t\t\t<div class=\"elementor-widget-container\">\n\t\t\t<span id=\"4bde973\"><\/span>\t\t\t\t\t\t\t\t\t\t<img loading=\"lazy\" decoding=\"async\" width=\"667\" height=\"1000\" src=\"https:\/\/www.guetersloh-marketing.de\/wp-content\/uploads\/2026\/03\/walter-holtkamp-11a7438-walter-holtkamp-11a7438.jpg\" class=\"attachment-large size-large wp-image-54196\" alt=\"Stadtf\u00fchrer Walter Holtkamp steht im Vordergrund. Im Hintergrund befindet sich ein Park.\" srcset=\"https:\/\/www.guetersloh-marketing.de\/wp-content\/uploads\/2026\/03\/walter-holtkamp-11a7438-walter-holtkamp-11a7438.jpg 667w, https:\/\/www.guetersloh-marketing.de\/wp-content\/uploads\/2026\/03\/walter-holtkamp-11a7438-walter-holtkamp-11a7438-200x300.jpg 200w, https:\/\/www.guetersloh-marketing.de\/wp-content\/uploads\/2026\/03\/walter-holtkamp-11a7438-walter-holtkamp-11a7438-8x12.jpg 8w, https:\/\/www.guetersloh-marketing.de\/wp-content\/uploads\/2026\/03\/walter-holtkamp-11a7438-walter-holtkamp-11a7438-560x840.jpg 560w\" sizes=\"(max-width: 667px) 100vw, 667px\" \/>\t\t\t\t\t\t\t\t\t\t\t\t\t<\/div>\n\t\t\t\t<\/div>\n\t\t\t\t\t<\/div>\n\t\t<\/div>\n\t\t\t\t<div class=\"elementor-column elementor-col-50 elementor-top-column elementor-element elementor-element-046c638\" data-id=\"046c638\" data-element_type=\"column\">\n\t\t\t<div class=\"elementor-widget-wrap elementor-element-populated\">\n\t\t\t\t\t\t<div class=\"elementor-element elementor-element-1f6e77e elementor-widget elementor-widget-spacer\" data-id=\"1f6e77e\" data-element_type=\"widget\" data-widget_type=\"spacer.default\">\n\t\t\t\t<div class=\"elementor-widget-container\">\n\t\t\t<span id=\"1f6e77e\"><\/span>\t\t<div class=\"elementor-spacer\">\n\t\t\t<div class=\"elementor-spacer-inner\"><\/div>\n\t\t<\/div>\n\t\t\t\t<\/div>\n\t\t\t\t<\/div>\n\t\t\t\t<div class=\"elementor-element elementor-element-14ae2dc elementor-widget elementor-widget-heading\" data-id=\"14ae2dc\" data-element_type=\"widget\" data-widget_type=\"heading.default\">\n\t\t\t\t<div class=\"elementor-widget-container\">\n\t\t\t<span id=\"14ae2dc\"><\/span><h4 class=\"elementor-heading-title elementor-size-default\">Walter Holtkamp <\/h4>\t\t<\/div>\n\t\t\t\t<\/div>\n\t\t\t\t<div class=\"elementor-element elementor-element-e50c7bc elementor-widget elementor-widget-text-editor\" data-id=\"e50c7bc\" data-element_type=\"widget\" data-widget_type=\"text-editor.default\">\n\t\t\t\t<div class=\"elementor-widget-container\">\n\t\t\t<span id=\"e50c7bc\"><\/span>\t\t\t\t<p><span data-contrast=\"auto\">Er ist schon ein bisschen l\u00e4nger mit von der Partie: Walter\u00a0Holtkamp &#8211; G\u00fcterslohs Stadtf\u00fchrer auf zwei R\u00e4dern: Wann\u00a0immer es geht, sattelt der seinen Drahtesel und nimmt\u00a0Interessierte mit auf eine spannende Tour durch die G\u00fctersloher Bauerschaften. Auf der zirka 16 Kilometer langen\u00a0Strecke entdecken G\u00e4ste die denkmalgesch\u00fctzten Bauernh\u00f6fe des Kreises. \u201eMein Anliegen ist, Kenntnisse auch au\u00dferhalb der Innenstadt zu vermitteln, speziell in den fr\u00fcheren\u00a0politisch selbstst\u00e4ndigen Bauerschaften mit den zum Teil\u00a0schon im 9. Jahrhundert gegr\u00fcndeten Bauernh\u00f6fen und denkmalgesch\u00fctzten Bauernh\u00e4usern\u201c, beschreibt Holtkamp die\u00a0F\u00fchrung durch Kattenstroth, Pavenst\u00e4dt und Blankenhagen.\u00a0Die \u201eRadtour Dalkeerlebnispfad\u201c geh\u00f6rt ebenfalls zum Angebot von Walter Holtkamp, der auch als Dozent an der\u00a0hiesigen Volkshochschule \u00fcber die Historie G\u00fcterslohs referiert. Dar\u00fcber hinaus f\u00fchrt Holtkamp seine G\u00e4ste auch\u00a0\u00fcber den ehemaligen Flughafen G\u00fcterslohs, ein bekannterma\u00dfen geschichtstr\u00e4chtiges Areal, auf dem die britische\u00a0Armee \u00fcber viele Jahrzehnte stationiert war.<\/span><span data-ccp-props=\"{&quot;335551550&quot;:1,&quot;335551620&quot;:1}\">\u00a0<\/span><\/p>\t\t\t\t\t\t<\/div>\n\t\t\t\t<\/div>\n\t\t\t\t\t<\/div>\n\t\t<\/div>\n\t\t\t\t\t<\/div>\n\t\t<\/section>\n\t\t\t\t<section class=\"elementor-section elementor-top-section elementor-element elementor-element-ddbdf5d elementor-section-boxed elementor-section-height-default elementor-section-height-default\" data-id=\"ddbdf5d\" data-element_type=\"section\">\n\t\t\t\t\t\t<div class=\"elementor-container elementor-column-gap-default\">\n\t\t\t\t\t<div class=\"elementor-column elementor-col-50 elementor-top-column elementor-element elementor-element-6fac7ec\" data-id=\"6fac7ec\" data-element_type=\"column\">\n\t\t\t<div class=\"elementor-widget-wrap elementor-element-populated\">\n\t\t\t\t\t\t<div class=\"elementor-element elementor-element-8873093 elementor-widget elementor-widget-spacer\" data-id=\"8873093\" data-element_type=\"widget\" data-widget_type=\"spacer.default\">\n\t\t\t\t<div class=\"elementor-widget-container\">\n\t\t\t<span id=\"8873093\"><\/span>\t\t<div class=\"elementor-spacer\">\n\t\t\t<div class=\"elementor-spacer-inner\"><\/div>\n\t\t<\/div>\n\t\t\t\t<\/div>\n\t\t\t\t<\/div>\n\t\t\t\t<div class=\"elementor-element elementor-element-b431e72 elementor-widget elementor-widget-heading\" data-id=\"b431e72\" data-element_type=\"widget\" data-widget_type=\"heading.default\">\n\t\t\t\t<div class=\"elementor-widget-container\">\n\t\t\t<span id=\"b431e72\"><\/span><h4 class=\"elementor-heading-title elementor-size-default\">Franz Jungbluth <\/h4>\t\t<\/div>\n\t\t\t\t<\/div>\n\t\t\t\t<div class=\"elementor-element elementor-element-c6c151b elementor-widget elementor-widget-text-editor\" data-id=\"c6c151b\" data-element_type=\"widget\" data-widget_type=\"text-editor.default\">\n\t\t\t\t<div class=\"elementor-widget-container\">\n\t\t\t<span id=\"c6c151b\"><\/span>\t\t\t\t<p><span data-contrast=\"auto\">Dr. phil Franz Jungbluth ist Historiker mit einer Promotion \u00fcber die kommunalpolitische Situation Mannheims zu Beginn des Ersten Weltkrieges. Als ehemaliger Leiter des Stadtmuseums G\u00fctersloh bringt er ein tiefes Fachwissen zur Geschichte der Stadt mit. Seit einigen Jahren ist er als Referent f\u00fcr historische Stadtf\u00fchrungen t\u00e4tig und teilt sein umfangreiches Wissen mit interessierten Teilnehmenden. Seine F\u00fchrungen zeichnen sich durch fundierte Informationen und lebendige Erz\u00e4hlungen aus, die Geschichte f\u00fcr die Besucher*innen greifbar machen. Seine besondere Leidenschaft gilt der lokalen Geschichte, die er mit spannenden Anekdoten und Hintergrundwissen lebendig werden l\u00e4sst. Damit m\u00f6chte er nicht nur Fakten vermitteln, sondern auch ein Gef\u00fchl f\u00fcr die Entwicklung und Identit\u00e4t G\u00fcterslohs schaffen. Franz Jungbluth freut sich darauf, sein Wissen in den kommenden Stadtf\u00fchrungen weiterzugeben und die Teilnehmenden auf eine spannende Zeitreise mitzunehmen.<\/span><span data-ccp-props=\"{&quot;335551550&quot;:1,&quot;335551620&quot;:1}\">\u00a0<\/span><\/p>\t\t\t\t\t\t<\/div>\n\t\t\t\t<\/div>\n\t\t\t\t\t<\/div>\n\t\t<\/div>\n\t\t\t\t<div class=\"elementor-column elementor-col-50 elementor-top-column elementor-element elementor-element-8bc4347\" data-id=\"8bc4347\" data-element_type=\"column\">\n\t\t\t<div class=\"elementor-widget-wrap elementor-element-populated\">\n\t\t\t\t\t\t<div class=\"elementor-element elementor-element-e2fa1b9 elementor-widget elementor-widget-image\" data-id=\"e2fa1b9\" data-element_type=\"widget\" data-widget_type=\"image.default\">\n\t\t\t\t<div class=\"elementor-widget-container\">\n\t\t\t<span id=\"e2fa1b9\"><\/span>\t\t\t\t\t\t\t\t\t\t<img loading=\"lazy\" decoding=\"async\" width=\"667\" height=\"1000\" src=\"https:\/\/www.guetersloh-marketing.de\/wp-content\/uploads\/2026\/03\/franz-11a4023-franz-11a4023.jpg\" class=\"attachment-large size-large wp-image-54184\" alt=\"Stadtf\u00fchrer Franz Jungbluth lehnt sich an ein Metalltor an. Im Hintergrund befindet sich ein Garten.\" srcset=\"https:\/\/www.guetersloh-marketing.de\/wp-content\/uploads\/2026\/03\/franz-11a4023-franz-11a4023.jpg 667w, https:\/\/www.guetersloh-marketing.de\/wp-content\/uploads\/2026\/03\/franz-11a4023-franz-11a4023-200x300.jpg 200w, https:\/\/www.guetersloh-marketing.de\/wp-content\/uploads\/2026\/03\/franz-11a4023-franz-11a4023-8x12.jpg 8w, https:\/\/www.guetersloh-marketing.de\/wp-content\/uploads\/2026\/03\/franz-11a4023-franz-11a4023-560x840.jpg 560w\" sizes=\"(max-width: 667px) 100vw, 667px\" \/>\t\t\t\t\t\t\t\t\t\t\t\t\t<\/div>\n\t\t\t\t<\/div>\n\t\t\t\t\t<\/div>\n\t\t<\/div>\n\t\t\t\t\t<\/div>\n\t\t<\/section>\n\t\t\t\t<section class=\"elementor-section elementor-top-section elementor-element elementor-element-8fc2763 elementor-section-boxed elementor-section-height-default elementor-section-height-default\" data-id=\"8fc2763\" data-element_type=\"section\">\n\t\t\t\t\t\t<div class=\"elementor-container elementor-column-gap-default\">\n\t\t\t\t\t<div class=\"elementor-column elementor-col-50 elementor-top-column elementor-element elementor-element-3c537fb\" data-id=\"3c537fb\" data-element_type=\"column\">\n\t\t\t<div class=\"elementor-widget-wrap elementor-element-populated\">\n\t\t\t\t\t\t<div class=\"elementor-element elementor-element-0954f25 elementor-widget elementor-widget-image\" data-id=\"0954f25\" data-element_type=\"widget\" data-widget_type=\"image.default\">\n\t\t\t\t<div class=\"elementor-widget-container\">\n\t\t\t<span id=\"0954f25\"><\/span>\t\t\t\t\t\t\t\t\t\t<img loading=\"lazy\" decoding=\"async\" width=\"667\" height=\"1000\" src=\"https:\/\/www.guetersloh-marketing.de\/wp-content\/uploads\/2026\/03\/brunhilde-kohls-11a7494-brunhilde-kohls-11a7494.jpg\" class=\"attachment-large size-large wp-image-54180\" alt=\"Stadtf\u00fchrerin Brunhilde Kohls steht im Vordergrund. Der Hintergrund ist verschwommen.\" srcset=\"https:\/\/www.guetersloh-marketing.de\/wp-content\/uploads\/2026\/03\/brunhilde-kohls-11a7494-brunhilde-kohls-11a7494.jpg 667w, https:\/\/www.guetersloh-marketing.de\/wp-content\/uploads\/2026\/03\/brunhilde-kohls-11a7494-brunhilde-kohls-11a7494-200x300.jpg 200w, https:\/\/www.guetersloh-marketing.de\/wp-content\/uploads\/2026\/03\/brunhilde-kohls-11a7494-brunhilde-kohls-11a7494-8x12.jpg 8w, https:\/\/www.guetersloh-marketing.de\/wp-content\/uploads\/2026\/03\/brunhilde-kohls-11a7494-brunhilde-kohls-11a7494-560x840.jpg 560w\" sizes=\"(max-width: 667px) 100vw, 667px\" \/>\t\t\t\t\t\t\t\t\t\t\t\t\t<\/div>\n\t\t\t\t<\/div>\n\t\t\t\t\t<\/div>\n\t\t<\/div>\n\t\t\t\t<div class=\"elementor-column elementor-col-50 elementor-top-column elementor-element elementor-element-eb6f4ec\" data-id=\"eb6f4ec\" data-element_type=\"column\">\n\t\t\t<div class=\"elementor-widget-wrap elementor-element-populated\">\n\t\t\t\t\t\t<div class=\"elementor-element elementor-element-18fb84c elementor-widget elementor-widget-spacer\" data-id=\"18fb84c\" data-element_type=\"widget\" data-widget_type=\"spacer.default\">\n\t\t\t\t<div class=\"elementor-widget-container\">\n\t\t\t<span id=\"18fb84c\"><\/span>\t\t<div class=\"elementor-spacer\">\n\t\t\t<div class=\"elementor-spacer-inner\"><\/div>\n\t\t<\/div>\n\t\t\t\t<\/div>\n\t\t\t\t<\/div>\n\t\t\t\t<div class=\"elementor-element elementor-element-c2a1181 elementor-widget elementor-widget-heading\" data-id=\"c2a1181\" data-element_type=\"widget\" data-widget_type=\"heading.default\">\n\t\t\t\t<div class=\"elementor-widget-container\">\n\t\t\t<span id=\"c2a1181\"><\/span><h4 class=\"elementor-heading-title elementor-size-default\">Brunhilde Kohls <\/h4>\t\t<\/div>\n\t\t\t\t<\/div>\n\t\t\t\t<div class=\"elementor-element elementor-element-475fbfc elementor-widget elementor-widget-text-editor\" data-id=\"475fbfc\" data-element_type=\"widget\" data-widget_type=\"text-editor.default\">\n\t\t\t\t<div class=\"elementor-widget-container\">\n\t\t\t<span id=\"475fbfc\"><\/span>\t\t\t\t<p><span data-contrast=\"auto\">Brunhilde Kohls f\u00fchrt seit 2008 durch die historische Stadt Rietberg und das Gel\u00e4nde der Landesgartenschau. In G\u00fctersloh startete sie 2009 ihre erste Stadtf\u00fchrung. Ihre Leidenschaft f\u00fcr Geschichte und Brauchtum wurde in einem Bauernhaus-Museum geweckt, in dem sie ihre Kindheit verbrachte. \u201eDie Entstehung von G\u00fctersloh und die Geschichten, die damit verbunden sind, sind unersch\u00f6pflich und spannend\u201c, sagt Brunhilde. Brunhilde bietet klassische Rundg\u00e4nge mit Geschichten zum Schmunzeln und kombiniert dies gerne mit Anekdoten aus dem Leben der Marktfrau \u201eG\u00fcth\u2019s Marie\u201c. Neu im Programm ist die Kneipentour \u201eSchaumkronen und Stadtgefl\u00fcster\u201c, die einen geselligen Streifzug durch die G\u00fctersloher Lokale verspricht. \u201eGeschichten machen unsere Stadt lebendig und bringen sie n\u00e4her\u201c, so die Stadtf\u00fchrerin. Ihre Lieblingsorte in G\u00fctersloh sind die imposante Martin-Luther-Kirche, eine private Ausgrabungsst\u00e4tte und das beeindruckende Theater.<\/span><span data-ccp-props=\"{&quot;335551550&quot;:1,&quot;335551620&quot;:1}\">\u00a0<\/span><\/p>\t\t\t\t\t\t<\/div>\n\t\t\t\t<\/div>\n\t\t\t\t\t<\/div>\n\t\t<\/div>\n\t\t\t\t\t<\/div>\n\t\t<\/section>\n\t\t\t\t<section class=\"elementor-section elementor-top-section elementor-element elementor-element-f79898e elementor-section-boxed elementor-section-height-default elementor-section-height-default\" data-id=\"f79898e\" data-element_type=\"section\">\n\t\t\t\t\t\t<div class=\"elementor-container elementor-column-gap-default\">\n\t\t\t\t\t<div class=\"elementor-column elementor-col-50 elementor-top-column elementor-element elementor-element-e3d008d\" data-id=\"e3d008d\" data-element_type=\"column\">\n\t\t\t<div class=\"elementor-widget-wrap elementor-element-populated\">\n\t\t\t\t\t\t<div class=\"elementor-element elementor-element-6083a19 elementor-widget elementor-widget-spacer\" data-id=\"6083a19\" data-element_type=\"widget\" data-widget_type=\"spacer.default\">\n\t\t\t\t<div class=\"elementor-widget-container\">\n\t\t\t<span id=\"6083a19\"><\/span>\t\t<div class=\"elementor-spacer\">\n\t\t\t<div class=\"elementor-spacer-inner\"><\/div>\n\t\t<\/div>\n\t\t\t\t<\/div>\n\t\t\t\t<\/div>\n\t\t\t\t<div class=\"elementor-element elementor-element-ecb6544 elementor-widget elementor-widget-heading\" data-id=\"ecb6544\" data-element_type=\"widget\" data-widget_type=\"heading.default\">\n\t\t\t\t<div class=\"elementor-widget-container\">\n\t\t\t<span id=\"ecb6544\"><\/span><h4 class=\"elementor-heading-title elementor-size-default\">Imke Kuck<\/h4>\t\t<\/div>\n\t\t\t\t<\/div>\n\t\t\t\t<div class=\"elementor-element elementor-element-589d932 elementor-widget elementor-widget-text-editor\" data-id=\"589d932\" data-element_type=\"widget\" data-widget_type=\"text-editor.default\">\n\t\t\t\t<div class=\"elementor-widget-container\">\n\t\t\t<span id=\"589d932\"><\/span>\t\t\t\t<p><span data-contrast=\"auto\">Im April 2025 leitete Imke Kuck ihre erste Stadtf\u00fchrung \u2013 eine<\/span><span data-ccp-props=\"{&quot;335551550&quot;:1,&quot;335551620&quot;:1}\">\u00a0<\/span><span data-contrast=\"auto\">Gruppe, die sich sonst zum Bo\u00dfeln trifft. Auch bei der Jubi<\/span><span data-contrast=\"auto\">l\u00e4umsf\u00fchrung im Mai war sie mit dabei. F\u00fcr Imke war es<\/span><span data-ccp-props=\"{&quot;335551550&quot;:1,&quot;335551620&quot;:1}\">\u00a0<\/span><span data-contrast=\"auto\">schon immer ein Traum, Stadtf\u00fchrerin zu werden. Nach<\/span><span data-ccp-props=\"{&quot;335551550&quot;:1,&quot;335551620&quot;:1}\">\u00a0<\/span><span data-contrast=\"auto\">einem Berufsleben, in dem Kommunikation eine zentrale<\/span><span data-ccp-props=\"{&quot;335551550&quot;:1,&quot;335551620&quot;:1}\">\u00a0<\/span><span data-contrast=\"auto\">Rolle spielte \u2013 sei es im Personalwesen, als Lehrerin oder<\/span><span data-ccp-props=\"{&quot;335551550&quot;:1,&quot;335551620&quot;:1}\">\u00a0<\/span><span data-contrast=\"auto\">Coach \u2013 griff sie im Sommer 2024 die Gelegenheit auf, als<\/span><span data-ccp-props=\"{&quot;335551550&quot;:1,&quot;335551620&quot;:1}\">\u00a0<\/span><span data-contrast=\"auto\">sie das Werbeplakat der G\u00fctersloh Marketing sah. Trotz<\/span><span data-ccp-props=\"{&quot;335551550&quot;:1,&quot;335551620&quot;:1}\">\u00a0<\/span><span data-contrast=\"auto\">anf\u00e4nglicher Bedenken wegen ihres Alters f\u00fchlte sie sich<\/span><span data-ccp-props=\"{&quot;335551550&quot;:1,&quot;335551620&quot;:1}\">\u00a0<\/span><span data-contrast=\"auto\">schnell zuhause in der bunt gemischten und begeisterten<\/span><span data-ccp-props=\"{&quot;335551550&quot;:1,&quot;335551620&quot;:1}\">\u00a0<\/span><span data-contrast=\"auto\">Gruppe. Als \u201egelernte\u201c G\u00fctersloherin wollte sie zudem unbe<\/span><span data-contrast=\"auto\">dingt das offizielle Diplom erwerben. Ihre F\u00fchrung \u201eHier ist<\/span><span data-ccp-props=\"{&quot;335551550&quot;:1,&quot;335551620&quot;:1}\">\u00a0<\/span><span data-contrast=\"auto\">mein Platz \u2013 G\u00fctersloher Pl\u00e4tze neu entdecken\u201c zeigt den<\/span><span data-ccp-props=\"{&quot;335551550&quot;:1,&quot;335551620&quot;:1}\">\u00a0<\/span><span data-contrast=\"auto\">Teilnehmenden die Stadt durch ihre Pl\u00e4tze \u2013 auch solche,<\/span><span data-ccp-props=\"{&quot;335551550&quot;:1,&quot;335551620&quot;:1}\">\u00a0<\/span><span data-contrast=\"auto\">die selbst Alteingesessene vielleicht noch nicht kennen. Zu<\/span><span data-ccp-props=\"{&quot;335551550&quot;:1,&quot;335551620&quot;:1}\">\u00a0<\/span><span data-contrast=\"auto\">ihren Lieblingsorten z\u00e4hlen der B\u00fcskerplatz, besonders wenn<\/span><span data-ccp-props=\"{&quot;335551550&quot;:1,&quot;335551620&quot;:1}\">\u00a0<\/span><span data-contrast=\"auto\">er in der Weihnachtszeit von Herrnhuter Sternen erleuchtet<\/span><span data-ccp-props=\"{&quot;335551550&quot;:1,&quot;335551620&quot;:1}\">\u00a0<\/span><span data-contrast=\"auto\">wird, der Blick von der Skylobby auf G\u00fctersloh in der Abend<\/span><span data-contrast=\"auto\">sonne, der Tiny Forest nahe der Daltropstra\u00dfe sowie der<\/span><span data-ccp-props=\"{&quot;335551550&quot;:1,&quot;335551620&quot;:1}\">\u00a0<\/span><span data-contrast=\"auto\">Dreiecksplatz in jeder Jahreszeit.<\/span><span data-ccp-props=\"{&quot;335551550&quot;:1,&quot;335551620&quot;:1}\">\u00a0<\/span><\/p>\t\t\t\t\t\t<\/div>\n\t\t\t\t<\/div>\n\t\t\t\t\t<\/div>\n\t\t<\/div>\n\t\t\t\t<div class=\"elementor-column elementor-col-50 elementor-top-column elementor-element elementor-element-d3b91c0\" data-id=\"d3b91c0\" data-element_type=\"column\">\n\t\t\t<div class=\"elementor-widget-wrap elementor-element-populated\">\n\t\t\t\t\t\t<div class=\"elementor-element elementor-element-0e6b1ce elementor-widget elementor-widget-image\" data-id=\"0e6b1ce\" data-element_type=\"widget\" data-widget_type=\"image.default\">\n\t\t\t\t<div class=\"elementor-widget-container\">\n\t\t\t<span id=\"0e6b1ce\"><\/span>\t\t\t\t\t\t\t\t\t\t<img loading=\"lazy\" decoding=\"async\" width=\"667\" height=\"1000\" src=\"https:\/\/www.guetersloh-marketing.de\/wp-content\/uploads\/2026\/03\/imke-11a3983-imke-11a3983.jpg\" class=\"attachment-large size-large wp-image-54185\" alt=\"Stadtf\u00fchrerin Imke Kuck sitzt auf einer Holzbank. Im Hintergrund befindet sich eine Backstein-Fassade.\" srcset=\"https:\/\/www.guetersloh-marketing.de\/wp-content\/uploads\/2026\/03\/imke-11a3983-imke-11a3983.jpg 667w, https:\/\/www.guetersloh-marketing.de\/wp-content\/uploads\/2026\/03\/imke-11a3983-imke-11a3983-200x300.jpg 200w, https:\/\/www.guetersloh-marketing.de\/wp-content\/uploads\/2026\/03\/imke-11a3983-imke-11a3983-8x12.jpg 8w, https:\/\/www.guetersloh-marketing.de\/wp-content\/uploads\/2026\/03\/imke-11a3983-imke-11a3983-560x840.jpg 560w\" sizes=\"(max-width: 667px) 100vw, 667px\" \/>\t\t\t\t\t\t\t\t\t\t\t\t\t<\/div>\n\t\t\t\t<\/div>\n\t\t\t\t\t<\/div>\n\t\t<\/div>\n\t\t\t\t\t<\/div>\n\t\t<\/section>\n\t\t\t\t<section class=\"elementor-section elementor-top-section elementor-element elementor-element-f260e5a elementor-section-boxed elementor-section-height-default elementor-section-height-default\" data-id=\"f260e5a\" data-element_type=\"section\">\n\t\t\t\t\t\t<div class=\"elementor-container elementor-column-gap-default\">\n\t\t\t\t\t<div class=\"elementor-column elementor-col-50 elementor-top-column elementor-element elementor-element-77ced31\" data-id=\"77ced31\" data-element_type=\"column\">\n\t\t\t<div class=\"elementor-widget-wrap elementor-element-populated\">\n\t\t\t\t\t\t<div class=\"elementor-element elementor-element-5dcea05 elementor-widget elementor-widget-image\" data-id=\"5dcea05\" data-element_type=\"widget\" data-widget_type=\"image.default\">\n\t\t\t\t<div class=\"elementor-widget-container\">\n\t\t\t<span id=\"5dcea05\"><\/span>\t\t\t\t\t\t\t\t\t\t<img loading=\"lazy\" decoding=\"async\" width=\"667\" height=\"1000\" src=\"https:\/\/www.guetersloh-marketing.de\/wp-content\/uploads\/2026\/03\/louis-11a4494-louis-11a4494.jpg\" class=\"attachment-large size-large wp-image-54188\" alt=\"Stadtf\u00fchrer Louis Lersmacher lehnt sich gegen ein Geb\u00e4ude mit einer ,,Denkmal&#039;&#039;-Plakette.\" srcset=\"https:\/\/www.guetersloh-marketing.de\/wp-content\/uploads\/2026\/03\/louis-11a4494-louis-11a4494.jpg 667w, https:\/\/www.guetersloh-marketing.de\/wp-content\/uploads\/2026\/03\/louis-11a4494-louis-11a4494-200x300.jpg 200w, https:\/\/www.guetersloh-marketing.de\/wp-content\/uploads\/2026\/03\/louis-11a4494-louis-11a4494-8x12.jpg 8w, https:\/\/www.guetersloh-marketing.de\/wp-content\/uploads\/2026\/03\/louis-11a4494-louis-11a4494-560x840.jpg 560w\" sizes=\"(max-width: 667px) 100vw, 667px\" \/>\t\t\t\t\t\t\t\t\t\t\t\t\t<\/div>\n\t\t\t\t<\/div>\n\t\t\t\t\t<\/div>\n\t\t<\/div>\n\t\t\t\t<div class=\"elementor-column elementor-col-50 elementor-top-column elementor-element elementor-element-1ac0781\" data-id=\"1ac0781\" data-element_type=\"column\">\n\t\t\t<div class=\"elementor-widget-wrap elementor-element-populated\">\n\t\t\t\t\t\t<div class=\"elementor-element elementor-element-0a836fd elementor-widget elementor-widget-spacer\" data-id=\"0a836fd\" data-element_type=\"widget\" data-widget_type=\"spacer.default\">\n\t\t\t\t<div class=\"elementor-widget-container\">\n\t\t\t<span id=\"0a836fd\"><\/span>\t\t<div class=\"elementor-spacer\">\n\t\t\t<div class=\"elementor-spacer-inner\"><\/div>\n\t\t<\/div>\n\t\t\t\t<\/div>\n\t\t\t\t<\/div>\n\t\t\t\t<div class=\"elementor-element elementor-element-c1c471f elementor-widget elementor-widget-heading\" data-id=\"c1c471f\" data-element_type=\"widget\" data-widget_type=\"heading.default\">\n\t\t\t\t<div class=\"elementor-widget-container\">\n\t\t\t<span id=\"c1c471f\"><\/span><h4 class=\"elementor-heading-title elementor-size-default\">Louis Lersmacher <\/h4>\t\t<\/div>\n\t\t\t\t<\/div>\n\t\t\t\t<div class=\"elementor-element elementor-element-c6c7634 elementor-widget elementor-widget-text-editor\" data-id=\"c6c7634\" data-element_type=\"widget\" data-widget_type=\"text-editor.default\">\n\t\t\t\t<div class=\"elementor-widget-container\">\n\t\t\t<span id=\"c6c7634\"><\/span>\t\t\t\t<p><span data-contrast=\"auto\">Louis Lersmacher ist eines der neuen Gesichter im F\u00fchrungs-Team, das 2025 seine erste Stadtf\u00fchrung absolviert hat. \u201eIch liebe die Ecken, Kanten und Fassaden unserer Stadt. Obwohl es Ostwestfalen nicht nachgesagt wird, rede ich gerne und teile meine Begeisterung f\u00fcr G\u00fctersloh\u201c, erkl\u00e4rt er seine Motivation. Er bietet neben den klassischen Stadtf\u00fchrungen auch eine Kneipentour an, bei der die G\u00e4ste nicht nur erleben, was \u201eG\u00fctsel so wech\u201c kommt, sondern sich auch in ein em Quiz messen k\u00f6nnen. \u201eLasst euch \u00fcberraschen!\u201c, fordert Louis seine G\u00e4ste auf. In seiner Kindheit verbrachte er viel Zeit bei M\u00fchlenstroth, das f\u00fcr ihn einer der sch\u00f6nsten Orte in G\u00fctersloh ist.<\/span><span data-ccp-props=\"{&quot;335551550&quot;:1,&quot;335551620&quot;:1}\">\u00a0<\/span><\/p>\t\t\t\t\t\t<\/div>\n\t\t\t\t<\/div>\n\t\t\t\t\t<\/div>\n\t\t<\/div>\n\t\t\t\t\t<\/div>\n\t\t<\/section>\n\t\t\t\t<section class=\"elementor-section elementor-top-section elementor-element elementor-element-68bbf01 elementor-section-boxed elementor-section-height-default elementor-section-height-default\" data-id=\"68bbf01\" data-element_type=\"section\">\n\t\t\t\t\t\t<div class=\"elementor-container elementor-column-gap-default\">\n\t\t\t\t\t<div class=\"elementor-column elementor-col-50 elementor-top-column elementor-element elementor-element-99a3f5f\" data-id=\"99a3f5f\" data-element_type=\"column\">\n\t\t\t<div class=\"elementor-widget-wrap elementor-element-populated\">\n\t\t\t\t\t\t<div class=\"elementor-element elementor-element-1863a2a elementor-widget elementor-widget-spacer\" data-id=\"1863a2a\" data-element_type=\"widget\" data-widget_type=\"spacer.default\">\n\t\t\t\t<div class=\"elementor-widget-container\">\n\t\t\t<span id=\"1863a2a\"><\/span>\t\t<div class=\"elementor-spacer\">\n\t\t\t<div class=\"elementor-spacer-inner\"><\/div>\n\t\t<\/div>\n\t\t\t\t<\/div>\n\t\t\t\t<\/div>\n\t\t\t\t<div class=\"elementor-element elementor-element-83f7eb9 elementor-widget elementor-widget-heading\" data-id=\"83f7eb9\" data-element_type=\"widget\" data-widget_type=\"heading.default\">\n\t\t\t\t<div class=\"elementor-widget-container\">\n\t\t\t<span id=\"83f7eb9\"><\/span><h4 class=\"elementor-heading-title elementor-size-default\">Anita Offel-Grohmann <\/h4>\t\t<\/div>\n\t\t\t\t<\/div>\n\t\t\t\t<div class=\"elementor-element elementor-element-1cc3073 elementor-widget elementor-widget-text-editor\" data-id=\"1cc3073\" data-element_type=\"widget\" data-widget_type=\"text-editor.default\">\n\t\t\t\t<div class=\"elementor-widget-container\">\n\t\t\t<span id=\"1cc3073\"><\/span>\t\t\t\t<p><span data-contrast=\"auto\">Anita Offel-Grohmann ist eine geb\u00fcrtige G\u00fctersloherin,\u00a0die ihr ganzes Leben \u2013 abgesehen von kurzen Unterbrechungen \u2013 in der Stadt verbracht hat. Nach ihrem Berufsleben hat sie sich entschlossen, ihre gro\u00dfe Begeisterung\u00a0f\u00fcr G\u00fctersloh und seine Besonderheiten mit anderen zu\u00a0teilen. Seit Fr\u00fchjahr 2025 bietet sie F\u00fchrungen durch den\u00a0Botanischen Garten an, in denen sie mit viel Liebe zum\u00a0Detail die vielf\u00e4ltige Pflanzenwelt vorstellt. Von \u201eAmarant\u00a0bis Zaubernuss\u201c zeigt sie seltene und au\u00dfergew\u00f6hnliche\u00a0Pflanzen und gibt praktische Gartentipps, die sich leicht\u00a0zuhause umsetzen lassen. F\u00fcr Anita ist der Botanische\u00a0Garten einer der sch\u00f6nsten Orte der Stadt, der je nach\u00a0Jahreszeit immer wieder neue Highlights bereith\u00e4lt.\u00a0Au\u00dferdem sch\u00e4tzt sie das Theater als architektonisches\u00a0Meisterwerk und den alten Kirchplatz als historischen\u00a0Ursprung G\u00fcterslohs.<\/span><span data-ccp-props=\"{&quot;335551550&quot;:1,&quot;335551620&quot;:1}\">\u00a0<\/span><\/p>\t\t\t\t\t\t<\/div>\n\t\t\t\t<\/div>\n\t\t\t\t\t<\/div>\n\t\t<\/div>\n\t\t\t\t<div class=\"elementor-column elementor-col-50 elementor-top-column elementor-element elementor-element-a5e023a\" data-id=\"a5e023a\" data-element_type=\"column\">\n\t\t\t<div class=\"elementor-widget-wrap elementor-element-populated\">\n\t\t\t\t\t\t<div class=\"elementor-element elementor-element-b4c04b6 elementor-widget elementor-widget-image\" data-id=\"b4c04b6\" data-element_type=\"widget\" data-widget_type=\"image.default\">\n\t\t\t\t<div class=\"elementor-widget-container\">\n\t\t\t<span id=\"b4c04b6\"><\/span>\t\t\t\t\t\t\t\t\t\t<img loading=\"lazy\" decoding=\"async\" width=\"667\" height=\"1000\" src=\"https:\/\/www.guetersloh-marketing.de\/wp-content\/uploads\/2026\/03\/anita-11a4045-anita-11a4045.jpg\" class=\"attachment-large size-large wp-image-54177\" alt=\"Stadtf\u00fchrerin Anita Offel-Grohmann sitzt auf einer Holzbank. Im Hintergrund befindet sich ein botanischer Garten.\" srcset=\"https:\/\/www.guetersloh-marketing.de\/wp-content\/uploads\/2026\/03\/anita-11a4045-anita-11a4045.jpg 667w, https:\/\/www.guetersloh-marketing.de\/wp-content\/uploads\/2026\/03\/anita-11a4045-anita-11a4045-200x300.jpg 200w, https:\/\/www.guetersloh-marketing.de\/wp-content\/uploads\/2026\/03\/anita-11a4045-anita-11a4045-8x12.jpg 8w, https:\/\/www.guetersloh-marketing.de\/wp-content\/uploads\/2026\/03\/anita-11a4045-anita-11a4045-560x840.jpg 560w\" sizes=\"(max-width: 667px) 100vw, 667px\" \/>\t\t\t\t\t\t\t\t\t\t\t\t\t<\/div>\n\t\t\t\t<\/div>\n\t\t\t\t\t<\/div>\n\t\t<\/div>\n\t\t\t\t\t<\/div>\n\t\t<\/section>\n\t\t\t\t<section class=\"elementor-section elementor-top-section elementor-element elementor-element-32deb20 elementor-section-boxed elementor-section-height-default elementor-section-height-default\" data-id=\"32deb20\" data-element_type=\"section\">\n\t\t\t\t\t\t<div class=\"elementor-container elementor-column-gap-default\">\n\t\t\t\t\t<div class=\"elementor-column elementor-col-50 elementor-top-column elementor-element elementor-element-7ef3e70\" data-id=\"7ef3e70\" data-element_type=\"column\">\n\t\t\t<div class=\"elementor-widget-wrap elementor-element-populated\">\n\t\t\t\t\t\t<div class=\"elementor-element elementor-element-49ba96b elementor-widget elementor-widget-image\" data-id=\"49ba96b\" data-element_type=\"widget\" data-widget_type=\"image.default\">\n\t\t\t\t<div class=\"elementor-widget-container\">\n\t\t\t<span id=\"49ba96b\"><\/span>\t\t\t\t\t\t\t\t\t\t<img loading=\"lazy\" decoding=\"async\" width=\"667\" height=\"1000\" src=\"https:\/\/www.guetersloh-marketing.de\/wp-content\/uploads\/2026\/03\/sascha-11a4397-sascha-11a4397.jpg\" class=\"attachment-large size-large wp-image-54193\" alt=\"Stadtf\u00fchrer Sascha Priebe steht neben einem Fahrrad. Er befindet sich vor einem \u00e4lterem Geb\u00e4ude.\" srcset=\"https:\/\/www.guetersloh-marketing.de\/wp-content\/uploads\/2026\/03\/sascha-11a4397-sascha-11a4397.jpg 667w, https:\/\/www.guetersloh-marketing.de\/wp-content\/uploads\/2026\/03\/sascha-11a4397-sascha-11a4397-200x300.jpg 200w, https:\/\/www.guetersloh-marketing.de\/wp-content\/uploads\/2026\/03\/sascha-11a4397-sascha-11a4397-8x12.jpg 8w, https:\/\/www.guetersloh-marketing.de\/wp-content\/uploads\/2026\/03\/sascha-11a4397-sascha-11a4397-560x840.jpg 560w\" sizes=\"(max-width: 667px) 100vw, 667px\" \/>\t\t\t\t\t\t\t\t\t\t\t\t\t<\/div>\n\t\t\t\t<\/div>\n\t\t\t\t\t<\/div>\n\t\t<\/div>\n\t\t\t\t<div class=\"elementor-column elementor-col-50 elementor-top-column elementor-element elementor-element-32d45c1\" data-id=\"32d45c1\" data-element_type=\"column\">\n\t\t\t<div class=\"elementor-widget-wrap elementor-element-populated\">\n\t\t\t\t\t\t<div class=\"elementor-element elementor-element-8ca43ed elementor-widget elementor-widget-spacer\" data-id=\"8ca43ed\" data-element_type=\"widget\" data-widget_type=\"spacer.default\">\n\t\t\t\t<div class=\"elementor-widget-container\">\n\t\t\t<span id=\"8ca43ed\"><\/span>\t\t<div class=\"elementor-spacer\">\n\t\t\t<div class=\"elementor-spacer-inner\"><\/div>\n\t\t<\/div>\n\t\t\t\t<\/div>\n\t\t\t\t<\/div>\n\t\t\t\t<div class=\"elementor-element elementor-element-eaae28f elementor-widget elementor-widget-heading\" data-id=\"eaae28f\" data-element_type=\"widget\" data-widget_type=\"heading.default\">\n\t\t\t\t<div class=\"elementor-widget-container\">\n\t\t\t<span id=\"eaae28f\"><\/span><h4 class=\"elementor-heading-title elementor-size-default\">Sascha Priebe <\/h4>\t\t<\/div>\n\t\t\t\t<\/div>\n\t\t\t\t<div class=\"elementor-element elementor-element-cc428e2 elementor-widget elementor-widget-text-editor\" data-id=\"cc428e2\" data-element_type=\"widget\" data-widget_type=\"text-editor.default\">\n\t\t\t\t<div class=\"elementor-widget-container\">\n\t\t\t<span id=\"cc428e2\"><\/span>\t\t\t\t<p><span data-contrast=\"auto\">Sascha Prieb<\/span><span data-contrast=\"auto\">e zog erst 2018 nach G\u00fctersloh und fand sich schnell in seiner neuen Heimat ein. Als engagiertes Ratsmitglied und leidenschaftlicher Geschichtsinteressierter widmet sich Sascha vor allem der spannenden Epoche der Industrialisierung, die die Stadt innerhalb von nur 200 Jahren grundlegend ver\u00e4nderte. Seine Fahrradtouren f\u00fchren durch die Entwicklung von Infrastruktur, medizinischer Versorgung und Arbeitsmigration \u2013 Themen, die den wirtschaftlichen Aufstieg G\u00fcterslohs ma\u00dfgeblich pr\u00e4gten. Sascha begeistert seine G\u00e4ste mit fundiertem Wissen und einem Blick f\u00fcr Details, die oft verborgen bleiben. F\u00fcr ihn ist die Natur an der Dalke und der Lutter ein wichtiger Ausgleich, den er beim Wandern oder Radfahren genie\u00dft. Auch der Dreiecksplatz mit seinen gem\u00fctlichen Caf\u00e9s geh\u00f6rt zu seinen Lieblingsorten, an denen er gerne entspannt\u00a0<\/span><\/p>\t\t\t\t\t\t<\/div>\n\t\t\t\t<\/div>\n\t\t\t\t\t<\/div>\n\t\t<\/div>\n\t\t\t\t\t<\/div>\n\t\t<\/section>\n\t\t\t\t<section class=\"elementor-section elementor-top-section elementor-element elementor-element-18deb21 elementor-section-boxed elementor-section-height-default elementor-section-height-default\" data-id=\"18deb21\" data-element_type=\"section\">\n\t\t\t\t\t\t<div class=\"elementor-container elementor-column-gap-default\">\n\t\t\t\t\t<div class=\"elementor-column elementor-col-50 elementor-top-column elementor-element elementor-element-04fca44\" data-id=\"04fca44\" data-element_type=\"column\">\n\t\t\t<div class=\"elementor-widget-wrap elementor-element-populated\">\n\t\t\t\t\t\t<div class=\"elementor-element elementor-element-f7ec35b elementor-widget elementor-widget-spacer\" data-id=\"f7ec35b\" data-element_type=\"widget\" data-widget_type=\"spacer.default\">\n\t\t\t\t<div class=\"elementor-widget-container\">\n\t\t\t<span id=\"f7ec35b\"><\/span>\t\t<div class=\"elementor-spacer\">\n\t\t\t<div class=\"elementor-spacer-inner\"><\/div>\n\t\t<\/div>\n\t\t\t\t<\/div>\n\t\t\t\t<\/div>\n\t\t\t\t<div class=\"elementor-element elementor-element-0fe9024 elementor-widget elementor-widget-heading\" data-id=\"0fe9024\" data-element_type=\"widget\" data-widget_type=\"heading.default\">\n\t\t\t\t<div class=\"elementor-widget-container\">\n\t\t\t<span id=\"0fe9024\"><\/span><h4 class=\"elementor-heading-title elementor-size-default\">Frank Rohland <\/h4>\t\t<\/div>\n\t\t\t\t<\/div>\n\t\t\t\t<div class=\"elementor-element elementor-element-3c72f69 elementor-widget elementor-widget-text-editor\" data-id=\"3c72f69\" data-element_type=\"widget\" data-widget_type=\"text-editor.default\">\n\t\t\t\t<div class=\"elementor-widget-container\">\n\t\t\t<span id=\"3c72f69\"><\/span>\t\t\t\t<p><span data-contrast=\"auto\">Frank Rohland verbindet bei seinen Stadtf\u00fchrungen Gegens\u00e4tze: Das historische Fachwerk trifft auf moderne Industriearchitektur, gr\u00fcne Oasen auf st\u00e4dtischen Trubel. F\u00fcr ihn ist G\u00fctersloh weit mehr als eine Ansammlung von Geb\u00e4uden \u2013 es ist ein Ort voller Geschichten, den man mit Herz und Verstand erkunden sollte. Das Besondere an G\u00fctersloh findet Frank in seiner \u00fcberschaubaren Gr\u00f6\u00dfe und der Vielfalt der Menschen: Alteingesessene, Zugezogene und Kreative pr\u00e4gen das Stadtbild und die Atmosph\u00e4re. Er zeigt, wie die Stadt sich durch ihre Bahnlinie ver\u00e4ndert hat und wie Unternehmen wie Bertelsmann, Miele oder Hagedorn nicht nur Wirtschaftsmotoren, sondern auch Identit\u00e4tsgeber sind. Sein Blick richtet sich oftmals auf die Details, die im Alltag verborgen liegen \u2013 Gespr\u00e4che mit Bewohnern oder die liebevoll restaurierten Fassaden, die im schnellen Vorbeigehen leicht \u00fcbersehen werden. \u201eStadt im Wandel\u201c ist das Motto seiner F\u00fchrungen, bei denen die Geschichte lebendig bleibt und immer wieder neue Facetten offenbart. Sein pers\u00f6nlicher Lieblingsplatz ist ein versteckter Innenhof mitten in der Stadt \u2013 eine kleine Oase der Ruhe, unbemerkt vom Trubel am Berliner Platz. F\u00fcr Frank symbolisiert dieser geheime Fleck perfekt die Vielfalt und Menschlichkeit G\u00fcterslohs: \u00fcberraschend, vielseitig und ein echtes St\u00fcck Heimat.<\/span><span data-ccp-props=\"{&quot;335551550&quot;:1,&quot;335551620&quot;:1}\">\u00a0<\/span><\/p>\t\t\t\t\t\t<\/div>\n\t\t\t\t<\/div>\n\t\t\t\t\t<\/div>\n\t\t<\/div>\n\t\t\t\t<div class=\"elementor-column elementor-col-50 elementor-top-column elementor-element elementor-element-0eb36e7\" data-id=\"0eb36e7\" data-element_type=\"column\">\n\t\t\t<div class=\"elementor-widget-wrap elementor-element-populated\">\n\t\t\t\t\t\t<div class=\"elementor-element elementor-element-01754ba elementor-widget elementor-widget-image\" data-id=\"01754ba\" data-element_type=\"widget\" data-widget_type=\"image.default\">\n\t\t\t\t<div class=\"elementor-widget-container\">\n\t\t\t<span id=\"01754ba\"><\/span>\t\t\t\t\t\t\t\t\t\t<img loading=\"lazy\" decoding=\"async\" width=\"667\" height=\"1000\" src=\"https:\/\/www.guetersloh-marketing.de\/wp-content\/uploads\/2026\/03\/frank-rohland-11a6456-frank-rohland-11a6456.jpg\" class=\"attachment-large size-large wp-image-54183\" alt=\"Stadtf\u00fchrer Frank Rohland steht vor Bahnschienen. Der Hintergrund ist neblig.\" srcset=\"https:\/\/www.guetersloh-marketing.de\/wp-content\/uploads\/2026\/03\/frank-rohland-11a6456-frank-rohland-11a6456.jpg 667w, https:\/\/www.guetersloh-marketing.de\/wp-content\/uploads\/2026\/03\/frank-rohland-11a6456-frank-rohland-11a6456-200x300.jpg 200w, https:\/\/www.guetersloh-marketing.de\/wp-content\/uploads\/2026\/03\/frank-rohland-11a6456-frank-rohland-11a6456-8x12.jpg 8w, https:\/\/www.guetersloh-marketing.de\/wp-content\/uploads\/2026\/03\/frank-rohland-11a6456-frank-rohland-11a6456-560x840.jpg 560w\" sizes=\"(max-width: 667px) 100vw, 667px\" \/>\t\t\t\t\t\t\t\t\t\t\t\t\t<\/div>\n\t\t\t\t<\/div>\n\t\t\t\t\t<\/div>\n\t\t<\/div>\n\t\t\t\t\t<\/div>\n\t\t<\/section>\n\t\t\t\t<section class=\"elementor-section elementor-top-section elementor-element elementor-element-8509252 elementor-section-boxed elementor-section-height-default elementor-section-height-default\" data-id=\"8509252\" data-element_type=\"section\">\n\t\t\t\t\t\t<div class=\"elementor-container elementor-column-gap-default\">\n\t\t\t\t\t<div class=\"elementor-column elementor-col-50 elementor-top-column elementor-element elementor-element-cc3909a\" data-id=\"cc3909a\" data-element_type=\"column\">\n\t\t\t<div class=\"elementor-widget-wrap elementor-element-populated\">\n\t\t\t\t\t\t<div class=\"elementor-element elementor-element-d93cae3 elementor-widget elementor-widget-image\" data-id=\"d93cae3\" data-element_type=\"widget\" data-widget_type=\"image.default\">\n\t\t\t\t<div class=\"elementor-widget-container\">\n\t\t\t<span id=\"d93cae3\"><\/span>\t\t\t\t\t\t\t\t\t\t<img loading=\"lazy\" decoding=\"async\" width=\"667\" height=\"1000\" src=\"https:\/\/www.guetersloh-marketing.de\/wp-content\/uploads\/2026\/03\/axel-11a4482-axel-11a4482.jpg\" class=\"attachment-large size-large wp-image-54179\" alt=\"Stadtf\u00fchrer Axel Rotthaus lehnt sich mit der Hand gegen ein Fachwerkhaus an.\" srcset=\"https:\/\/www.guetersloh-marketing.de\/wp-content\/uploads\/2026\/03\/axel-11a4482-axel-11a4482.jpg 667w, https:\/\/www.guetersloh-marketing.de\/wp-content\/uploads\/2026\/03\/axel-11a4482-axel-11a4482-200x300.jpg 200w, https:\/\/www.guetersloh-marketing.de\/wp-content\/uploads\/2026\/03\/axel-11a4482-axel-11a4482-8x12.jpg 8w, https:\/\/www.guetersloh-marketing.de\/wp-content\/uploads\/2026\/03\/axel-11a4482-axel-11a4482-560x840.jpg 560w\" sizes=\"(max-width: 667px) 100vw, 667px\" \/>\t\t\t\t\t\t\t\t\t\t\t\t\t<\/div>\n\t\t\t\t<\/div>\n\t\t\t\t\t<\/div>\n\t\t<\/div>\n\t\t\t\t<div class=\"elementor-column elementor-col-50 elementor-top-column elementor-element elementor-element-d9f0883\" data-id=\"d9f0883\" data-element_type=\"column\">\n\t\t\t<div class=\"elementor-widget-wrap elementor-element-populated\">\n\t\t\t\t\t\t<div class=\"elementor-element elementor-element-19029a1 elementor-widget elementor-widget-spacer\" data-id=\"19029a1\" data-element_type=\"widget\" data-widget_type=\"spacer.default\">\n\t\t\t\t<div class=\"elementor-widget-container\">\n\t\t\t<span id=\"19029a1\"><\/span>\t\t<div class=\"elementor-spacer\">\n\t\t\t<div class=\"elementor-spacer-inner\"><\/div>\n\t\t<\/div>\n\t\t\t\t<\/div>\n\t\t\t\t<\/div>\n\t\t\t\t<div class=\"elementor-element elementor-element-614cd01 elementor-widget elementor-widget-heading\" data-id=\"614cd01\" data-element_type=\"widget\" data-widget_type=\"heading.default\">\n\t\t\t\t<div class=\"elementor-widget-container\">\n\t\t\t<span id=\"614cd01\"><\/span><h4 class=\"elementor-heading-title elementor-size-default\">Axel Rotthaus <\/h4>\t\t<\/div>\n\t\t\t\t<\/div>\n\t\t\t\t<div class=\"elementor-element elementor-element-41280d3 elementor-widget elementor-widget-text-editor\" data-id=\"41280d3\" data-element_type=\"widget\" data-widget_type=\"text-editor.default\">\n\t\t\t\t<div class=\"elementor-widget-container\">\n\t\t\t<span id=\"41280d3\"><\/span>\t\t\t\t<p><span data-contrast=\"auto\">Axel Rotthaus blickt auf eine lange Karriere im Bildungswesen zur\u00fcck, die ihn als ehemaligen Leiter des St\u00e4dtischen Gymnasiums tief mit der Geschichte G\u00fcterslohs verbunden hat. Nach seiner aktiven Zeit im Schulbetrieb wollte er die spannende Entwicklung der Stadt als Bildungsstandort nicht aus den Augen verlieren. Deshalb absolvierte er die Ausbildung zum Stadtf\u00fchrer bei der Volkshochschule und G\u00fctersloh Marketing, wo er eine lebendige Gemeinschaft Gleichgesinnter fand. Axel fasziniert besonders die Geschichte des Bildungswegs der M\u00e4dchen in G\u00fctersloh, die erst 1941 ihr Abitur ablegen konnten \u2013 fast 100 Jahre nach den Jungen. Auf seinen F\u00fchrungen nimmt er die Besucher*innen mit zu historischen Schulgeb\u00e4uden, die bis heute das Stadtbild pr\u00e4gen, und erz\u00e4hlt lebendige Geschichten hinter den Zahlen und Daten. Dabei wird deutlich, wie sich G\u00fctersloh vom kleinen Heidedorf zur modernen Gro\u00dfstadt entwickelte. Axel gelingt es, Bildungsgeschichte greifbar zu machen und den Wandel der Gesellschaft im Spiegel der Schulen zu zeigen. Seine Touren sind eine spannende Entdeckungsreise f\u00fcr alle, die mehr \u00fcber die kulturelle und soziale Entwicklung der Stadt erfahren m\u00f6chten.<\/span><span data-ccp-props=\"{&quot;335551550&quot;:1,&quot;335551620&quot;:1}\">\u00a0<\/span><\/p>\t\t\t\t\t\t<\/div>\n\t\t\t\t<\/div>\n\t\t\t\t\t<\/div>\n\t\t<\/div>\n\t\t\t\t\t<\/div>\n\t\t<\/section>\n\t\t\t\t<section class=\"elementor-section elementor-top-section elementor-element elementor-element-b95862d elementor-section-boxed elementor-section-height-default elementor-section-height-default\" data-id=\"b95862d\" data-element_type=\"section\">\n\t\t\t\t\t\t<div class=\"elementor-container elementor-column-gap-default\">\n\t\t\t\t\t<div class=\"elementor-column elementor-col-50 elementor-top-column elementor-element elementor-element-8db5c38\" data-id=\"8db5c38\" data-element_type=\"column\">\n\t\t\t<div class=\"elementor-widget-wrap elementor-element-populated\">\n\t\t\t\t\t\t<div class=\"elementor-element elementor-element-8cf35ed elementor-widget elementor-widget-spacer\" data-id=\"8cf35ed\" data-element_type=\"widget\" data-widget_type=\"spacer.default\">\n\t\t\t\t<div class=\"elementor-widget-container\">\n\t\t\t<span id=\"8cf35ed\"><\/span>\t\t<div class=\"elementor-spacer\">\n\t\t\t<div class=\"elementor-spacer-inner\"><\/div>\n\t\t<\/div>\n\t\t\t\t<\/div>\n\t\t\t\t<\/div>\n\t\t\t\t<div class=\"elementor-element elementor-element-5404b76 elementor-widget elementor-widget-heading\" data-id=\"5404b76\" data-element_type=\"widget\" data-widget_type=\"heading.default\">\n\t\t\t\t<div class=\"elementor-widget-container\">\n\t\t\t<span id=\"5404b76\"><\/span><h4 class=\"elementor-heading-title elementor-size-default\">Mike Sieweke<\/h4>\t\t<\/div>\n\t\t\t\t<\/div>\n\t\t\t\t<div class=\"elementor-element elementor-element-797372a elementor-widget elementor-widget-text-editor\" data-id=\"797372a\" data-element_type=\"widget\" data-widget_type=\"text-editor.default\">\n\t\t\t\t<div class=\"elementor-widget-container\">\n\t\t\t<span id=\"797372a\"><\/span>\t\t\t\t<p><span data-contrast=\"auto\">Er m\u00f6chte ein guter Gastgeber, kurzweiliger Entertainer und<\/span><span data-ccp-props=\"{&quot;335551550&quot;:1,&quot;335551620&quot;:1}\">\u00a0<\/span><span data-contrast=\"auto\">kenntnisreicher Berater sein \u2013 und genau diese Skills kann<\/span><span data-ccp-props=\"{&quot;335551550&quot;:1,&quot;335551620&quot;:1}\">\u00a0<\/span><span data-contrast=\"auto\">Mike Sieweke in seiner Paraderolle als Stadtf\u00fchrer, die ihn<\/span><span data-ccp-props=\"{&quot;335551550&quot;:1,&quot;335551620&quot;:1}\">\u00a0<\/span><span data-contrast=\"auto\">erf\u00fcllt und inspiriert, voll und ganz leben. Der G\u00fctersloher,<\/span><span data-ccp-props=\"{&quot;335551550&quot;:1,&quot;335551620&quot;:1}\">\u00a0<\/span><span data-contrast=\"auto\">der den direkten Kontakt zu seinen Mitmenschen ebenso<\/span><span data-ccp-props=\"{&quot;335551550&quot;:1,&quot;335551620&quot;:1}\">\u00a0<\/span><span data-contrast=\"auto\">liebt wie seine Heimatstadt, hat die Ausbildung zum Stadt<\/span><span data-contrast=\"auto\">f\u00fchrer in diesem Jahr abgeschlossen und trifft mit seiner<\/span><span data-ccp-props=\"{&quot;335551550&quot;:1,&quot;335551620&quot;:1}\">\u00a0<\/span><span data-contrast=\"auto\">Kneipentour \u201eSchaumkronen &amp; Stadtgefl\u00fcster\u201c den Ge<\/span><span data-contrast=\"auto\">schmack seiner G\u00e4ste. \u201eMeine Kneipentour mit Geschichte<\/span><span data-ccp-props=\"{&quot;335551550&quot;:1,&quot;335551620&quot;:1}\">\u00a0<\/span><span data-contrast=\"auto\">macht trockene Geschichte feuchtfr\u00f6hlich erlebbar, und<\/span><span data-ccp-props=\"{&quot;335551550&quot;:1,&quot;335551620&quot;:1}\">\u00a0<\/span><span data-contrast=\"auto\">der klassische Stadtrundgang zeigt G\u00fctersloh mit all seinen<\/span><span data-ccp-props=\"{&quot;335551550&quot;:1,&quot;335551620&quot;:1}\">\u00a0<\/span><span data-contrast=\"auto\">Facetten\u201c, so Sieweke. Auch der unterhaltsame Rundgang<\/span><span data-ccp-props=\"{&quot;335551550&quot;:1,&quot;335551620&quot;:1}\">\u00a0<\/span><span data-contrast=\"auto\">\u201eG\u00fctersloh \u2013 erstaunlicher als man denkt\u201c, ist Bestandteil<\/span><span data-ccp-props=\"{&quot;335551550&quot;:1,&quot;335551620&quot;:1}\">\u00a0<\/span><span data-contrast=\"auto\">von Mike Siewekes Repertoire. Wenn er mal nicht als launiger<\/span><span data-ccp-props=\"{&quot;335551550&quot;:1,&quot;335551620&quot;:1}\">\u00a0<\/span><span data-contrast=\"auto\">Stadtf\u00fchrer unterwegs ist, findet man Mike Sieweke ganz<\/span><span data-ccp-props=\"{&quot;335551550&quot;:1,&quot;335551620&quot;:1}\">\u00a0<\/span><span data-contrast=\"auto\">entspannt im Stadtpark, in Erinnerungen schwelgend auf<\/span><span data-ccp-props=\"{&quot;335551550&quot;:1,&quot;335551620&quot;:1}\">\u00a0<\/span><span data-contrast=\"auto\">dem alten Kirchplatz oder gesellig in der bunten Gastro am<\/span><span data-ccp-props=\"{&quot;335551550&quot;:1,&quot;335551620&quot;:1}\">\u00a0<\/span><span data-contrast=\"auto\">Dreiecksplatz.<\/span><span data-ccp-props=\"{&quot;335551550&quot;:1,&quot;335551620&quot;:1}\">\u00a0<\/span><\/p>\t\t\t\t\t\t<\/div>\n\t\t\t\t<\/div>\n\t\t\t\t\t<\/div>\n\t\t<\/div>\n\t\t\t\t<div class=\"elementor-column elementor-col-50 elementor-top-column elementor-element elementor-element-d15f4fe\" data-id=\"d15f4fe\" data-element_type=\"column\">\n\t\t\t<div class=\"elementor-widget-wrap elementor-element-populated\">\n\t\t\t\t\t\t<div class=\"elementor-element elementor-element-a49c2b8 elementor-widget elementor-widget-image\" data-id=\"a49c2b8\" data-element_type=\"widget\" data-widget_type=\"image.default\">\n\t\t\t\t<div class=\"elementor-widget-container\">\n\t\t\t<span id=\"a49c2b8\"><\/span>\t\t\t\t\t\t\t\t\t\t<img loading=\"lazy\" decoding=\"async\" width=\"667\" height=\"1000\" src=\"https:\/\/www.guetersloh-marketing.de\/wp-content\/uploads\/2026\/03\/mike-11a3896-mike-11a3896.jpg\" class=\"attachment-large size-large wp-image-54190\" alt=\"Stadtf\u00fchrer Mike Sieweke sitzt im Innenbereich eines gro\u00dfen Beton-,,Gs&#039;&#039;.\" srcset=\"https:\/\/www.guetersloh-marketing.de\/wp-content\/uploads\/2026\/03\/mike-11a3896-mike-11a3896.jpg 667w, https:\/\/www.guetersloh-marketing.de\/wp-content\/uploads\/2026\/03\/mike-11a3896-mike-11a3896-200x300.jpg 200w, https:\/\/www.guetersloh-marketing.de\/wp-content\/uploads\/2026\/03\/mike-11a3896-mike-11a3896-8x12.jpg 8w, https:\/\/www.guetersloh-marketing.de\/wp-content\/uploads\/2026\/03\/mike-11a3896-mike-11a3896-560x840.jpg 560w\" sizes=\"(max-width: 667px) 100vw, 667px\" \/>\t\t\t\t\t\t\t\t\t\t\t\t\t<\/div>\n\t\t\t\t<\/div>\n\t\t\t\t\t<\/div>\n\t\t<\/div>\n\t\t\t\t\t<\/div>\n\t\t<\/section>\n\t\t\t\t<section class=\"elementor-section elementor-top-section elementor-element elementor-element-dae4b9b elementor-section-boxed elementor-section-height-default elementor-section-height-default\" data-id=\"dae4b9b\" data-element_type=\"section\">\n\t\t\t\t\t\t<div class=\"elementor-container elementor-column-gap-default\">\n\t\t\t\t\t<div class=\"elementor-column elementor-col-50 elementor-top-column elementor-element elementor-element-5644f09\" data-id=\"5644f09\" data-element_type=\"column\">\n\t\t\t<div class=\"elementor-widget-wrap elementor-element-populated\">\n\t\t\t\t\t\t<div class=\"elementor-element elementor-element-d7b4a5c elementor-widget elementor-widget-image\" data-id=\"d7b4a5c\" data-element_type=\"widget\" data-widget_type=\"image.default\">\n\t\t\t\t<div class=\"elementor-widget-container\">\n\t\t\t<span id=\"d7b4a5c\"><\/span>\t\t\t\t\t\t\t\t\t\t<img loading=\"lazy\" decoding=\"async\" width=\"665\" height=\"1000\" src=\"https:\/\/www.guetersloh-marketing.de\/wp-content\/uploads\/2026\/03\/anne-stienemeier--wolfgang-sauer-anne-stienemeier--wolfgang-sauer.jpg\" class=\"attachment-large size-large wp-image-54302\" alt=\"Stadtf\u00fchrerin Anne Stienemeier befindet sich im botanischen Garten\" srcset=\"https:\/\/www.guetersloh-marketing.de\/wp-content\/uploads\/2026\/03\/anne-stienemeier--wolfgang-sauer-anne-stienemeier--wolfgang-sauer.jpg 665w, https:\/\/www.guetersloh-marketing.de\/wp-content\/uploads\/2026\/03\/anne-stienemeier--wolfgang-sauer-anne-stienemeier--wolfgang-sauer-200x300.jpg 200w, https:\/\/www.guetersloh-marketing.de\/wp-content\/uploads\/2026\/03\/anne-stienemeier--wolfgang-sauer-anne-stienemeier--wolfgang-sauer-8x12.jpg 8w, https:\/\/www.guetersloh-marketing.de\/wp-content\/uploads\/2026\/03\/anne-stienemeier--wolfgang-sauer-anne-stienemeier--wolfgang-sauer-560x842.jpg 560w\" sizes=\"(max-width: 665px) 100vw, 665px\" \/>\t\t\t\t\t\t\t\t\t\t\t\t\t<\/div>\n\t\t\t\t<\/div>\n\t\t\t\t\t<\/div>\n\t\t<\/div>\n\t\t\t\t<div class=\"elementor-column elementor-col-50 elementor-top-column elementor-element elementor-element-d6d7eb0\" data-id=\"d6d7eb0\" data-element_type=\"column\">\n\t\t\t<div class=\"elementor-widget-wrap elementor-element-populated\">\n\t\t\t\t\t\t<div class=\"elementor-element elementor-element-28ea58d elementor-widget elementor-widget-spacer\" data-id=\"28ea58d\" data-element_type=\"widget\" data-widget_type=\"spacer.default\">\n\t\t\t\t<div class=\"elementor-widget-container\">\n\t\t\t<span id=\"28ea58d\"><\/span>\t\t<div class=\"elementor-spacer\">\n\t\t\t<div class=\"elementor-spacer-inner\"><\/div>\n\t\t<\/div>\n\t\t\t\t<\/div>\n\t\t\t\t<\/div>\n\t\t\t\t<div class=\"elementor-element elementor-element-d2fdf92 elementor-widget elementor-widget-heading\" data-id=\"d2fdf92\" data-element_type=\"widget\" data-widget_type=\"heading.default\">\n\t\t\t\t<div class=\"elementor-widget-container\">\n\t\t\t<span id=\"d2fdf92\"><\/span><h4 class=\"elementor-heading-title elementor-size-default\">Anne Stienemeier <\/h4>\t\t<\/div>\n\t\t\t\t<\/div>\n\t\t\t\t<div class=\"elementor-element elementor-element-340d86b elementor-widget elementor-widget-text-editor\" data-id=\"340d86b\" data-element_type=\"widget\" data-widget_type=\"text-editor.default\">\n\t\t\t\t<div class=\"elementor-widget-container\">\n\t\t\t<span id=\"340d86b\"><\/span>\t\t\t\t<p><span data-contrast=\"auto\">Anne Stienemeier verbindet ihre langj\u00e4hrige Erfahrung als\u00a0G\u00e4rtnerin im Botanischen Garten mit ihrer Ausbildung als\u00a0Natur- und Genussf\u00fchrerin zu einer einzigartigen Erlebnisf\u00fchrung. Frisch zur\u00fcck von einer Garten- und Studienreise aus\u00a0England, nimmt sie ihre G\u00e4ste mit auf eine zweieinhalbst\u00fcn-\u00a0dige Entdeckungsreise durch die vielf\u00e4ltigen Themeng\u00e4rten\u00a0des Botanischen Gartens. Dabei erz\u00e4hlt sie lebendig von der\u00a0Geschichte und Entwicklung des Gartens, die sie zum Teil\u00a0selbst miterlebt hat. Im Mittelpunkt ihrer F\u00fchrungen steht das\u00a0bewusste Erleben mit allen Sinnen: D\u00fcfte, Strukturen und\u00a0Geschm\u00e4cker der Pflanzen laden zum genussvollen Entdecken ein. Ein besonderes HIghlight ihrer F\u00fchrung \u201eEine Reise\u00a0f\u00fcr die Sinne\u201c ist die Verkostung im Apothekergarten, bei der\u00a0die Aromen heilender Kr\u00e4uter im Fokus stehen. Zum Abschluss\u00a0l\u00e4dt Anne Stienemeier zu einer kleinen Traumreise ein, um die\u00a0Eindr\u00fccke entspannt nachklingen zu lassen und die Ruhe des\u00a0Gartens zu genie\u00dfen.<\/span><span data-ccp-props=\"{&quot;335551550&quot;:1,&quot;335551620&quot;:1}\">\u00a0<\/span><\/p>\t\t\t\t\t\t<\/div>\n\t\t\t\t<\/div>\n\t\t\t\t\t<\/div>\n\t\t<\/div>\n\t\t\t\t\t<\/div>\n\t\t<\/section>\n\t\t\t\t<section class=\"elementor-section elementor-top-section elementor-element elementor-element-2f3aae4 elementor-section-boxed elementor-section-height-default elementor-section-height-default\" data-id=\"2f3aae4\" data-element_type=\"section\">\n\t\t\t\t\t\t<div class=\"elementor-container elementor-column-gap-default\">\n\t\t\t\t\t<div class=\"elementor-column elementor-col-50 elementor-top-column elementor-element elementor-element-afddf37\" data-id=\"afddf37\" data-element_type=\"column\">\n\t\t\t<div class=\"elementor-widget-wrap elementor-element-populated\">\n\t\t\t\t\t\t<div class=\"elementor-element elementor-element-de5c3be elementor-widget elementor-widget-spacer\" data-id=\"de5c3be\" data-element_type=\"widget\" data-widget_type=\"spacer.default\">\n\t\t\t\t<div class=\"elementor-widget-container\">\n\t\t\t<span id=\"de5c3be\"><\/span>\t\t<div class=\"elementor-spacer\">\n\t\t\t<div class=\"elementor-spacer-inner\"><\/div>\n\t\t<\/div>\n\t\t\t\t<\/div>\n\t\t\t\t<\/div>\n\t\t\t\t<div class=\"elementor-element elementor-element-f5b71af elementor-widget elementor-widget-heading\" data-id=\"f5b71af\" data-element_type=\"widget\" data-widget_type=\"heading.default\">\n\t\t\t\t<div class=\"elementor-widget-container\">\n\t\t\t<span id=\"f5b71af\"><\/span><h4 class=\"elementor-heading-title elementor-size-default\">Daniela Toman <\/h4>\t\t<\/div>\n\t\t\t\t<\/div>\n\t\t\t\t<div class=\"elementor-element elementor-element-06d7fe5 elementor-widget elementor-widget-text-editor\" data-id=\"06d7fe5\" data-element_type=\"widget\" data-widget_type=\"text-editor.default\">\n\t\t\t\t<div class=\"elementor-widget-container\">\n\t\t\t<span id=\"06d7fe5\"><\/span>\t\t\t\t<p><span data-contrast=\"auto\">Seit 2016 f\u00fchrt Daniela Toman durch den G\u00fctersloher\u00a0Stadtpark und den Botanischen Garten. F\u00fcr sie ist es eine\u00a0Herzensangelegenheit, den Besucherinnen und Besuchern unser \u201eGr\u00fcnes Wohnzimmer\u201c n\u00e4herzubringen. Mit\u00a0ihrem umfangreichen Wissen \u00fcber Gartenkultur, Pflanzenwelt und Fotografie gestaltet sie F\u00fchrungen, die nicht nur\u00a0informativ, sondern auch inspirierend sind. Ein besonderer\u00a0Schwerpunkt ihrer Touren liegt auf den Renaturierungsma\u00dfnahmen entlang der Dalke, vor allem im Stadtpark\u00a0und im Bereich Putzhagen. Hier zeigt sie, wie naturnahe\u00a0Flusslandschaften entstehen und welchen Wert sie f\u00fcr\u00a0Stadt und Umwelt haben. Ihr Lieblingsort in G\u00fctersloh ist\u00a0der Heckengarten im Botanischen Garten \u2013 ein Ort voller\u00a0Ruhe und Vielfalt, der die Sch\u00f6nheit der Natur in der Stadt\u00a0eindrucksvoll widerspiegelt.<\/span><span data-ccp-props=\"{&quot;335551550&quot;:1,&quot;335551620&quot;:1}\">\u00a0<\/span><\/p>\t\t\t\t\t\t<\/div>\n\t\t\t\t<\/div>\n\t\t\t\t\t<\/div>\n\t\t<\/div>\n\t\t\t\t<div class=\"elementor-column elementor-col-50 elementor-top-column elementor-element elementor-element-8e7df72\" data-id=\"8e7df72\" data-element_type=\"column\">\n\t\t\t<div class=\"elementor-widget-wrap elementor-element-populated\">\n\t\t\t\t\t\t<div class=\"elementor-element elementor-element-b5daf35 elementor-widget elementor-widget-image\" data-id=\"b5daf35\" data-element_type=\"widget\" data-widget_type=\"image.default\">\n\t\t\t\t<div class=\"elementor-widget-container\">\n\t\t\t<span id=\"b5daf35\"><\/span>\t\t\t\t\t\t\t\t\t\t<img loading=\"lazy\" decoding=\"async\" width=\"667\" height=\"1000\" src=\"https:\/\/www.guetersloh-marketing.de\/wp-content\/uploads\/2026\/03\/daniela-toman-11a7480-daniela-toman-11a7480.jpg\" class=\"attachment-large size-large wp-image-54181\" alt=\"Stadtf\u00fchrerin Daniela Toman sitzt auf einer Wiese.\" srcset=\"https:\/\/www.guetersloh-marketing.de\/wp-content\/uploads\/2026\/03\/daniela-toman-11a7480-daniela-toman-11a7480.jpg 667w, https:\/\/www.guetersloh-marketing.de\/wp-content\/uploads\/2026\/03\/daniela-toman-11a7480-daniela-toman-11a7480-200x300.jpg 200w, https:\/\/www.guetersloh-marketing.de\/wp-content\/uploads\/2026\/03\/daniela-toman-11a7480-daniela-toman-11a7480-8x12.jpg 8w, https:\/\/www.guetersloh-marketing.de\/wp-content\/uploads\/2026\/03\/daniela-toman-11a7480-daniela-toman-11a7480-560x840.jpg 560w\" sizes=\"(max-width: 667px) 100vw, 667px\" \/>\t\t\t\t\t\t\t\t\t\t\t\t\t<\/div>\n\t\t\t\t<\/div>\n\t\t\t\t\t<\/div>\n\t\t<\/div>\n\t\t\t\t\t<\/div>\n\t\t<\/section>\n\t\t\t\t<section class=\"elementor-section elementor-top-section elementor-element elementor-element-9d86b43 elementor-section-boxed elementor-section-height-default elementor-section-height-default\" data-id=\"9d86b43\" data-element_type=\"section\">\n\t\t\t\t\t\t<div class=\"elementor-container elementor-column-gap-default\">\n\t\t\t\t\t<div class=\"elementor-column elementor-col-100 elementor-top-column elementor-element elementor-element-3b4224c\" data-id=\"3b4224c\" data-element_type=\"column\">\n\t\t\t<div class=\"elementor-widget-wrap elementor-element-populated\">\n\t\t\t\t\t\t<div class=\"elementor-element elementor-element-af7d9f6 elementor-widget elementor-widget-text-editor\" data-id=\"af7d9f6\" data-element_type=\"widget\" data-widget_type=\"text-editor.default\">\n\t\t\t\t<div class=\"elementor-widget-container\">\n\t\t\t<span id=\"af7d9f6\"><\/span>\t\t\t\t<p><strong>Would you like to join our team for city tours? Get in touch with us!<\/strong><\/p>\t\t\t\t\t\t<\/div>\n\t\t\t\t<\/div>\n\t\t\t\t<div class=\"elementor-element elementor-element-7cb757a elementor-widget elementor-widget-elementor-contact-extension\" data-id=\"7cb757a\" data-element_type=\"widget\" data-widget_type=\"elementor-contact-extension.default\">\n\t\t\t\t<div class=\"elementor-widget-container\">\n\t\t\t<span id=\"7cb757a\"><\/span><div class=\"ansprechpartner-elementor-widget\"><div class=\"row\">\r\n<div class=\"col-md-12\">\r\n    <figure class=\"authorPhoto\">\r\n\t\t\t<img loading=\"lazy\" decoding=\"async\" width=\"253\" height=\"380\" src=\"https:\/\/www.guetersloh-marketing.de\/wp-content\/uploads\/2021\/04\/www.guetersloh-marketing.de-clara-abelmann-aq0a8736-1a.jpg\" class=\"attachment-380x380 size-380x380 wp-post-image\" alt=\"\" srcset=\"https:\/\/www.guetersloh-marketing.de\/wp-content\/uploads\/2021\/04\/www.guetersloh-marketing.de-clara-abelmann-aq0a8736-1a.jpg 1080w, https:\/\/www.guetersloh-marketing.de\/wp-content\/uploads\/2021\/04\/www.guetersloh-marketing.de-clara-abelmann-aq0a8736-1a-200x300.jpg 200w, https:\/\/www.guetersloh-marketing.de\/wp-content\/uploads\/2021\/04\/www.guetersloh-marketing.de-clara-abelmann-aq0a8736-1a-683x1024.jpg 683w, https:\/\/www.guetersloh-marketing.de\/wp-content\/uploads\/2021\/04\/www.guetersloh-marketing.de-clara-abelmann-aq0a8736-1a-768x1152.jpg 768w, https:\/\/www.guetersloh-marketing.de\/wp-content\/uploads\/2021\/04\/www.guetersloh-marketing.de-clara-abelmann-aq0a8736-1a-1024x1536.jpg 1024w, https:\/\/www.guetersloh-marketing.de\/wp-content\/uploads\/2021\/04\/www.guetersloh-marketing.de-clara-abelmann-aq0a8736-1a-8x12.jpg 8w, https:\/\/www.guetersloh-marketing.de\/wp-content\/uploads\/2021\/04\/www.guetersloh-marketing.de-clara-abelmann-aq0a8736-1a-560x840.jpg 560w\" sizes=\"(max-width: 253px) 100vw, 253px\" \/>\t\t<\/figure>    <div class=\"authorContact\">\r\n        \r\n\t\t\r\n\t\t\t\t\t\t<span class=\"authorName\"><a href=\"https:\/\/www.guetersloh-marketing.de\/en\/blog\/blogger\/clara-abelmann\/\">Clara Abelmann<\/a><\/span>\t\t\r\n\t\t\t\t\t\r\n        <span class=\"authorPosition\"><\/span>\r\n        <span class=\"authorDepartment\">Head of City and Tourism Management<\/span>\r\n                    <span class=\"authorTel\">Phone: <a\r\n                    href=\"tel:05241 211 36 33\">05241 211 36 33<\/a><\/span>\r\n                   \r\n            <span class=\"authorEmail\">E-mail: <a\r\n                    href=\"mailto:&#99;l&#97;&#114;&#97;&#46;&#97;&#98;e&#108;&#109;&#97;n&#110;&#64;g&#117;&#101;&#116;e&#114;s&#108;&#111;h-&#109;arke&#116;in&#103;&#46;de?subject=\">clara.abelmann@guetersloh-marketing.de<\/a><\/span>\r\n        \r\n                        \r\n        \r\n\t\t\t\t\t<span class=\"authorProfile\"><a href=\"https:\/\/www.guetersloh-marketing.de\/en\/blog\/blogger\/clara-abelmann\/\">Profile<\/a><\/span>\t\t\r\n\t\t\t\t\t\r\n            <\/div>\r\n<\/div>\t<\/div><\/div>\t\t<\/div>\n\t\t\t\t<\/div>\n\t\t\t\t\t<\/div>\n\t\t<\/div>\n\t\t\t\t\t<\/div>\n\t\t<\/section>\n\t\t\t\t<section class=\"elementor-section elementor-top-section elementor-element elementor-element-42381fc elementor-section-boxed elementor-section-height-default elementor-section-height-default\" data-id=\"42381fc\" data-element_type=\"section\" id=\"termine\">\n\t\t\t\t\t\t<div class=\"elementor-container elementor-column-gap-default\">\n\t\t\t\t\t<div class=\"elementor-column elementor-col-100 elementor-top-column elementor-element elementor-element-3a61b80\" data-id=\"3a61b80\" data-element_type=\"column\">\n\t\t\t<div class=\"elementor-widget-wrap elementor-element-populated\">\n\t\t\t\t\t\t<div class=\"elementor-element elementor-element-e86a892 elementor-position-left elementor-view-default elementor-mobile-position-top elementor-vertical-align-top elementor-widget elementor-widget-icon-box\" data-id=\"e86a892\" data-element_type=\"widget\" data-widget_type=\"icon-box.default\">\n\t\t\t\t<div class=\"elementor-widget-container\">\n\t\t\t<span id=\"e86a892\"><\/span>\t\t<div class=\"elementor-icon-box-wrapper\">\n\n\t\t\t\t\t\t<div class=\"elementor-icon-box-icon\">\n\t\t\t\t<a href=\"https:\/\/www.reservix.de\/veranstaltungskalender?city=guetersloh&#038;q=stadtf%C3%BChrung\" class=\"elementor-icon elementor-animation-\" tabindex=\"-1\">\n\t\t\t\t<i aria-hidden=\"true\" class=\"fas fa-ticket-alt\"><\/i>\t\t\t\t<\/a>\n\t\t\t<\/div>\n\t\t\t\n\t\t\t\t\t\t<div class=\"elementor-icon-box-content\">\n\n\t\t\t\t\t\t\t\t\t<h3 class=\"elementor-icon-box-title\">\n\t\t\t\t\t\t<a href=\"https:\/\/www.reservix.de\/veranstaltungskalender?city=guetersloh&#038;q=stadtf%C3%BChrung\" >\n\t\t\t\t\t\t\tYou can get tickets for all our tours online here - or at our ServiceCenter!\t\t\t\t\t\t<\/a>\n\t\t\t\t\t<\/h3>\n\t\t\t\t\n\t\t\t\t\n\t\t\t<\/div>\n\t\t\t\n\t\t<\/div>\n\t\t\t\t<\/div>\n\t\t\t\t<\/div>\n\t\t\t\t<div class=\"elementor-element elementor-element-a50d9a6 elementor-position-left elementor-view-default elementor-mobile-position-top elementor-vertical-align-top elementor-widget elementor-widget-icon-box\" data-id=\"a50d9a6\" data-element_type=\"widget\" data-widget_type=\"icon-box.default\">\n\t\t\t\t<div class=\"elementor-widget-container\">\n\t\t\t<span id=\"a50d9a6\"><\/span>\t\t<div class=\"elementor-icon-box-wrapper\">\n\n\t\t\t\t\t\t<div class=\"elementor-icon-box-icon\">\n\t\t\t\t<span  class=\"elementor-icon elementor-animation-\">\n\t\t\t\t<i aria-hidden=\"true\" class=\"fas fa-map-signs\"><\/i>\t\t\t\t<\/span>\n\t\t\t<\/div>\n\t\t\t\n\t\t\t\t\t\t<div class=\"elementor-icon-box-content\">\n\n\t\t\t\t\t\t\t\t\t<h3 class=\"elementor-icon-box-title\">\n\t\t\t\t\t\t<span  >\n\t\t\t\t\t\t\tOur tip: You can also book many city tours for private groups!\t\t\t\t\t\t<\/span>\n\t\t\t\t\t<\/h3>\n\t\t\t\t\n\t\t\t\t\t\t\t\t\t<p class=\"elementor-icon-box-description\">\n\t\t\t\t\t\tFrom birthday parties and company outings to family visits - numerous themed tours from our program can also be booked as private tours. Simply contact us.\t\t\t\t\t<\/p>\n\t\t\t\t\n\t\t\t<\/div>\n\t\t\t\n\t\t<\/div>\n\t\t\t\t<\/div>\n\t\t\t\t<\/div>\n\t\t\t\t\t<\/div>\n\t\t<\/div>\n\t\t\t\t\t<\/div>\n\t\t<\/section>\n\t\t\t\t<section class=\"elementor-section elementor-top-section elementor-element elementor-element-87bb17d elementor-section-boxed elementor-section-height-default elementor-section-height-default\" data-id=\"87bb17d\" data-element_type=\"section\">\n\t\t\t\t\t\t<div class=\"elementor-container elementor-column-gap-default\">\n\t\t\t\t\t<div class=\"elementor-column elementor-col-100 elementor-top-column elementor-element elementor-element-f8ab232\" data-id=\"f8ab232\" data-element_type=\"column\">\n\t\t\t<div class=\"elementor-widget-wrap elementor-element-populated\">\n\t\t\t\t\t\t<div class=\"elementor-element elementor-element-64fb0a7 elementor-widget elementor-widget-spacer\" data-id=\"64fb0a7\" data-element_type=\"widget\" data-widget_type=\"spacer.default\">\n\t\t\t\t<div class=\"elementor-widget-container\">\n\t\t\t<span id=\"64fb0a7\"><\/span>\t\t<div class=\"elementor-spacer\">\n\t\t\t<div class=\"elementor-spacer-inner\"><\/div>\n\t\t<\/div>\n\t\t\t\t<\/div>\n\t\t\t\t<\/div>\n\t\t\t\t<div class=\"elementor-element elementor-element-5e340e7 elementor-widget elementor-widget-heading\" data-id=\"5e340e7\" data-element_type=\"widget\" data-widget_type=\"heading.default\">\n\t\t\t\t<div class=\"elementor-widget-container\">\n\t\t\t<span id=\"5e340e7\"><\/span><h2 class=\"elementor-heading-title elementor-size-default\">Inspiration for other city tours in the district of G\u00fctersloh can be found here:<\/h2>\t\t<\/div>\n\t\t\t\t<\/div>\n\t\t\t\t<div class=\"elementor-element elementor-element-5e61d19 elementor-widget elementor-widget-spacer\" data-id=\"5e61d19\" data-element_type=\"widget\" data-widget_type=\"spacer.default\">\n\t\t\t\t<div class=\"elementor-widget-container\">\n\t\t\t<span id=\"5e61d19\"><\/span>\t\t<div class=\"elementor-spacer\">\n\t\t\t<div class=\"elementor-spacer-inner\"><\/div>\n\t\t<\/div>\n\t\t\t\t<\/div>\n\t\t\t\t<\/div>\n\t\t\t\t\t<\/div>\n\t\t<\/div>\n\t\t\t\t\t<\/div>\n\t\t<\/section>\n\t\t\t\t<section class=\"elementor-section elementor-top-section elementor-element elementor-element-b2141ea elementor-section-boxed elementor-section-height-default elementor-section-height-default\" data-id=\"b2141ea\" data-element_type=\"section\">\n\t\t\t\t\t\t<div class=\"elementor-container elementor-column-gap-default\">\n\t\t\t\t\t<div class=\"elementor-column elementor-col-16 elementor-top-column elementor-element elementor-element-4f9dfb4\" data-id=\"4f9dfb4\" data-element_type=\"column\">\n\t\t\t<div class=\"elementor-widget-wrap elementor-element-populated\">\n\t\t\t\t\t\t<div class=\"elementor-element elementor-element-461b65e elementor-view-default elementor-position-top elementor-mobile-position-top elementor-widget elementor-widget-icon-box\" data-id=\"461b65e\" data-element_type=\"widget\" data-widget_type=\"icon-box.default\">\n\t\t\t\t<div class=\"elementor-widget-container\">\n\t\t\t<span id=\"461b65e\"><\/span>\t\t<div class=\"elementor-icon-box-wrapper\">\n\n\t\t\t\t\t\t<div class=\"elementor-icon-box-icon\">\n\t\t\t\t<a href=\"http:\/\/heimatverein-guetersloh.de\/\" target=\"_blank\" class=\"elementor-icon elementor-animation-\" tabindex=\"-1\">\n\t\t\t\t<i aria-hidden=\"true\" class=\"fas fa-comments\"><\/i>\t\t\t\t<\/a>\n\t\t\t<\/div>\n\t\t\t\n\t\t\t\t\t\t<div class=\"elementor-icon-box-content\">\n\n\t\t\t\t\t\t\t\t\t<h3 class=\"elementor-icon-box-title\">\n\t\t\t\t\t\t<a href=\"http:\/\/heimatverein-guetersloh.de\/\" target=\"_blank\" >\n\t\t\t\t\t\t\tG\u00fctersloh local history society\t\t\t\t\t\t<\/a>\n\t\t\t\t\t<\/h3>\n\t\t\t\t\n\t\t\t\t\n\t\t\t<\/div>\n\t\t\t\n\t\t<\/div>\n\t\t\t\t<\/div>\n\t\t\t\t<\/div>\n\t\t\t\t\t<\/div>\n\t\t<\/div>\n\t\t\t\t<div class=\"elementor-column elementor-col-16 elementor-top-column elementor-element elementor-element-e3c2277\" data-id=\"e3c2277\" data-element_type=\"column\">\n\t\t\t<div class=\"elementor-widget-wrap elementor-element-populated\">\n\t\t\t\t\t\t<div class=\"elementor-element elementor-element-417b1b2 elementor-view-default elementor-position-top elementor-mobile-position-top elementor-widget elementor-widget-icon-box\" data-id=\"417b1b2\" data-element_type=\"widget\" data-widget_type=\"icon-box.default\">\n\t\t\t\t<div class=\"elementor-widget-container\">\n\t\t\t<span id=\"417b1b2\"><\/span>\t\t<div class=\"elementor-icon-box-wrapper\">\n\n\t\t\t\t\t\t<div class=\"elementor-icon-box-icon\">\n\t\t\t\t<a href=\"https:\/\/kneipp-verein-guetersloh.de\/\" target=\"_blank\" class=\"elementor-icon elementor-animation-\" tabindex=\"-1\">\n\t\t\t\t<i aria-hidden=\"true\" class=\"fas fa-comments\"><\/i>\t\t\t\t<\/a>\n\t\t\t<\/div>\n\t\t\t\n\t\t\t\t\t\t<div class=\"elementor-icon-box-content\">\n\n\t\t\t\t\t\t\t\t\t<h3 class=\"elementor-icon-box-title\">\n\t\t\t\t\t\t<a href=\"https:\/\/kneipp-verein-guetersloh.de\/\" target=\"_blank\" >\n\t\t\t\t\t\t\tKneipp Association G\u00fctersloh\t\t\t\t\t\t<\/a>\n\t\t\t\t\t<\/h3>\n\t\t\t\t\n\t\t\t\t\n\t\t\t<\/div>\n\t\t\t\n\t\t<\/div>\n\t\t\t\t<\/div>\n\t\t\t\t<\/div>\n\t\t\t\t\t<\/div>\n\t\t<\/div>\n\t\t\t\t<div class=\"elementor-column elementor-col-16 elementor-top-column elementor-element elementor-element-297575a\" data-id=\"297575a\" data-element_type=\"column\">\n\t\t\t<div class=\"elementor-widget-wrap elementor-element-populated\">\n\t\t\t\t\t\t<div class=\"elementor-element elementor-element-8ec792c elementor-view-default elementor-position-top elementor-mobile-position-top elementor-widget elementor-widget-icon-box\" data-id=\"8ec792c\" data-element_type=\"widget\" data-widget_type=\"icon-box.default\">\n\t\t\t\t<div class=\"elementor-widget-container\">\n\t\t\t<span id=\"8ec792c\"><\/span>\t\t<div class=\"elementor-icon-box-wrapper\">\n\n\t\t\t\t\t\t<div class=\"elementor-icon-box-icon\">\n\t\t\t\t<a href=\"https:\/\/www.prowi-gt.de\/\" target=\"_blank\" class=\"elementor-icon elementor-animation-\" tabindex=\"-1\">\n\t\t\t\t<i aria-hidden=\"true\" class=\"fas fa-comments\"><\/i>\t\t\t\t<\/a>\n\t\t\t<\/div>\n\t\t\t\n\t\t\t\t\t\t<div class=\"elementor-icon-box-content\">\n\n\t\t\t\t\t\t\t\t\t<h3 class=\"elementor-icon-box-title\">\n\t\t\t\t\t\t<a href=\"https:\/\/www.prowi-gt.de\/\" target=\"_blank\" >\n\t\t\t\t\t\t\tPro Economy G\u00fctersloh\t\t\t\t\t\t<\/a>\n\t\t\t\t\t<\/h3>\n\t\t\t\t\n\t\t\t\t\n\t\t\t<\/div>\n\t\t\t\n\t\t<\/div>\n\t\t\t\t<\/div>\n\t\t\t\t<\/div>\n\t\t\t\t\t<\/div>\n\t\t<\/div>\n\t\t\t\t<div class=\"elementor-column elementor-col-16 elementor-top-column elementor-element elementor-element-7dd58a5\" data-id=\"7dd58a5\" data-element_type=\"column\">\n\t\t\t<div class=\"elementor-widget-wrap elementor-element-populated\">\n\t\t\t\t\t\t<div class=\"elementor-element elementor-element-ba3a72c elementor-view-default elementor-position-top elementor-mobile-position-top elementor-widget elementor-widget-icon-box\" data-id=\"ba3a72c\" data-element_type=\"widget\" data-widget_type=\"icon-box.default\">\n\t\t\t\t<div class=\"elementor-widget-container\">\n\t\t\t<span id=\"ba3a72c\"><\/span>\t\t<div class=\"elementor-icon-box-wrapper\">\n\n\t\t\t\t\t\t<div class=\"elementor-icon-box-icon\">\n\t\t\t\t<a href=\"https:\/\/stadtmuseum-guetersloh.de\/\" target=\"_blank\" class=\"elementor-icon elementor-animation-\" tabindex=\"-1\">\n\t\t\t\t<i aria-hidden=\"true\" class=\"fas fa-comments\"><\/i>\t\t\t\t<\/a>\n\t\t\t<\/div>\n\t\t\t\n\t\t\t\t\t\t<div class=\"elementor-icon-box-content\">\n\n\t\t\t\t\t\t\t\t\t<h3 class=\"elementor-icon-box-title\">\n\t\t\t\t\t\t<a href=\"https:\/\/stadtmuseum-guetersloh.de\/\" target=\"_blank\" >\n\t\t\t\t\t\t\tCity Museum G\u00fctersloh\t\t\t\t\t\t<\/a>\n\t\t\t\t\t<\/h3>\n\t\t\t\t\n\t\t\t\t\n\t\t\t<\/div>\n\t\t\t\n\t\t<\/div>\n\t\t\t\t<\/div>\n\t\t\t\t<\/div>\n\t\t\t\t\t<\/div>\n\t\t<\/div>\n\t\t\t\t<div class=\"elementor-column elementor-col-16 elementor-top-column elementor-element elementor-element-859b2de\" data-id=\"859b2de\" data-element_type=\"column\">\n\t\t\t<div class=\"elementor-widget-wrap elementor-element-populated\">\n\t\t\t\t\t\t<div class=\"elementor-element elementor-element-0e8fdeb elementor-view-default elementor-position-top elementor-mobile-position-top elementor-widget elementor-widget-icon-box\" data-id=\"0e8fdeb\" data-element_type=\"widget\" data-widget_type=\"icon-box.default\">\n\t\t\t\t<div class=\"elementor-widget-container\">\n\t\t\t<span id=\"0e8fdeb\"><\/span>\t\t<div class=\"elementor-icon-box-wrapper\">\n\n\t\t\t\t\t\t<div class=\"elementor-icon-box-icon\">\n\t\t\t\t<a href=\"https:\/\/www.vhs-gt.de\" target=\"_blank\" class=\"elementor-icon elementor-animation-\" tabindex=\"-1\">\n\t\t\t\t<i aria-hidden=\"true\" class=\"fas fa-comments\"><\/i>\t\t\t\t<\/a>\n\t\t\t<\/div>\n\t\t\t\n\t\t\t\t\t\t<div class=\"elementor-icon-box-content\">\n\n\t\t\t\t\t\t\t\t\t<h3 class=\"elementor-icon-box-title\">\n\t\t\t\t\t\t<a href=\"https:\/\/www.vhs-gt.de\" target=\"_blank\" >\n\t\t\t\t\t\t\tAdult Education Center G\u00fctersloh\t\t\t\t\t\t<\/a>\n\t\t\t\t\t<\/h3>\n\t\t\t\t\n\t\t\t\t\n\t\t\t<\/div>\n\t\t\t\n\t\t<\/div>\n\t\t\t\t<\/div>\n\t\t\t\t<\/div>\n\t\t\t\t\t<\/div>\n\t\t<\/div>\n\t\t\t\t<div class=\"elementor-column elementor-col-16 elementor-top-column elementor-element elementor-element-d52dad9\" data-id=\"d52dad9\" data-element_type=\"column\">\n\t\t\t<div class=\"elementor-widget-wrap elementor-element-populated\">\n\t\t\t\t\t\t<div class=\"elementor-element elementor-element-07aac94 elementor-view-default elementor-position-top elementor-mobile-position-top elementor-widget elementor-widget-icon-box\" data-id=\"07aac94\" data-element_type=\"widget\" data-widget_type=\"icon-box.default\">\n\t\t\t\t<div class=\"elementor-widget-container\">\n\t\t\t<span id=\"07aac94\"><\/span>\t\t<div class=\"elementor-icon-box-wrapper\">\n\n\t\t\t\t\t\t<div class=\"elementor-icon-box-icon\">\n\t\t\t\t<a href=\"https:\/\/www.ostwestfaelisch.de\/ostwestfaelische-spezialitaeten\/\" target=\"_blank\" class=\"elementor-icon elementor-animation-\" tabindex=\"-1\">\n\t\t\t\t<i aria-hidden=\"true\" class=\"fas fa-comments\"><\/i>\t\t\t\t<\/a>\n\t\t\t<\/div>\n\t\t\t\n\t\t\t\t\t\t<div class=\"elementor-icon-box-content\">\n\n\t\t\t\t\t\t\t\t\t<h3 class=\"elementor-icon-box-title\">\n\t\t\t\t\t\t<a href=\"https:\/\/www.ostwestfaelisch.de\/ostwestfaelische-spezialitaeten\/\" target=\"_blank\" >\n\t\t\t\t\t\t\t\"Crash Course East Westphalian\" with Matthias Borner\t\t\t\t\t\t<\/a>\n\t\t\t\t\t<\/h3>\n\t\t\t\t\n\t\t\t\t\n\t\t\t<\/div>\n\t\t\t\n\t\t<\/div>\n\t\t\t\t<\/div>\n\t\t\t\t<\/div>\n\t\t\t\t\t<\/div>\n\t\t<\/div>\n\t\t\t\t\t<\/div>\n\t\t<\/section>\n\t\t\t\t<section class=\"elementor-section elementor-top-section elementor-element elementor-element-7c6f7cf5 elementor-section-boxed elementor-section-height-default elementor-section-height-default\" data-id=\"7c6f7cf5\" data-element_type=\"section\">\n\t\t\t\t\t\t<div class=\"elementor-container elementor-column-gap-default\">\n\t\t\t\t\t<div class=\"elementor-column elementor-col-100 elementor-top-column elementor-element elementor-element-3861cacd\" data-id=\"3861cacd\" data-element_type=\"column\">\n\t\t\t<div class=\"elementor-widget-wrap elementor-element-populated\">\n\t\t\t\t\t\t<div class=\"elementor-element elementor-element-62401aff elementor-align-center elementor-icon-list--layout-traditional elementor-list-item-link-full_width elementor-widget elementor-widget-icon-list\" data-id=\"62401aff\" data-element_type=\"widget\" data-widget_type=\"icon-list.default\">\n\t\t\t\t<div class=\"elementor-widget-container\">\n\t\t\t<span id=\"62401aff\"><\/span>\t\t<ul class=\"elementor-icon-list-items\">\n\t\t\t\t\t\t\t<li class=\"elementor-icon-list-item\">\n\t\t\t\t\t\t\t\t\t\t<span class=\"elementor-icon-list-text\">\u00a9 Titelbild: Detlef G\u00fcthenke, Beitragsbilder: Daniela Toman \/ Wolfgang Sauer <\/span>\n\t\t\t\t\t\t\t\t\t<\/li>\n\t\t\t\t\t\t\t\t<li class=\"elementor-icon-list-item\">\n\t\t\t\t\t\t\t\t\t\t<span class=\"elementor-icon-list-text\">\u00a9 Beschreibungen der Stadtf\u00fchrer*innen: gt!nfo, erstmals erschienen in den gt!info Ausgaben Juni 2025 - Dezember 2025<\/span>\n\t\t\t\t\t\t\t\t\t<\/li>\n\t\t\t\t\t\t<\/ul>\n\t\t\t\t<\/div>\n\t\t\t\t<\/div>\n\t\t\t\t<div class=\"elementor-element elementor-element-7ff0cc97 elementor-widget elementor-widget-spacer\" data-id=\"7ff0cc97\" data-element_type=\"widget\" data-widget_type=\"spacer.default\">\n\t\t\t\t<div class=\"elementor-widget-container\">\n\t\t\t<span id=\"7ff0cc97\"><\/span>\t\t<div class=\"elementor-spacer\">\n\t\t\t<div class=\"elementor-spacer-inner\"><\/div>\n\t\t<\/div>\n\t\t\t\t<\/div>\n\t\t\t\t<\/div>\n\t\t\t\t\t<\/div>\n\t\t<\/div>\n\t\t\t\t\t<\/div>\n\t\t<\/section>\n\t\t\t\t<\/div>","protected":false},"excerpt":{"rendered":"<p>Our experts in G\u00fctersloh: Whether it's the history of the city, G\u00fctersloh architecture or the special features of the Botanical Gardens, our city guides know their way around.<\/p>","protected":false},"author":25,"featured_media":0,"parent":35365,"menu_order":10,"comment_status":"closed","ping_status":"closed","template":"","meta":{"_acf_changed":false,"footnotes":""},"categories":[],"competences":[],"class_list":["post-39535","page","type-page","status-publish","hentry"],"acf":[],"_links":{"self":[{"href":"https:\/\/www.guetersloh-marketing.de\/en\/wp-json\/wp\/v2\/pages\/39535","targetHints":{"allow":["GET"]}}],"collection":[{"href":"https:\/\/www.guetersloh-marketing.de\/en\/wp-json\/wp\/v2\/pages"}],"about":[{"href":"https:\/\/www.guetersloh-marketing.de\/en\/wp-json\/wp\/v2\/types\/page"}],"author":[{"embeddable":true,"href":"https:\/\/www.guetersloh-marketing.de\/en\/wp-json\/wp\/v2\/users\/25"}],"replies":[{"embeddable":true,"href":"https:\/\/www.guetersloh-marketing.de\/en\/wp-json\/wp\/v2\/comments?post=39535"}],"version-history":[{"count":79,"href":"https:\/\/www.guetersloh-marketing.de\/en\/wp-json\/wp\/v2\/pages\/39535\/revisions"}],"predecessor-version":[{"id":54843,"href":"https:\/\/www.guetersloh-marketing.de\/en\/wp-json\/wp\/v2\/pages\/39535\/revisions\/54843"}],"up":[{"embeddable":true,"href":"https:\/\/www.guetersloh-marketing.de\/en\/wp-json\/wp\/v2\/pages\/35365"}],"wp:attachment":[{"href":"https:\/\/www.guetersloh-marketing.de\/en\/wp-json\/wp\/v2\/media?parent=39535"}],"wp:term":[{"taxonomy":"category","embeddable":true,"href":"https:\/\/www.guetersloh-marketing.de\/en\/wp-json\/wp\/v2\/categories?post=39535"},{"taxonomy":"competences","embeddable":true,"href":"https:\/\/www.guetersloh-marketing.de\/en\/wp-json\/wp\/v2\/competences?post=39535"}],"curies":[{"name":"wp","href":"https:\/\/api.w.org\/{rel}","templated":true}]}}