{"id":23711,"date":"2020-08-01T13:04:00","date_gmt":"2020-11-09T12:04:47","guid":{"rendered":"https:\/\/www.guetersloh-marketing.de\/?page_id=23711"},"modified":"2025-07-15T15:32:16","modified_gmt":"2025-07-15T13:32:16","slug":"isg-mittlere-berliner-strasse","status":"publish","type":"page","link":"https:\/\/www.guetersloh-marketing.de\/en\/projektseiten\/isg-mittlere-berliner-strasse\/","title":{"rendered":"Mittlere Berliner Stra\u00dfe Real Estate and Location Community"},"content":{"rendered":"<div data-elementor-type=\"wp-page\" data-elementor-id=\"23711\" class=\"elementor elementor-23711\" data-elementor-post-type=\"page\">\n\t\t\t\t\t\t<section class=\"elementor-section elementor-top-section elementor-element elementor-element-e5fdb2c elementor-section-boxed elementor-section-height-default elementor-section-height-default\" data-id=\"e5fdb2c\" data-element_type=\"section\">\n\t\t\t\t\t\t<div class=\"elementor-container elementor-column-gap-default\">\n\t\t\t\t\t<div class=\"elementor-column elementor-col-100 elementor-top-column elementor-element elementor-element-87fe090\" data-id=\"87fe090\" data-element_type=\"column\">\n\t\t\t<div class=\"elementor-widget-wrap elementor-element-populated\">\n\t\t\t\t\t\t<div class=\"elementor-element elementor-element-55d8c15 elementor-widget elementor-widget-spacer\" data-id=\"55d8c15\" data-element_type=\"widget\" data-widget_type=\"spacer.default\">\n\t\t\t\t<div class=\"elementor-widget-container\">\n\t\t\t<span id=\"55d8c15\"><\/span>\t\t<div class=\"elementor-spacer\">\n\t\t\t<div class=\"elementor-spacer-inner\"><\/div>\n\t\t<\/div>\n\t\t\t\t<\/div>\n\t\t\t\t<\/div>\n\t\t\t\t<div class=\"elementor-element elementor-element-3a32c0a elementor-widget elementor-widget-heading\" data-id=\"3a32c0a\" data-element_type=\"widget\" data-widget_type=\"heading.default\">\n\t\t\t\t<div class=\"elementor-widget-container\">\n\t\t\t<span id=\"3a32c0a\"><\/span><h2 class=\"elementor-heading-title elementor-size-default\">Welcome<\/h2>\t\t<\/div>\n\t\t\t\t<\/div>\n\t\t\t\t<div class=\"elementor-element elementor-element-9936b46 elementor-widget elementor-widget-heading\" data-id=\"9936b46\" data-element_type=\"widget\" data-widget_type=\"heading.default\">\n\t\t\t\t<div class=\"elementor-widget-container\">\n\t\t\t<span id=\"9936b46\"><\/span><h3 class=\"elementor-heading-title elementor-size-default\">to the Mittlere Berliner Stra\u00dfe Real Estate and Location Community.<br><br><\/h3>\t\t<\/div>\n\t\t\t\t<\/div>\n\t\t\t\t<div class=\"elementor-element elementor-element-2c02357 elementor-view-default elementor-widget elementor-widget-icon\" data-id=\"2c02357\" data-element_type=\"widget\" data-widget_type=\"icon.default\">\n\t\t\t\t<div class=\"elementor-widget-container\">\n\t\t\t<span id=\"2c02357\"><\/span>\t\t<div class=\"elementor-icon-wrapper\">\n\t\t\t<div class=\"elementor-icon\">\n\t\t\t<i aria-hidden=\"true\" class=\"fas fa-store\"><\/i>\t\t\t<\/div>\n\t\t<\/div>\n\t\t\t\t<\/div>\n\t\t\t\t<\/div>\n\t\t\t\t<div class=\"elementor-element elementor-element-c57c4ac elementor-widget elementor-widget-counter\" data-id=\"c57c4ac\" data-element_type=\"widget\" data-widget_type=\"counter.default\">\n\t\t\t\t<div class=\"elementor-widget-container\">\n\t\t\t<span id=\"c57c4ac\"><\/span>\t\t<div class=\"elementor-counter\">\n\t\t\t<div class=\"elementor-counter-title\">Retail businesses and restaurants<\/div>\t\t\t<div class=\"elementor-counter-number-wrapper\">\n\t\t\t\t<span class=\"elementor-counter-number-prefix\"><\/span>\n\t\t\t\t<span class=\"elementor-counter-number\" data-duration=\"1000\" data-to-value=\"44\" data-from-value=\"0\" data-delimiter=\",\">0<\/span>\n\t\t\t\t<span class=\"elementor-counter-number-suffix\"><\/span>\n\t\t\t<\/div>\n\t\t<\/div>\n\t\t\t\t<\/div>\n\t\t\t\t<\/div>\n\t\t\t\t\t<\/div>\n\t\t<\/div>\n\t\t\t\t\t<\/div>\n\t\t<\/section>\n\t\t\t\t<section class=\"elementor-section elementor-top-section elementor-element elementor-element-05cc1f2 elementor-section-boxed elementor-section-height-default elementor-section-height-default\" data-id=\"05cc1f2\" data-element_type=\"section\">\n\t\t\t\t\t\t<div class=\"elementor-container elementor-column-gap-default\">\n\t\t\t\t\t<div class=\"elementor-column elementor-col-100 elementor-top-column elementor-element elementor-element-0f8a3c8\" data-id=\"0f8a3c8\" data-element_type=\"column\">\n\t\t\t<div class=\"elementor-widget-wrap elementor-element-populated\">\n\t\t\t\t\t\t<div class=\"elementor-element elementor-element-fb426d7 elementor-widget elementor-widget-spacer\" data-id=\"fb426d7\" data-element_type=\"widget\" data-widget_type=\"spacer.default\">\n\t\t\t\t<div class=\"elementor-widget-container\">\n\t\t\t<span id=\"fb426d7\"><\/span>\t\t<div class=\"elementor-spacer\">\n\t\t\t<div class=\"elementor-spacer-inner\"><\/div>\n\t\t<\/div>\n\t\t\t\t<\/div>\n\t\t\t\t<\/div>\n\t\t\t\t\t<\/div>\n\t\t<\/div>\n\t\t\t\t\t<\/div>\n\t\t<\/section>\n\t\t\t\t<section class=\"elementor-section elementor-top-section elementor-element elementor-element-14bef68 elementor-section-boxed elementor-section-height-default elementor-section-height-default\" data-id=\"14bef68\" data-element_type=\"section\">\n\t\t\t\t\t\t<div class=\"elementor-container elementor-column-gap-default\">\n\t\t\t\t\t<div class=\"elementor-column elementor-col-50 elementor-top-column elementor-element elementor-element-0959091\" data-id=\"0959091\" data-element_type=\"column\">\n\t\t\t<div class=\"elementor-widget-wrap elementor-element-populated\">\n\t\t\t\t\t\t<div class=\"elementor-element elementor-element-9b2dcd7 elementor-widget elementor-widget-text-editor\" data-id=\"9b2dcd7\" data-element_type=\"widget\" data-widget_type=\"text-editor.default\">\n\t\t\t\t<div class=\"elementor-widget-container\">\n\t\t\t<span id=\"9b2dcd7\"><\/span>\t\t\t\t<p>Standing still is regression \u2013 this truth also applies to Mittlere Berliner Strasse as a shopping street. This is why the property owners resident here have joined forces to form the Real Estate and Location Community. The aim is to further enhance the quality of life in this prime location. <b>The association has existed<\/b> in G\u00fctersloh since the end of 2012. The private commitment of the homeowners has made it possible for<b>\u00a0<\/b>Mittlere Berliner Stra\u00dfe to be launched as the first statutory Real Estate and Location Community in East Westphalia and the third statutory Real Estate and Location Community in North Rhine-Westphalia. Initiators Albrecht Diek\u00f6tter, Peter Oesterhelweg and Bernd Sperling are delighted about the pioneering role which G\u00fctersloh is playing in this matter throughout OWL (Eastern Westphalia-Lippe region).<\/p><p>This will make<b>\u00a0<\/b>Mittlere Berliner Stra\u00dfe an even more attractive calling card for the city, and will help to make the G\u00fctersloh location even more attractive and liveable. Real Estate and Location Community \u2013 a model that should set a precedent!<\/p><p>The \"Winterlicht\" project of the ISG Mittlere Berliner Stra\u00dfe e.V. association was supported with funds from the \"Verf\u00fcgungsfonds\" funding program in accordance with Section 14 of the 2008 urban renewal funding guidelines.<\/p>\t\t\t\t\t\t<\/div>\n\t\t\t\t<\/div>\n\t\t\t\t\t<\/div>\n\t\t<\/div>\n\t\t\t\t<div class=\"elementor-column elementor-col-50 elementor-top-column elementor-element elementor-element-3a47055\" data-id=\"3a47055\" data-element_type=\"column\">\n\t\t\t<div class=\"elementor-widget-wrap elementor-element-populated\">\n\t\t\t\t\t\t<div class=\"elementor-element elementor-element-1dd587b elementor-widget elementor-widget-image\" data-id=\"1dd587b\" data-element_type=\"widget\" data-widget_type=\"image.default\">\n\t\t\t\t<div class=\"elementor-widget-container\">\n\t\t\t<span id=\"1dd587b\"><\/span>\t\t\t\t\t\t\t\t\t\t<img fetchpriority=\"high\" decoding=\"async\" width=\"1500\" height=\"1000\" src=\"https:\/\/www.guetersloh-marketing.de\/wp-content\/uploads\/2022\/03\/isg-mittlere-berliner-strasse-sommeraktion-0197.jpg\" class=\"attachment-full size-full wp-image-36036\" alt=\"\" srcset=\"https:\/\/www.guetersloh-marketing.de\/wp-content\/uploads\/2022\/03\/isg-mittlere-berliner-strasse-sommeraktion-0197.jpg 1500w, https:\/\/www.guetersloh-marketing.de\/wp-content\/uploads\/2022\/03\/isg-mittlere-berliner-strasse-sommeraktion-0197-300x200.jpg 300w, https:\/\/www.guetersloh-marketing.de\/wp-content\/uploads\/2022\/03\/isg-mittlere-berliner-strasse-sommeraktion-0197-1024x683.jpg 1024w, https:\/\/www.guetersloh-marketing.de\/wp-content\/uploads\/2022\/03\/isg-mittlere-berliner-strasse-sommeraktion-0197-768x512.jpg 768w, https:\/\/www.guetersloh-marketing.de\/wp-content\/uploads\/2022\/03\/isg-mittlere-berliner-strasse-sommeraktion-0197-18x12.jpg 18w, https:\/\/www.guetersloh-marketing.de\/wp-content\/uploads\/2022\/03\/isg-mittlere-berliner-strasse-sommeraktion-0197-560x373.jpg 560w\" sizes=\"(max-width: 1500px) 100vw, 1500px\" \/>\t\t\t\t\t\t\t\t\t\t\t\t\t<\/div>\n\t\t\t\t<\/div>\n\t\t\t\t<div class=\"elementor-element elementor-element-123116c elementor-widget elementor-widget-text-editor\" data-id=\"123116c\" data-element_type=\"widget\" data-widget_type=\"text-editor.default\">\n\t\t\t\t<div class=\"elementor-widget-container\">\n\t\t\t<span id=\"123116c\"><\/span>\t\t\t\t<p><i>The rainbow coloured fabric canopy is one of the many campaigns initiated by the Real Estate and Location Community\u00a0<\/i><\/p>\t\t\t\t\t\t<\/div>\n\t\t\t\t<\/div>\n\t\t\t\t<div class=\"elementor-element elementor-element-33970a4 elementor-icon-list--layout-inline elementor-align-center elementor-list-item-link-full_width elementor-widget elementor-widget-icon-list\" data-id=\"33970a4\" data-element_type=\"widget\" data-widget_type=\"icon-list.default\">\n\t\t\t\t<div class=\"elementor-widget-container\">\n\t\t\t<span id=\"33970a4\"><\/span>\t\t<ul class=\"elementor-icon-list-items elementor-inline-items\">\n\t\t\t\t\t\t\t<li class=\"elementor-icon-list-item elementor-inline-item\">\n\t\t\t\t\t\t\t\t\t\t\t<span class=\"elementor-icon-list-icon\">\n\t\t\t\t\t\t\t<i aria-hidden=\"true\" class=\"far fa-copyright\"><\/i>\t\t\t\t\t\t<\/span>\n\t\t\t\t\t\t\t\t\t\t<span class=\"elementor-icon-list-text\">Lena Descher<\/span>\n\t\t\t\t\t\t\t\t\t<\/li>\n\t\t\t\t\t\t<\/ul>\n\t\t\t\t<\/div>\n\t\t\t\t<\/div>\n\t\t\t\t\t<\/div>\n\t\t<\/div>\n\t\t\t\t\t<\/div>\n\t\t<\/section>\n\t\t\t\t<section class=\"elementor-section elementor-top-section elementor-element elementor-element-1cbfdac elementor-section-boxed elementor-section-height-default elementor-section-height-default\" data-id=\"1cbfdac\" data-element_type=\"section\">\n\t\t\t\t\t\t<div class=\"elementor-container elementor-column-gap-default\">\n\t\t\t\t\t<div class=\"elementor-column elementor-col-100 elementor-top-column elementor-element elementor-element-a65d794\" data-id=\"a65d794\" data-element_type=\"column\">\n\t\t\t<div class=\"elementor-widget-wrap elementor-element-populated\">\n\t\t\t\t\t\t<div class=\"elementor-element elementor-element-710e21e elementor-widget elementor-widget-heading\" data-id=\"710e21e\" data-element_type=\"widget\" data-widget_type=\"heading.default\">\n\t\t\t\t<div class=\"elementor-widget-container\">\n\t\t\t<span id=\"710e21e\"><\/span><h2 class=\"elementor-heading-title elementor-size-default\">Mittlere Berliner Stra\u00dfe<\/h2>\t\t<\/div>\n\t\t\t\t<\/div>\n\t\t\t\t<div class=\"elementor-element elementor-element-0927e0d elementor-widget elementor-widget-text-editor\" data-id=\"0927e0d\" data-element_type=\"widget\" data-widget_type=\"text-editor.default\">\n\t\t\t\t<div class=\"elementor-widget-container\">\n\t\t\t<span id=\"0927e0d\"><\/span>\t\t\t\t<p>Berliner Stra\u00dfe is the main shopping street of G\u00fctersloh, and was the first street to be paved in 1820. The fa\u00e7ades of the buildings constructed in the 19th century still bear witness to the prosperity of the businesspeople at that time. In 1972, Berliner Stra\u00dfe became G\u00fctersloh's first pedestrian zone. The campaigns of the Mittlere Berliner Stra\u00dfe Real Estate and Location Community e. V. make the district even more liveable, which contributes to a significant increase in the attractiveness of the inner city as a whole, of course.<\/p>\t\t\t\t\t\t<\/div>\n\t\t\t\t<\/div>\n\t\t\t\t\t<\/div>\n\t\t<\/div>\n\t\t\t\t\t<\/div>\n\t\t<\/section>\n\t\t\t\t<section class=\"elementor-section elementor-top-section elementor-element elementor-element-881d58b elementor-section-boxed elementor-section-height-default elementor-section-height-default\" data-id=\"881d58b\" data-element_type=\"section\">\n\t\t\t\t\t\t<div class=\"elementor-container elementor-column-gap-default\">\n\t\t\t\t\t<div class=\"elementor-column elementor-col-100 elementor-top-column elementor-element elementor-element-372436a\" data-id=\"372436a\" data-element_type=\"column\">\n\t\t\t<div class=\"elementor-widget-wrap elementor-element-populated\">\n\t\t\t\t\t\t<div class=\"elementor-element elementor-element-7f38181 elementor-widget elementor-widget-heading\" data-id=\"7f38181\" data-element_type=\"widget\" data-widget_type=\"heading.default\">\n\t\t\t\t<div class=\"elementor-widget-container\">\n\t\t\t<span id=\"7f38181\"><\/span><h2 class=\"elementor-heading-title elementor-size-default\">Board member of the association<\/h2>\t\t<\/div>\n\t\t\t\t<\/div>\n\t\t\t\t\t<\/div>\n\t\t<\/div>\n\t\t\t\t\t<\/div>\n\t\t<\/section>\n\t\t\t\t<section class=\"elementor-section elementor-top-section elementor-element elementor-element-bf1cca0 elementor-section-boxed elementor-section-height-default elementor-section-height-default\" data-id=\"bf1cca0\" data-element_type=\"section\">\n\t\t\t\t\t\t<div class=\"elementor-container elementor-column-gap-default\">\n\t\t\t\t\t<div class=\"elementor-column elementor-col-50 elementor-top-column elementor-element elementor-element-02debbd\" data-id=\"02debbd\" data-element_type=\"column\">\n\t\t\t<div class=\"elementor-widget-wrap elementor-element-populated\">\n\t\t\t\t\t\t<div class=\"elementor-element elementor-element-399ee7b elementor-widget elementor-widget-text-editor\" data-id=\"399ee7b\" data-element_type=\"widget\" data-widget_type=\"text-editor.default\">\n\t\t\t\t<div class=\"elementor-widget-container\">\n\t\t\t<span id=\"399ee7b\"><\/span>\t\t\t\t<p>The Mittlere Berliner Stra\u00dfe Real Estate and Location Community e.V. is managed by three board members and supplemented by four other members.<\/p>\t\t\t\t\t\t<\/div>\n\t\t\t\t<\/div>\n\t\t\t\t<section class=\"elementor-section elementor-inner-section elementor-element elementor-element-96de1a0 elementor-section-boxed elementor-section-height-default elementor-section-height-default\" data-id=\"96de1a0\" data-element_type=\"section\">\n\t\t\t\t\t\t<div class=\"elementor-container elementor-column-gap-default\">\n\t\t\t\t\t<div class=\"elementor-column elementor-col-50 elementor-inner-column elementor-element elementor-element-8a47cb4\" data-id=\"8a47cb4\" data-element_type=\"column\">\n\t\t\t<div class=\"elementor-widget-wrap elementor-element-populated\">\n\t\t\t\t\t\t<div class=\"elementor-element elementor-element-1e092d4 elementor-view-default elementor-position-top elementor-mobile-position-top elementor-widget elementor-widget-icon-box\" data-id=\"1e092d4\" data-element_type=\"widget\" data-widget_type=\"icon-box.default\">\n\t\t\t\t<div class=\"elementor-widget-container\">\n\t\t\t<span id=\"1e092d4\"><\/span>\t\t<div class=\"elementor-icon-box-wrapper\">\n\n\t\t\t\t\t\t<div class=\"elementor-icon-box-icon\">\n\t\t\t\t<span  class=\"elementor-icon elementor-animation-\">\n\t\t\t\t<i aria-hidden=\"true\" class=\"fas fa-user\"><\/i>\t\t\t\t<\/span>\n\t\t\t<\/div>\n\t\t\t\n\t\t\t\t\t\t<div class=\"elementor-icon-box-content\">\n\n\t\t\t\t\t\t\t\t\t<h3 class=\"elementor-icon-box-title\">\n\t\t\t\t\t\t<span  >\n\t\t\t\t\t\t\t1st Chairman\t\t\t\t\t\t<\/span>\n\t\t\t\t\t<\/h3>\n\t\t\t\t\n\t\t\t\t\t\t\t\t\t<p class=\"elementor-icon-box-description\">\n\t\t\t\t\t\tChristoph Fritzenk\u00f6tter\t\t\t\t\t<\/p>\n\t\t\t\t\n\t\t\t<\/div>\n\t\t\t\n\t\t<\/div>\n\t\t\t\t<\/div>\n\t\t\t\t<\/div>\n\t\t\t\t\t<\/div>\n\t\t<\/div>\n\t\t\t\t<div class=\"elementor-column elementor-col-50 elementor-inner-column elementor-element elementor-element-f2d6ea2\" data-id=\"f2d6ea2\" data-element_type=\"column\">\n\t\t\t<div class=\"elementor-widget-wrap elementor-element-populated\">\n\t\t\t\t\t\t<div class=\"elementor-element elementor-element-0871aed elementor-view-default elementor-position-top elementor-mobile-position-top elementor-widget elementor-widget-icon-box\" data-id=\"0871aed\" data-element_type=\"widget\" data-widget_type=\"icon-box.default\">\n\t\t\t\t<div class=\"elementor-widget-container\">\n\t\t\t<span id=\"0871aed\"><\/span>\t\t<div class=\"elementor-icon-box-wrapper\">\n\n\t\t\t\t\t\t<div class=\"elementor-icon-box-icon\">\n\t\t\t\t<span  class=\"elementor-icon elementor-animation-\">\n\t\t\t\t<i aria-hidden=\"true\" class=\"fas fa-user\"><\/i>\t\t\t\t<\/span>\n\t\t\t<\/div>\n\t\t\t\n\t\t\t\t\t\t<div class=\"elementor-icon-box-content\">\n\n\t\t\t\t\t\t\t\t\t<h3 class=\"elementor-icon-box-title\">\n\t\t\t\t\t\t<span  >\n\t\t\t\t\t\t\t2nd Chairman and Treasurer\t\t\t\t\t\t<\/span>\n\t\t\t\t\t<\/h3>\n\t\t\t\t\n\t\t\t\t\t\t\t\t\t<p class=\"elementor-icon-box-description\">\n\t\t\t\t\t\tChristopher Rascher-Friesenhausen\t\t\t\t\t<\/p>\n\t\t\t\t\n\t\t\t<\/div>\n\t\t\t\n\t\t<\/div>\n\t\t\t\t<\/div>\n\t\t\t\t<\/div>\n\t\t\t\t\t<\/div>\n\t\t<\/div>\n\t\t\t\t\t<\/div>\n\t\t<\/section>\n\t\t\t\t<section class=\"elementor-section elementor-inner-section elementor-element elementor-element-60a9987 elementor-section-boxed elementor-section-height-default elementor-section-height-default\" data-id=\"60a9987\" data-element_type=\"section\">\n\t\t\t\t\t\t<div class=\"elementor-container elementor-column-gap-default\">\n\t\t\t\t\t<div class=\"elementor-column elementor-col-50 elementor-inner-column elementor-element elementor-element-54d01b4\" data-id=\"54d01b4\" data-element_type=\"column\">\n\t\t\t<div class=\"elementor-widget-wrap elementor-element-populated\">\n\t\t\t\t\t\t<div class=\"elementor-element elementor-element-34e6837 elementor-view-default elementor-position-top elementor-mobile-position-top elementor-widget elementor-widget-icon-box\" data-id=\"34e6837\" data-element_type=\"widget\" data-widget_type=\"icon-box.default\">\n\t\t\t\t<div class=\"elementor-widget-container\">\n\t\t\t<span id=\"34e6837\"><\/span>\t\t<div class=\"elementor-icon-box-wrapper\">\n\n\t\t\t\t\t\t<div class=\"elementor-icon-box-icon\">\n\t\t\t\t<span  class=\"elementor-icon elementor-animation-\">\n\t\t\t\t<i aria-hidden=\"true\" class=\"fas fa-user\"><\/i>\t\t\t\t<\/span>\n\t\t\t<\/div>\n\t\t\t\n\t\t\t\t\t\t<div class=\"elementor-icon-box-content\">\n\n\t\t\t\t\t\t\t\t\t<h3 class=\"elementor-icon-box-title\">\n\t\t\t\t\t\t<span  >\n\t\t\t\t\t\t\t3rd Chairman and Secretary\t\t\t\t\t\t<\/span>\n\t\t\t\t\t<\/h3>\n\t\t\t\t\n\t\t\t\t\t\t\t\t\t<p class=\"elementor-icon-box-description\">\n\t\t\t\t\t\tPeter Oesterhelweg\t\t\t\t\t<\/p>\n\t\t\t\t\n\t\t\t<\/div>\n\t\t\t\n\t\t<\/div>\n\t\t\t\t<\/div>\n\t\t\t\t<\/div>\n\t\t\t\t\t<\/div>\n\t\t<\/div>\n\t\t\t\t<div class=\"elementor-column elementor-col-50 elementor-inner-column elementor-element elementor-element-c7883dd\" data-id=\"c7883dd\" data-element_type=\"column\">\n\t\t\t<div class=\"elementor-widget-wrap elementor-element-populated\">\n\t\t\t\t\t\t<div class=\"elementor-element elementor-element-6685999 elementor-view-default elementor-position-top elementor-mobile-position-top elementor-widget elementor-widget-icon-box\" data-id=\"6685999\" data-element_type=\"widget\" data-widget_type=\"icon-box.default\">\n\t\t\t\t<div class=\"elementor-widget-container\">\n\t\t\t<span id=\"6685999\"><\/span>\t\t<div class=\"elementor-icon-box-wrapper\">\n\n\t\t\t\t\t\t<div class=\"elementor-icon-box-icon\">\n\t\t\t\t<span  class=\"elementor-icon elementor-animation-\">\n\t\t\t\t<i aria-hidden=\"true\" class=\"fas fa-user\"><\/i>\t\t\t\t<\/span>\n\t\t\t<\/div>\n\t\t\t\n\t\t\t\t\t\t<div class=\"elementor-icon-box-content\">\n\n\t\t\t\t\t\t\t\t\t<h3 class=\"elementor-icon-box-title\">\n\t\t\t\t\t\t<span  >\n\t\t\t\t\t\t\tOther board members\t\t\t\t\t\t<\/span>\n\t\t\t\t\t<\/h3>\n\t\t\t\t\n\t\t\t\t\t\t\t\t\t<p class=\"elementor-icon-box-description\">\n\t\t\t\t\t\tHorst Goldbeck,\nAxel Keisinger,\nAntje Tewesmeier\t\t\t\t\t<\/p>\n\t\t\t\t\n\t\t\t<\/div>\n\t\t\t\n\t\t<\/div>\n\t\t\t\t<\/div>\n\t\t\t\t<\/div>\n\t\t\t\t\t<\/div>\n\t\t<\/div>\n\t\t\t\t\t<\/div>\n\t\t<\/section>\n\t\t\t\t\t<\/div>\n\t\t<\/div>\n\t\t\t\t<div class=\"elementor-column elementor-col-50 elementor-top-column elementor-element elementor-element-4ba1a0f\" data-id=\"4ba1a0f\" data-element_type=\"column\">\n\t\t\t<div class=\"elementor-widget-wrap elementor-element-populated\">\n\t\t\t\t\t\t<div class=\"elementor-element elementor-element-ead13e6 elementor-widget__width-initial elementor-widget elementor-widget-image\" data-id=\"ead13e6\" data-element_type=\"widget\" data-widget_type=\"image.default\">\n\t\t\t\t<div class=\"elementor-widget-container\">\n\t\t\t<span id=\"ead13e6\"><\/span>\t\t\t\t\t\t\t<figure class=\"wp-caption\">\n\t\t\t\t\t\t\t\t\t\t<img decoding=\"async\" width=\"645\" height=\"1000\" src=\"https:\/\/www.guetersloh-marketing.de\/wp-content\/uploads\/2025\/07\/isg-mittlere-berliner-strasse-vorstand-sommerdeko-isg-2025--guetersloh-marketing.jpeg\" class=\"attachment-large size-large wp-image-50531\" alt=\"Der Vorstand der ISG im Jahr 2025, v.l. Christopher Rascher-Friesenhausen, Christoph Fritzenk\u00f6tter und Peter Oesterhelweg\" srcset=\"https:\/\/www.guetersloh-marketing.de\/wp-content\/uploads\/2025\/07\/isg-mittlere-berliner-strasse-vorstand-sommerdeko-isg-2025--guetersloh-marketing.jpeg 645w, https:\/\/www.guetersloh-marketing.de\/wp-content\/uploads\/2025\/07\/isg-mittlere-berliner-strasse-vorstand-sommerdeko-isg-2025--guetersloh-marketing-194x300.jpeg 194w, https:\/\/www.guetersloh-marketing.de\/wp-content\/uploads\/2025\/07\/isg-mittlere-berliner-strasse-vorstand-sommerdeko-isg-2025--guetersloh-marketing-8x12.jpeg 8w, https:\/\/www.guetersloh-marketing.de\/wp-content\/uploads\/2025\/07\/isg-mittlere-berliner-strasse-vorstand-sommerdeko-isg-2025--guetersloh-marketing-560x868.jpeg 560w\" sizes=\"(max-width: 645px) 100vw, 645px\" \/>\t\t\t\t\t\t\t\t\t\t\t<figcaption class=\"widget-image-caption wp-caption-text\">from left Christopher Rascher-Friesenhausebn, Christoph Fritzenk\u00f6tter and Peter Oesterhelweg \u00a9 gtm<\/figcaption>\n\t\t\t\t\t\t\t\t\t\t<\/figure>\n\t\t\t\t\t\t\t<\/div>\n\t\t\t\t<\/div>\n\t\t\t\t\t<\/div>\n\t\t<\/div>\n\t\t\t\t\t<\/div>\n\t\t<\/section>\n\t\t\t\t<section class=\"elementor-section elementor-top-section elementor-element elementor-element-986e8b4 elementor-section-boxed elementor-section-height-default elementor-section-height-default\" data-id=\"986e8b4\" data-element_type=\"section\">\n\t\t\t\t\t\t<div class=\"elementor-container elementor-column-gap-default\">\n\t\t\t\t\t<div class=\"elementor-column elementor-col-100 elementor-top-column elementor-element elementor-element-54e16f0\" data-id=\"54e16f0\" data-element_type=\"column\">\n\t\t\t<div class=\"elementor-widget-wrap elementor-element-populated\">\n\t\t\t\t\t\t<div class=\"elementor-element elementor-element-867f9bd elementor-widget elementor-widget-heading\" data-id=\"867f9bd\" data-element_type=\"widget\" data-widget_type=\"heading.default\">\n\t\t\t\t<div class=\"elementor-widget-container\">\n\t\t\t<span id=\"867f9bd\"><\/span><h2 class=\"elementor-heading-title elementor-size-default\">What does the Real Estate and Location Community do?<\/h2>\t\t<\/div>\n\t\t\t\t<\/div>\n\t\t\t\t<div class=\"elementor-element elementor-element-ef01591 elementor-widget elementor-widget-text-editor\" data-id=\"ef01591\" data-element_type=\"widget\" data-widget_type=\"text-editor.default\">\n\t\t\t\t<div class=\"elementor-widget-container\">\n\t\t\t<span id=\"ef01591\"><\/span>\t\t\t\t<p>The goal of real estate and location communities is to increase the liveliness and attractiveness of their neighbourhoods. The Mittlere Berliner Stra\u00dfe Real Estate and Location Community e.V. association has given itself the task of making life in the district even pleasanter.<\/p><p>Real estate and location communities want to increase the liveliness and attractiveness of their neighbourhoods. Since 2008, North Rhine-Westphalia has also had a state law basis for implementing a Real Estate and Location Community. A Real Estate and Location Community is an important instrument which involves all property owners for ensuring that reliable, solidarity-based financing of activities for the promotion and enhancement of the attractiveness of a neighbourhood is available.<\/p><p>The Mittlere Berliner Stra\u00dfe Real Estate and Location Community has given itself the task of making life in the shopping street even pleasanter. The aim is to make Mittlere Berliner Strasse stand out from the other streets, and be regarded as \"the\" shopping and experience boulevard in G\u00fctersloh. The beautifully designed flower ellipses during G\u00fctersloh Spring, the Mediterranean atmosphere during Michaelmas week, the winter lights during the dark season and the street artists on Advent Saturdays make a significant contribution to this. Money has also been invested in new and modern seating with LED lighting, which invites people to linger and enhances the entire streetscape.<\/p><p>This is intended to attract many customers and visitors to the inner city of G\u00fctersloh.<\/p><p>These and many other campaigns are made possible by the Mittlere Berliner Stra\u00dfe Real Estate and Location Community By the citizens of G\u00fctersloh for the citizens of G\u00fctersloh. The Real Estate and Location Community is supported by the Mittlere Berliner Stra\u00dfe Real Estate and Location Community e. V. association<\/p>\t\t\t\t\t\t<\/div>\n\t\t\t\t<\/div>\n\t\t\t\t\t<\/div>\n\t\t<\/div>\n\t\t\t\t\t<\/div>\n\t\t<\/section>\n\t\t\t\t<section class=\"elementor-section elementor-top-section elementor-element elementor-element-c3220a7 elementor-section-boxed elementor-section-height-default elementor-section-height-default\" data-id=\"c3220a7\" data-element_type=\"section\">\n\t\t\t\t\t\t<div class=\"elementor-container elementor-column-gap-default\">\n\t\t\t\t\t<div class=\"elementor-column elementor-col-100 elementor-top-column elementor-element elementor-element-5b81f5b\" data-id=\"5b81f5b\" data-element_type=\"column\">\n\t\t\t<div class=\"elementor-widget-wrap elementor-element-populated\">\n\t\t\t\t\t\t<div class=\"elementor-element elementor-element-559ae86 elementor-widget elementor-widget-heading\" data-id=\"559ae86\" data-element_type=\"widget\" data-widget_type=\"heading.default\">\n\t\t\t\t<div class=\"elementor-widget-container\">\n\t\t\t<span id=\"559ae86\"><\/span><h2 class=\"elementor-heading-title elementor-size-default\">Road section<\/h2>\t\t<\/div>\n\t\t\t\t<\/div>\n\t\t\t\t<div class=\"elementor-element elementor-element-a895c9d elementor-widget elementor-widget-text-editor\" data-id=\"a895c9d\" data-element_type=\"widget\" data-widget_type=\"text-editor.default\">\n\t\t\t\t<div class=\"elementor-widget-container\">\n\t\t\t<span id=\"a895c9d\"><\/span>\t\t\t\t<p>The resident property owners between the Fritzenk\u00f6tter Caf\u00e9 on the corner of Berliner Stra\u00dfe\/Schulstra\u00dfe and Berliner Platz have joined forces to form the Mittlere Berliner Stra\u00dfe Real Estate and Location Community.<\/p>\t\t\t\t\t\t<\/div>\n\t\t\t\t<\/div>\n\t\t\t\t\t<\/div>\n\t\t<\/div>\n\t\t\t\t\t<\/div>\n\t\t<\/section>\n\t\t\t\t<section class=\"elementor-section elementor-top-section elementor-element elementor-element-77e4ab6 elementor-section-boxed elementor-section-height-default elementor-section-height-default\" data-id=\"77e4ab6\" data-element_type=\"section\">\n\t\t\t\t\t\t<div class=\"elementor-container elementor-column-gap-default\">\n\t\t\t\t\t<div class=\"elementor-column elementor-col-100 elementor-top-column elementor-element elementor-element-eb3e06b\" data-id=\"eb3e06b\" data-element_type=\"column\">\n\t\t\t<div class=\"elementor-widget-wrap elementor-element-populated\">\n\t\t\t\t\t\t<div class=\"elementor-element elementor-element-dc14a21 elementor-widget elementor-widget-heading\" data-id=\"dc14a21\" data-element_type=\"widget\" data-widget_type=\"heading.default\">\n\t\t\t\t<div class=\"elementor-widget-container\">\n\t\t\t<span id=\"dc14a21\"><\/span><h2 class=\"elementor-heading-title elementor-size-default\">Members<\/h2>\t\t<\/div>\n\t\t\t\t<\/div>\n\t\t\t\t<div class=\"elementor-element elementor-element-8f5abb5 elementor-widget elementor-widget-text-editor\" data-id=\"8f5abb5\" data-element_type=\"widget\" data-widget_type=\"text-editor.default\">\n\t\t\t\t<div class=\"elementor-widget-container\">\n\t\t\t<span id=\"8f5abb5\"><\/span>\t\t\t\t<div><p>The Mittlere Berliner Stra\u00dfe Real Estate and Location Community e.V. association currently has 27 members.<\/p><p>Every resident property owner is automatically a paying member of the real estate and location community in accordance with the law governing real estate and location communities (ISGG NRW) section 4, paragraph 3, and can therefore also become a member of the supporting association Mittlere Berliner Stra\u00dfe Real Estate and Location Community e.V.<\/p><\/div>\t\t\t\t\t\t<\/div>\n\t\t\t\t<\/div>\n\t\t\t\t\t<\/div>\n\t\t<\/div>\n\t\t\t\t\t<\/div>\n\t\t<\/section>\n\t\t\t\t<section class=\"elementor-section elementor-top-section elementor-element elementor-element-d015b76 elementor-section-boxed elementor-section-height-default elementor-section-height-default\" data-id=\"d015b76\" data-element_type=\"section\">\n\t\t\t\t\t\t<div class=\"elementor-container elementor-column-gap-default\">\n\t\t\t\t\t<div class=\"elementor-column elementor-col-25 elementor-top-column elementor-element elementor-element-75622f3\" data-id=\"75622f3\" data-element_type=\"column\">\n\t\t\t<div class=\"elementor-widget-wrap elementor-element-populated\">\n\t\t\t\t\t\t<div class=\"elementor-element elementor-element-16e40c4 elementor-widget elementor-widget-spacer\" data-id=\"16e40c4\" data-element_type=\"widget\" data-widget_type=\"spacer.default\">\n\t\t\t\t<div class=\"elementor-widget-container\">\n\t\t\t<span id=\"16e40c4\"><\/span>\t\t<div class=\"elementor-spacer\">\n\t\t\t<div class=\"elementor-spacer-inner\"><\/div>\n\t\t<\/div>\n\t\t\t\t<\/div>\n\t\t\t\t<\/div>\n\t\t\t\t<div class=\"elementor-element elementor-element-565a3b7 elementor-widget elementor-widget-image\" data-id=\"565a3b7\" data-element_type=\"widget\" data-widget_type=\"image.default\">\n\t\t\t\t<div class=\"elementor-widget-container\">\n\t\t\t<span id=\"565a3b7\"><\/span>\t\t\t\t\t\t\t\t\t\t<img decoding=\"async\" width=\"800\" height=\"404\" src=\"https:\/\/www.guetersloh-marketing.de\/wp-content\/uploads\/2020\/11\/BMUB_Logo_deutsch_bmp_Office_Far-1024x517.jpg\" class=\"attachment-large size-large wp-image-24541\" alt=\"\" srcset=\"https:\/\/www.guetersloh-marketing.de\/wp-content\/uploads\/2020\/11\/BMUB_Logo_deutsch_bmp_Office_Far-1024x517.jpg 1024w, https:\/\/www.guetersloh-marketing.de\/wp-content\/uploads\/2020\/11\/BMUB_Logo_deutsch_bmp_Office_Far-300x152.jpg 300w, https:\/\/www.guetersloh-marketing.de\/wp-content\/uploads\/2020\/11\/BMUB_Logo_deutsch_bmp_Office_Far-768x388.jpg 768w, https:\/\/www.guetersloh-marketing.de\/wp-content\/uploads\/2020\/11\/BMUB_Logo_deutsch_bmp_Office_Far-1536x776.jpg 1536w, https:\/\/www.guetersloh-marketing.de\/wp-content\/uploads\/2020\/11\/BMUB_Logo_deutsch_bmp_Office_Far-16x8.jpg 16w, https:\/\/www.guetersloh-marketing.de\/wp-content\/uploads\/2020\/11\/BMUB_Logo_deutsch_bmp_Office_Far-560x283.jpg 560w, https:\/\/www.guetersloh-marketing.de\/wp-content\/uploads\/2020\/11\/BMUB_Logo_deutsch_bmp_Office_Far.jpg 1584w\" sizes=\"(max-width: 800px) 100vw, 800px\" \/>\t\t\t\t\t\t\t\t\t\t\t\t\t<\/div>\n\t\t\t\t<\/div>\n\t\t\t\t\t<\/div>\n\t\t<\/div>\n\t\t\t\t<div class=\"elementor-column elementor-col-25 elementor-top-column elementor-element elementor-element-de44773\" data-id=\"de44773\" data-element_type=\"column\">\n\t\t\t<div class=\"elementor-widget-wrap elementor-element-populated\">\n\t\t\t\t\t\t<div class=\"elementor-element elementor-element-cafcb54 elementor-widget elementor-widget-image\" data-id=\"cafcb54\" data-element_type=\"widget\" data-widget_type=\"image.default\">\n\t\t\t\t<div class=\"elementor-widget-container\">\n\t\t\t<span id=\"cafcb54\"><\/span>\t\t\t\t\t\t\t\t\t\t<img loading=\"lazy\" decoding=\"async\" width=\"800\" height=\"164\" src=\"https:\/\/www.guetersloh-marketing.de\/wp-content\/uploads\/2020\/11\/NRW_MBWSV_RGB-1024x210.jpg\" class=\"attachment-large size-large wp-image-24543\" alt=\"\" srcset=\"https:\/\/www.guetersloh-marketing.de\/wp-content\/uploads\/2020\/11\/NRW_MBWSV_RGB-1024x210.jpg 1024w, https:\/\/www.guetersloh-marketing.de\/wp-content\/uploads\/2020\/11\/NRW_MBWSV_RGB-300x62.jpg 300w, https:\/\/www.guetersloh-marketing.de\/wp-content\/uploads\/2020\/11\/NRW_MBWSV_RGB-768x157.jpg 768w, https:\/\/www.guetersloh-marketing.de\/wp-content\/uploads\/2020\/11\/NRW_MBWSV_RGB-1536x315.jpg 1536w, https:\/\/www.guetersloh-marketing.de\/wp-content\/uploads\/2020\/11\/NRW_MBWSV_RGB-16x3.jpg 16w, https:\/\/www.guetersloh-marketing.de\/wp-content\/uploads\/2020\/11\/NRW_MBWSV_RGB-560x115.jpg 560w, https:\/\/www.guetersloh-marketing.de\/wp-content\/uploads\/2020\/11\/NRW_MBWSV_RGB.jpg 2000w\" sizes=\"(max-width: 800px) 100vw, 800px\" \/>\t\t\t\t\t\t\t\t\t\t\t\t\t<\/div>\n\t\t\t\t<\/div>\n\t\t\t\t\t<\/div>\n\t\t<\/div>\n\t\t\t\t<div class=\"elementor-column elementor-col-25 elementor-top-column elementor-element elementor-element-77859bd\" data-id=\"77859bd\" data-element_type=\"column\">\n\t\t\t<div class=\"elementor-widget-wrap elementor-element-populated\">\n\t\t\t\t\t\t<div class=\"elementor-element elementor-element-f6256bf elementor-widget elementor-widget-image\" data-id=\"f6256bf\" data-element_type=\"widget\" data-widget_type=\"image.default\">\n\t\t\t\t<div class=\"elementor-widget-container\">\n\t\t\t<span id=\"f6256bf\"><\/span>\t\t\t\t\t\t\t\t\t\t<img loading=\"lazy\" decoding=\"async\" width=\"204\" height=\"264\" src=\"https:\/\/www.guetersloh-marketing.de\/wp-content\/uploads\/2020\/11\/Staedtebaufoerderung_RGB.jpg\" class=\"attachment-large size-large wp-image-24544\" alt=\"\" srcset=\"https:\/\/www.guetersloh-marketing.de\/wp-content\/uploads\/2020\/11\/Staedtebaufoerderung_RGB.jpg 204w, https:\/\/www.guetersloh-marketing.de\/wp-content\/uploads\/2020\/11\/Staedtebaufoerderung_RGB-9x12.jpg 9w\" sizes=\"(max-width: 204px) 100vw, 204px\" \/>\t\t\t\t\t\t\t\t\t\t\t\t\t<\/div>\n\t\t\t\t<\/div>\n\t\t\t\t\t<\/div>\n\t\t<\/div>\n\t\t\t\t<div class=\"elementor-column elementor-col-25 elementor-top-column elementor-element elementor-element-9b6616e\" data-id=\"9b6616e\" data-element_type=\"column\">\n\t\t\t<div class=\"elementor-widget-wrap elementor-element-populated\">\n\t\t\t\t\t\t<div class=\"elementor-element elementor-element-e1c61d8 elementor-widget elementor-widget-image\" data-id=\"e1c61d8\" data-element_type=\"widget\" data-widget_type=\"image.default\">\n\t\t\t\t<div class=\"elementor-widget-container\">\n\t\t\t<span id=\"e1c61d8\"><\/span>\t\t\t\t\t\t\t\t\t\t<img loading=\"lazy\" decoding=\"async\" width=\"800\" height=\"185\" src=\"https:\/\/www.guetersloh-marketing.de\/wp-content\/uploads\/2020\/11\/gtlogo-1024x237.jpg\" class=\"attachment-large size-large wp-image-24542\" alt=\"Logo Stadt G\u00fctersloh\" srcset=\"https:\/\/www.guetersloh-marketing.de\/wp-content\/uploads\/2020\/11\/gtlogo-1024x237.jpg 1024w, https:\/\/www.guetersloh-marketing.de\/wp-content\/uploads\/2020\/11\/gtlogo-300x69.jpg 300w, https:\/\/www.guetersloh-marketing.de\/wp-content\/uploads\/2020\/11\/gtlogo-768x177.jpg 768w, https:\/\/www.guetersloh-marketing.de\/wp-content\/uploads\/2020\/11\/gtlogo-1536x355.jpg 1536w, https:\/\/www.guetersloh-marketing.de\/wp-content\/uploads\/2020\/11\/gtlogo-16x4.jpg 16w, https:\/\/www.guetersloh-marketing.de\/wp-content\/uploads\/2020\/11\/gtlogo-560x129.jpg 560w, https:\/\/www.guetersloh-marketing.de\/wp-content\/uploads\/2020\/11\/gtlogo.jpg 2000w\" sizes=\"(max-width: 800px) 100vw, 800px\" \/>\t\t\t\t\t\t\t\t\t\t\t\t\t<\/div>\n\t\t\t\t<\/div>\n\t\t\t\t\t<\/div>\n\t\t<\/div>\n\t\t\t\t\t<\/div>\n\t\t<\/section>\n\t\t\t\t<\/div>","protected":false},"excerpt":{"rendered":"<p>The ISG Mittlere Berliner Stra\u00dfe e.V. association was founded in G\u00fctersloh at the end of 2012. The aim is to further improve the quality of life in this prime location. <\/p>","protected":false},"author":1,"featured_media":24533,"parent":23702,"menu_order":19,"comment_status":"closed","ping_status":"closed","template":"","meta":{"_acf_changed":false,"footnotes":""},"categories":[],"competences":[403],"class_list":["post-23711","page","type-page","status-publish","has-post-thumbnail","hentry","competences-wirtschaftswelten"],"acf":[],"_links":{"self":[{"href":"https:\/\/www.guetersloh-marketing.de\/en\/wp-json\/wp\/v2\/pages\/23711","targetHints":{"allow":["GET"]}}],"collection":[{"href":"https:\/\/www.guetersloh-marketing.de\/en\/wp-json\/wp\/v2\/pages"}],"about":[{"href":"https:\/\/www.guetersloh-marketing.de\/en\/wp-json\/wp\/v2\/types\/page"}],"author":[{"embeddable":true,"href":"https:\/\/www.guetersloh-marketing.de\/en\/wp-json\/wp\/v2\/users\/1"}],"replies":[{"embeddable":true,"href":"https:\/\/www.guetersloh-marketing.de\/en\/wp-json\/wp\/v2\/comments?post=23711"}],"version-history":[{"count":103,"href":"https:\/\/www.guetersloh-marketing.de\/en\/wp-json\/wp\/v2\/pages\/23711\/revisions"}],"predecessor-version":[{"id":50534,"href":"https:\/\/www.guetersloh-marketing.de\/en\/wp-json\/wp\/v2\/pages\/23711\/revisions\/50534"}],"up":[{"embeddable":true,"href":"https:\/\/www.guetersloh-marketing.de\/en\/wp-json\/wp\/v2\/pages\/23702"}],"wp:featuredmedia":[{"embeddable":true,"href":"https:\/\/www.guetersloh-marketing.de\/en\/wp-json\/wp\/v2\/media\/24533"}],"wp:attachment":[{"href":"https:\/\/www.guetersloh-marketing.de\/en\/wp-json\/wp\/v2\/media?parent=23711"}],"wp:term":[{"taxonomy":"category","embeddable":true,"href":"https:\/\/www.guetersloh-marketing.de\/en\/wp-json\/wp\/v2\/categories?post=23711"},{"taxonomy":"competences","embeddable":true,"href":"https:\/\/www.guetersloh-marketing.de\/en\/wp-json\/wp\/v2\/competences?post=23711"}],"curies":[{"name":"wp","href":"https:\/\/api.w.org\/{rel}","templated":true}]}}