{"id":20994,"date":"2020-08-20T13:28:00","date_gmt":"2020-08-20T11:28:20","guid":{"rendered":"https:\/\/www.guetersloh-marketing.de\/?page_id=20994"},"modified":"2024-01-10T16:45:03","modified_gmt":"2024-01-10T15:45:03","slug":"was-ist-los-in-guetersloh-veranstaltungstipps","status":"publish","type":"page","link":"https:\/\/www.guetersloh-marketing.de\/en\/guetersloh\/was-ist-los-in-guetersloh-veranstaltungstipps\/","title":{"rendered":"Events"},"content":{"rendered":"\t\t<div data-elementor-type=\"wp-page\" data-elementor-id=\"20994\" class=\"elementor elementor-20994\" data-elementor-post-type=\"page\">\n\t\t\t\t\t\t<section class=\"elementor-section elementor-top-section elementor-element elementor-element-c6bc2ba elementor-section-full_width elementor-section-height-default elementor-section-height-default\" data-id=\"c6bc2ba\" data-element_type=\"section\">\n\t\t\t\t\t\t<div class=\"elementor-container elementor-column-gap-default\">\n\t\t\t\t\t<div class=\"elementor-column elementor-col-100 elementor-top-column elementor-element elementor-element-3b2d3c6\" data-id=\"3b2d3c6\" data-element_type=\"column\">\n\t\t\t<div class=\"elementor-widget-wrap elementor-element-populated\">\n\t\t\t\t\t\t<div class=\"elementor-element elementor-element-a666bab elementor--h-position-center elementor--v-position-bottom elementor-arrows-position-inside elementor-widget elementor-widget-elementor-hero-extension\" data-id=\"a666bab\" data-element_type=\"widget\" data-settings=\"{&quot;navigation&quot;:&quot;arrows&quot;,&quot;autoplay&quot;:&quot;yes&quot;,&quot;pause_on_hover&quot;:&quot;yes&quot;,&quot;pause_on_interaction&quot;:&quot;yes&quot;,&quot;autoplay_speed&quot;:5000,&quot;infinite&quot;:&quot;yes&quot;,&quot;transition&quot;:&quot;slide&quot;,&quot;transition_speed&quot;:500}\" data-widget_type=\"elementor-hero-extension.default\">\n\t\t\t\t<div class=\"elementor-widget-container\">\n\t\t\t<span id=a666bab><\/span>\t\t<div class=\"elementor-swiper post-type-page page-normal \">\n\t\t\t<div class=\"elementor-slides-wrapper elementor-main-swiper no-swiper swiper-container swiper-container-1777398235_127\"\n\t\t\t\tdir=\"ltr\" data-animation=\"fadeInUp\">\n\t\t\t\t<div\n\t\t\t\t\tclass=\"swiper-wrapper elementor-slides default \">\n\t\t\t\t\t<div class=\"elementor-repeater-item-928c2e1 swiper-slide   ken-burns-effect hero-slider-ken-burns--in\"><div class=\"swiper-slide-bg slider_mode\" style=\"background-image: url(https:\/\/www.guetersloh-marketing.de\/wp-content\/uploads\/2020\/09\/Kinderflohmarkt-Guetersloher-Fruehling.jpg);background-color: rgba(0,0,0,0.5);background-blend-mode: multiply;\"><\/div><div class=\"elementor-background-overlay\" style=\"\"><\/div><div class=\"swiper-slide-inner \" ><div class=\"swiper-slide-contents animated fadeIn slow text-center\"  data-settings=\"{&quot;_animation&quot;:&quot;fadeIn&quot;,&quot;_animation_delay&quot;:500}\"><div class=\"elementor-slide-heading\">Was ist los in G\u00fctersloh &#8211; Tipps und Termine<\/div><\/div><\/div><\/div>\t\t\t\t<\/div>\n\t\t\t<\/div>\n\n\t\t\t\n\t\t\t<script>\n\t\t\t\t\/\/window.addEventListener('load', function () {\n\t\t\t\tjQuery(document).ready(function () {\n\t\t\t\t\t\/\/console.log(\"Look at my slides\");\n\t\t\t\t\tconst myHeroSwiper_1777398235_127 = new Swiper('.elementor-widget-elementor-hero-extension .swiper-container-1777398235_127', {\n\t\t\t\t\t\t\/\/ Optional parameters\n\t\t\t\t\t\tdirection: 'horizontal',\n\t\t\t\t\t\tinfinite: true,\n\t\t\t\t\t\tloop: false,\n\t\t\t\t\t\tcenteredSlides: true,\n\t\t\t\t\t\t\t\t\t\t\t\t\t\t\tinitialSlide: 0,\n\t\t\t\t\t\t\t\t\t\t\t\t\t\t\t\t\t\t\t\t\t\t\t\t\tslidesPerView: 1,\n\t\t\t\t\t\t\t\t\t\t\t\t\t\t\t\tslides_to_show: 1,\n\t\t\t\t\t\tslides_to_scroll: 1,\n\t\t\t\t\t\tspaceBetween: 0,\n\t\t\t\t\t\tbreakpoints: {\n\t\t\t\t\t\t\t0: {\n\t\t\t\t\t\t\t\tslidesPerView: 1,\n\t\t\t\t\t\t\t\tspaceBetween: 0,\n\t\t\t\t\t\t\t\t\t\t\t\t\t\t\t\t\t\t\t\t\tmousewheel: false,\n\t\t\t\t\t\t\t\t\tkeyboardControl: false,\n\t\t\t\t\t\t\t\t\tallowSlideNext: false,\n\t\t\t\t\t\t\t\t\tallowSlidePrev: false,\n\t\t\t\t\t\t\t\t\tallowTouchMove: false,\n\t\t\t\t\t\t\t\t\t\t\t\t\t\t\t},\n\t\t\t\t\t\t\t768: {\n\t\t\t\t\t\t\t\t\t\t\t\t\t\t\t\t\t\t\t\t\t\t\tslidesPerView: 1,\n\t\t\t\t\t\t\t\t\t\t\t\t\t\t\t\t\t\t\t\t\t\tspaceBetween: 0,\n\t\t\t\t\t\t\t\t\t\t\t\t\t\t\t\t\t\t\t\t\t\t\tmousewheel: false,\n\t\t\t\t\t\t\t\t\tkeyboardControl: false,\n\t\t\t\t\t\t\t\t\tallowSlideNext: false,\n\t\t\t\t\t\t\t\t\tallowSlidePrev: false,\n\t\t\t\t\t\t\t\t\tallowTouchMove: false,\n\t\t\t\t\t\t\t\t\t\t\t\t\t\t\t},\n\t\t\t\t\t\t\t1024: {\n\t\t\t\t\t\t\t\t\t\t\t\t\t\t\t\t\t\t\t\t\t\t\t\t\tslidesPerView: 1,\n\t\t\t\t\t\t\t\t\t\t\t\t\t\t\t\t\t\t\t\t\t\t\t\tspaceBetween: 0,\n\t\t\t\t\t\t\t\t\t\t\t\t\t\t\t\t\t\t\t\t\t\t\t\t\tmousewheel: false,\n\t\t\t\t\t\t\t\t\tkeyboardControl: false,\n\t\t\t\t\t\t\t\t\tallowSlideNext: false,\n\t\t\t\t\t\t\t\t\tallowSlidePrev: false,\n\t\t\t\t\t\t\t\t\tallowTouchMove: false,\n\t\t\t\t\t\t\t\t\t\t\t\t\t\t\t},\n\t\t\t\t\t\t},\n\t\t\t\t\t\tslideClass: 'swiper-slide',\n\t\t\t\t\t\twrapperClass: 'swiper-wrapper',\n\t\t\t\t\t\tspeed: 500,\n\t\t\t\t\t\tpause_on_interaction: true,\n\t\t\t\t\t\tpause_on_hover: true,\n\t\t\t\t\t\t\/\/simulateTouch: true,\n\n\t\t\t\t\t\t\t\t\t\t\t\t\t\t\t\t\t\t\t\t\t\teffect: 'slide',\n\t\t\t\t\t\t\t\t\t\t\t\t\t\t\t\t\t\t\t\t\t\t\tautoplay: {\n\t\t\t\t\t\t\t\tdelay: 5000,\n\t\t\t\t\t\t\t\t\/\/disableOnInteraction: 'yes',\n\t\t\t\t\t\t\t},\n\t\t\t\t\t\t\t\t\t\t\t\t\t\t\t\t\t\t\t\t\t\/\/ Navigation arrows\n\t\t\t\t\t\t\t\t\t\t\t\t\t\tnavigation: {\n\t\t\t\t\t\t\tnextEl: '.elementor-swiper-button-next',\n\t\t\t\t\t\t\tprevEl: '.elementor-swiper-button-prev',\n\t\t\t\t\t\t},\n\t\t\t\t\t\tpagination: {\n\t\t\t\t\t\t\tel: '.swiper-pagination',\n\t\t\t\t\t\t\tclickable: true,\n\t\t\t\t\t\t},\n\t\t\t\t\t});\n\n\t\t\t\t\tvar heightTitle = 0;\n\t\t\t\t\tvar heightDesc = 0;\n\t\t\t\t\tif (jQuery('.elementor-widget-elementor-hero-extension').find('.align_elements').length) {\n\t\t\t\t\t\tjQuery('.elementor-widget-elementor-hero-extension').find('.align_elements').children('.swiper-slide').each(function (index) {\n\t\t\t\t\t\t\t\/\/console.log( index + \": \" + jQuery(this).text() );\n\t\t\t\t\t\t\tvar heightTitleTemp = jQuery(this).find('.elementor-slide-heading').height();\n\t\t\t\t\t\t\tif (typeof heightTitleTemp !== 'undefined' && heightTitleTemp > heightTitle) {\n\t\t\t\t\t\t\t\theightTitle = heightTitleTemp;\n\t\t\t\t\t\t\t\t\/\/console.log( heightTitle );\n\t\t\t\t\t\t\t}\n\t\t\t\t\t\t\tvar heightDescTemp = jQuery(this).find('.elementor-slide-description').height();\n\t\t\t\t\t\t\tif (typeof heightDescTemp !== 'undefined' && heightDescTemp > heightDesc) {\n\t\t\t\t\t\t\t\theightDesc = heightDescTemp;\n\t\t\t\t\t\t\t\t\/\/console.log( heightDesc );\n\t\t\t\t\t\t\t}\n\t\t\t\t\t\t});\n\t\t\t\t\t\tif (heightTitle != 0 || heightDesc != 0) {\n\t\t\t\t\t\t\tjQuery('.elementor-widget-elementor-hero-extension').find('.align_elements').children('.swiper-slide').each(function (index) {\n\t\t\t\t\t\t\t\tif (heightTitle != 0) {\n\t\t\t\t\t\t\t\t\tjQuery(this).find('.elementor-slide-heading').height(heightTitle);\n\t\t\t\t\t\t\t\t}\n\t\t\t\t\t\t\t\tif (heightDesc != 0 && jQuery(this).find('.elementor-slide-description').length) {\n\t\t\t\t\t\t\t\t\tjQuery(this).find('.elementor-slide-description').height(heightDesc);\n\t\t\t\t\t\t\t\t} else if (heightDesc != 0) {\n\t\t\t\t\t\t\t\t\tvar element = '<div class=\"elementor-slide-description\"><\/div>';\n\t\t\t\t\t\t\t\t\tjQuery(this).find('.elementor-slide-heading').after(element);\n\t\t\t\t\t\t\t\t\tjQuery(this).find('.elementor-slide-description').height(heightDesc);\n\t\t\t\t\t\t\t\t}\n\t\t\t\t\t\t\t\tif (heightDesc != 0 && !jQuery(this).find('.elementor-slide-button').length) {\n\t\t\t\t\t\t\t\t\tvar element = '<div class=\"elementor-button elementor-slide-button elementor-size-sm\" style=\"visibility:hidden;\"><\/div>';\n\t\t\t\t\t\t\t\t\tjQuery(this).find('.elementor-slide-description').after(element);\n\n\t\t\t\t\t\t\t\t}\n\t\t\t\t\t\t\t});\n\t\t\t\t\t\t}\n\t\t\t\t\t}\n\n\t\t\t\t\t\t\t\t\t\t\tjQuery('.swiper-container-1777398235_127').find('.swiper-slide').hover(function () {\n\t\t\t\t\t\t\t\/\/console.log(\"hover\");\n\t\t\t\t\t\t\t\/\/console.log( jQuery(this).attr(\"class\") );\n\t\t\t\t\t\t\tif (jQuery(this).hasClass('swiper-slide-active')) {\n\t\t\t\t\t\t\t\t\/\/console.log(\"stop\");\n\t\t\t\t\t\t\t\tmyHeroSwiper_1777398235_127.autoplay.stop();\n\t\t\t\t\t\t\t}\n\t\t\t\t\t\t}, function () {\n\t\t\t\t\t\t\t\/\/console.log(\"leave\");\n\t\t\t\t\t\t\tif (jQuery(this).hasClass('swiper-slide-active')) {\n\t\t\t\t\t\t\t\t\/\/console.log(\"start\");\n\t\t\t\t\t\t\t\tmyHeroSwiper_1777398235_127.autoplay.start();\n\t\t\t\t\t\t\t}\n\t\t\t\t\t\t});\n\t\t\t\t\t\n\t\t\t\t\tmyHeroSwiper_1777398235_127.on('slideChange', function () {\n\t\t\t\t\t\t\/\/console.log('slide changed');\n\t\t\t\t\t\tjQuery(\"video\").each(function () {\n\t\t\t\t\t\t\tthis.pause();\n\t\t\t\t\t\t\t\/\/console.log(this+' slide video paused');\n\t\t\t\t\t\t});\n\t\t\t\t\t});\n\n\t\t\t\t});\n\n\t\t\t<\/script>\n\t\t<\/div>\n\n\t\t\t\t<\/div>\n\t\t\t\t<\/div>\n\t\t\t\t\t<\/div>\n\t\t<\/div>\n\t\t\t\t\t<\/div>\n\t\t<\/section>\n\t\t\t\t<section class=\"elementor-section elementor-top-section elementor-element elementor-element-8cd9b25 elementor-section-boxed elementor-section-height-default elementor-section-height-default\" data-id=\"8cd9b25\" data-element_type=\"section\">\n\t\t\t\t\t\t<div class=\"elementor-container elementor-column-gap-default\">\n\t\t\t\t\t<div class=\"elementor-column elementor-col-100 elementor-top-column elementor-element elementor-element-e177c46\" data-id=\"e177c46\" data-element_type=\"column\">\n\t\t\t<div class=\"elementor-widget-wrap elementor-element-populated\">\n\t\t\t\t\t\t<div class=\"elementor-element elementor-element-530e671 elementor-widget elementor-widget-spacer\" data-id=\"530e671\" data-element_type=\"widget\" data-widget_type=\"spacer.default\">\n\t\t\t\t<div class=\"elementor-widget-container\">\n\t\t\t<span id=530e671><\/span>\t\t<div class=\"elementor-spacer\">\n\t\t\t<div class=\"elementor-spacer-inner\"><\/div>\n\t\t<\/div>\n\t\t\t\t<\/div>\n\t\t\t\t<\/div>\n\t\t\t\t<div class=\"elementor-element elementor-element-78e5eee elementor-position-left elementor-widget__width-auto elementor-view-default elementor-mobile-position-top elementor-vertical-align-top elementor-widget elementor-widget-icon-box\" data-id=\"78e5eee\" data-element_type=\"widget\" data-widget_type=\"icon-box.default\">\n\t\t\t\t<div class=\"elementor-widget-container\">\n\t\t\t<span id=78e5eee><\/span>\t\t<div class=\"elementor-icon-box-wrapper\">\n\n\t\t\t\t\t\t<div class=\"elementor-icon-box-icon\">\n\t\t\t\t<span  class=\"elementor-icon elementor-animation-\">\n\t\t\t\t<i aria-hidden=\"true\" class=\"fas fa-users\"><\/i>\t\t\t\t<\/span>\n\t\t\t<\/div>\n\t\t\t\n\t\t\t\t\t\t<div class=\"elementor-icon-box-content\">\n\n\t\t\t\t\t\t\t\t\t<h2 class=\"elementor-icon-box-title\">\n\t\t\t\t\t\t<span  >\n\t\t\t\t\t\t\tUnsere G\u00fctersloher Veranstaltungshighlights\t\t\t\t\t\t<\/span>\n\t\t\t\t\t<\/h2>\n\t\t\t\t\n\t\t\t\t\n\t\t\t<\/div>\n\t\t\t\n\t\t<\/div>\n\t\t\t\t<\/div>\n\t\t\t\t<\/div>\n\t\t\t\t<div class=\"elementor-element elementor-element-6d55c8e elementor-widget elementor-widget-elementor-projects-extension\" data-id=\"6d55c8e\" data-element_type=\"widget\" data-widget_type=\"elementor-projects-extension.default\">\n\t\t\t\t<div class=\"elementor-widget-container\">\n\t\t\t<span id=6d55c8e><\/span><div class=\"projects-elementor-widget\">\t\t<div class=\"container-fluid\">\n\t\t\t<div class=\"row mb-2\">\n\t\t\t\t\t\t\t\t\t\t<section id=\"project_list\" class=\"col-md-12\">\n\t\t\t\t\t\t<div class=\"row elementor-widget-container\">\n\t\t\t\t\t\t\t\t\t\t\t<div class=\"project col-md-4 col-sm-6 col-xs-12 mb-4 elementor-posts-container elementor-posts elementor-posts--skin-cards text-center animated fadeInLeft \" style=\"\">\n\t\t\t\t\t\t\t\t<article id=\"post-23004\" class=\"projects elementor-post elementor-grid-item type-projects has-post-thumbnail hentry post-23004 status-publish category-grossveranstaltungen category-veranstaltungen competences-urbanwelten competences-wirtschaftswelten\" >\n\t\t\t\t\t\t\t\t\t<div class=\"elementor-post__card\">\n\t\t\t\t\t\t\t\t\t\t<div class=\"project-container\">\n\t\t\t\t\t\t\t\t\t\t\t\t\t\t\t\t\t\t\t\t\t\t<a href=\"https:\/\/www.guetersloh-marketing.de\/en\/blog\/projects\/informationen-fuer-standbetreiber\/\" class=\"project-image elementor-post__thumbnail__link local\" target=\"\" style=\"\">\n\t\t\t\t\t\t\t\t\t\t\t\t<div class=\"elementor-post__thumbnail\">\n\t\t\t\t\t\t\t\t\t\t\t\t\t<img fetchpriority=\"high\" decoding=\"async\" src=\"https:\/\/www.guetersloh-marketing.de\/wp-content\/uploads\/2020\/10\/Street-Food-\u00a9-Kai-Uwe-Oesterhelweg-1024x683.jpg\" width=\"540\" height=\"320\" class=\"attachment-medium size-medium\" style=\"width: 540px; height: 320px; object-fit: cover; max-width:100%; object-position:center;\">\n\t\t\t\t\t\t\t\t\t\t\t\t<\/div>\n\t\t\t\t\t\t\t\t\t\t\t<\/a>\n\t\t\t\t\t\t\t\t\t\t\t \n\t\t\t\t\t\t\t\t\t\t\t<div class=\"elementor-post__text\">\n\t\t\t\t\t\t\t\t\t\t\t\t<small class=\"subtitle\">\n\t\t\t\t\t\t\t\t\t\t\t\t\t\t\t\t\t\t\t\t\t\t\t\t<\/small>\n\t\t\t\t\t\t\t\t\t\t\t\t<h3 class=\"elementor-post__title\"><a href=\"https:\/\/www.guetersloh-marketing.de\/en\/blog\/projects\/informationen-fuer-standbetreiber\/\" target=\">\" class=\"local\" rel=\"bookmark\">Informationen f\u00fcr Standbetreiber*innen<\/a><\/h3>\t\t\t\t\t\t\t\t\t\t\t\t<span class=\"line\"><\/span>\n\n\t\t\t\t\t\t\t\t\t\t\t\t\t\t\t\t\t\t\t\t\t\t\t\t<div class=\"elementor-post__excerpt entry-content lead mb-4\">\n\t\t\t\t\t\t\t\t\t\t\t\t\n\t\t\t\t\t\t\t\t\t\t\t\tSie sind Standbetreiber*in, Kunsthandwerker*in, haben ein Fahrgesch\u00e4ft, einen Food Truck oder eine anderweitige Idee, wie [&hellip;]\t\t\t\t\t\t\t\t\t\t\t\t\n\t\t\t\t\t\t\t\t\t\t\t\t<\/div><!-- .elementor-post__excerpt -->\n\t\t\t\t\t\t\t\t\t\t\t\t \n\t\t\t\t\t\t\t\t\t\t\t\t\t\t\t\t\t\t\t\t\t\t\t\n\t\t\t\t\t\t\t\t\t\t\t\t<a class=\"elementor-post__read-more local elementor-button-link elementor-button\" href=\"https:\/\/www.guetersloh-marketing.de\/en\/blog\/projects\/informationen-fuer-standbetreiber\/\" target=\"\">\n\t\t\t\t\t\t\t\t\t\t\t\t\tWeiterlesen\t\t\t\t\t\t\t\t\t\t\t\t<\/a>\n\t\t\t\t\t\t\t\t\t\t\t\t \n\t\t\t\t\t\t\t\t\t\t\t\t\n\t\t\t\t\t\t\t\t\t\t\t<\/div><!-- .elementor-post__text -->\n\t\t\t\t\t\t\t\t\t\t\t \n\t\t\t\t\t\t\t\t\t\t<\/div><!-- .project-container -->\n\t\t\t\t\t\t\t\t\t<\/div><!-- .elementor-post__card -->\n\t\t\t\t\t\t\t\t<\/article><!-- #post-## -->\n\t\t\t\t\t\t<\/div> <!-- project -->\n\t\t\t\t\t\t \n\t\t\t\t\t\t\t\t\t\t\t<div class=\"project col-md-4 col-sm-6 col-xs-12 mb-4 elementor-posts-container elementor-posts elementor-posts--skin-cards text-center animated fadeInLeft \" style=\"\">\n\t\t\t\t\t\t\t\t<article id=\"post-27180\" class=\"projects elementor-post elementor-grid-item type-projects has-post-thumbnail hentry post-27180 status-publish category-grossveranstaltungen category-veranstaltungen competences-kulturwelten\" >\n\t\t\t\t\t\t\t\t\t<div class=\"elementor-post__card\">\n\t\t\t\t\t\t\t\t\t\t<div class=\"project-container\">\n\t\t\t\t\t\t\t\t\t\t\t\t\t\t\t\t\t\t\t\t\t\t<a href=\"https:\/\/www.guetersloh-marketing.de\/en\/blog\/projects\/informationen-fuer-kuenstler\/\" class=\"project-image elementor-post__thumbnail__link local\" target=\"\" style=\"\">\n\t\t\t\t\t\t\t\t\t\t\t\t<div class=\"elementor-post__thumbnail\">\n\t\t\t\t\t\t\t\t\t\t\t\t\t<img decoding=\"async\" src=\"https:\/\/www.guetersloh-marketing.de\/wp-content\/uploads\/2020\/12\/Daniel-Rall-1517-1024x687.jpg\" width=\"540\" height=\"320\" class=\"attachment-medium size-medium\" style=\"width: 540px; height: 320px; object-fit: cover; max-width:100%; object-position:center;\">\n\t\t\t\t\t\t\t\t\t\t\t\t<\/div>\n\t\t\t\t\t\t\t\t\t\t\t<\/a>\n\t\t\t\t\t\t\t\t\t\t\t \n\t\t\t\t\t\t\t\t\t\t\t<div class=\"elementor-post__text\">\n\t\t\t\t\t\t\t\t\t\t\t\t<small class=\"subtitle\">\n\t\t\t\t\t\t\t\t\t\t\t\t\t\t\t\t\t\t\t\t\t\t\t\t<\/small>\n\t\t\t\t\t\t\t\t\t\t\t\t<h3 class=\"elementor-post__title\"><a href=\"https:\/\/www.guetersloh-marketing.de\/en\/blog\/projects\/informationen-fuer-kuenstler\/\" target=\">\" class=\"local\" rel=\"bookmark\">Informationen f\u00fcr K\u00fcnstler*innen<\/a><\/h3>\t\t\t\t\t\t\t\t\t\t\t\t<span class=\"line\"><\/span>\n\n\t\t\t\t\t\t\t\t\t\t\t\t\t\t\t\t\t\t\t\t\t\t\t\t<div class=\"elementor-post__excerpt entry-content lead mb-4\">\n\t\t\t\t\t\t\t\t\t\t\t\t\n\t\t\t\t\t\t\t\t\t\t\t\tSie sind K\u00fcnstler*in und haben ein tolles Format mit dem Sie unsere Veranstaltungen bereichern m\u00f6chten? [&hellip;]\t\t\t\t\t\t\t\t\t\t\t\t\n\t\t\t\t\t\t\t\t\t\t\t\t<\/div><!-- .elementor-post__excerpt -->\n\t\t\t\t\t\t\t\t\t\t\t\t \n\t\t\t\t\t\t\t\t\t\t\t\t\t\t\t\t\t\t\t\t\t\t\t\n\t\t\t\t\t\t\t\t\t\t\t\t<a class=\"elementor-post__read-more local elementor-button-link elementor-button\" href=\"https:\/\/www.guetersloh-marketing.de\/en\/blog\/projects\/informationen-fuer-kuenstler\/\" target=\"\">\n\t\t\t\t\t\t\t\t\t\t\t\t\tWeiterlesen\t\t\t\t\t\t\t\t\t\t\t\t<\/a>\n\t\t\t\t\t\t\t\t\t\t\t\t \n\t\t\t\t\t\t\t\t\t\t\t\t\n\t\t\t\t\t\t\t\t\t\t\t<\/div><!-- .elementor-post__text -->\n\t\t\t\t\t\t\t\t\t\t\t \n\t\t\t\t\t\t\t\t\t\t<\/div><!-- .project-container -->\n\t\t\t\t\t\t\t\t\t<\/div><!-- .elementor-post__card -->\n\t\t\t\t\t\t\t\t<\/article><!-- #post-## -->\n\t\t\t\t\t\t<\/div> <!-- project -->\n\t\t\t\t\t\t \n\t\t\t\t\t\t\t\t\t\t\t<div class=\"project col-md-4 col-sm-6 col-xs-12 mb-4 elementor-posts-container elementor-posts elementor-posts--skin-cards text-center animated fadeInLeft \" style=\"\">\n\t\t\t\t\t\t\t\t<article id=\"post-29184\" class=\"projects elementor-post elementor-grid-item type-projects has-post-thumbnail hentry post-29184 status-publish category-grossveranstaltungen category-veranstaltungen competences-kulturwelten\" >\n\t\t\t\t\t\t\t\t\t<div class=\"elementor-post__card\">\n\t\t\t\t\t\t\t\t\t\t<div class=\"project-container\">\n\t\t\t\t\t\t\t\t\t\t\t\t\t\t\t\t\t\t\t\t\t\t<a href=\"https:\/\/www.guetersloh-marketing.de\/en\/blog\/projects\/informationen-fuer-veranstalter\/\" class=\"project-image elementor-post__thumbnail__link local\" target=\"\" style=\"\">\n\t\t\t\t\t\t\t\t\t\t\t\t<div class=\"elementor-post__thumbnail\">\n\t\t\t\t\t\t\t\t\t\t\t\t\t<img decoding=\"async\" src=\"https:\/\/www.guetersloh-marketing.de\/wp-content\/uploads\/2021\/02\/www.guetersloh-marketing.de-informationen-fuer-veranstalter-buergertag-2017--besim-mazhiqi-1024x683.jpg\" width=\"540\" height=\"320\" class=\"attachment-medium size-medium\" style=\"width: 540px; height: 320px; object-fit: cover; max-width:100%; object-position:center;\">\n\t\t\t\t\t\t\t\t\t\t\t\t<\/div>\n\t\t\t\t\t\t\t\t\t\t\t<\/a>\n\t\t\t\t\t\t\t\t\t\t\t \n\t\t\t\t\t\t\t\t\t\t\t<div class=\"elementor-post__text\">\n\t\t\t\t\t\t\t\t\t\t\t\t<small class=\"subtitle\">\n\t\t\t\t\t\t\t\t\t\t\t\t\t\t\t\t\t\t\t\t\t\t\t\t<\/small>\n\t\t\t\t\t\t\t\t\t\t\t\t<h3 class=\"elementor-post__title\"><a href=\"https:\/\/www.guetersloh-marketing.de\/en\/blog\/projects\/informationen-fuer-veranstalter\/\" target=\">\" class=\"local\" rel=\"bookmark\">Informationen f\u00fcr Veranstalter*innen<\/a><\/h3>\t\t\t\t\t\t\t\t\t\t\t\t<span class=\"line\"><\/span>\n\n\t\t\t\t\t\t\t\t\t\t\t\t\t\t\t\t\t\t\t\t\t\t\t\t<div class=\"elementor-post__excerpt entry-content lead mb-4\">\n\t\t\t\t\t\t\t\t\t\t\t\t\n\t\t\t\t\t\t\t\t\t\t\t\tSie sind Veranstalter*in und ben\u00f6tigen Hilfe bei der Planung einer Veranstaltung auf einer \u00f6ffentlichen Fl\u00e4che [&hellip;]\t\t\t\t\t\t\t\t\t\t\t\t\n\t\t\t\t\t\t\t\t\t\t\t\t<\/div><!-- .elementor-post__excerpt -->\n\t\t\t\t\t\t\t\t\t\t\t\t \n\t\t\t\t\t\t\t\t\t\t\t\t\t\t\t\t\t\t\t\t\t\t\t\n\t\t\t\t\t\t\t\t\t\t\t\t<a class=\"elementor-post__read-more local elementor-button-link elementor-button\" href=\"https:\/\/www.guetersloh-marketing.de\/en\/blog\/projects\/informationen-fuer-veranstalter\/\" target=\"\">\n\t\t\t\t\t\t\t\t\t\t\t\t\tWeiterlesen\t\t\t\t\t\t\t\t\t\t\t\t<\/a>\n\t\t\t\t\t\t\t\t\t\t\t\t \n\t\t\t\t\t\t\t\t\t\t\t\t\n\t\t\t\t\t\t\t\t\t\t\t<\/div><!-- .elementor-post__text -->\n\t\t\t\t\t\t\t\t\t\t\t \n\t\t\t\t\t\t\t\t\t\t<\/div><!-- .project-container -->\n\t\t\t\t\t\t\t\t\t<\/div><!-- .elementor-post__card -->\n\t\t\t\t\t\t\t\t<\/article><!-- #post-## -->\n\t\t\t\t\t\t<\/div> <!-- project -->\n\t\t\t\t\t\t \n\t\t\t\t\t\t\t\t\t\t\t<div class=\"project col-md-4 col-sm-6 col-xs-12 mb-4 elementor-posts-container elementor-posts elementor-posts--skin-cards text-center animated fadeInLeft \" style=\"\">\n\t\t\t\t\t\t\t\t<article id=\"post-44632\" class=\"projects elementor-post elementor-grid-item type-projects has-post-thumbnail hentry post-44632 page type-page status-publish category-allgemein category-grossveranstaltungen category-veranstaltungen competences-aktivwelten competences-familienwelten competences-kulturwelten competences-urbanwelten competences-wirtschaftswelten\" >\n\t\t\t\t\t\t\t\t\t<div class=\"elementor-post__card\">\n\t\t\t\t\t\t\t\t\t\t<div class=\"project-container\">\n\t\t\t\t\t\t\t\t\t\t\t\t\t\t\t\t\t\t\t\t\t\t<a href=\"https:\/\/www.guetersloh-marketing.de\/en\/projektseiten\/stadtjubilaeum-2025\/\" class=\"project-image elementor-post__thumbnail__link local\" target=\"\" style=\"\">\n\t\t\t\t\t\t\t\t\t\t\t\t<div class=\"elementor-post__thumbnail\">\n\t\t\t\t\t\t\t\t\t\t\t\t\t<img loading=\"lazy\" decoding=\"async\" src=\"https:\/\/www.guetersloh-marketing.de\/wp-content\/uploads\/2025\/03\/stadtjubilaeum-2025-logo-200jgt-rgb-1024x808.png\" width=\"540\" height=\"320\" class=\"attachment-medium size-medium\" style=\"width: 540px; height: 320px; object-fit: cover; max-width:100%; object-position:center;\">\n\t\t\t\t\t\t\t\t\t\t\t\t<\/div>\n\t\t\t\t\t\t\t\t\t\t\t<\/a>\n\t\t\t\t\t\t\t\t\t\t\t \n\t\t\t\t\t\t\t\t\t\t\t<div class=\"elementor-post__text\">\n\t\t\t\t\t\t\t\t\t\t\t\t<small class=\"subtitle\">\n\t\t\t\t\t\t\t\t\t\t\t\t\t\t\t\t\t\t\t\t\t\t\t\t<\/small>\n\t\t\t\t\t\t\t\t\t\t\t\t<h3 class=\"elementor-post__title\"><a href=\"https:\/\/www.guetersloh-marketing.de\/en\/projektseiten\/stadtjubilaeum-2025\/\" target=\">\" class=\"local\" rel=\"bookmark\">Stadtjubil\u00e4um 2025<\/a><\/h3>\t\t\t\t\t\t\t\t\t\t\t\t<span class=\"line\"><\/span>\n\n\t\t\t\t\t\t\t\t\t\t\t\t\t\t\t\t\t\t\t\t\t\t\t\t<div class=\"elementor-post__excerpt entry-content lead mb-4\">\n\t\t\t\t\t\t\t\t\t\t\t\t\n\t\t\t\t\t\t\t\t\t\t\t\tG\u00fctersloh feierte 2025 Stadtjubil\u00e4um \u2013 DANKE f\u00fcr ein buntes Jahr! 2025 feierte G\u00fctersloh 200 Jahre [&hellip;]\t\t\t\t\t\t\t\t\t\t\t\t\n\t\t\t\t\t\t\t\t\t\t\t\t<\/div><!-- .elementor-post__excerpt -->\n\t\t\t\t\t\t\t\t\t\t\t\t \n\t\t\t\t\t\t\t\t\t\t\t\t\t\t\t\t\t\t\t\t\t\t\t\n\t\t\t\t\t\t\t\t\t\t\t\t<a class=\"elementor-post__read-more local elementor-button-link elementor-button\" href=\"https:\/\/www.guetersloh-marketing.de\/en\/projektseiten\/stadtjubilaeum-2025\/\" target=\"\">\n\t\t\t\t\t\t\t\t\t\t\t\t\tWeiterlesen\t\t\t\t\t\t\t\t\t\t\t\t<\/a>\n\t\t\t\t\t\t\t\t\t\t\t\t \n\t\t\t\t\t\t\t\t\t\t\t\t\n\t\t\t\t\t\t\t\t\t\t\t<\/div><!-- .elementor-post__text -->\n\t\t\t\t\t\t\t\t\t\t\t \n\t\t\t\t\t\t\t\t\t\t<\/div><!-- .project-container -->\n\t\t\t\t\t\t\t\t\t<\/div><!-- .elementor-post__card -->\n\t\t\t\t\t\t\t\t<\/article><!-- #post-## -->\n\t\t\t\t\t\t<\/div> <!-- project -->\n\t\t\t\t\t\t \n\t\t\t\t\t\t\t\t\t\t\t<div class=\"project col-md-4 col-sm-6 col-xs-12 mb-4 elementor-posts-container elementor-posts elementor-posts--skin-cards text-center animated fadeInLeft \" style=\"\">\n\t\t\t\t\t\t\t\t<article id=\"post-35214\" class=\"projects elementor-post elementor-grid-item type-projects has-post-thumbnail hentry post-35214 page type-page status-publish category-grossveranstaltungen category-veranstaltungen competences-familienwelten competences-urbanwelten competences-wirtschaftswelten\" >\n\t\t\t\t\t\t\t\t\t<div class=\"elementor-post__card\">\n\t\t\t\t\t\t\t\t\t\t<div class=\"project-container\">\n\t\t\t\t\t\t\t\t\t\t\t\t\t\t\t\t\t\t\t\t\t\t<a href=\"https:\/\/www.guetersloh-marketing.de\/en\/projektseiten\/guetersloher-fruehling\/\" class=\"project-image elementor-post__thumbnail__link local\" target=\"\" style=\"\">\n\t\t\t\t\t\t\t\t\t\t\t\t<div class=\"elementor-post__thumbnail\">\n\t\t\t\t\t\t\t\t\t\t\t\t\t<img loading=\"lazy\" decoding=\"async\" src=\"https:\/\/www.guetersloh-marketing.de\/wp-content\/uploads\/2020\/11\/GTF-Logo-positiv-kreis-400x400-1.png\" width=\"540\" height=\"320\" class=\"attachment-medium size-medium\" style=\"width: 540px; height: 320px; object-fit: cover; max-width:100%; object-position:center;\">\n\t\t\t\t\t\t\t\t\t\t\t\t<\/div>\n\t\t\t\t\t\t\t\t\t\t\t<\/a>\n\t\t\t\t\t\t\t\t\t\t\t \n\t\t\t\t\t\t\t\t\t\t\t<div class=\"elementor-post__text\">\n\t\t\t\t\t\t\t\t\t\t\t\t<small class=\"subtitle\">\n\t\t\t\t\t\t\t\t\t\t\t\t\t\t\t\t\t\t\t\t\t\t\t\t<\/small>\n\t\t\t\t\t\t\t\t\t\t\t\t<h3 class=\"elementor-post__title\"><a href=\"https:\/\/www.guetersloh-marketing.de\/en\/projektseiten\/guetersloher-fruehling\/\" target=\">\" class=\"local\" rel=\"bookmark\">G\u00fctersloher Fr\u00fchling<\/a><\/h3>\t\t\t\t\t\t\t\t\t\t\t\t<span class=\"line\"><\/span>\n\n\t\t\t\t\t\t\t\t\t\t\t\t\t\t\t\t\t\t\t\t\t\t\t\t<div class=\"elementor-post__excerpt entry-content lead mb-4\">\n\t\t\t\t\t\t\t\t\t\t\t\t\n\t\t\t\t\t\t\t\t\t\t\t\tG\u00fctersloher Fr\u00fchling Mit dem kalendarischen Fr\u00fchlingsanfang h\u00e4lt auch in unserer Innenstadt die neue Jahreszeit Einzug. [&hellip;]\t\t\t\t\t\t\t\t\t\t\t\t\n\t\t\t\t\t\t\t\t\t\t\t\t<\/div><!-- .elementor-post__excerpt -->\n\t\t\t\t\t\t\t\t\t\t\t\t \n\t\t\t\t\t\t\t\t\t\t\t\t\t\t\t\t\t\t\t\t\t\t\t\n\t\t\t\t\t\t\t\t\t\t\t\t<a class=\"elementor-post__read-more local elementor-button-link elementor-button\" href=\"https:\/\/www.guetersloh-marketing.de\/en\/projektseiten\/guetersloher-fruehling\/\" target=\"\">\n\t\t\t\t\t\t\t\t\t\t\t\t\tWeiterlesen\t\t\t\t\t\t\t\t\t\t\t\t<\/a>\n\t\t\t\t\t\t\t\t\t\t\t\t \n\t\t\t\t\t\t\t\t\t\t\t\t\n\t\t\t\t\t\t\t\t\t\t\t<\/div><!-- .elementor-post__text -->\n\t\t\t\t\t\t\t\t\t\t\t \n\t\t\t\t\t\t\t\t\t\t<\/div><!-- .project-container -->\n\t\t\t\t\t\t\t\t\t<\/div><!-- .elementor-post__card -->\n\t\t\t\t\t\t\t\t<\/article><!-- #post-## -->\n\t\t\t\t\t\t<\/div> <!-- project -->\n\t\t\t\t\t\t \n\t\t\t\t\t\t\t\t\t\t\t<div class=\"project col-md-4 col-sm-6 col-xs-12 mb-4 elementor-posts-container elementor-posts elementor-posts--skin-cards text-center animated fadeInLeft \" style=\"\">\n\t\t\t\t\t\t\t\t<article id=\"post-21171\" class=\"projects elementor-post elementor-grid-item type-projects has-post-thumbnail hentry post-21171 status-publish category-grossveranstaltungen category-veranstaltungen competences-familienwelten competences-kulturwelten competences-urbanwelten\" >\n\t\t\t\t\t\t\t\t\t<div class=\"elementor-post__card\">\n\t\t\t\t\t\t\t\t\t\t<div class=\"project-container\">\n\t\t\t\t\t\t\t\t\t\t\t\t\t\t\t\t\t\t\t\t\t\t<a href=\"https:\/\/www.guetersloh-marketing.de\/en\/blog\/projects\/open-air-kino\/\" class=\"project-image elementor-post__thumbnail__link local\" target=\"\" style=\"\">\n\t\t\t\t\t\t\t\t\t\t\t\t<div class=\"elementor-post__thumbnail\">\n\t\t\t\t\t\t\t\t\t\t\t\t\t<img loading=\"lazy\" decoding=\"async\" src=\"https:\/\/www.guetersloh-marketing.de\/wp-content\/uploads\/2020\/08\/IMG_5935-1024x683.jpg\" width=\"540\" height=\"320\" class=\"attachment-medium size-medium\" style=\"width: 540px; height: 320px; object-fit: cover; max-width:100%; object-position:center;\">\n\t\t\t\t\t\t\t\t\t\t\t\t<\/div>\n\t\t\t\t\t\t\t\t\t\t\t<\/a>\n\t\t\t\t\t\t\t\t\t\t\t \n\t\t\t\t\t\t\t\t\t\t\t<div class=\"elementor-post__text\">\n\t\t\t\t\t\t\t\t\t\t\t\t<small class=\"subtitle\">\n\t\t\t\t\t\t\t\t\t\t\t\t\t\t\t\t\t\t\t\t\t\t\t\t<\/small>\n\t\t\t\t\t\t\t\t\t\t\t\t<h3 class=\"elementor-post__title\"><a href=\"https:\/\/www.guetersloh-marketing.de\/en\/blog\/projects\/open-air-kino\/\" target=\">\" class=\"local\" rel=\"bookmark\">Open Air Kino<\/a><\/h3>\t\t\t\t\t\t\t\t\t\t\t\t<span class=\"line\"><\/span>\n\n\t\t\t\t\t\t\t\t\t\t\t\t\t\t\t\t\t\t\t\t\t\t\t\t<div class=\"elementor-post__excerpt entry-content lead mb-4\">\n\t\t\t\t\t\t\t\t\t\t\t\t\n\t\t\t\t\t\t\t\t\t\t\t\tEin Sommerhighlight in G\u00fctersloh Kino unter freiem Himmel \u2013 so l\u00e4sst es sich im Sommer [&hellip;]\t\t\t\t\t\t\t\t\t\t\t\t\n\t\t\t\t\t\t\t\t\t\t\t\t<\/div><!-- .elementor-post__excerpt -->\n\t\t\t\t\t\t\t\t\t\t\t\t \n\t\t\t\t\t\t\t\t\t\t\t\t\t\t\t\t\t\t\t\t\t\t\t\n\t\t\t\t\t\t\t\t\t\t\t\t<a class=\"elementor-post__read-more local elementor-button-link elementor-button\" href=\"https:\/\/www.guetersloh-marketing.de\/en\/blog\/projects\/open-air-kino\/\" target=\"\">\n\t\t\t\t\t\t\t\t\t\t\t\t\tWeiterlesen\t\t\t\t\t\t\t\t\t\t\t\t<\/a>\n\t\t\t\t\t\t\t\t\t\t\t\t \n\t\t\t\t\t\t\t\t\t\t\t\t\n\t\t\t\t\t\t\t\t\t\t\t<\/div><!-- .elementor-post__text -->\n\t\t\t\t\t\t\t\t\t\t\t \n\t\t\t\t\t\t\t\t\t\t<\/div><!-- .project-container -->\n\t\t\t\t\t\t\t\t\t<\/div><!-- .elementor-post__card -->\n\t\t\t\t\t\t\t\t<\/article><!-- #post-## -->\n\t\t\t\t\t\t<\/div> <!-- project -->\n\t\t\t\t\t\t \n\t\t\t\t\t\t\t\t\t\t\t<div class=\"project col-md-4 col-sm-6 col-xs-12 mb-4 elementor-posts-container elementor-posts elementor-posts--skin-cards text-center animated fadeInLeft \" style=\"\">\n\t\t\t\t\t\t\t\t<article id=\"post-37122\" class=\"projects elementor-post elementor-grid-item type-projects has-post-thumbnail hentry post-37122 page type-page status-publish category-grossveranstaltungen category-veranstaltungen\" >\n\t\t\t\t\t\t\t\t\t<div class=\"elementor-post__card\">\n\t\t\t\t\t\t\t\t\t\t<div class=\"project-container\">\n\t\t\t\t\t\t\t\t\t\t\t\t\t\t\t\t\t\t\t\t\t\t<a href=\"https:\/\/www.guetersloh-marketing.de\/en\/projektseiten\/picknick-konzert\/\" class=\"project-image elementor-post__thumbnail__link local\" target=\"\" style=\"\">\n\t\t\t\t\t\t\t\t\t\t\t\t<div class=\"elementor-post__thumbnail\">\n\t\t\t\t\t\t\t\t\t\t\t\t\t<img loading=\"lazy\" decoding=\"async\" src=\"https:\/\/www.guetersloh-marketing.de\/wp-content\/uploads\/2025\/06\/gourmetmarkt-gtm-signet-4c-weisser-hintergrund-quadrat-fuer-hp.png\" width=\"540\" height=\"320\" class=\"attachment-medium size-medium\" style=\"width: 540px; height: 320px; object-fit: cover; max-width:100%; object-position:center;\">\n\t\t\t\t\t\t\t\t\t\t\t\t<\/div>\n\t\t\t\t\t\t\t\t\t\t\t<\/a>\n\t\t\t\t\t\t\t\t\t\t\t \n\t\t\t\t\t\t\t\t\t\t\t<div class=\"elementor-post__text\">\n\t\t\t\t\t\t\t\t\t\t\t\t<small class=\"subtitle\">\n\t\t\t\t\t\t\t\t\t\t\t\t\t\t\t\t\t\t\t\t\t\t\t\t<\/small>\n\t\t\t\t\t\t\t\t\t\t\t\t<h3 class=\"elementor-post__title\"><a href=\"https:\/\/www.guetersloh-marketing.de\/en\/projektseiten\/picknick-konzert\/\" target=\">\" class=\"local\" rel=\"bookmark\">Picknick-Konzert<\/a><\/h3>\t\t\t\t\t\t\t\t\t\t\t\t<span class=\"line\"><\/span>\n\n\t\t\t\t\t\t\t\t\t\t\t\t\t\t\t\t\t\t\t\t\t\t\t\t<div class=\"elementor-post__excerpt entry-content lead mb-4\">\n\t\t\t\t\t\t\t\t\t\t\t\t\n\t\t\t\t\t\t\t\t\t\t\t\tPicknick-Konzert Das Picknick-Konzert bietet eine besondere Gelegenheit, Musikgenuss und Freizeit in entspannter Atmosph\u00e4re miteinander zu [&hellip;]\t\t\t\t\t\t\t\t\t\t\t\t\n\t\t\t\t\t\t\t\t\t\t\t\t<\/div><!-- .elementor-post__excerpt -->\n\t\t\t\t\t\t\t\t\t\t\t\t \n\t\t\t\t\t\t\t\t\t\t\t\t\t\t\t\t\t\t\t\t\t\t\t\n\t\t\t\t\t\t\t\t\t\t\t\t<a class=\"elementor-post__read-more local elementor-button-link elementor-button\" href=\"https:\/\/www.guetersloh-marketing.de\/en\/projektseiten\/picknick-konzert\/\" target=\"\">\n\t\t\t\t\t\t\t\t\t\t\t\t\tWeiterlesen\t\t\t\t\t\t\t\t\t\t\t\t<\/a>\n\t\t\t\t\t\t\t\t\t\t\t\t \n\t\t\t\t\t\t\t\t\t\t\t\t\n\t\t\t\t\t\t\t\t\t\t\t<\/div><!-- .elementor-post__text -->\n\t\t\t\t\t\t\t\t\t\t\t \n\t\t\t\t\t\t\t\t\t\t<\/div><!-- .project-container -->\n\t\t\t\t\t\t\t\t\t<\/div><!-- .elementor-post__card -->\n\t\t\t\t\t\t\t\t<\/article><!-- #post-## -->\n\t\t\t\t\t\t<\/div> <!-- project -->\n\t\t\t\t\t\t \n\t\t\t\t\t\t\t\t\t\t\t<div class=\"project col-md-4 col-sm-6 col-xs-12 mb-4 elementor-posts-container elementor-posts elementor-posts--skin-cards text-center animated fadeInLeft \" style=\"\">\n\t\t\t\t\t\t\t\t<article id=\"post-46548\" class=\"projects elementor-post elementor-grid-item type-projects has-post-thumbnail hentry post-46548 page type-page status-publish category-grossveranstaltungen category-veranstaltungen\" >\n\t\t\t\t\t\t\t\t\t<div class=\"elementor-post__card\">\n\t\t\t\t\t\t\t\t\t\t<div class=\"project-container\">\n\t\t\t\t\t\t\t\t\t\t\t\t\t\t\t\t\t\t\t\t\t\t<a href=\"https:\/\/www.guetersloh-marketing.de\/en\/projektseiten\/gourmetmarkt\/\" class=\"project-image elementor-post__thumbnail__link local\" target=\"\" style=\"\">\n\t\t\t\t\t\t\t\t\t\t\t\t<div class=\"elementor-post__thumbnail\">\n\t\t\t\t\t\t\t\t\t\t\t\t\t<img loading=\"lazy\" decoding=\"async\" src=\"https:\/\/www.guetersloh-marketing.de\/wp-content\/uploads\/2025\/06\/gourmetmarkt-gtm-signet-4c-weisser-hintergrund-quadrat-fuer-hp.png\" width=\"540\" height=\"320\" class=\"attachment-medium size-medium\" style=\"width: 540px; height: 320px; object-fit: cover; max-width:100%; object-position:center;\">\n\t\t\t\t\t\t\t\t\t\t\t\t<\/div>\n\t\t\t\t\t\t\t\t\t\t\t<\/a>\n\t\t\t\t\t\t\t\t\t\t\t \n\t\t\t\t\t\t\t\t\t\t\t<div class=\"elementor-post__text\">\n\t\t\t\t\t\t\t\t\t\t\t\t<small class=\"subtitle\">\n\t\t\t\t\t\t\t\t\t\t\t\t\t\t\t\t\t\t\t\t\t\t\t\t<\/small>\n\t\t\t\t\t\t\t\t\t\t\t\t<h3 class=\"elementor-post__title\"><a href=\"https:\/\/www.guetersloh-marketing.de\/en\/projektseiten\/gourmetmarkt\/\" target=\">\" class=\"local\" rel=\"bookmark\">Gourmetmarkt<\/a><\/h3>\t\t\t\t\t\t\t\t\t\t\t\t<span class=\"line\"><\/span>\n\n\t\t\t\t\t\t\t\t\t\t\t\t\t\t\t\t\t\t\t\t\t\t\t\t<div class=\"elementor-post__excerpt entry-content lead mb-4\">\n\t\t\t\t\t\t\t\t\t\t\t\t\n\t\t\t\t\t\t\t\t\t\t\t\tGourmetmarkt Schlemmen &amp; Genie\u00dfen Strahlender Sonnenschein, kulinarische H\u00f6hepunkte und beste Stimmung \u2013 der Gourmetmarkt 2025 [&hellip;]\t\t\t\t\t\t\t\t\t\t\t\t\n\t\t\t\t\t\t\t\t\t\t\t\t<\/div><!-- .elementor-post__excerpt -->\n\t\t\t\t\t\t\t\t\t\t\t\t \n\t\t\t\t\t\t\t\t\t\t\t\t\t\t\t\t\t\t\t\t\t\t\t\n\t\t\t\t\t\t\t\t\t\t\t\t<a class=\"elementor-post__read-more local elementor-button-link elementor-button\" href=\"https:\/\/www.guetersloh-marketing.de\/en\/projektseiten\/gourmetmarkt\/\" target=\"\">\n\t\t\t\t\t\t\t\t\t\t\t\t\tWeiterlesen\t\t\t\t\t\t\t\t\t\t\t\t<\/a>\n\t\t\t\t\t\t\t\t\t\t\t\t \n\t\t\t\t\t\t\t\t\t\t\t\t\n\t\t\t\t\t\t\t\t\t\t\t<\/div><!-- .elementor-post__text -->\n\t\t\t\t\t\t\t\t\t\t\t \n\t\t\t\t\t\t\t\t\t\t<\/div><!-- .project-container -->\n\t\t\t\t\t\t\t\t\t<\/div><!-- .elementor-post__card -->\n\t\t\t\t\t\t\t\t<\/article><!-- #post-## -->\n\t\t\t\t\t\t<\/div> <!-- project -->\n\t\t\t\t\t\t \n\t\t\t\t\t\t\t\t\t\t\t<div class=\"project col-md-4 col-sm-6 col-xs-12 mb-4 elementor-posts-container elementor-posts elementor-posts--skin-cards text-center animated fadeInLeft \" style=\"\">\n\t\t\t\t\t\t\t\t<article id=\"post-23710\" class=\"projects elementor-post elementor-grid-item type-projects has-post-thumbnail hentry post-23710 page type-page status-publish category-grossveranstaltungen category-veranstaltungen competences-familienwelten competences-urbanwelten\" >\n\t\t\t\t\t\t\t\t\t<div class=\"elementor-post__card\">\n\t\t\t\t\t\t\t\t\t\t<div class=\"project-container\">\n\t\t\t\t\t\t\t\t\t\t\t\t\t\t\t\t\t\t\t\t\t\t<a href=\"https:\/\/www.guetersloh-marketing.de\/en\/projektseiten\/guetersloher-weihnachtsmarkt\/\" class=\"project-image elementor-post__thumbnail__link local\" target=\"\" style=\"\">\n\t\t\t\t\t\t\t\t\t\t\t\t<div class=\"elementor-post__thumbnail\">\n\t\t\t\t\t\t\t\t\t\t\t\t\t<img loading=\"lazy\" decoding=\"async\" src=\"https:\/\/www.guetersloh-marketing.de\/wp-content\/uploads\/2021\/11\/www.guetersloh-marketing.de-guetersloher-weihnachtsmarkt-logo-2021-10-26-1024x1024.jpg\" width=\"540\" height=\"320\" class=\"attachment-medium size-medium\" style=\"width: 540px; height: 320px; object-fit: cover; max-width:100%; object-position:center;\">\n\t\t\t\t\t\t\t\t\t\t\t\t<\/div>\n\t\t\t\t\t\t\t\t\t\t\t<\/a>\n\t\t\t\t\t\t\t\t\t\t\t \n\t\t\t\t\t\t\t\t\t\t\t<div class=\"elementor-post__text\">\n\t\t\t\t\t\t\t\t\t\t\t\t<small class=\"subtitle\">\n\t\t\t\t\t\t\t\t\t\t\t\t\t\t\t\t\t\t\t\t\t\t\t\t<\/small>\n\t\t\t\t\t\t\t\t\t\t\t\t<h3 class=\"elementor-post__title\"><a href=\"https:\/\/www.guetersloh-marketing.de\/en\/projektseiten\/guetersloher-weihnachtsmarkt\/\" target=\">\" class=\"local\" rel=\"bookmark\">G\u00fctersloher Weihnachtsmarkt<\/a><\/h3>\t\t\t\t\t\t\t\t\t\t\t\t<span class=\"line\"><\/span>\n\n\t\t\t\t\t\t\t\t\t\t\t\t\t\t\t\t\t\t\t\t\t\t\t\t<div class=\"elementor-post__excerpt entry-content lead mb-4\">\n\t\t\t\t\t\t\t\t\t\t\t\t\n\t\t\t\t\t\t\t\t\t\t\t\tG\u00fctersloher Weihnachtsmarkt Der Weihnachtsmarkt l\u00e4dt dazu ein, die Adventszeit in festlicher Atmosph\u00e4re zu genie\u00dfen und [&hellip;]\t\t\t\t\t\t\t\t\t\t\t\t\n\t\t\t\t\t\t\t\t\t\t\t\t<\/div><!-- .elementor-post__excerpt -->\n\t\t\t\t\t\t\t\t\t\t\t\t \n\t\t\t\t\t\t\t\t\t\t\t\t\t\t\t\t\t\t\t\t\t\t\t\n\t\t\t\t\t\t\t\t\t\t\t\t<a class=\"elementor-post__read-more local elementor-button-link elementor-button\" href=\"https:\/\/www.guetersloh-marketing.de\/en\/projektseiten\/guetersloher-weihnachtsmarkt\/\" target=\"\">\n\t\t\t\t\t\t\t\t\t\t\t\t\tWeiterlesen\t\t\t\t\t\t\t\t\t\t\t\t<\/a>\n\t\t\t\t\t\t\t\t\t\t\t\t \n\t\t\t\t\t\t\t\t\t\t\t\t\n\t\t\t\t\t\t\t\t\t\t\t<\/div><!-- .elementor-post__text -->\n\t\t\t\t\t\t\t\t\t\t\t \n\t\t\t\t\t\t\t\t\t\t<\/div><!-- .project-container -->\n\t\t\t\t\t\t\t\t\t<\/div><!-- .elementor-post__card -->\n\t\t\t\t\t\t\t\t<\/article><!-- #post-## -->\n\t\t\t\t\t\t<\/div> <!-- project -->\n\t\t\t\t\t\t \n\t\t\t\t\t\t    \n\n\t\t\t\t\t<\/div><!-- \/.row elementor-widget-container -->\n\t\t\t\t\t<\/section>\t<!-- project_list -->\t\n\t\t\t\t\t\t\t\t  \n\t\t\t\t\t\n\t\t\t<\/div>\n\t\t\t<!-- \/.row -->\n\t\t<\/div>\n\t\t<!-- \/.container -->\n\t\t<\/div>\t\t<\/div>\n\t\t\t\t<\/div>\n\t\t\t\t\t<\/div>\n\t\t<\/div>\n\t\t\t\t\t<\/div>\n\t\t<\/section>\n\t\t\t\t<section class=\"elementor-section elementor-top-section elementor-element elementor-element-7d917c0 elementor-section-boxed elementor-section-height-default elementor-section-height-default\" data-id=\"7d917c0\" data-element_type=\"section\">\n\t\t\t\t\t\t<div class=\"elementor-container elementor-column-gap-default\">\n\t\t\t\t\t<div class=\"elementor-column elementor-col-100 elementor-top-column elementor-element elementor-element-257230a\" data-id=\"257230a\" data-element_type=\"column\">\n\t\t\t<div class=\"elementor-widget-wrap\">\n\t\t\t\t\t\t\t<\/div>\n\t\t<\/div>\n\t\t\t\t\t<\/div>\n\t\t<\/section>\n\t\t\t\t<section class=\"elementor-section elementor-top-section elementor-element elementor-element-8fce5bf elementor-section-boxed elementor-section-height-default elementor-section-height-default\" data-id=\"8fce5bf\" data-element_type=\"section\">\n\t\t\t\t\t\t<div class=\"elementor-container elementor-column-gap-default\">\n\t\t\t\t\t<div class=\"elementor-column elementor-col-100 elementor-top-column elementor-element elementor-element-e2aa4b0\" data-id=\"e2aa4b0\" data-element_type=\"column\">\n\t\t\t<div class=\"elementor-widget-wrap elementor-element-populated\">\n\t\t\t\t\t\t<div class=\"elementor-element elementor-element-640498f elementor-position-left elementor-widget__width-auto elementor-view-framed elementor-vertical-align-middle elementor-shape-circle elementor-mobile-position-top elementor-widget elementor-widget-icon-box\" data-id=\"640498f\" data-element_type=\"widget\" data-widget_type=\"icon-box.default\">\n\t\t\t\t<div class=\"elementor-widget-container\">\n\t\t\t<span id=640498f><\/span>\t\t<div class=\"elementor-icon-box-wrapper\">\n\n\t\t\t\t\t\t<div class=\"elementor-icon-box-icon\">\n\t\t\t\t<span  class=\"elementor-icon elementor-animation-\">\n\t\t\t\t<i aria-hidden=\"true\" class=\"far fa-calendar-alt\"><\/i>\t\t\t\t<\/span>\n\t\t\t<\/div>\n\t\t\t\n\t\t\t\t\t\t<div class=\"elementor-icon-box-content\">\n\n\t\t\t\t\t\t\t\t\t<h2 class=\"elementor-icon-box-title\">\n\t\t\t\t\t\t<span  >\n\t\t\t\t\t\t\tVeranstaltungskalender \"Auf Schl\u00fcr\"\t\t\t\t\t\t<\/span>\n\t\t\t\t\t<\/h2>\n\t\t\t\t\n\t\t\t\t\n\t\t\t<\/div>\n\t\t\t\n\t\t<\/div>\n\t\t\t\t<\/div>\n\t\t\t\t<\/div>\n\t\t\t\t<div class=\"elementor-element elementor-element-2cb029a elementor-widget elementor-widget-spacer\" data-id=\"2cb029a\" data-element_type=\"widget\" data-widget_type=\"spacer.default\">\n\t\t\t\t<div class=\"elementor-widget-container\">\n\t\t\t<span id=2cb029a><\/span>\t\t<div class=\"elementor-spacer\">\n\t\t\t<div class=\"elementor-spacer-inner\"><\/div>\n\t\t<\/div>\n\t\t\t\t<\/div>\n\t\t\t\t<\/div>\n\t\t\t\t<div class=\"elementor-element elementor-element-3a15cce elementor-widget elementor-widget-text-editor\" data-id=\"3a15cce\" data-element_type=\"widget\" data-widget_type=\"text-editor.default\">\n\t\t\t\t<div class=\"elementor-widget-container\">\n\t\t\t<span id=3a15cce><\/span>\t\t\t\t<p>Sie haben einen spannenden Termin gefunden oder m\u00f6chten gerne Ihre eigene Veranstaltung bewerben, um diese mit den G\u00fctersloher*innen zu teilen?<\/p><p>F\u00fcllen Sie ganz einfach das <a href=\"https:\/\/veranstaltungen-gt.de\/events\/add\">Formular<\/a> aus und Ihr Terminvorschlag wird nach Pr\u00fcfung durch uns in den Veranstaltungskalender <a href=\"https:\/\/veranstaltungen-gt.de\/pages\/home\">&#8222;Auf Schl\u00fcr&#8220;<\/a> mit aufgenommen.<\/p>\t\t\t\t\t\t<\/div>\n\t\t\t\t<\/div>\n\t\t\t\t<div class=\"elementor-element elementor-element-e4ecf61 elementor-widget elementor-widget-spacer\" data-id=\"e4ecf61\" data-element_type=\"widget\" data-widget_type=\"spacer.default\">\n\t\t\t\t<div class=\"elementor-widget-container\">\n\t\t\t<span id=e4ecf61><\/span>\t\t<div class=\"elementor-spacer\">\n\t\t\t<div class=\"elementor-spacer-inner\"><\/div>\n\t\t<\/div>\n\t\t\t\t<\/div>\n\t\t\t\t<\/div>\n\t\t\t\t\t<\/div>\n\t\t<\/div>\n\t\t\t\t\t<\/div>\n\t\t<\/section>\n\t\t\t\t<section class=\"elementor-section elementor-top-section elementor-element elementor-element-36cc496 elementor-section-boxed elementor-section-height-default elementor-section-height-default\" data-id=\"36cc496\" data-element_type=\"section\">\n\t\t\t\t\t\t<div class=\"elementor-container elementor-column-gap-default\">\n\t\t\t\t\t<div class=\"elementor-column elementor-col-100 elementor-top-column elementor-element elementor-element-a6a35c6\" data-id=\"a6a35c6\" data-element_type=\"column\">\n\t\t\t<div class=\"elementor-widget-wrap elementor-element-populated\">\n\t\t\t\t\t\t<div class=\"elementor-element elementor-element-521e865 elementor-position-left elementor-widget__width-auto elementor-view-default elementor-mobile-position-top elementor-vertical-align-top elementor-widget elementor-widget-icon-box\" data-id=\"521e865\" data-element_type=\"widget\" data-widget_type=\"icon-box.default\">\n\t\t\t\t<div class=\"elementor-widget-container\">\n\t\t\t<span id=521e865><\/span>\t\t<div class=\"elementor-icon-box-wrapper\">\n\n\t\t\t\t\t\t<div class=\"elementor-icon-box-icon\">\n\t\t\t\t<span  class=\"elementor-icon elementor-animation-\">\n\t\t\t\t<i aria-hidden=\"true\" class=\"fas fa-map-marked-alt\"><\/i>\t\t\t\t<\/span>\n\t\t\t<\/div>\n\t\t\t\n\t\t\t\t\t\t<div class=\"elementor-icon-box-content\">\n\n\t\t\t\t\t\t\t\t\t<h2 class=\"elementor-icon-box-title\">\n\t\t\t\t\t\t<span  >\n\t\t\t\t\t\t\tUnsere Stadtf\u00fchrungen in der \u00dcbersicht finden Sie hier\t\t\t\t\t\t<\/span>\n\t\t\t\t\t<\/h2>\n\t\t\t\t\n\t\t\t\t\n\t\t\t<\/div>\n\t\t\t\n\t\t<\/div>\n\t\t\t\t<\/div>\n\t\t\t\t<\/div>\n\t\t\t\t<div class=\"elementor-element elementor-element-e5078b4 elementor-widget elementor-widget-elementor-projects-extension\" data-id=\"e5078b4\" data-element_type=\"widget\" data-widget_type=\"elementor-projects-extension.default\">\n\t\t\t\t<div class=\"elementor-widget-container\">\n\t\t\t<span id=e5078b4><\/span><div class=\"projects-elementor-widget\">\t\t<div class=\"container-fluid\">\n\t\t\t<div class=\"row mb-2\">\n\t\t\t\t\t\t\t\t\t\t<section id=\"project_list\" class=\"col-md-12\">\n\t\t\t\t\t\t<div class=\"row elementor-widget-container\">\n\t\t\t\t\t\t\t\t\t\t\t<div class=\"project col-md-6 col-sm-12 mb-4 elementor-posts-container elementor-posts elementor-posts--skin-cards text-center animated fadeInLeft \" style=\"\">\n\t\t\t\t\t\t\t\t<article id=\"post-45310\" class=\"projects elementor-post elementor-grid-item type-projects has-post-thumbnail hentry post-45310 page type-page status-publish category-stadtfuehrungen\" >\n\t\t\t\t\t\t\t\t\t<div class=\"elementor-post__card\">\n\t\t\t\t\t\t\t\t\t\t<div class=\"project-container\">\n\t\t\t\t\t\t\t\t\t\t\t\t\t\t\t\t\t\t\t\t\t\t<a href=\"https:\/\/www.guetersloh-marketing.de\/en\/guetersloh\/stadtfuehrungen\/kinderfuehrungen\/\" class=\"project-image elementor-post__thumbnail__link local\" target=\"\" style=\"\">\n\t\t\t\t\t\t\t\t\t\t\t\t<div class=\"elementor-post__thumbnail\">\n\t\t\t\t\t\t\t\t\t\t\t\t\t<img loading=\"lazy\" decoding=\"async\" src=\"https:\/\/www.guetersloh-marketing.de\/wp-content\/uploads\/2024\/04\/botanischergarten-pro-wirtschaft-gt-m.-wallenfang-1024x683.jpg\" width=\"540\" height=\"320\" class=\"attachment-medium size-medium\" style=\"width: 540px; height: 320px; object-fit: cover; max-width:100%; object-position:center;\">\n\t\t\t\t\t\t\t\t\t\t\t\t<\/div>\n\t\t\t\t\t\t\t\t\t\t\t<\/a>\n\t\t\t\t\t\t\t\t\t\t\t \n\t\t\t\t\t\t\t\t\t\t\t<div class=\"elementor-post__text\">\n\t\t\t\t\t\t\t\t\t\t\t\t<small class=\"subtitle\">\n\t\t\t\t\t\t\t\t\t\t\t\t\t\t\t\t\t\t\t\t\t\t\t\t<\/small>\n\t\t\t\t\t\t\t\t\t\t\t\t<h3 class=\"elementor-post__title\"><a href=\"https:\/\/www.guetersloh-marketing.de\/en\/guetersloh\/stadtfuehrungen\/kinderfuehrungen\/\" target=\">\" class=\"local\" rel=\"bookmark\">Kinderf\u00fchrungen<\/a><\/h3>\t\t\t\t\t\t\t\t\t\t\t\t<span class=\"line\"><\/span>\n\n\t\t\t\t\t\t\t\t\t\t\t\t\t\t\t\t\t\t\t\t\t\t\t\t<div class=\"elementor-post__excerpt entry-content lead mb-4\">\n\t\t\t\t\t\t\t\t\t\t\t\t\n\t\t\t\t\t\t\t\t\t\t\t\tStadtf\u00fchrungen sind eine gro\u00dfartige M\u00f6glichkeit, um spielerisch die Stadt zu entdecken. Gemeinsam in der Gruppe k\u00f6nnen neue Orte kennengelernt und Wissen vertieft werden \u2013 und das mit jeder Menge Spa\u00df.\t\t\t\t\t\t\t\t\t\t\t\t\n\t\t\t\t\t\t\t\t\t\t\t\t<\/div><!-- .elementor-post__excerpt -->\n\t\t\t\t\t\t\t\t\t\t\t\t \n\t\t\t\t\t\t\t\t\t\t\t\t\t\t\t\t\t\t\t\t\t\t\t\n\t\t\t\t\t\t\t\t\t\t\t\t<a class=\"elementor-post__read-more local elementor-button-link elementor-button\" href=\"https:\/\/www.guetersloh-marketing.de\/en\/guetersloh\/stadtfuehrungen\/kinderfuehrungen\/\" target=\"\">\n\t\t\t\t\t\t\t\t\t\t\t\t\tWeiterlesen\t\t\t\t\t\t\t\t\t\t\t\t<\/a>\n\t\t\t\t\t\t\t\t\t\t\t\t \n\t\t\t\t\t\t\t\t\t\t\t\t\n\t\t\t\t\t\t\t\t\t\t\t<\/div><!-- .elementor-post__text -->\n\t\t\t\t\t\t\t\t\t\t\t \n\t\t\t\t\t\t\t\t\t\t<\/div><!-- .project-container -->\n\t\t\t\t\t\t\t\t\t<\/div><!-- .elementor-post__card -->\n\t\t\t\t\t\t\t\t<\/article><!-- #post-## -->\n\t\t\t\t\t\t<\/div> <!-- project -->\n\t\t\t\t\t\t \n\t\t\t\t\t\t\t\t\t\t\t<div class=\"project col-md-6 col-sm-12 mb-4 elementor-posts-container elementor-posts elementor-posts--skin-cards text-center animated fadeInLeft \" style=\"\">\n\t\t\t\t\t\t\t\t<article id=\"post-36838\" class=\"projects elementor-post elementor-grid-item type-projects has-post-thumbnail hentry post-36838 page type-page status-publish category-stadtfuehrungen\" >\n\t\t\t\t\t\t\t\t\t<div class=\"elementor-post__card\">\n\t\t\t\t\t\t\t\t\t\t<div class=\"project-container\">\n\t\t\t\t\t\t\t\t\t\t\t\t\t\t\t\t\t\t\t\t\t\t<a href=\"https:\/\/www.guetersloh-marketing.de\/en\/guetersloh\/stadtfuehrungen\/stadtrundgaenge\/\" class=\"project-image elementor-post__thumbnail__link local\" target=\"\" style=\"\">\n\t\t\t\t\t\t\t\t\t\t\t\t<div class=\"elementor-post__thumbnail\">\n\t\t\t\t\t\t\t\t\t\t\t\t\t<img loading=\"lazy\" decoding=\"async\" src=\"https:\/\/www.guetersloh-marketing.de\/wp-content\/themes\/HelloGTM\/assets\/images\/default-cover-img.jpg\" width=\"540\" height=\"320\" class=\"attachment-medium size-medium\" style=\"width: 540px; height: 320px; object-fit: cover; max-width:100%; object-position:center;\">\n\t\t\t\t\t\t\t\t\t\t\t\t<\/div>\n\t\t\t\t\t\t\t\t\t\t\t<\/a>\n\t\t\t\t\t\t\t\t\t\t\t \n\t\t\t\t\t\t\t\t\t\t\t<div class=\"elementor-post__text\">\n\t\t\t\t\t\t\t\t\t\t\t\t<small class=\"subtitle\">\n\t\t\t\t\t\t\t\t\t\t\t\t\t\t\t\t\t\t\t\t\t\t\t\t<\/small>\n\t\t\t\t\t\t\t\t\t\t\t\t<h3 class=\"elementor-post__title\"><a href=\"https:\/\/www.guetersloh-marketing.de\/en\/guetersloh\/stadtfuehrungen\/stadtrundgaenge\/\" target=\">\" class=\"local\" rel=\"bookmark\">Stadtrundg\u00e4nge<\/a><\/h3>\t\t\t\t\t\t\t\t\t\t\t\t<span class=\"line\"><\/span>\n\n\t\t\t\t\t\t\t\t\t\t\t\t\t\t\t\t\t\t\t\t\t\t\t\t<div class=\"elementor-post__excerpt entry-content lead mb-4\">\n\t\t\t\t\t\t\t\t\t\t\t\t\n\t\t\t\t\t\t\t\t\t\t\t\tHier finden Sie eine \u00dcbersicht \u00fcber unsere regelm\u00e4\u00dfig angebotenen Stadtrundg\u00e4nge durch G\u00fctersloh.\t\t\t\t\t\t\t\t\t\t\t\t\n\t\t\t\t\t\t\t\t\t\t\t\t<\/div><!-- .elementor-post__excerpt -->\n\t\t\t\t\t\t\t\t\t\t\t\t \n\t\t\t\t\t\t\t\t\t\t\t\t\t\t\t\t\t\t\t\t\t\t\t\n\t\t\t\t\t\t\t\t\t\t\t\t<a class=\"elementor-post__read-more local elementor-button-link elementor-button\" href=\"https:\/\/www.guetersloh-marketing.de\/en\/guetersloh\/stadtfuehrungen\/stadtrundgaenge\/\" target=\"\">\n\t\t\t\t\t\t\t\t\t\t\t\t\tWeiterlesen\t\t\t\t\t\t\t\t\t\t\t\t<\/a>\n\t\t\t\t\t\t\t\t\t\t\t\t \n\t\t\t\t\t\t\t\t\t\t\t\t\n\t\t\t\t\t\t\t\t\t\t\t<\/div><!-- .elementor-post__text -->\n\t\t\t\t\t\t\t\t\t\t\t \n\t\t\t\t\t\t\t\t\t\t<\/div><!-- .project-container -->\n\t\t\t\t\t\t\t\t\t<\/div><!-- .elementor-post__card -->\n\t\t\t\t\t\t\t\t<\/article><!-- #post-## -->\n\t\t\t\t\t\t<\/div> <!-- project -->\n\t\t\t\t\t\t \n\t\t\t\t\t\t\t\t\t\t\t<div class=\"project col-md-6 col-sm-12 mb-4 elementor-posts-container elementor-posts elementor-posts--skin-cards text-center animated fadeInLeft \" style=\"\">\n\t\t\t\t\t\t\t\t<article id=\"post-40958\" class=\"projects elementor-post elementor-grid-item type-projects has-post-thumbnail hentry post-40958 page type-page status-publish category-stadtfuehrungen\" >\n\t\t\t\t\t\t\t\t\t<div class=\"elementor-post__card\">\n\t\t\t\t\t\t\t\t\t\t<div class=\"project-container\">\n\t\t\t\t\t\t\t\t\t\t\t\t\t\t\t\t\t\t\t\t\t\t<a href=\"https:\/\/www.guetersloh-marketing.de\/en\/guetersloh\/stadtfuehrungen\/teamevent\/\" class=\"project-image elementor-post__thumbnail__link local\" target=\"\" style=\"\">\n\t\t\t\t\t\t\t\t\t\t\t\t<div class=\"elementor-post__thumbnail\">\n\t\t\t\t\t\t\t\t\t\t\t\t\t<img loading=\"lazy\" decoding=\"async\" src=\"https:\/\/www.guetersloh-marketing.de\/wp-content\/uploads\/2023\/04\/teamevent-guetersloh-stadtpark-teutoburger-wald-tourismus-patrick-gawandtka-005-e1682496509464-1024x674.jpg\" width=\"540\" height=\"320\" class=\"attachment-medium size-medium\" style=\"width: 540px; height: 320px; object-fit: cover; max-width:100%; object-position:center;\">\n\t\t\t\t\t\t\t\t\t\t\t\t<\/div>\n\t\t\t\t\t\t\t\t\t\t\t<\/a>\n\t\t\t\t\t\t\t\t\t\t\t \n\t\t\t\t\t\t\t\t\t\t\t<div class=\"elementor-post__text\">\n\t\t\t\t\t\t\t\t\t\t\t\t<small class=\"subtitle\">\n\t\t\t\t\t\t\t\t\t\t\t\t\t\t\t\t\t\t\t\t\t\t\t\t<\/small>\n\t\t\t\t\t\t\t\t\t\t\t\t<h3 class=\"elementor-post__title\"><a href=\"https:\/\/www.guetersloh-marketing.de\/en\/guetersloh\/stadtfuehrungen\/teamevent\/\" target=\">\" class=\"local\" rel=\"bookmark\">Teamevent<\/a><\/h3>\t\t\t\t\t\t\t\t\t\t\t\t<span class=\"line\"><\/span>\n\n\t\t\t\t\t\t\t\t\t\t\t\t\t\t\t\t\t\t\t\t\t\t\t\t<div class=\"elementor-post__excerpt entry-content lead mb-4\">\n\t\t\t\t\t\t\t\t\t\t\t\t\n\t\t\t\t\t\t\t\t\t\t\t\tTeamevents sind ein gutes Mittel, um den Zusammenhalt zwischen Kolleg*innen zu f\u00f6rdern und ihre Motivation zu st\u00e4rken. Sie bieten einen idealen Rahmen daf\u00fcr, dass Ihre Mitarbeitenden ein \u201eWir-Gef\u00fchl\u201c entwickeln und&hellip;\t\t\t\t\t\t\t\t\t\t\t\t\n\t\t\t\t\t\t\t\t\t\t\t\t<\/div><!-- .elementor-post__excerpt -->\n\t\t\t\t\t\t\t\t\t\t\t\t \n\t\t\t\t\t\t\t\t\t\t\t\t\t\t\t\t\t\t\t\t\t\t\t\n\t\t\t\t\t\t\t\t\t\t\t\t<a class=\"elementor-post__read-more local elementor-button-link elementor-button\" href=\"https:\/\/www.guetersloh-marketing.de\/en\/guetersloh\/stadtfuehrungen\/teamevent\/\" target=\"\">\n\t\t\t\t\t\t\t\t\t\t\t\t\tWeiterlesen\t\t\t\t\t\t\t\t\t\t\t\t<\/a>\n\t\t\t\t\t\t\t\t\t\t\t\t \n\t\t\t\t\t\t\t\t\t\t\t\t\n\t\t\t\t\t\t\t\t\t\t\t<\/div><!-- .elementor-post__text -->\n\t\t\t\t\t\t\t\t\t\t\t \n\t\t\t\t\t\t\t\t\t\t<\/div><!-- .project-container -->\n\t\t\t\t\t\t\t\t\t<\/div><!-- .elementor-post__card -->\n\t\t\t\t\t\t\t\t<\/article><!-- #post-## -->\n\t\t\t\t\t\t<\/div> <!-- project -->\n\t\t\t\t\t\t \n\t\t\t\t\t\t    \n\n\t\t\t\t\t<\/div><!-- \/.row elementor-widget-container -->\n\t\t\t\t\t<\/section>\t<!-- project_list -->\t\n\t\t\t\t\t\t\t\t  \n\t\t\t\t\t\n\t\t\t<\/div>\n\t\t\t<!-- \/.row -->\n\t\t<\/div>\n\t\t<!-- \/.container -->\n\t\t<\/div>\t\t<\/div>\n\t\t\t\t<\/div>\n\t\t\t\t\t<\/div>\n\t\t<\/div>\n\t\t\t\t\t<\/div>\n\t\t<\/section>\n\t\t\t\t<section class=\"elementor-section elementor-top-section elementor-element elementor-element-b80e97b elementor-section-boxed elementor-section-height-default elementor-section-height-default\" data-id=\"b80e97b\" data-element_type=\"section\">\n\t\t\t\t\t\t<div class=\"elementor-container elementor-column-gap-default\">\n\t\t\t\t\t<div class=\"elementor-column elementor-col-100 elementor-top-column elementor-element elementor-element-6330bea\" data-id=\"6330bea\" data-element_type=\"column\">\n\t\t\t<div class=\"elementor-widget-wrap elementor-element-populated\">\n\t\t\t\t\t\t<div class=\"elementor-element elementor-element-02468bb elementor-position-left elementor-widget__width-auto elementor-view-default elementor-mobile-position-top elementor-vertical-align-top elementor-widget elementor-widget-icon-box\" data-id=\"02468bb\" data-element_type=\"widget\" data-widget_type=\"icon-box.default\">\n\t\t\t\t<div class=\"elementor-widget-container\">\n\t\t\t<span id=02468bb><\/span>\t\t<div class=\"elementor-icon-box-wrapper\">\n\n\t\t\t\t\t\t<div class=\"elementor-icon-box-icon\">\n\t\t\t\t<span  class=\"elementor-icon elementor-animation-\">\n\t\t\t\t<i aria-hidden=\"true\" class=\"far fa-calendar-alt\"><\/i>\t\t\t\t<\/span>\n\t\t\t<\/div>\n\t\t\t\n\t\t\t\t\t\t<div class=\"elementor-icon-box-content\">\n\n\t\t\t\t\t\t\t\t\t<h2 class=\"elementor-icon-box-title\">\n\t\t\t\t\t\t<span  >\n\t\t\t\t\t\t\tWas ist sonst so los in G\u00fctersloh?\t\t\t\t\t\t<\/span>\n\t\t\t\t\t<\/h2>\n\t\t\t\t\n\t\t\t\t\n\t\t\t<\/div>\n\t\t\t\n\t\t<\/div>\n\t\t\t\t<\/div>\n\t\t\t\t<\/div>\n\t\t\t\t\t<\/div>\n\t\t<\/div>\n\t\t\t\t\t<\/div>\n\t\t<\/section>\n\t\t\t\t<section class=\"elementor-section elementor-top-section elementor-element elementor-element-684dc1d elementor-section-boxed elementor-section-height-default elementor-section-height-default\" data-id=\"684dc1d\" data-element_type=\"section\">\n\t\t\t\t\t\t<div class=\"elementor-container elementor-column-gap-default\">\n\t\t\t\t\t<div class=\"elementor-column elementor-col-100 elementor-top-column elementor-element elementor-element-949e462\" data-id=\"949e462\" data-element_type=\"column\">\n\t\t\t<div class=\"elementor-widget-wrap elementor-element-populated\">\n\t\t\t\t\t\t<div class=\"elementor-element elementor-element-c27d267 elementor-widget elementor-widget-auf-schluer\" data-id=\"c27d267\" data-element_type=\"widget\" data-widget_type=\"auf-schluer.default\">\n\t\t\t\t<div class=\"elementor-widget-container\">\n\t\t\t<span id=c27d267><\/span><div class=\"auf-schluer-elementor-widget\">            <style>\r\n\r\n\r\n            <\/style>\r\n                            <div class=\"auf-schluer-liste\">\r\n                                        <div class=\"entry\">\r\n                        <div class=\"img\"><img decoding=\"async\" src=\"https:\/\/veranstaltungen-gt.de\/img\/events\/event9638.jpg\"><\/div>\r\n                        <div class=\"text\">\r\n                            <a href=\"https:\/\/www.stadthalle-gt.de\/veranstaltung\/kind-am-fenster\" title=\"\" target=\"_blank\">\r\n                                <span class=\"entry-title\">Kind am Fenster - Eintritt frei<\/span>\r\n                            <\/a>\r\n                            <span class=\"entry-subtitle\"><\/span>\r\n                            <p>\r\n                                Gem\u00e4lde und Grafiken von Jens Hunger                            <\/p>\r\n                            <span class=\"slider-location\">\r\n\t\t\t\t\t\t\t\t\t\t\t\t\t\t<\/span>\r\n\t\t\t\t\t\t\t<span class=\"slider-date\">23.01.2026 08:00 - 10.06.2026 12:00<\/span>\r\n\t\t\t\t\t\t\t<span class=\"slider-readmore\">\t\t\t\t\t\t\t\t\t<div class=\"elementor-element elementor-widget elementor-widget-button\" data-element_type=\"widget\" data-widget_type=\"button.default\">\r\n\t\t\t\t\t\t\t\t\t\t<div class=\"elementor-widget-container\">\r\n\t\t\t\t\t\t\t\t\t\t\t<div class=\"elementor-button-wrapper\">\r\n\t\t\t\t\t\t\t\t\t\t\t\t<a href=\"https:\/\/www.stadthalle-gt.de\/veranstaltung\/kind-am-fenster\" class=\"elementor-button-link elementor-button elementor-size-sm\" role=\"button\" target=\"_blank\">\r\n\t\t\t\t\t\t\t\t\t\t\t\t\t<span class=\"elementor-button-content-wrapper\">\r\n\t\t\t\t\t\t\t\t\t\t\t\t\t\t<span class=\"elementor-button-text\"><i class=\"fas fa-external-link-alt\"><\/i> www.stadthalle-gt.de\/veranstaltung\/kind-am-fenster<\/span>\r\n\t\t\t\t\t\t\t\t\t\t\t\t\t<\/span>\r\n\t\t\t\t\t\t\t\t\t\t\t\t<\/a>\r\n\t\t\t\t\t\t\t\t\t\t\t<\/div>\r\n\t\t\t\t\t\t\t\t\t\t<\/div>\r\n\t\t\t\t\t\t\t\t\t<\/div>\r\n\t\t\t\t\t\t\t\t\t<\/span>                        <\/div>\r\n                    <\/div>\r\n                    <hr>                                        <div class=\"entry\">\r\n                        <div class=\"img\"><img decoding=\"async\" src=\"https:\/\/veranstaltungen-gt.de\/img\/events\/event8879.jpg\"><\/div>\r\n                        <div class=\"text\">\r\n                            <a href=\"https:\/\/www.theater-gt.de\/veranstaltung\/no-rhythm-no-music\" title=\"Zur Veranstaltung\" target=\"_blank\">\r\n                                <span class=\"entry-title\">No Rhythm, No Music - Tickets \u00fcber Tourist-Info GT<\/span>\r\n                            <\/a>\r\n                            <span class=\"entry-subtitle\"><\/span>\r\n                            <p>\r\n                                Konzert f\u00fcr junge MenschenAron Leijendeckers und Dan Townsend (Percussion) Mitglieder der Nordwestdeutschen PhilharmonieF\u00fcr Zuschauer ab 11 JahreAuf diversen Schlaginstrumenten wie Marimbaphon, Vibraphon, Drumset, Pipe Drum, Cajon, Kuhglocken, Surdo, Kastagnetten und&hellip;                            <\/p>\r\n                            <span class=\"slider-location\">\r\n\t\t\t\t\t\t\t<a href=\"https:\/\/www.google.com\/maps?q=51.90612569833953,8.370565301418313\" title=\"Route\" target=\"_blank\"><i class=\"fas fa-map-marked\"><\/i> Theater G\u00fctersloh, Theatersaal<\/a>\t\t\t\t\t\t\t<\/span>\r\n\t\t\t\t\t\t\t<span class=\"slider-date\">28.04.2026 11:00<\/span>\r\n\t\t\t\t\t\t\t<span class=\"slider-readmore\">\t\t\t\t\t\t\t\t\t<div class=\"elementor-element elementor-widget elementor-widget-button\" data-element_type=\"widget\" data-widget_type=\"button.default\">\r\n\t\t\t\t\t\t\t\t\t\t<div class=\"elementor-widget-container\">\r\n\t\t\t\t\t\t\t\t\t\t\t<div class=\"elementor-button-wrapper\">\r\n\t\t\t\t\t\t\t\t\t\t\t\t<a href=\"https:\/\/www.theater-gt.de\/veranstaltung\/no-rhythm-no-music\" class=\"elementor-button-link elementor-button elementor-size-sm\" role=\"button\" target=\"_blank\">\r\n\t\t\t\t\t\t\t\t\t\t\t\t\t<span class=\"elementor-button-content-wrapper\">\r\n\t\t\t\t\t\t\t\t\t\t\t\t\t\t<span class=\"elementor-button-text\"><i class=\"fas fa-external-link-alt\"><\/i> Zur Veranstaltung<\/span>\r\n\t\t\t\t\t\t\t\t\t\t\t\t\t<\/span>\r\n\t\t\t\t\t\t\t\t\t\t\t\t<\/a>\r\n\t\t\t\t\t\t\t\t\t\t\t<\/div>\r\n\t\t\t\t\t\t\t\t\t\t<\/div>\r\n\t\t\t\t\t\t\t\t\t<\/div>\r\n\t\t\t\t\t\t\t\t\t<\/span>                        <\/div>\r\n                    <\/div>\r\n                    <hr>                                        <div class=\"entry\">\r\n                        <div class=\"img\"><img decoding=\"async\" src=\"https:\/\/veranstaltungen-gt.de\/img\/events\/event9153.jpg\"><\/div>\r\n                        <div class=\"text\">\r\n                            <a href=\"https:\/\/www.stadtbibliothek-guetersloh.de\/\" title=\"\" target=\"_blank\">\r\n                                <span class=\"entry-title\">Offene Sprechstunde der Verfahrenslotsen<\/span>\r\n                            <\/a>\r\n                            <span class=\"entry-subtitle\">Beratung, Begleitung und Unterst\u00fctzung f\u00fcr junge Menschen mit einer (drohenden) Behinderung <\/span>\r\n                            <p>\r\n                                Die Beratung der Verfahrenslotsen ist ein Angebot des Fachbereichs Jugend und Familie der Stadt G\u00fctersloh. Sie richtet sich an Kinder, Jugendliche und junge Erwachsene mit einer (drohenden) Behinderung, die Leistungen&hellip;                            <\/p>\r\n                            <span class=\"slider-location\">\r\n\t\t\t\t\t\t\t<a href=\"https:\/\/www.google.com\/maps?q=51.90415606555797,8.37676790935598\" title=\"Route\" target=\"_blank\"><i class=\"fas fa-map-marked\"><\/i> Stadtbibliothek, 2. Obergeschoss<\/a>\t\t\t\t\t\t\t<\/span>\r\n\t\t\t\t\t\t\t<span class=\"slider-date\">28.04.2026 14:00-16:30<\/span>\r\n\t\t\t\t\t\t\t<span class=\"slider-readmore\">\t\t\t\t\t\t\t\t\t<div class=\"elementor-element elementor-widget elementor-widget-button\" data-element_type=\"widget\" data-widget_type=\"button.default\">\r\n\t\t\t\t\t\t\t\t\t\t<div class=\"elementor-widget-container\">\r\n\t\t\t\t\t\t\t\t\t\t\t<div class=\"elementor-button-wrapper\">\r\n\t\t\t\t\t\t\t\t\t\t\t\t<a href=\"https:\/\/www.stadtbibliothek-guetersloh.de\/\" class=\"elementor-button-link elementor-button elementor-size-sm\" role=\"button\" target=\"_blank\">\r\n\t\t\t\t\t\t\t\t\t\t\t\t\t<span class=\"elementor-button-content-wrapper\">\r\n\t\t\t\t\t\t\t\t\t\t\t\t\t\t<span class=\"elementor-button-text\"><i class=\"fas fa-external-link-alt\"><\/i> www.stadtbibliothek-guetersloh.de\/<\/span>\r\n\t\t\t\t\t\t\t\t\t\t\t\t\t<\/span>\r\n\t\t\t\t\t\t\t\t\t\t\t\t<\/a>\r\n\t\t\t\t\t\t\t\t\t\t\t<\/div>\r\n\t\t\t\t\t\t\t\t\t\t<\/div>\r\n\t\t\t\t\t\t\t\t\t<\/div>\r\n\t\t\t\t\t\t\t\t\t<\/span>                        <\/div>\r\n                    <\/div>\r\n                    <hr>                                        <div class=\"entry\">\r\n                        <div class=\"img\"><img decoding=\"async\" src=\"https:\/\/veranstaltungen-gt.de\/img\/events\/event8026.jpg\"><\/div>\r\n                        <div class=\"text\">\r\n                            <a href=\"http:\/\/www.ekgt.de\/hdb\" title=\"\" target=\"_blank\">\r\n                                <span class=\"entry-title\">Singen und Kl\u00f6nen<\/span>\r\n                            <\/a>\r\n                            <span class=\"entry-subtitle\"><\/span>\r\n                            <p>\r\n                                Senioren singen aus Herzenslust bekannte Volkslieder mit Anneliese Bentlage und Franz Weber. Gestartet wird gem\u00fctlich mit Kaffee und Kuchen zum Selbstkostenpreis.                            <\/p>\r\n                            <span class=\"slider-location\">\r\n\t\t\t\t\t\t\t<a href=\"https:\/\/www.google.com\/maps?q=51.8566,8.2767\" title=\"Route\" target=\"_blank\"><i class=\"fas fa-map-marked\"><\/i> Innenstadt, Haus der Begegnung<\/a>\t\t\t\t\t\t\t<\/span>\r\n\t\t\t\t\t\t\t<span class=\"slider-date\">28.04.2026 14:30-16:30<\/span>\r\n\t\t\t\t\t\t\t<span class=\"slider-readmore\">\t\t\t\t\t\t\t\t\t<div class=\"elementor-element elementor-widget elementor-widget-button\" data-element_type=\"widget\" data-widget_type=\"button.default\">\r\n\t\t\t\t\t\t\t\t\t\t<div class=\"elementor-widget-container\">\r\n\t\t\t\t\t\t\t\t\t\t\t<div class=\"elementor-button-wrapper\">\r\n\t\t\t\t\t\t\t\t\t\t\t\t<a href=\"http:\/\/www.ekgt.de\/hdb\" class=\"elementor-button-link elementor-button elementor-size-sm\" role=\"button\" target=\"_blank\">\r\n\t\t\t\t\t\t\t\t\t\t\t\t\t<span class=\"elementor-button-content-wrapper\">\r\n\t\t\t\t\t\t\t\t\t\t\t\t\t\t<span class=\"elementor-button-text\"><i class=\"fas fa-external-link-alt\"><\/i> www.ekgt.de\/hdb<\/span>\r\n\t\t\t\t\t\t\t\t\t\t\t\t\t<\/span>\r\n\t\t\t\t\t\t\t\t\t\t\t\t<\/a>\r\n\t\t\t\t\t\t\t\t\t\t\t<\/div>\r\n\t\t\t\t\t\t\t\t\t\t<\/div>\r\n\t\t\t\t\t\t\t\t\t<\/div>\r\n\t\t\t\t\t\t\t\t\t<\/span>                        <\/div>\r\n                    <\/div>\r\n                    <hr>                                        <div class=\"entry\">\r\n                        <div class=\"img\"><img decoding=\"async\" src=\"https:\/\/veranstaltungen-gt.de\/img\/events\/event9502.jpg\"><\/div>\r\n                        <div class=\"text\">\r\n                            <a href=\"https:\/\/www.waldbaden-exkursionen.de\/exkursionen\/die-after-work-exkursion\/\" title=\"\" target=\"_blank\">\r\n                                <span class=\"entry-title\">Die After Work Exkursion (Wanderung)<\/span>\r\n                            <\/a>\r\n                            <span class=\"entry-subtitle\"><\/span>\r\n                            <p>\r\n                                Eine Rundwanderung nach Feierabend 10 \u2013 12 Kilometer \/ idealer Einstieg \/ abwechslungsreich After Work Wandern, dieser Trend kommt nun auch nach Ostwestfalen. Nach einem anstrengenden Tag gibt es die&hellip;                            <\/p>\r\n                            <span class=\"slider-location\">\r\n\t\t\t\t\t\t\t<i class=\"fas fa-map-marker\"><\/i> Umgebung\t\t\t\t\t\t\t<\/span>\r\n\t\t\t\t\t\t\t<span class=\"slider-date\">28.04.2026 15:00-18:30<\/span>\r\n\t\t\t\t\t\t\t<span class=\"slider-readmore\">\t\t\t\t\t\t\t\t\t<div class=\"elementor-element elementor-widget elementor-widget-button\" data-element_type=\"widget\" data-widget_type=\"button.default\">\r\n\t\t\t\t\t\t\t\t\t\t<div class=\"elementor-widget-container\">\r\n\t\t\t\t\t\t\t\t\t\t\t<div class=\"elementor-button-wrapper\">\r\n\t\t\t\t\t\t\t\t\t\t\t\t<a href=\"https:\/\/www.waldbaden-exkursionen.de\/exkursionen\/die-after-work-exkursion\/\" class=\"elementor-button-link elementor-button elementor-size-sm\" role=\"button\" target=\"_blank\">\r\n\t\t\t\t\t\t\t\t\t\t\t\t\t<span class=\"elementor-button-content-wrapper\">\r\n\t\t\t\t\t\t\t\t\t\t\t\t\t\t<span class=\"elementor-button-text\"><i class=\"fas fa-external-link-alt\"><\/i> www.waldbaden-exkursionen.de\/exkursionen\/die-after-work-exkursion\/<\/span>\r\n\t\t\t\t\t\t\t\t\t\t\t\t\t<\/span>\r\n\t\t\t\t\t\t\t\t\t\t\t\t<\/a>\r\n\t\t\t\t\t\t\t\t\t\t\t<\/div>\r\n\t\t\t\t\t\t\t\t\t\t<\/div>\r\n\t\t\t\t\t\t\t\t\t<\/div>\r\n\t\t\t\t\t\t\t\t\t<\/span>                        <\/div>\r\n                    <\/div>\r\n                    <hr>                                        <div class=\"entry\">\r\n                        <div class=\"img\"><img decoding=\"async\" src=\"https:\/\/veranstaltungen-gt.de\/img\/events\/event954.jpg\"><\/div>\r\n                        <div class=\"text\">\r\n                            <a href=\"http:\/\/www.stadtbibliothek-guetersloh.de\" title=\"www.stadtbibliothek-guetersloh.de\" target=\"_blank\">\r\n                                <span class=\"entry-title\"> Dialog in Deutsch<\/span>\r\n                            <\/a>\r\n                            <span class=\"entry-subtitle\">An alle Menschen mit Migrationshintergrund<\/span>\r\n                            <p>\r\n                                Einfach mal miteinander reden und sich mit Gleichgesinnten austauschen \u2013 egal aus welchem Land Sie kommen. Treffpunkt ist um 17 Uhr im Multifunktionsraum der Stadtbibliothek, Blessenst\u00e4tte 1.                            <\/p>\r\n                            <span class=\"slider-location\">\r\n\t\t\t\t\t\t\t<a href=\"https:\/\/www.google.com\/maps?q=51.90415606555797,8.37676790935598\" title=\"Route\" target=\"_blank\"><i class=\"fas fa-map-marked\"><\/i> Stadtbibliothek, 2. Obergeschoss<\/a>\t\t\t\t\t\t\t<\/span>\r\n\t\t\t\t\t\t\t<span class=\"slider-date\">28.04.2026 17:00-18:00<\/span>\r\n\t\t\t\t\t\t\t<span class=\"slider-readmore\">\t\t\t\t\t\t\t\t\t<div class=\"elementor-element elementor-widget elementor-widget-button\" data-element_type=\"widget\" data-widget_type=\"button.default\">\r\n\t\t\t\t\t\t\t\t\t\t<div class=\"elementor-widget-container\">\r\n\t\t\t\t\t\t\t\t\t\t\t<div class=\"elementor-button-wrapper\">\r\n\t\t\t\t\t\t\t\t\t\t\t\t<a href=\"http:\/\/www.stadtbibliothek-guetersloh.de\" class=\"elementor-button-link elementor-button elementor-size-sm\" role=\"button\" target=\"_blank\">\r\n\t\t\t\t\t\t\t\t\t\t\t\t\t<span class=\"elementor-button-content-wrapper\">\r\n\t\t\t\t\t\t\t\t\t\t\t\t\t\t<span class=\"elementor-button-text\"><i class=\"fas fa-external-link-alt\"><\/i> www.stadtbibliothek-guetersloh.de<\/span>\r\n\t\t\t\t\t\t\t\t\t\t\t\t\t<\/span>\r\n\t\t\t\t\t\t\t\t\t\t\t\t<\/a>\r\n\t\t\t\t\t\t\t\t\t\t\t<\/div>\r\n\t\t\t\t\t\t\t\t\t\t<\/div>\r\n\t\t\t\t\t\t\t\t\t<\/div>\r\n\t\t\t\t\t\t\t\t\t<\/span>                        <\/div>\r\n                    <\/div>\r\n                    <hr>                                        <div class=\"entry\">\r\n                        <div class=\"img\"><img decoding=\"async\" src=\"https:\/\/veranstaltungen-gt.de\/img\/events\/event2679.jpg\"><\/div>\r\n                        <div class=\"text\">\r\n                            <a href=\"http:\/\/www.onleiheowl.de\" title=\"www.onleiheowl.de\/   \" target=\"_blank\">\r\n                                <span class=\"entry-title\">E-Book-Sprechstunde<\/span>\r\n                            <\/a>\r\n                            <span class=\"entry-subtitle\"><\/span>\r\n                            <p>\r\n                                M\u00f6chten Sie digital lesen und brauchen Hilfe beim Download von E-Medien? Haben Sie Fragen zur OnleiheOWL oder \u00fcberlegen Sie, sich einen E-Book-Reader zuzulegen? Was, wenn Ihr E-Book-Reader nur noch kryptische&hellip;                            <\/p>\r\n                            <span class=\"slider-location\">\r\n\t\t\t\t\t\t\t<a href=\"https:\/\/www.google.com\/maps?q=51.90415606555797,8.37676790935598\" title=\"Route\" target=\"_blank\"><i class=\"fas fa-map-marked\"><\/i> Stadtbibliothek, 2. Obergeschoss<\/a>\t\t\t\t\t\t\t<\/span>\r\n\t\t\t\t\t\t\t<span class=\"slider-date\">28.04.2026 17:30-18:30<\/span>\r\n\t\t\t\t\t\t\t<span class=\"slider-readmore\">\t\t\t\t\t\t\t\t\t<div class=\"elementor-element elementor-widget elementor-widget-button\" data-element_type=\"widget\" data-widget_type=\"button.default\">\r\n\t\t\t\t\t\t\t\t\t\t<div class=\"elementor-widget-container\">\r\n\t\t\t\t\t\t\t\t\t\t\t<div class=\"elementor-button-wrapper\">\r\n\t\t\t\t\t\t\t\t\t\t\t\t<a href=\"http:\/\/www.onleiheowl.de\" class=\"elementor-button-link elementor-button elementor-size-sm\" role=\"button\" target=\"_blank\">\r\n\t\t\t\t\t\t\t\t\t\t\t\t\t<span class=\"elementor-button-content-wrapper\">\r\n\t\t\t\t\t\t\t\t\t\t\t\t\t\t<span class=\"elementor-button-text\"><i class=\"fas fa-external-link-alt\"><\/i> www.onleiheowl.de\/   <\/span>\r\n\t\t\t\t\t\t\t\t\t\t\t\t\t<\/span>\r\n\t\t\t\t\t\t\t\t\t\t\t\t<\/a>\r\n\t\t\t\t\t\t\t\t\t\t\t<\/div>\r\n\t\t\t\t\t\t\t\t\t\t<\/div>\r\n\t\t\t\t\t\t\t\t\t<\/div>\r\n\t\t\t\t\t\t\t\t\t<\/span>                        <\/div>\r\n                    <\/div>\r\n                    <hr>                                        <div class=\"entry\">\r\n                        <div class=\"img\"><img decoding=\"async\" src=\"https:\/\/veranstaltungen-gt.de\/img\/events\/event8791.jpg\"><\/div>\r\n                        <div class=\"text\">\r\n                            <a href=\"https:\/\/www.theater-gt.de\/veranstaltung\/fuehrung-durch-das-theater-2-1-1-1\" title=\"Zur Veranstaltung\" target=\"_blank\">\r\n                                <span class=\"entry-title\">F\u00fchrung durch das Theater <\/span>\r\n                            <\/a>\r\n                            <span class=\"entry-subtitle\"><\/span>\r\n                            <p>\r\n                                Bei einer F\u00fchrung durch das Theater k\u00f6nnen Besucherinnen und Besucher Wissenswertes zur Entstehung und \u00fcber den Betrieb dieses besonderen Hauses erfahren und nat\u00fcrlich den Bereich des Geb\u00e4udes erkunden, der dem&hellip;                            <\/p>\r\n                            <span class=\"slider-location\">\r\n\t\t\t\t\t\t\t<a href=\"https:\/\/www.google.com\/maps?q=51.90612569833953,8.370565301418313\" title=\"Route\" target=\"_blank\"><i class=\"fas fa-map-marked\"><\/i> Theater G\u00fctersloh, Theater<\/a>\t\t\t\t\t\t\t<\/span>\r\n\t\t\t\t\t\t\t<span class=\"slider-date\">28.04.2026 18:00<\/span>\r\n\t\t\t\t\t\t\t<span class=\"slider-readmore\">\t\t\t\t\t\t\t\t\t<div class=\"elementor-element elementor-widget elementor-widget-button\" data-element_type=\"widget\" data-widget_type=\"button.default\">\r\n\t\t\t\t\t\t\t\t\t\t<div class=\"elementor-widget-container\">\r\n\t\t\t\t\t\t\t\t\t\t\t<div class=\"elementor-button-wrapper\">\r\n\t\t\t\t\t\t\t\t\t\t\t\t<a href=\"https:\/\/www.theater-gt.de\/veranstaltung\/fuehrung-durch-das-theater-2-1-1-1\" class=\"elementor-button-link elementor-button elementor-size-sm\" role=\"button\" target=\"_blank\">\r\n\t\t\t\t\t\t\t\t\t\t\t\t\t<span class=\"elementor-button-content-wrapper\">\r\n\t\t\t\t\t\t\t\t\t\t\t\t\t\t<span class=\"elementor-button-text\"><i class=\"fas fa-external-link-alt\"><\/i> Zur Veranstaltung<\/span>\r\n\t\t\t\t\t\t\t\t\t\t\t\t\t<\/span>\r\n\t\t\t\t\t\t\t\t\t\t\t\t<\/a>\r\n\t\t\t\t\t\t\t\t\t\t\t<\/div>\r\n\t\t\t\t\t\t\t\t\t\t<\/div>\r\n\t\t\t\t\t\t\t\t\t<\/div>\r\n\t\t\t\t\t\t\t\t\t<\/span>                        <\/div>\r\n                    <\/div>\r\n                    <hr>                                        <div class=\"entry\">\r\n                        <div class=\"img\"><img decoding=\"async\" src=\"https:\/\/veranstaltungen-gt.de\/img\/events\/event9630.jpg\"><\/div>\r\n                        <div class=\"text\">\r\n                            <a href=\"\" title=\"\" target=\"_blank\">\r\n                                <span class=\"entry-title\">Zum Lernerfolg mit Sketchnotes - F\u00fcr Eltern und Kinder - vhs@home<\/span>\r\n                            <\/a>\r\n                            <span class=\"entry-subtitle\">in Kooperation mit der vhs Halle\/Saale<\/span>\r\n                            <p>\r\n                                Sketchnotes sind eine kreative und einfache Methode, um Informationen mit kleinen Zeichnungen und Notizen \u00fcbersichtlich festzuhalten. Sie helfen dabei, Inhalte schneller zu verstehen, leichter zu merken und kreativ weiterzuentwickeln. Immer&hellip;                            <\/p>\r\n                            <span class=\"slider-location\">\r\n\t\t\t\t\t\t\t<a href=\"https:\/\/www.google.com\/maps?q=51.911962878441244,8.372198766708383\" title=\"Route\" target=\"_blank\"><i class=\"fas fa-map-marked\"><\/i> Volkshochschule<\/a>\t\t\t\t\t\t\t<\/span>\r\n\t\t\t\t\t\t\t<span class=\"slider-date\">28.04.2026 18:00-19:30<\/span>\r\n\t\t\t\t\t\t\t                        <\/div>\r\n                    <\/div>\r\n                    <hr>                                        <div class=\"entry\">\r\n                        <div class=\"img\"><img decoding=\"async\" src=\"https:\/\/veranstaltungen-gt.de\/img\/events\/event9631.jpg\"><\/div>\r\n                        <div class=\"text\">\r\n                            <a href=\"https:\/\/www.vhs-gt.de\/kurssuche\/kurs\/Politisches+Frauennetzwerk+Guetersloh-Termin+3\/H12303\" title=\"\" target=\"_blank\">\r\n                                <span class=\"entry-title\">Politisches Frauennetzwerk G\u00fctersloh<\/span>\r\n                            <\/a>\r\n                            <span class=\"entry-subtitle\"><\/span>\r\n                            <p>\r\n                                \"Bildet Banden!\" - diese Forderung schreibt sich der Feminismus auf die Fahnen. Auch im Kreis G\u00fctersloh ist unter Frauen der Wunsch entstanden, sich besser miteinander zu vernetzen, um gemeinsamen politischen&hellip;                            <\/p>\r\n                            <span class=\"slider-location\">\r\n\t\t\t\t\t\t\t<a href=\"https:\/\/www.google.com\/maps?q=51.911962878441244,8.372198766708383\" title=\"Route\" target=\"_blank\"><i class=\"fas fa-map-marked\"><\/i> Volkshochschule, Aula, Raum 24<\/a>\t\t\t\t\t\t\t<\/span>\r\n\t\t\t\t\t\t\t<span class=\"slider-date\">28.04.2026 18:30-20:30<\/span>\r\n\t\t\t\t\t\t\t<span class=\"slider-readmore\">\t\t\t\t\t\t\t\t\t<div class=\"elementor-element elementor-widget elementor-widget-button\" data-element_type=\"widget\" data-widget_type=\"button.default\">\r\n\t\t\t\t\t\t\t\t\t\t<div class=\"elementor-widget-container\">\r\n\t\t\t\t\t\t\t\t\t\t\t<div class=\"elementor-button-wrapper\">\r\n\t\t\t\t\t\t\t\t\t\t\t\t<a href=\"https:\/\/www.vhs-gt.de\/kurssuche\/kurs\/Politisches+Frauennetzwerk+Guetersloh-Termin+3\/H12303\" class=\"elementor-button-link elementor-button elementor-size-sm\" role=\"button\" target=\"_blank\">\r\n\t\t\t\t\t\t\t\t\t\t\t\t\t<span class=\"elementor-button-content-wrapper\">\r\n\t\t\t\t\t\t\t\t\t\t\t\t\t\t<span class=\"elementor-button-text\"><i class=\"fas fa-external-link-alt\"><\/i> www.vhs-gt.de\/kurssuche\/kurs\/Politisches+Frauennetzwerk+Guetersloh-Termin+3\/H12303<\/span>\r\n\t\t\t\t\t\t\t\t\t\t\t\t\t<\/span>\r\n\t\t\t\t\t\t\t\t\t\t\t\t<\/a>\r\n\t\t\t\t\t\t\t\t\t\t\t<\/div>\r\n\t\t\t\t\t\t\t\t\t\t<\/div>\r\n\t\t\t\t\t\t\t\t\t<\/div>\r\n\t\t\t\t\t\t\t\t\t<\/span>                        <\/div>\r\n                    <\/div>\r\n                    <hr>                                        <div class=\"entry\">\r\n                        <div class=\"img\"><img decoding=\"async\" src=\"https:\/\/veranstaltungen-gt.de\/img\/events\/event4417.jpg\"><\/div>\r\n                        <div class=\"text\">\r\n                            <a href=\"https:\/\/www.stadtbibliothek-guetersloh.de\/\" title=\"Stadtbibliothek G\u00fctersloh\" target=\"_blank\">\r\n                                <span class=\"entry-title\">Lange Lernn\u00e4chte<\/span>\r\n                            <\/a>\r\n                            <span class=\"entry-subtitle\"><\/span>\r\n                            <p>\r\n                                Endspurt f\u00fcr die Pr\u00fcfungen! Auf den letzten Metern nochmal alles geben, das geht bei uns! Zu den Langen Lernn\u00e4chten haben wir am Di - 14. April, Do - 16. April,&hellip;                            <\/p>\r\n                            <span class=\"slider-location\">\r\n\t\t\t\t\t\t\t<a href=\"https:\/\/www.google.com\/maps?q=51.90415606555797,8.37676790935598\" title=\"Route\" target=\"_blank\"><i class=\"fas fa-map-marked\"><\/i> Stadtbibliothek<\/a>\t\t\t\t\t\t\t<\/span>\r\n\t\t\t\t\t\t\t<span class=\"slider-date\">28.04.2026 19:00-21:00<\/span>\r\n\t\t\t\t\t\t\t<span class=\"slider-readmore\">\t\t\t\t\t\t\t\t\t<div class=\"elementor-element elementor-widget elementor-widget-button\" data-element_type=\"widget\" data-widget_type=\"button.default\">\r\n\t\t\t\t\t\t\t\t\t\t<div class=\"elementor-widget-container\">\r\n\t\t\t\t\t\t\t\t\t\t\t<div class=\"elementor-button-wrapper\">\r\n\t\t\t\t\t\t\t\t\t\t\t\t<a href=\"https:\/\/www.stadtbibliothek-guetersloh.de\/\" class=\"elementor-button-link elementor-button elementor-size-sm\" role=\"button\" target=\"_blank\">\r\n\t\t\t\t\t\t\t\t\t\t\t\t\t<span class=\"elementor-button-content-wrapper\">\r\n\t\t\t\t\t\t\t\t\t\t\t\t\t\t<span class=\"elementor-button-text\"><i class=\"fas fa-external-link-alt\"><\/i> Stadtbibliothek G\u00fctersloh<\/span>\r\n\t\t\t\t\t\t\t\t\t\t\t\t\t<\/span>\r\n\t\t\t\t\t\t\t\t\t\t\t\t<\/a>\r\n\t\t\t\t\t\t\t\t\t\t\t<\/div>\r\n\t\t\t\t\t\t\t\t\t\t<\/div>\r\n\t\t\t\t\t\t\t\t\t<\/div>\r\n\t\t\t\t\t\t\t\t\t<\/span>                        <\/div>\r\n                    <\/div>\r\n                    <hr>                                        <div class=\"entry\">\r\n                        <div class=\"img\"><img decoding=\"async\" src=\"https:\/\/veranstaltungen-gt.de\/img\/events\/event9632.jpg\"><\/div>\r\n                        <div class=\"text\">\r\n                            <a href=\"https:\/\/www.vhs-gt.de\/kurssuche\/kurs\/Nachhaltiger+Reisen+%E2%80%93+der+schoenste+Urlaub!\/H19419\" title=\"\" target=\"_blank\">\r\n                                <span class=\"entry-title\">Nachhaltiger Reisen \u2013 der sch\u00f6nste Urlaub!<\/span>\r\n                            <\/a>\r\n                            <span class=\"entry-subtitle\">in Kooperation mit dem M\u00d6We-Ausschuss und Eine-Welt-G\u00fctersloh e. V.<\/span>\r\n                            <p>\r\n                                Tourismus geh\u00f6rt zu den global gr\u00f6\u00dften Wirtschaftssektoren und ist weiterhin auf Wachstumskurs. Doch neben den wirtschaftlichen Vorteilen treten immer mehr Belastungen, z.B. Massentourismus, Emissionen, Wasserknappheit usw. auf, die auch den&hellip;                            <\/p>\r\n                            <span class=\"slider-location\">\r\n\t\t\t\t\t\t\t<a href=\"https:\/\/www.google.com\/maps?q=51.911962878441244,8.372198766708383\" title=\"Route\" target=\"_blank\"><i class=\"fas fa-map-marked\"><\/i> Volkshochschule, Raum 15<\/a>\t\t\t\t\t\t\t<\/span>\r\n\t\t\t\t\t\t\t<span class=\"slider-date\">28.04.2026 19:30-21:00<\/span>\r\n\t\t\t\t\t\t\t<span class=\"slider-readmore\">\t\t\t\t\t\t\t\t\t<div class=\"elementor-element elementor-widget elementor-widget-button\" data-element_type=\"widget\" data-widget_type=\"button.default\">\r\n\t\t\t\t\t\t\t\t\t\t<div class=\"elementor-widget-container\">\r\n\t\t\t\t\t\t\t\t\t\t\t<div class=\"elementor-button-wrapper\">\r\n\t\t\t\t\t\t\t\t\t\t\t\t<a href=\"https:\/\/www.vhs-gt.de\/kurssuche\/kurs\/Nachhaltiger+Reisen+%E2%80%93+der+schoenste+Urlaub!\/H19419\" class=\"elementor-button-link elementor-button elementor-size-sm\" role=\"button\" target=\"_blank\">\r\n\t\t\t\t\t\t\t\t\t\t\t\t\t<span class=\"elementor-button-content-wrapper\">\r\n\t\t\t\t\t\t\t\t\t\t\t\t\t\t<span class=\"elementor-button-text\"><i class=\"fas fa-external-link-alt\"><\/i> www.vhs-gt.de\/kurssuche\/kurs\/Nachhaltiger+Reisen+%E2%80%93+der+schoenste+Urlaub!\/H19419<\/span>\r\n\t\t\t\t\t\t\t\t\t\t\t\t\t<\/span>\r\n\t\t\t\t\t\t\t\t\t\t\t\t<\/a>\r\n\t\t\t\t\t\t\t\t\t\t\t<\/div>\r\n\t\t\t\t\t\t\t\t\t\t<\/div>\r\n\t\t\t\t\t\t\t\t\t<\/div>\r\n\t\t\t\t\t\t\t\t\t<\/span>                        <\/div>\r\n                    <\/div>\r\n                                                        <\/div>\r\n                <\/div>\t\t<\/div>\n\t\t\t\t<\/div>\n\t\t\t\t\t<\/div>\n\t\t<\/div>\n\t\t\t\t\t<\/div>\n\t\t<\/section>\n\t\t\t\t<section class=\"elementor-section elementor-top-section elementor-element elementor-element-3dcf282c elementor-section-boxed elementor-section-height-default elementor-section-height-default\" data-id=\"3dcf282c\" data-element_type=\"section\">\n\t\t\t\t\t\t<div class=\"elementor-container elementor-column-gap-default\">\n\t\t\t\t\t<div class=\"elementor-column elementor-col-100 elementor-top-column elementor-element elementor-element-53a99bb8\" data-id=\"53a99bb8\" data-element_type=\"column\">\n\t\t\t<div class=\"elementor-widget-wrap elementor-element-populated\">\n\t\t\t\t\t\t<div class=\"elementor-element elementor-element-43a13805 elementor-icon-list--layout-inline elementor-align-center elementor-list-item-link-full_width elementor-widget elementor-widget-icon-list\" data-id=\"43a13805\" data-element_type=\"widget\" data-widget_type=\"icon-list.default\">\n\t\t\t\t<div class=\"elementor-widget-container\">\n\t\t\t<span id=43a13805><\/span>\t\t<ul class=\"elementor-icon-list-items elementor-inline-items\">\n\t\t\t\t\t\t\t<li class=\"elementor-icon-list-item elementor-inline-item\">\n\t\t\t\t\t\t\t\t\t\t\t<span class=\"elementor-icon-list-icon\">\n\t\t\t\t\t\t\t<i aria-hidden=\"true\" class=\"far fa-copyright\"><\/i>\t\t\t\t\t\t<\/span>\n\t\t\t\t\t\t\t\t\t\t<span class=\"elementor-icon-list-text\">Titelfoto: Lena Descher<\/span>\n\t\t\t\t\t\t\t\t\t<\/li>\n\t\t\t\t\t\t<\/ul>\n\t\t\t\t<\/div>\n\t\t\t\t<\/div>\n\t\t\t\t<div class=\"elementor-element elementor-element-44d1fb6f elementor-widget elementor-widget-spacer\" data-id=\"44d1fb6f\" data-element_type=\"widget\" data-widget_type=\"spacer.default\">\n\t\t\t\t<div class=\"elementor-widget-container\">\n\t\t\t<span id=44d1fb6f><\/span>\t\t<div class=\"elementor-spacer\">\n\t\t\t<div class=\"elementor-spacer-inner\"><\/div>\n\t\t<\/div>\n\t\t\t\t<\/div>\n\t\t\t\t<\/div>\n\t\t\t\t\t<\/div>\n\t\t<\/div>\n\t\t\t\t\t<\/div>\n\t\t<\/section>\n\t\t\t\t<\/div>\n\t\t","protected":false},"excerpt":{"rendered":"<p>What's going on in G\u00fctersloh? Here you will find tips and dates.<\/p>","protected":false},"author":3,"featured_media":21691,"parent":20484,"menu_order":4,"comment_status":"closed","ping_status":"closed","template":"","meta":{"_acf_changed":false,"footnotes":""},"categories":[],"competences":[],"class_list":["post-20994","page","type-page","status-publish","has-post-thumbnail","hentry"],"acf":[],"_links":{"self":[{"href":"https:\/\/www.guetersloh-marketing.de\/en\/wp-json\/wp\/v2\/pages\/20994","targetHints":{"allow":["GET"]}}],"collection":[{"href":"https:\/\/www.guetersloh-marketing.de\/en\/wp-json\/wp\/v2\/pages"}],"about":[{"href":"https:\/\/www.guetersloh-marketing.de\/en\/wp-json\/wp\/v2\/types\/page"}],"author":[{"embeddable":true,"href":"https:\/\/www.guetersloh-marketing.de\/en\/wp-json\/wp\/v2\/users\/3"}],"replies":[{"embeddable":true,"href":"https:\/\/www.guetersloh-marketing.de\/en\/wp-json\/wp\/v2\/comments?post=20994"}],"version-history":[{"count":183,"href":"https:\/\/www.guetersloh-marketing.de\/en\/wp-json\/wp\/v2\/pages\/20994\/revisions"}],"predecessor-version":[{"id":43937,"href":"https:\/\/www.guetersloh-marketing.de\/en\/wp-json\/wp\/v2\/pages\/20994\/revisions\/43937"}],"up":[{"embeddable":true,"href":"https:\/\/www.guetersloh-marketing.de\/en\/wp-json\/wp\/v2\/pages\/20484"}],"wp:featuredmedia":[{"embeddable":true,"href":"https:\/\/www.guetersloh-marketing.de\/en\/wp-json\/wp\/v2\/media\/21691"}],"wp:attachment":[{"href":"https:\/\/www.guetersloh-marketing.de\/en\/wp-json\/wp\/v2\/media?parent=20994"}],"wp:term":[{"taxonomy":"category","embeddable":true,"href":"https:\/\/www.guetersloh-marketing.de\/en\/wp-json\/wp\/v2\/categories?post=20994"},{"taxonomy":"competences","embeddable":true,"href":"https:\/\/www.guetersloh-marketing.de\/en\/wp-json\/wp\/v2\/competences?post=20994"}],"curies":[{"name":"wp","href":"https:\/\/api.w.org\/{rel}","templated":true}]}}